{"id":37,"date":"2019-10-09T15:29:53","date_gmt":"2019-10-09T13:29:53","guid":{"rendered":"http:\/\/wegorzewska.com\/?page_id=37"},"modified":"2025-09-30T10:02:58","modified_gmt":"2025-09-30T08:02:58","slug":"biografia","status":"publish","type":"page","link":"https:\/\/alicjawegorzewska.com\/index.php\/biografia\/","title":{"rendered":"Biografia"},"content":{"rendered":"<p style=\"text-align: justify;\"><strong><a href=\"https:\/\/alicjawegorzewska.com\/index.php\/biografia\/alicja001191-2\/\" target=\"_blank\" rel=\"noopener\"><img fetchpriority=\"high\" decoding=\"async\" class=\"alignnone wp-image-5980 size-full\" src=\"https:\/\/alicjawegorzewska.com\/wp-content\/uploads\/2025\/09\/ALICJA001191-scaled.jpg\" alt=\"\" width=\"2560\" height=\"1708\" srcset=\"https:\/\/alicjawegorzewska.com\/wp-content\/uploads\/2025\/09\/ALICJA001191-scaled.jpg 2560w, https:\/\/alicjawegorzewska.com\/wp-content\/uploads\/2025\/09\/ALICJA001191-300x200.jpg 300w, https:\/\/alicjawegorzewska.com\/wp-content\/uploads\/2025\/09\/ALICJA001191-1024x683.jpg 1024w, https:\/\/alicjawegorzewska.com\/wp-content\/uploads\/2025\/09\/ALICJA001191-768x512.jpg 768w, https:\/\/alicjawegorzewska.com\/wp-content\/uploads\/2025\/09\/ALICJA001191-1536x1025.jpg 1536w, https:\/\/alicjawegorzewska.com\/wp-content\/uploads\/2025\/09\/ALICJA001191-2048x1366.jpg 2048w, https:\/\/alicjawegorzewska.com\/wp-content\/uploads\/2025\/09\/ALICJA001191-600x400.jpg 600w\" sizes=\"(max-width: 2560px) 100vw, 2560px\" \/><\/a><\/strong><\/p>\n<p style=\"text-align: justify;\"><strong>Alicja W\u0119gorzewska<\/strong>. \u015apiewaczka, mezzosopran, urodzona w Szczecinie. Absolwentka klasy fortepianu Liceum Muzycznego w Szczecinie i Wydzia\u0142u Wokalno-Aktorskiego Akademii Muzycznej w Warszawie. Debiutowa\u0142a na scenie wiede\u0144skiej Kammeroper w operze <em>Die Pilger von Mekka<\/em> Glucka. Nast\u0119pnie otrzyma\u0142a anga\u017c w Neue Oper Wien, a tak\u017ce w Theater an der Wien, gdzie na zaproszenie sekretarza generalnego ONZ Kofi Annana wyst\u0105pi\u0142a obok takich gwiazd mezzosopranowych jak Fiorenza Cossotto i Grace Bumbry w koncercie z okazji narodzin 6- miliardowego obywatela Ziemi.<\/p>\n<p style=\"text-align: justify;\">W nagrod\u0119 za wygrany konkurs w Rheinsbergu (1999) I nagroda wyst\u0105pi\u0142a w tamtejszym teatrze operowym w koprodukcji z Deutsche Oper Berlin w g\u0142\u00f3wnej roli w \u015bwiatowej prapremierze opery Siegfrieda Matthusa <em>Kronprinz Friedrich<\/em> w re\u017cyserii jednego z najwybitniejszych re\u017cyser\u00f3w operowych Goetza Friedricha oraz pod dyrekcj\u0105 Rolfa Reutera. Premiera by\u0142a transmitowana na \u017cywo w niemieckim radiu. Jej kreacja zebra\u0142a znakomite recenzje. Odby\u0142a z tym spektaklem tournee po Niemczech, wyst\u0119puj\u0105c m.in. w Bayreuth i w niemieckim pawilonie podczas wystawy \u015bwiatowej EXPO 2000 w Hanowerze.<\/p>\n<p style=\"text-align: justify;\">Uczestniczy\u0142a w wielu mi\u0119dzynarodowych festiwalach i galach operowych, m.in. podczas presti\u017cowego festiwalu muzyki dawnej w Innsbrucku, Donaufestwochen w Wiedniu, a tak\u017ce gali z okazji 750-lecia miasta Bredy. Wyst\u0119powa\u0142a z frankfurckim Ensemble Modern, \u015bpiewaj\u0105c pod dyrekcj\u0105 Markusa Stenza i z Staatskapelle Berlin, kt\u00f3r\u0105 dyrygowa\u0142 Rolf Reuter. Wsp\u00f3\u0142pracowa\u0142a z teatrami w Wiedniu, Berlinie, Bayreuth, Monte Carlo. Wyst\u0119powa\u0142a w tak presti\u017cowych salach, jak Concertgebouw w Amsterdamie czy berli\u0144ski Konzerthaus. Wart odnotowania jest tak\u017ce jej udzia\u0142 w koncercie z okazji 40-lecia pracy Katii Ricciarelli w s\u0142ynnej weneckiej La Fenice (2010).<\/p>\n<p style=\"text-align: justify;\">Wyst\u0119powa\u0142a w \u0142\u00f3dzkim Teatrze Wielkim w tytu\u0142owej partii w operze <em>Carmen<\/em> Bizeta. Z tym spektaklem odby\u0142a tournee po Holandii (Amsterdam, Rotterdam oraz s\u0142awny Lucent Dance Theater). W Operze Krakowskiej \u015bpiewa\u0142a parti\u0119 Lukrecji w <em>Gwa\u0142cie na Lukrecji<\/em> Benjamina Brittena oraz w dw\u00f3ch innych produkcjach \u2013 w <em>Orfeuszu i Eurydyce<\/em> Glucka (partia Orfeusza) oraz w <em>Damie pikowej<\/em> Czajkowskiego (partia Hrabiny). Na deskach Filharmonii Narodowej wyst\u0105pi\u0142a w Galowym Fina\u0142owym Koncercie <em>Lutos\u0142awski Awards,<\/em> wykonuj\u0105c \u015bwiatow\u0105 prapremier\u0119 nagrodzonych w tym konkursie pie\u015bni. Na scenie Teatru Wielkiego Opery Narodowej wyst\u0105pi\u0142a w tytu\u0142owej roli w operze Czajkowskiego <em>Dama pikowa<\/em> w re\u017cyserii Mariusza Treli\u0144skiego pod dyrekcj\u0105 Kazimierza Korda. W 2007 w tym samym teatrze wyst\u0105pi\u0142a w <em>Opowie\u015bciach Hoffmanna<\/em> Offenbacha jako G\u0142os Matki (pod dyrekcj\u0105 Tadeusza Koz\u0142owskiego) oraz w <em>Krakowiakach i G\u00f3ralach<\/em> Kurpi\u0144skiego jako Dorota (dyrygent \u0141ukasz Borowicz). Za\u015bpiewa\u0142a tu tak\u017ce Siebela w operze Gounoda <em>Faust<\/em> w re\u017cyserii Roberta Wilsona i pod dyrekcj\u0105 Gabriela Chmury.\u00a0Na scenie Opery na Zamku w Szczecinie mo\u017cna j\u0105 by\u0142o us\u0142ysze\u0107 w partii Santuzzy w <em>Rycersko\u015bci wie\u015bniaczej<\/em> Mascagniego oraz w <em>Carmen<\/em> Bizeta. Na scenie Opery Ba\u0142tyckiej wykonywa\u0142a parti\u0119 tytu\u0142ow\u0105 rol\u0119 Oktawiana w <em>Kawalerze srebrnej r\u00f3\u017cy<\/em> Ryszarda Straussa \u2013 uwa\u017can\u0105 za jedn\u0105 z najtrudniejszych w repertuarze mezzosopranowym; Olgi w <em>Eugeniuszu Onieginie<\/em> Czajkowskiego (kierownictwo muzyczne Jose Maria Florencio, inscenizacja Marek Weiss) i ponownie pati\u0119 Lukrecji w operze Brittena (Spektakl Roku 2008) <em>Gwa\u0142t na Lukrecji.<\/em>\u00a0 Wies\u0142aw Ochman zaprosi\u0142 \u015bpiewaczk\u0119 do wykonywania partii <em>Carmen<\/em> w jego inscenizacji w Operze \u015al\u0105skiej w Bytomiu. Parti\u0119 t\u0119, kt\u00f3ra sta\u0142a si\u0119 jej wizyt\u00f3wk\u0105 artystyczna, kreowa\u0142a tak\u017ce na scenie Teatru Wielkiego Opery Narodowej (2010) pod dyr. \u0141ukasza Borowicza. By\u0142a go\u015bciem Festiwalu Hoffmanowskiego w Poznaniu i Festiwalu Operowego w Bydgoszczy.<\/p>\n<p style=\"text-align: justify;\">W 2008 da\u0142a szereg \u015bwietnie przyj\u0119tych \u015bwietnie przyj\u0119tych recitali, m. in.\u00a0 w Kuwejcie i Bahrajnie oraz koncerty w Duesseldorfie (<em>Requiem<\/em> Verdiego). W 2009 roku wzi\u0119\u0142a udzia\u0142 w produkcji Z<em>\u0142oto Renu<\/em> Wagnera pod dyrekcj\u0105 Jana Lathama Koeniga z okazji 100-lecia Opery Le\u015bnej i reaktywacji Festiwalu Wagnerowskiego. W tym samym roku wyst\u0105pi\u0142a w partii <em>Carmen<\/em> oraz w Gali fina\u0142owej Mi\u0119dzynarodowego Festiwalu Operowego Maria Biesu w Kiszyniowie.<\/p>\n<p style=\"text-align: justify;\">Wa\u017cny w jej karierze by\u0142 rok 2010 Rok Chopinowski. Nagra\u0142a w\u00f3wczas dla Hungarotonu Classic i Fuzeau Classique wraz z wybitnym w\u0119gierskim wirtuozem Alexem Szilasi wszystkie pie\u015bni Chopina(<em>Chopin songs<\/em>). W Budapeszcie Koncertem Galowym otwiera\u0142a obchody roku Chopinowskiego na W\u0119grzech oraz zamyka\u0142a go koncertami w Nowym Yorku w Yamaha hall, a tak\u017ce w Qatarze. W grudniu tego\u017c roku po raz pierwszy wyre\u017cyserowa\u0142a <em>Carmen<\/em> i za\u015bpiewa\u0142a w niej tytu\u0142ow\u0105 rol\u0119 w Kuwejcie oraz Bahrajnie.<\/p>\n<p style=\"text-align: justify;\">Promuje sztuk\u0119 operow\u0105 tak\u017ce poza murami teatr\u00f3w i sal koncertowych. Cz\u0119sto go\u015bci w mediach. Wyst\u0105pi\u0142a jako go\u015b\u0107 w wielu programach telewizyjnych jak <em>\u015apiewaj\u0105ce fortepiany,<\/em> <em>Jaka to melodia<\/em>, <em>Kocham Ci\u0119 Polsko<\/em>, <em>Familiada, Jak oni \u015bpiewaj\u0105,\u00a0<\/em> przeznaczaj\u0105c wygrane fundusze na cel charytatywny. Wielokrotnie o p\u00f3\u0142nocy wita\u0142a Nowy Rok wyst\u0119pami na \u017cywo w Krakowie na Rynku Starego Miasta oraz na placu Konstytucji w Warszawie. Wyst\u0119powa\u0142a w serialach telewizyjnych\u00a0 <em>Dom nad rozlewiskiem, Barwy szcz\u0119\u015bcia, Na dobre i na z\u0142e.<\/em> Zdoby\u0142a ogromn\u0105 popularno\u015b\u0107 jako charyzmatyczny i kompetentny juror w programie <em>Bitwa na g\u0142osy,<\/em> <em>The Voice Senior<\/em> czy <em>Virtuosos 4+.<\/em><\/p>\n<p style=\"text-align: justify;\">W czerwcu 2011 odby\u0142 si\u0119 jej debiut jako producenta teatralnego i aktorki dramatycznej w monodramie operowym <em>Diva for rent<\/em> w re\u017c. Jerzego Bo\u0144czaka i choreografii Emila Weso\u0142owskiego. Plakat i scenografi\u0119 do spektaklu zaprojektowa\u0142 Rafa\u0142 Olbi\u0144ski. <em>Diva for rent<\/em> zosta\u0142a przet\u0142umaczona na j\u0119zyk angielski \/<em>Divas secrets<\/em>\/ oraz wystawiona w ramach obchod\u00f3w Polskiej Prezydencji w krajach Zatoki Perskiej w obecno\u015bci mi\u0119dzynarodowego korpusu dyplomatycznego i wielu znamienitych go\u015bci. Przedstawienia odbywa\u0142y si\u0119 w najbardziej renomowanych salach koncertowych\/ Al Hashemi w Kuwejcie, Qatar Opera House w Qatarze pod patronatem tamtejszego Ministra Kultury i Dziedzictwa Narodowego oraz w Abu Dhabi Theater. Monodram zebra\u0142 znakomite recenzje zar\u00f3wno w prasie anglo- jak i arabskoj\u0119zycznej. Monodram w wersji angloj\u0119zycznej zosta\u0142 wystawiony na Expo 2015.<br \/>\nAlicja W\u0119gorzewska jest r\u00f3wnie\u017c producentem teatralnym i aktork\u0105 dramatyczn\u0105. Wyst\u0105pi\u0142a m.in.\u00a0 w spektaklach <em>Kwartet<\/em> (R. Harwood), <em>Przerwana cisza<\/em> (K. D\u0119bski) a tak\u017ce musicalu <em>Company<\/em> (S.Sondheim). Zagra\u0142a tytu\u0142ow\u0105 rol\u0119 Marii w <em>Mari de Buenos Aires<\/em> Astora Piazzolli.<\/p>\n<p style=\"text-align: justify;\">Za monodram\u00a0 <em>Diva for rent<\/em> i debiut telewizyjny otrzyma\u0142a nominacj\u0119 do nagrody \u201eR\u00f3\u017ce Gali\u201d, a tak\u017ce nominacj\u0119 do nagrody Telekamery za jurorowanie w \u201eBitwie na g\u0142osy\u201d, kt\u00f3ra okaza\u0142a si\u0119 programem misyjnym oraz promuj\u0105cym m\u0142ode talenty.<\/p>\n<p style=\"text-align: justify;\">Artystka wzi\u0119\u0142a udzia\u0142 w nagraniu hymnu na rzecz dzieci z autyzmem z gwiazdami \u015bwiatowego hip-hopu, takimi jak: Snoop Dog, Kurtis Blow, Curtis Young.\u00a0W 2014 roku nagra\u0142a p\u0142yt\u0119 w j\u0119zyku w\u0142oskim \u201eI collori del\u201damore\u201d.<\/p>\n<p style=\"text-align: justify;\">Od lat z sukcesami produkuje Festiwale, Wydarzenia Telewizyjne i Znacz\u0105ce projekty Kulturalne. Pe\u0142ni\u0142a rol\u0119 ambasadora i wsp\u00f3\u0142gospodarza 46 Festiwalu im. J. Kiepury w Krynicy-Zdr\u00f3j. W 2013 pe\u0142ni\u0142a funkcj\u0119 Dyrektora Artystycznego 47 Festiwalu im. J. Kiepury w Krynicy-Zdr\u00f3j. Jest pomys\u0142odawczyni\u0105 i producentem 10 edycji koncert\u00f3w \u201eBitwa Tenor\u00f3w na r\u00f3\u017ce\u201d z ogl\u0105dalno\u015bci\u0105 do 1 mln widz\u00f3w.\u00a0 Jako Dyrektor Warszawskiej Opery Kameralnej ma na swoim koncie produkcje tak znacz\u0105cych Oper jak <em>Armide<\/em> \u2013 retransmisja w TVP Kultura, <em>Orfeusz i Eurydyka, Czarodziejski Flet, Wesele Figara, Uprowadzenie z Seraju<\/em> i kolejne znacz\u0105ce produkcje Festiwalu Mozartowskiego w Warszawie.<\/p>\n<p style=\"text-align: justify;\">Jest laureatk\u0105 nagrody polskiej estrady <em>Prometeusz<\/em> (2007). Artystka bra\u0142a udzia\u0142 w nagraniu \u015bcie\u017cki d\u017awi\u0119kowej do filmu Wied\u017amin, za kt\u00f3r\u0105 otrzyma\u0142a <em>Z\u0142ot\u0105 P\u0142yt\u0119<\/em>. Odznaczona Medalem \u201ePro Mazovia\u201d w 2016 roku, najwy\u017cszym odznaczeniem Marsza\u0142ka Wojew\u00f3dztwa Mazowieckiego. Nagroda <em>Polish Businesswomen Awards<\/em> w 2016 w kategorii \u201eWybitna Osobowo\u015b\u0107\u201d. FRYDERYKI 2018 &#8211; Nagroda dla zarz\u0105dzanej instytucji. <em>FENIKS \u2013 2018<\/em> &#8211; Nagroda dla zarz\u0105dzanej instytucji. <em>Nagroda Giuseppe Di Stefano 2018<\/em> dla Warszawskiej Opery Kameralnej za spektakl <em>Armide<\/em> &#8211; Nagroda dla zarz\u0105dzanej instytucji. <em>Or\u0142y wprost \u2013 2018<\/em> w kategorii <em>Osobowo\u015b\u0107 Regionu. Osobowo\u015bci i Sukcesy ROKU 2018<\/em> \u2013 Nagroda dla Warszawskiej Opery Kameralnej &#8211; Nagroda dla zarz\u0105dzanej instytucji. W 2019 r. otrzyma\u0142a w Nowym Jorku presti\u017cow\u0105 <em>Callas Tribute Prize<\/em> przyznawan\u0105 wybitnym kobietom ze \u015bwiata muzyki, teatru i mody.<br \/>\nW 2020 r. otrzyma\u0142a nagrod\u0119 miasta Sorrento i Fondazione Sorrento za promocj\u0119 kultury w\u0142oskiej w Polsce i na \u015bwiecie <em>Tribute a Caruso<\/em>. Podczas 77. Mi\u0119dzynarodowego Festiwalu Filmowego w Wenecji otrzyma\u0142a nagrod\u0119 <em>Women in Cinema Award (WiCA)<\/em>. Laureatka konkursu \u2013 <em>Skuteczna Kobieta Roku, Osobowo\u015b\u0107 dekady w konkursie Osobowo\u015bci i Sukcesy<\/em>, Obecno\u015b\u0107 na li\u015bcie 100 najbardziej inspiruj\u0105cych kobiet Magazynu Forbes, <em>Nagroda Z\u0142ota Iguana<\/em> za wybitn\u0105 dzia\u0142alno\u015b\u0107 artystyczn\u0105 i osi\u0105gni\u0119cia w dziedzinie kultury, Nagroda <em>ShEO Awards 2025<\/em> w kategorii \u201eAmbasadorka polskiej kultury\u201d.<\/p>\n<p style=\"text-align: justify;\">W 2015 roku zosta\u0142a powo\u0142ana na dyrektora Mazowieckiego Teatru Muzycznego w Warszawie. Dyrektor Warszawskiej Opery Kameralnej od 2017 roku. Doktor Habilitowany Sztuk Muzycznych.<\/p>\n<p>&nbsp;<\/p>\n<p>&nbsp;<\/p>\n<p>&nbsp;<\/p>\n","protected":false},"excerpt":{"rendered":"<p>Alicja W\u0119gorzewska. \u015apiewaczka, mezzosopran, urodzona w Szczecinie. Absolwentka klasy fortepianu Liceum Muzycznego w Szczecinie i Wydzia\u0142u Wokalno-Aktorskiego Akademii Muzycznej w Warszawie. Debiutowa\u0142a na scenie wiede\u0144skiej&hellip; <\/p>\n","protected":false},"author":1,"featured_media":0,"parent":0,"menu_order":0,"comment_status":"closed","ping_status":"closed","template":"","meta":{"ngg_post_thumbnail":0,"footnotes":""},"class_list":["post-37","page","type-page","status-publish","hentry"],"yoast_head":"<!-- This site is optimized with the Yoast SEO plugin v27.5 - https:\/\/yoast.com\/product\/yoast-seo-wordpress\/ -->\n<title>Biografia - Alicja W\u0119gorzewska - mezzosopran<\/title>\n<meta name=\"description\" content=\"Alicja W\u0119gorzewska, \u015bpiewaczka operowa, mezzosopran, aktorka, re\u017cyser, producent, Dyrektor Warszawskiej Opery Kameralnej, Doktror Sztuk Muzycznych\" \/>\n<meta name=\"robots\" content=\"index, follow, max-snippet:-1, max-image-preview:large, max-video-preview:-1\" \/>\n<link rel=\"canonical\" href=\"https:\/\/alicjawegorzewska.com\/index.php\/biografia\/\" \/>\n<meta property=\"og:locale\" content=\"pl_PL\" \/>\n<meta property=\"og:type\" content=\"article\" \/>\n<meta property=\"og:title\" content=\"Biografia - Alicja W\u0119gorzewska - mezzosopran\" \/>\n<meta property=\"og:description\" content=\"Alicja W\u0119gorzewska, \u015bpiewaczka operowa, mezzosopran, aktorka, re\u017cyser, producent, Dyrektor Warszawskiej Opery Kameralnej, Doktror Sztuk Muzycznych\" \/>\n<meta property=\"og:url\" content=\"https:\/\/alicjawegorzewska.com\/index.php\/biografia\/\" \/>\n<meta property=\"og:site_name\" content=\"Alicja W\u0119gorzewska\" \/>\n<meta property=\"article:modified_time\" content=\"2025-09-30T08:02:58+00:00\" \/>\n<meta property=\"og:image\" content=\"https:\/\/alicjawegorzewska.com\/wp-content\/uploads\/2025\/09\/ALICJA001191-scaled.jpg\" \/>\n<meta name=\"twitter:card\" content=\"summary_large_image\" \/>\n<meta name=\"twitter:label1\" content=\"Szacowany czas czytania\" \/>\n\t<meta name=\"twitter:data1\" content=\"8 minut\" \/>\n<script type=\"application\/ld+json\" class=\"yoast-schema-graph\">{\"@context\":\"https:\\\/\\\/schema.org\",\"@graph\":[{\"@type\":\"WebPage\",\"@id\":\"https:\\\/\\\/alicjawegorzewska.com\\\/index.php\\\/biografia\\\/\",\"url\":\"https:\\\/\\\/alicjawegorzewska.com\\\/index.php\\\/biografia\\\/\",\"name\":\"Biografia - Alicja W\u0119gorzewska - mezzosopran\",\"isPartOf\":{\"@id\":\"http:\\\/\\\/alicjawegorzewska.com\\\/#website\"},\"primaryImageOfPage\":{\"@id\":\"https:\\\/\\\/alicjawegorzewska.com\\\/index.php\\\/biografia\\\/#primaryimage\"},\"image\":{\"@id\":\"https:\\\/\\\/alicjawegorzewska.com\\\/index.php\\\/biografia\\\/#primaryimage\"},\"thumbnailUrl\":\"https:\\\/\\\/alicjawegorzewska.com\\\/wp-content\\\/uploads\\\/2025\\\/09\\\/ALICJA001191-scaled.jpg\",\"datePublished\":\"2019-10-09T13:29:53+00:00\",\"dateModified\":\"2025-09-30T08:02:58+00:00\",\"description\":\"Alicja W\u0119gorzewska, \u015bpiewaczka operowa, mezzosopran, aktorka, re\u017cyser, producent, Dyrektor Warszawskiej Opery Kameralnej, Doktror Sztuk Muzycznych\",\"breadcrumb\":{\"@id\":\"https:\\\/\\\/alicjawegorzewska.com\\\/index.php\\\/biografia\\\/#breadcrumb\"},\"inLanguage\":\"pl-PL\",\"potentialAction\":[{\"@type\":\"ReadAction\",\"target\":[\"https:\\\/\\\/alicjawegorzewska.com\\\/index.php\\\/biografia\\\/\"]}]},{\"@type\":\"ImageObject\",\"inLanguage\":\"pl-PL\",\"@id\":\"https:\\\/\\\/alicjawegorzewska.com\\\/index.php\\\/biografia\\\/#primaryimage\",\"url\":\"https:\\\/\\\/alicjawegorzewska.com\\\/wp-content\\\/uploads\\\/2025\\\/09\\\/ALICJA001191-scaled.jpg\",\"contentUrl\":\"https:\\\/\\\/alicjawegorzewska.com\\\/wp-content\\\/uploads\\\/2025\\\/09\\\/ALICJA001191-scaled.jpg\",\"width\":2560,\"height\":1708},{\"@type\":\"BreadcrumbList\",\"@id\":\"https:\\\/\\\/alicjawegorzewska.com\\\/index.php\\\/biografia\\\/#breadcrumb\",\"itemListElement\":[{\"@type\":\"ListItem\",\"position\":1,\"name\":\"Strona g\u0142\u00f3wna\",\"item\":\"http:\\\/\\\/alicjawegorzewska.com\\\/\"},{\"@type\":\"ListItem\",\"position\":2,\"name\":\"Biografia\"}]},{\"@type\":\"WebSite\",\"@id\":\"http:\\\/\\\/alicjawegorzewska.com\\\/#website\",\"url\":\"http:\\\/\\\/alicjawegorzewska.com\\\/\",\"name\":\"Alicja W\u0119gorzewska\",\"description\":\"Strona oficjalna\",\"publisher\":{\"@id\":\"http:\\\/\\\/alicjawegorzewska.com\\\/#\\\/schema\\\/person\\\/7468c1c1d69a9b6e8db3fe1964cd9dcb\"},\"potentialAction\":[{\"@type\":\"SearchAction\",\"target\":{\"@type\":\"EntryPoint\",\"urlTemplate\":\"http:\\\/\\\/alicjawegorzewska.com\\\/?s={search_term_string}\"},\"query-input\":{\"@type\":\"PropertyValueSpecification\",\"valueRequired\":true,\"valueName\":\"search_term_string\"}}],\"inLanguage\":\"pl-PL\"},{\"@type\":[\"Person\",\"Organization\"],\"@id\":\"http:\\\/\\\/alicjawegorzewska.com\\\/#\\\/schema\\\/person\\\/7468c1c1d69a9b6e8db3fe1964cd9dcb\",\"name\":\"Alicja W\u0119gorzewska-Whiskerd\",\"image\":{\"@type\":\"ImageObject\",\"inLanguage\":\"pl-PL\",\"@id\":\"https:\\\/\\\/alicjawegorzewska.com\\\/wp-content\\\/uploads\\\/2019\\\/10\\\/AW-2.png\",\"url\":\"https:\\\/\\\/alicjawegorzewska.com\\\/wp-content\\\/uploads\\\/2019\\\/10\\\/AW-2.png\",\"contentUrl\":\"https:\\\/\\\/alicjawegorzewska.com\\\/wp-content\\\/uploads\\\/2019\\\/10\\\/AW-2.png\",\"width\":500,\"height\":500,\"caption\":\"Alicja W\u0119gorzewska-Whiskerd\"},\"logo\":{\"@id\":\"https:\\\/\\\/alicjawegorzewska.com\\\/wp-content\\\/uploads\\\/2019\\\/10\\\/AW-2.png\"}}]}<\/script>\n<!-- \/ Yoast SEO plugin. -->","yoast_head_json":{"title":"Biografia - Alicja W\u0119gorzewska - mezzosopran","description":"Alicja W\u0119gorzewska, \u015bpiewaczka operowa, mezzosopran, aktorka, re\u017cyser, producent, Dyrektor Warszawskiej Opery Kameralnej, Doktror Sztuk Muzycznych","robots":{"index":"index","follow":"follow","max-snippet":"max-snippet:-1","max-image-preview":"max-image-preview:large","max-video-preview":"max-video-preview:-1"},"canonical":"https:\/\/alicjawegorzewska.com\/index.php\/biografia\/","og_locale":"pl_PL","og_type":"article","og_title":"Biografia - Alicja W\u0119gorzewska - mezzosopran","og_description":"Alicja W\u0119gorzewska, \u015bpiewaczka operowa, mezzosopran, aktorka, re\u017cyser, producent, Dyrektor Warszawskiej Opery Kameralnej, Doktror Sztuk Muzycznych","og_url":"https:\/\/alicjawegorzewska.com\/index.php\/biografia\/","og_site_name":"Alicja W\u0119gorzewska","article_modified_time":"2025-09-30T08:02:58+00:00","og_image":[{"url":"https:\/\/alicjawegorzewska.com\/wp-content\/uploads\/2025\/09\/ALICJA001191-scaled.jpg","type":"","width":"","height":""}],"twitter_card":"summary_large_image","twitter_misc":{"Szacowany czas czytania":"8 minut"},"schema":{"@context":"https:\/\/schema.org","@graph":[{"@type":"WebPage","@id":"https:\/\/alicjawegorzewska.com\/index.php\/biografia\/","url":"https:\/\/alicjawegorzewska.com\/index.php\/biografia\/","name":"Biografia - Alicja W\u0119gorzewska - mezzosopran","isPartOf":{"@id":"http:\/\/alicjawegorzewska.com\/#website"},"primaryImageOfPage":{"@id":"https:\/\/alicjawegorzewska.com\/index.php\/biografia\/#primaryimage"},"image":{"@id":"https:\/\/alicjawegorzewska.com\/index.php\/biografia\/#primaryimage"},"thumbnailUrl":"https:\/\/alicjawegorzewska.com\/wp-content\/uploads\/2025\/09\/ALICJA001191-scaled.jpg","datePublished":"2019-10-09T13:29:53+00:00","dateModified":"2025-09-30T08:02:58+00:00","description":"Alicja W\u0119gorzewska, \u015bpiewaczka operowa, mezzosopran, aktorka, re\u017cyser, producent, Dyrektor Warszawskiej Opery Kameralnej, Doktror Sztuk Muzycznych","breadcrumb":{"@id":"https:\/\/alicjawegorzewska.com\/index.php\/biografia\/#breadcrumb"},"inLanguage":"pl-PL","potentialAction":[{"@type":"ReadAction","target":["https:\/\/alicjawegorzewska.com\/index.php\/biografia\/"]}]},{"@type":"ImageObject","inLanguage":"pl-PL","@id":"https:\/\/alicjawegorzewska.com\/index.php\/biografia\/#primaryimage","url":"https:\/\/alicjawegorzewska.com\/wp-content\/uploads\/2025\/09\/ALICJA001191-scaled.jpg","contentUrl":"https:\/\/alicjawegorzewska.com\/wp-content\/uploads\/2025\/09\/ALICJA001191-scaled.jpg","width":2560,"height":1708},{"@type":"BreadcrumbList","@id":"https:\/\/alicjawegorzewska.com\/index.php\/biografia\/#breadcrumb","itemListElement":[{"@type":"ListItem","position":1,"name":"Strona g\u0142\u00f3wna","item":"http:\/\/alicjawegorzewska.com\/"},{"@type":"ListItem","position":2,"name":"Biografia"}]},{"@type":"WebSite","@id":"http:\/\/alicjawegorzewska.com\/#website","url":"http:\/\/alicjawegorzewska.com\/","name":"Alicja W\u0119gorzewska","description":"Strona oficjalna","publisher":{"@id":"http:\/\/alicjawegorzewska.com\/#\/schema\/person\/7468c1c1d69a9b6e8db3fe1964cd9dcb"},"potentialAction":[{"@type":"SearchAction","target":{"@type":"EntryPoint","urlTemplate":"http:\/\/alicjawegorzewska.com\/?s={search_term_string}"},"query-input":{"@type":"PropertyValueSpecification","valueRequired":true,"valueName":"search_term_string"}}],"inLanguage":"pl-PL"},{"@type":["Person","Organization"],"@id":"http:\/\/alicjawegorzewska.com\/#\/schema\/person\/7468c1c1d69a9b6e8db3fe1964cd9dcb","name":"Alicja W\u0119gorzewska-Whiskerd","image":{"@type":"ImageObject","inLanguage":"pl-PL","@id":"https:\/\/alicjawegorzewska.com\/wp-content\/uploads\/2019\/10\/AW-2.png","url":"https:\/\/alicjawegorzewska.com\/wp-content\/uploads\/2019\/10\/AW-2.png","contentUrl":"https:\/\/alicjawegorzewska.com\/wp-content\/uploads\/2019\/10\/AW-2.png","width":500,"height":500,"caption":"Alicja W\u0119gorzewska-Whiskerd"},"logo":{"@id":"https:\/\/alicjawegorzewska.com\/wp-content\/uploads\/2019\/10\/AW-2.png"}}]}},"jetpack_sharing_enabled":true,"_links":{"self":[{"href":"https:\/\/alicjawegorzewska.com\/index.php\/wp-json\/wp\/v2\/pages\/37","targetHints":{"allow":["GET"]}}],"collection":[{"href":"https:\/\/alicjawegorzewska.com\/index.php\/wp-json\/wp\/v2\/pages"}],"about":[{"href":"https:\/\/alicjawegorzewska.com\/index.php\/wp-json\/wp\/v2\/types\/page"}],"author":[{"embeddable":true,"href":"https:\/\/alicjawegorzewska.com\/index.php\/wp-json\/wp\/v2\/users\/1"}],"replies":[{"embeddable":true,"href":"https:\/\/alicjawegorzewska.com\/index.php\/wp-json\/wp\/v2\/comments?post=37"}],"version-history":[{"count":15,"href":"https:\/\/alicjawegorzewska.com\/index.php\/wp-json\/wp\/v2\/pages\/37\/revisions"}],"predecessor-version":[{"id":5987,"href":"https:\/\/alicjawegorzewska.com\/index.php\/wp-json\/wp\/v2\/pages\/37\/revisions\/5987"}],"wp:attachment":[{"href":"https:\/\/alicjawegorzewska.com\/index.php\/wp-json\/wp\/v2\/media?parent=37"}],"curies":[{"name":"wp","href":"https:\/\/api.w.org\/{rel}","templated":true}]}}