{"id":5942,"date":"2025-09-29T18:16:32","date_gmt":"2025-09-29T16:16:32","guid":{"rendered":"https:\/\/alicjawegorzewska.com\/?page_id=5942"},"modified":"2025-09-30T08:34:02","modified_gmt":"2025-09-30T06:34:02","slug":"repertuar","status":"publish","type":"page","link":"http:\/\/alicjawegorzewska.com\/index.php\/repertuar\/","title":{"rendered":"Repertuar"},"content":{"rendered":"<p><b>1992 <\/b>&#8211; <em>Koronacja Poppei<\/em> (Claudio Monteverdii. Re\u017cyseria: Maciej Prus) &#8211; Partia Pallady.<b> Debiut Sceniczny. 5 maja 1992 r. <\/b>Teatr Wielki &#8211; Opera Narodowa<b><br \/>\n1999, 2000 <\/b>&#8211; <span class=\"JsGRdQ\"><em>Trouble in Tahiti<\/em>\u00a0 (Leonard Bernstein. Re\u017cyseria: Kornelia Repschl\u00e4ger) <\/span>&#8211; Partia w Jazz Trio. Neue Oper Wien<b><br \/>\n<\/b><b>1999 <\/b>&#8211; <em>Pielgrzym z Mekki<\/em> (Christoph Willibald Gluck) &#8211; Partia Dardane. Wiener Kammeroper<img fetchpriority=\"high\" decoding=\"async\" class=\"alignnone size-full wp-image-5968\" src=\"https:\/\/alicjawegorzewska.com\/wp-content\/uploads\/2025\/09\/19.png\" alt=\"\" width=\"820\" height=\"462\" srcset=\"http:\/\/alicjawegorzewska.com\/wp-content\/uploads\/2025\/09\/19.png 820w, http:\/\/alicjawegorzewska.com\/wp-content\/uploads\/2025\/09\/19-300x169.png 300w, http:\/\/alicjawegorzewska.com\/wp-content\/uploads\/2025\/09\/19-768x433.png 768w, http:\/\/alicjawegorzewska.com\/wp-content\/uploads\/2025\/09\/19-600x338.png 600w\" sizes=\"(max-width: 820px) 100vw, 820px\" \/><\/p>\n<p><b>1999, 2000, 2001 <\/b>&#8211; <em>Kronprinz Friedrich <\/em>(Siegfried Matthus. Re\u017cyseria: G\u00f6tz Friedrich) &#8211; Partia Katte, &#8211; Kammeroper Schloss Rheinsberg, EXPO Hanower<img decoding=\"async\" class=\"alignnone size-full wp-image-5967\" src=\"https:\/\/alicjawegorzewska.com\/wp-content\/uploads\/2025\/09\/18.png\" alt=\"\" width=\"820\" height=\"462\" srcset=\"http:\/\/alicjawegorzewska.com\/wp-content\/uploads\/2025\/09\/18.png 820w, http:\/\/alicjawegorzewska.com\/wp-content\/uploads\/2025\/09\/18-300x169.png 300w, http:\/\/alicjawegorzewska.com\/wp-content\/uploads\/2025\/09\/18-768x433.png 768w, http:\/\/alicjawegorzewska.com\/wp-content\/uploads\/2025\/09\/18-600x338.png 600w\" sizes=\"(max-width: 820px) 100vw, 820px\" \/><\/p>\n<p><b>2001 <\/b>&#8211; <em>Wied\u017amin<\/em> &#8211; nagranie \u015bcie\u017cki d\u017awi\u0119kowej, kompozytor Grzegorz Ciechowski, Z\u0142ota p\u0142yta<img decoding=\"async\" class=\"alignnone size-full wp-image-5969\" src=\"https:\/\/alicjawegorzewska.com\/wp-content\/uploads\/2025\/09\/29.png\" alt=\"\" width=\"820\" height=\"462\" srcset=\"http:\/\/alicjawegorzewska.com\/wp-content\/uploads\/2025\/09\/29.png 820w, http:\/\/alicjawegorzewska.com\/wp-content\/uploads\/2025\/09\/29-300x169.png 300w, http:\/\/alicjawegorzewska.com\/wp-content\/uploads\/2025\/09\/29-768x433.png 768w, http:\/\/alicjawegorzewska.com\/wp-content\/uploads\/2025\/09\/29-600x338.png 600w, http:\/\/alicjawegorzewska.com\/wp-content\/uploads\/2025\/09\/29-106x60.png 106w, http:\/\/alicjawegorzewska.com\/wp-content\/uploads\/2025\/09\/29-160x90.png 160w\" sizes=\"(max-width: 820px) 100vw, 820px\" \/><br \/>\n<b><\/b><\/p>\n<p><b>2002, 2003, 2005 <\/b>&#8211; <em>Carmen<\/em> (Georges Bizet. Re\u017cyseria: Greidanus Ausonius) &#8211; Partia Carmen. Teatr Wielki w \u0141odzi<img loading=\"lazy\" decoding=\"async\" class=\"alignnone size-full wp-image-5947\" src=\"https:\/\/alicjawegorzewska.com\/wp-content\/uploads\/2025\/09\/4.png\" alt=\"\" width=\"820\" height=\"462\" srcset=\"http:\/\/alicjawegorzewska.com\/wp-content\/uploads\/2025\/09\/4.png 820w, http:\/\/alicjawegorzewska.com\/wp-content\/uploads\/2025\/09\/4-300x169.png 300w, http:\/\/alicjawegorzewska.com\/wp-content\/uploads\/2025\/09\/4-768x433.png 768w, http:\/\/alicjawegorzewska.com\/wp-content\/uploads\/2025\/09\/4-600x338.png 600w\" sizes=\"(max-width: 820px) 100vw, 820px\" \/><br \/>\n<b><\/b><\/p>\n<p><b>2003, 2007 <\/b>&#8211; <em>Opowie\u015bci Hoffmanna <\/em>(Jacques Offenbach. Re\u017cyseria: Harry Kupfer) &#8211; G\u0142os Matki Antoni. Teatr Wielki &#8211; Opera Narodowa<br \/>\n<b>2004, 2005 <\/b>&#8211; <em>Gwa\u0142t na Lukrecji<\/em> (Benjamin Britten. Re\u017cyseria W\u0142odzimierz Nurkowski) &#8211; Partia Lukrecji. Opera Krakowska<img loading=\"lazy\" decoding=\"async\" class=\"alignnone size-full wp-image-5951\" src=\"https:\/\/alicjawegorzewska.com\/wp-content\/uploads\/2025\/09\/8.png\" alt=\"\" width=\"820\" height=\"462\" srcset=\"http:\/\/alicjawegorzewska.com\/wp-content\/uploads\/2025\/09\/8.png 820w, http:\/\/alicjawegorzewska.com\/wp-content\/uploads\/2025\/09\/8-300x169.png 300w, http:\/\/alicjawegorzewska.com\/wp-content\/uploads\/2025\/09\/8-768x433.png 768w, http:\/\/alicjawegorzewska.com\/wp-content\/uploads\/2025\/09\/8-600x338.png 600w\" sizes=\"(max-width: 820px) 100vw, 820px\" \/><\/p>\n<p><b>2004, 2005, 2006 <\/b>&#8211; <em>Orfeusz i Eurydyka<\/em> (Christoph Willibald Gluck. Re\u017cyseria: Karsten Wiegand) &#8211; Partia Orfeusza. Opera Krakowska<img loading=\"lazy\" decoding=\"async\" class=\"alignnone size-full wp-image-5955\" src=\"https:\/\/alicjawegorzewska.com\/wp-content\/uploads\/2025\/09\/11.png\" alt=\"\" width=\"820\" height=\"462\" srcset=\"http:\/\/alicjawegorzewska.com\/wp-content\/uploads\/2025\/09\/11.png 820w, http:\/\/alicjawegorzewska.com\/wp-content\/uploads\/2025\/09\/11-300x169.png 300w, http:\/\/alicjawegorzewska.com\/wp-content\/uploads\/2025\/09\/11-768x433.png 768w, http:\/\/alicjawegorzewska.com\/wp-content\/uploads\/2025\/09\/11-600x338.png 600w\" sizes=\"(max-width: 820px) 100vw, 820px\" \/><\/p>\n<p><b>2005, 2006 <\/b>&#8211; <em>Carmen<\/em> (Georges Bizet) &#8211; Partia Carmen. Opera na Zamku w Szczecinie<img loading=\"lazy\" decoding=\"async\" class=\"alignnone size-full wp-image-5946\" src=\"https:\/\/alicjawegorzewska.com\/wp-content\/uploads\/2025\/09\/3.png\" alt=\"\" width=\"820\" height=\"462\" srcset=\"http:\/\/alicjawegorzewska.com\/wp-content\/uploads\/2025\/09\/3.png 820w, http:\/\/alicjawegorzewska.com\/wp-content\/uploads\/2025\/09\/3-300x169.png 300w, http:\/\/alicjawegorzewska.com\/wp-content\/uploads\/2025\/09\/3-768x433.png 768w, http:\/\/alicjawegorzewska.com\/wp-content\/uploads\/2025\/09\/3-600x338.png 600w\" sizes=\"(max-width: 820px) 100vw, 820px\" \/><\/p>\n<p><b>2005, 2006, 2007 <\/b>&#8211; <em>Kawaler Srebrnej R\u00f3\u017cy <\/em>(Richard Strauss. Re\u017cyseria: G\u00fcnter Mayr) &#8211; Partia Oktawiana. Opera Ba\u0142tycka w Gda\u0144sku<img loading=\"lazy\" decoding=\"async\" class=\"alignnone size-full wp-image-5956\" src=\"https:\/\/alicjawegorzewska.com\/wp-content\/uploads\/2025\/09\/10.png\" alt=\"\" width=\"820\" height=\"462\" srcset=\"http:\/\/alicjawegorzewska.com\/wp-content\/uploads\/2025\/09\/10.png 820w, http:\/\/alicjawegorzewska.com\/wp-content\/uploads\/2025\/09\/10-300x169.png 300w, http:\/\/alicjawegorzewska.com\/wp-content\/uploads\/2025\/09\/10-768x433.png 768w, http:\/\/alicjawegorzewska.com\/wp-content\/uploads\/2025\/09\/10-600x338.png 600w\" sizes=\"(max-width: 820px) 100vw, 820px\" \/><\/p>\n<p><b>2005, 2007, 2008 <\/b>&#8211; <em>Dama Pikowa<\/em> (Piotr Czajkowski. Re\u017cyseria: Maciej Prus) &#8211; Partia Hrabiny.\u00a0Teatr Wielki &#8211; Opera Narodowa<img loading=\"lazy\" decoding=\"async\" class=\"alignnone size-full wp-image-5954\" src=\"https:\/\/alicjawegorzewska.com\/wp-content\/uploads\/2025\/09\/6.png\" alt=\"\" width=\"820\" height=\"462\" srcset=\"http:\/\/alicjawegorzewska.com\/wp-content\/uploads\/2025\/09\/6.png 820w, http:\/\/alicjawegorzewska.com\/wp-content\/uploads\/2025\/09\/6-300x169.png 300w, http:\/\/alicjawegorzewska.com\/wp-content\/uploads\/2025\/09\/6-768x433.png 768w, http:\/\/alicjawegorzewska.com\/wp-content\/uploads\/2025\/09\/6-600x338.png 600w\" sizes=\"(max-width: 820px) 100vw, 820px\" \/><\/p>\n<p><b>2006, 2007,2008, 2009 <\/b>&#8211; <em>Carmen <\/em>(Georges Bizet. Re\u017cyseria: Ochman Wies\u0142aw) &#8211; Partia Carmen. Opera \u015al\u0105ska w Bytomiu<img loading=\"lazy\" decoding=\"async\" class=\"alignnone size-full wp-image-5949\" src=\"https:\/\/alicjawegorzewska.com\/wp-content\/uploads\/2025\/09\/1.png\" alt=\"\" width=\"820\" height=\"462\" srcset=\"http:\/\/alicjawegorzewska.com\/wp-content\/uploads\/2025\/09\/1.png 820w, http:\/\/alicjawegorzewska.com\/wp-content\/uploads\/2025\/09\/1-300x169.png 300w, http:\/\/alicjawegorzewska.com\/wp-content\/uploads\/2025\/09\/1-768x433.png 768w, http:\/\/alicjawegorzewska.com\/wp-content\/uploads\/2025\/09\/1-600x338.png 600w\" sizes=\"(max-width: 820px) 100vw, 820px\" \/><\/p>\n<p><b>2006 <\/b>&#8211; <em>Cavalleria Rusticana <\/em>(Pietro Mascagni. Re\u017cyseria: Wies\u0142aw G\u00f3rski) &#8211; Partia Santuzzy. Opera na Zamku w Szczecinie<br \/>\n<strong>2007<\/strong> &#8211; Nagroda polskiej estrady <em>Prometeusz\u00a0<\/em><br \/>\n<b>2008, 2009 <\/b>&#8211; <em>Gwa\u0142t na Lukrecji<\/em> (Benjamin Britten. Re\u017cyseria: Peter Telihay) &#8211; Partia Lukrecji. Opera Ba\u0142tycka w Gda\u0144sku<img loading=\"lazy\" decoding=\"async\" class=\"alignnone size-full wp-image-5952\" src=\"https:\/\/alicjawegorzewska.com\/wp-content\/uploads\/2025\/09\/9.png\" alt=\"\" width=\"820\" height=\"462\" srcset=\"http:\/\/alicjawegorzewska.com\/wp-content\/uploads\/2025\/09\/9.png 820w, http:\/\/alicjawegorzewska.com\/wp-content\/uploads\/2025\/09\/9-300x169.png 300w, http:\/\/alicjawegorzewska.com\/wp-content\/uploads\/2025\/09\/9-768x433.png 768w, http:\/\/alicjawegorzewska.com\/wp-content\/uploads\/2025\/09\/9-600x338.png 600w\" sizes=\"(max-width: 820px) 100vw, 820px\" \/><br \/>\n<b><\/b><\/p>\n<p><b>2009, 2010, 2012 <\/b>&#8211; <em>Dama Pikowa <\/em>(Piotr Czajkowski. Re\u017cyseria: Krzysztof Nazar)\u00a0 &#8211; Partia Hrabiny. Opera Krakowska<img loading=\"lazy\" decoding=\"async\" class=\"alignnone size-full wp-image-5953\" src=\"https:\/\/alicjawegorzewska.com\/wp-content\/uploads\/2025\/09\/7.png\" alt=\"\" width=\"820\" height=\"462\" srcset=\"http:\/\/alicjawegorzewska.com\/wp-content\/uploads\/2025\/09\/7.png 820w, http:\/\/alicjawegorzewska.com\/wp-content\/uploads\/2025\/09\/7-300x169.png 300w, http:\/\/alicjawegorzewska.com\/wp-content\/uploads\/2025\/09\/7-768x433.png 768w, http:\/\/alicjawegorzewska.com\/wp-content\/uploads\/2025\/09\/7-600x338.png 600w\" sizes=\"(max-width: 820px) 100vw, 820px\" \/><\/p>\n<p><b>2007, 2008 <\/b>&#8211; <em>Zabobon, czyli Krakowiacy i G\u00f3rale<\/em> (Karol Kurpi\u0144\u015bki. Re\u017cyseria: Janusz J\u00f3zefowicz) &#8211; Partia Doroty. Teatr Wielki &#8211; Opera Narodowa<img loading=\"lazy\" decoding=\"async\" class=\"alignnone size-full wp-image-5957\" src=\"https:\/\/alicjawegorzewska.com\/wp-content\/uploads\/2025\/09\/12.png\" alt=\"\" width=\"820\" height=\"462\" srcset=\"http:\/\/alicjawegorzewska.com\/wp-content\/uploads\/2025\/09\/12.png 820w, http:\/\/alicjawegorzewska.com\/wp-content\/uploads\/2025\/09\/12-300x169.png 300w, http:\/\/alicjawegorzewska.com\/wp-content\/uploads\/2025\/09\/12-768x433.png 768w, http:\/\/alicjawegorzewska.com\/wp-content\/uploads\/2025\/09\/12-600x338.png 600w\" sizes=\"(max-width: 820px) 100vw, 820px\" \/><\/p>\n<p><b>2008 <\/b>&#8211; <em>Faust <\/em>(Charles Gounod. Re\u017cyseria: Robert Wilson) &#8211; Partia Siebel, Teatr Wielki &#8211; Opera Narodowa<img loading=\"lazy\" decoding=\"async\" class=\"alignnone size-full wp-image-5958\" src=\"https:\/\/alicjawegorzewska.com\/wp-content\/uploads\/2025\/09\/15.png\" alt=\"\" width=\"820\" height=\"462\" srcset=\"http:\/\/alicjawegorzewska.com\/wp-content\/uploads\/2025\/09\/15.png 820w, http:\/\/alicjawegorzewska.com\/wp-content\/uploads\/2025\/09\/15-300x169.png 300w, http:\/\/alicjawegorzewska.com\/wp-content\/uploads\/2025\/09\/15-768x433.png 768w, http:\/\/alicjawegorzewska.com\/wp-content\/uploads\/2025\/09\/15-600x338.png 600w\" sizes=\"(max-width: 820px) 100vw, 820px\" \/><\/p>\n<p><b>2009, 2010 <\/b>&#8211; <em>Eugeniusz Oniegin <\/em>(Piotr Czajkowski. Re\u017cyseria: Marek Weiss) &#8211; Partia Olgii. Opera Ba\u0142tycka w Gda\u0144sku<img loading=\"lazy\" decoding=\"async\" class=\"alignnone size-full wp-image-5959\" src=\"https:\/\/alicjawegorzewska.com\/wp-content\/uploads\/2025\/09\/13.png\" alt=\"\" width=\"820\" height=\"462\" srcset=\"http:\/\/alicjawegorzewska.com\/wp-content\/uploads\/2025\/09\/13.png 820w, http:\/\/alicjawegorzewska.com\/wp-content\/uploads\/2025\/09\/13-300x169.png 300w, http:\/\/alicjawegorzewska.com\/wp-content\/uploads\/2025\/09\/13-768x433.png 768w, http:\/\/alicjawegorzewska.com\/wp-content\/uploads\/2025\/09\/13-600x338.png 600w\" sizes=\"(max-width: 820px) 100vw, 820px\" \/><\/p>\n<p><b>2010 <\/b>&#8211; <em>Carmen<\/em> (Georges Bizet. Re\u017cyseria: Alicja W\u0119gorzewska) &#8211; Partia Carmen. Opera w Kuwejcie<img loading=\"lazy\" decoding=\"async\" class=\"alignnone size-full wp-image-5948\" src=\"https:\/\/alicjawegorzewska.com\/wp-content\/uploads\/2025\/09\/5.png\" alt=\"\" width=\"820\" height=\"462\" srcset=\"http:\/\/alicjawegorzewska.com\/wp-content\/uploads\/2025\/09\/5.png 820w, http:\/\/alicjawegorzewska.com\/wp-content\/uploads\/2025\/09\/5-300x169.png 300w, http:\/\/alicjawegorzewska.com\/wp-content\/uploads\/2025\/09\/5-768x433.png 768w, http:\/\/alicjawegorzewska.com\/wp-content\/uploads\/2025\/09\/5-600x338.png 600w\" sizes=\"(max-width: 820px) 100vw, 820px\" \/><\/p>\n<p><b>2010 <\/b>&#8211; <em>Carmen<\/em> (Georges Bizet. Re\u017cyseria: Lech Majewski) &#8211; Partia Carmen. Teatr Wielki &#8211; Opera Narodowa<img loading=\"lazy\" decoding=\"async\" class=\"alignnone size-full wp-image-5945\" src=\"https:\/\/alicjawegorzewska.com\/wp-content\/uploads\/2025\/09\/2.png\" alt=\"\" width=\"820\" height=\"462\" srcset=\"http:\/\/alicjawegorzewska.com\/wp-content\/uploads\/2025\/09\/2.png 820w, http:\/\/alicjawegorzewska.com\/wp-content\/uploads\/2025\/09\/2-300x169.png 300w, http:\/\/alicjawegorzewska.com\/wp-content\/uploads\/2025\/09\/2-768x433.png 768w, http:\/\/alicjawegorzewska.com\/wp-content\/uploads\/2025\/09\/2-600x338.png 600w\" sizes=\"(max-width: 820px) 100vw, 820px\" \/><\/p>\n<p><b>2009 <\/b>&#8211; <em>Dom nad rozlewiskiem<\/em> &#8211; serial TVP, obsada aktorska, jako Joanna Berg, \u015bpiewaczka operowa<br \/>\n<b>2010 <\/b>&#8211; <em>Chopin Songs<\/em> &#8211; p\u0142yta z pie\u015bniami F. Chopina nagrana dla Hungarotonu. Oficjalna p\u0142yta obchod\u00f3w Roku Chopinowskiego 2010 zatwierdzona przez Instytut Fryderyka Chopina. Rok Chopinowski \u2013 koordynacja trasy Sinfonia Varsovia, koncerty z pie\u015bniami Chopina<img loading=\"lazy\" decoding=\"async\" class=\"alignnone size-full wp-image-5970\" src=\"https:\/\/alicjawegorzewska.com\/wp-content\/uploads\/2025\/09\/31.png\" alt=\"\" width=\"820\" height=\"462\" srcset=\"http:\/\/alicjawegorzewska.com\/wp-content\/uploads\/2025\/09\/31.png 820w, http:\/\/alicjawegorzewska.com\/wp-content\/uploads\/2025\/09\/31-300x169.png 300w, http:\/\/alicjawegorzewska.com\/wp-content\/uploads\/2025\/09\/31-768x433.png 768w, http:\/\/alicjawegorzewska.com\/wp-content\/uploads\/2025\/09\/31-600x338.png 600w\" sizes=\"(max-width: 820px) 100vw, 820px\" \/><\/p>\n<p><b>2011, 2012, 2013, 2014, 2015, 2016, 2017, 2018 <\/b>&#8211; <em>Diva for Rent<\/em> ( Autor: Jerzy Snakowski. Re\u017cyseria: Jerzy Bo\u0144czak, Scenografia: Rafa\u0142 Olbi\u0144\u015bki)\u00a0 &#8211; Tytu\u0142owa rola Divy, produkcja spektaklu<img loading=\"lazy\" decoding=\"async\" class=\"alignnone size-full wp-image-5960\" src=\"https:\/\/alicjawegorzewska.com\/wp-content\/uploads\/2025\/09\/16.png\" alt=\"\" width=\"820\" height=\"462\" srcset=\"http:\/\/alicjawegorzewska.com\/wp-content\/uploads\/2025\/09\/16.png 820w, http:\/\/alicjawegorzewska.com\/wp-content\/uploads\/2025\/09\/16-300x169.png 300w, http:\/\/alicjawegorzewska.com\/wp-content\/uploads\/2025\/09\/16-768x433.png 768w, http:\/\/alicjawegorzewska.com\/wp-content\/uploads\/2025\/09\/16-600x338.png 600w\" sizes=\"(max-width: 820px) 100vw, 820px\" \/><\/p>\n<p><strong>2011, 2012<\/strong> &#8211; Juror w telewizyjnym show TVP Bitwa na g\u0142osy, dwie edycje<br \/>\n<b>2012 <\/b>&#8211; Ambasador 46 Festiwalu im. Jana Kiepury \u2013 PR festiwalu, nadz\u00f3r artystyczny nad koncertami, prowadzenie koncert\u00f3w<br \/>\n<b>2013 <\/b>&#8211; Dyrektor Artystyczny 47 Festiwalu im. Jana Kiepury \u2013 scenariusze do koncert\u00f3w, wsp\u00f3\u0142praca z TV podczas koncertu Telewizyjnego <em>Bitwa Tenor\u00f3w na r\u00f3\u017ce<\/em>, PR, wsp\u00f3\u0142praca z artystami, nadz\u00f3r artystyczny nad koncertami, prowadzenie koncert\u00f3w<br \/>\n<b>2013 <\/b>&#8211; <em>I Bitwa Tenor\u00f3w na R\u00f3\u017ce<\/em> &#8211; Produkcja, wyst\u0119p artystyczny, scenariusz, prowadzenie<br \/>\n<b>2013 <\/b>&#8211; Producent Festiwalu M\u0142odych i Wybitnych <em>Kiepuriada<\/em> \u2013 produkcja 8 koncert\u00f3w, scenariusze, nadz\u00f3r artystyczny, koordynacja projektu, prowadzenie koncert\u00f3w<\/p>\n<p><b>2013 <\/b>&#8211; <em>Najpi\u0119kniejsze Kol\u0119dy<\/em> \u2013 nagranie i produkcja p\u0142yty<img loading=\"lazy\" decoding=\"async\" class=\"alignnone size-full wp-image-5971\" src=\"https:\/\/alicjawegorzewska.com\/wp-content\/uploads\/2025\/09\/32.png\" alt=\"\" width=\"820\" height=\"462\" srcset=\"http:\/\/alicjawegorzewska.com\/wp-content\/uploads\/2025\/09\/32.png 820w, http:\/\/alicjawegorzewska.com\/wp-content\/uploads\/2025\/09\/32-300x169.png 300w, http:\/\/alicjawegorzewska.com\/wp-content\/uploads\/2025\/09\/32-768x433.png 768w, http:\/\/alicjawegorzewska.com\/wp-content\/uploads\/2025\/09\/32-600x338.png 600w\" sizes=\"(max-width: 820px) 100vw, 820px\" \/><br \/>\n<b><\/b><\/p>\n<p><b>2013 <\/b>&#8211; <em>Na dobre i na z\u0142e<\/em> &#8211; serial TVP\u00a0 obsada aktorska, jako pacjentka &#8211; \u015bpiewaczka operowa Malwina Kochan-Wr\u00f3blewska<\/p>\n<p><b>2014 <\/b>&#8211; <em>I collori dell Amore<\/em> \u2013 nagranie i produkcja p\u0142yty \/ w\u0142asne s\u0142owa do piosenek na p\u0142ycie w j\u0119zyku w\u0142oskim<img loading=\"lazy\" decoding=\"async\" class=\"alignnone size-full wp-image-5975\" src=\"https:\/\/alicjawegorzewska.com\/wp-content\/uploads\/2025\/09\/34.png\" alt=\"\" width=\"820\" height=\"462\" srcset=\"http:\/\/alicjawegorzewska.com\/wp-content\/uploads\/2025\/09\/34.png 820w, http:\/\/alicjawegorzewska.com\/wp-content\/uploads\/2025\/09\/34-300x169.png 300w, http:\/\/alicjawegorzewska.com\/wp-content\/uploads\/2025\/09\/34-768x433.png 768w, http:\/\/alicjawegorzewska.com\/wp-content\/uploads\/2025\/09\/34-600x338.png 600w\" sizes=\"(max-width: 820px) 100vw, 820px\" \/><br \/>\n<b><\/b><\/p>\n<p><b>2014, 2016, 2017, 2018 <\/b>&#8211; Dni Autyzmu na Ursynowie \u2013 organizacja i koordynacja<br \/>\n<b>2014 <\/b>&#8211; Nagranie i produkcja singla \u2013 Hymnu Papieskiego<img loading=\"lazy\" decoding=\"async\" class=\"alignnone size-full wp-image-5977\" src=\"https:\/\/alicjawegorzewska.com\/wp-content\/uploads\/2025\/09\/37.png\" alt=\"\" width=\"820\" height=\"462\" srcset=\"http:\/\/alicjawegorzewska.com\/wp-content\/uploads\/2025\/09\/37.png 820w, http:\/\/alicjawegorzewska.com\/wp-content\/uploads\/2025\/09\/37-300x169.png 300w, http:\/\/alicjawegorzewska.com\/wp-content\/uploads\/2025\/09\/37-768x433.png 768w, http:\/\/alicjawegorzewska.com\/wp-content\/uploads\/2025\/09\/37-600x338.png 600w\" sizes=\"(max-width: 820px) 100vw, 820px\" \/><br \/>\n<b><\/b><\/p>\n<p><b>2014 <\/b>&#8211; <em>Polskie Kol\u0119dy<\/em> \u2013 nagranie i produkcja p\u0142yty<img loading=\"lazy\" decoding=\"async\" class=\"alignnone size-full wp-image-5972\" src=\"https:\/\/alicjawegorzewska.com\/wp-content\/uploads\/2025\/09\/33.png\" alt=\"\" width=\"820\" height=\"462\" srcset=\"http:\/\/alicjawegorzewska.com\/wp-content\/uploads\/2025\/09\/33.png 820w, http:\/\/alicjawegorzewska.com\/wp-content\/uploads\/2025\/09\/33-300x169.png 300w, http:\/\/alicjawegorzewska.com\/wp-content\/uploads\/2025\/09\/33-768x433.png 768w, http:\/\/alicjawegorzewska.com\/wp-content\/uploads\/2025\/09\/33-600x338.png 600w\" sizes=\"(max-width: 820px) 100vw, 820px\" \/><\/p>\n<p><strong>2014<\/strong> &#8211; Udzia\u0142 w nagraniu hymnu <em>Hit Rappers<\/em> na rzecz dzieci z autyzmem z gwiazdami \u015bwiatowego hip-hopu, takimi jak: Snoop Dogg, Kurtis Blow, Curtis Young<\/p>\n<p><b>2015 <\/b>&#8211; Dyrektor Mazowieckiego Teatru Muzycznego im. Jana Kiepury w Warszawie<br \/>\n<b>2015 <\/b>&#8211; <em>II Bitwa Tenor\u00f3w na R\u00f3\u017ce<\/em> &#8211; Produkcja, wyst\u0119p artystyczny, scenariusz, prowadzenie<br \/>\n<b>2015 <\/b>&#8211; <em>Expo Mediolan &#8211; Diva for rent<\/em> &#8211; Produkcja, tytu\u0142owa rola Divy<br \/>\n<b>2016 <\/b>&#8211; Doktor Sztuk Muzycznych &#8211; Akademia Muzyczna w Gda\u0144sku<\/p>\n<p><b>2016 <\/b>&#8211; <em>III Bitwa Tenor\u00f3w na R\u00f3\u017ce<\/em> &#8211; Produkcja, wyst\u0119p artystyczny, scenariusz, prowadzenie<br \/>\n<b>2016 <\/b>&#8211; Medal PRO MAZOVIA &#8211; za wybitne zas\u0142ugi dla Wojew\u00f3dztwo Mazowieckiego<br \/>\n<b>2016 <\/b>&#8211; Dyrektor Warszawskiej Opery Kameralnej<br \/>\n<b>2016 <\/b>&#8211; Nagranie singla &#8211; <em>Hymn Inki<\/em>, w\u0142asne s\u0142owa<br \/>\n<b>2016 <\/b>&#8211; Nagroda Polish Businesswomen Awards \u2013 Kategoria \u201eWybitna Osobowo\u015b\u0107\u201d<br \/>\n<b>2017 <\/b>&#8211; <em>IV Bitwa Tenor\u00f3w na R\u00f3\u017ce<\/em> &#8211; Produkcja, wyst\u0119p artystyczny, scenariusz, prowadzenie<br \/>\n<b>2017 <\/b>&#8211; <em>Barwy szcz\u0119\u015bcia<\/em> &#8211; serial TVP, obsada aktorska, jako nauczycielka \u015bpiewu Hanna Waniewska<br \/>\n<b>2017 <\/b>&#8211; Dyrektor Artystyczny Warszawskiej Opery Kameralnej<br \/>\n<b>2018 <\/b>&#8211; Dyrektor Warszawskiej Opery Kameralnej<\/p>\n<p><b>2018 <\/b>&#8211; Nagranie singla &#8211; <em>Santo Subito<\/em><img loading=\"lazy\" decoding=\"async\" class=\"alignnone size-full wp-image-5977\" src=\"https:\/\/alicjawegorzewska.com\/wp-content\/uploads\/2025\/09\/37.png\" alt=\"\" width=\"820\" height=\"462\" srcset=\"http:\/\/alicjawegorzewska.com\/wp-content\/uploads\/2025\/09\/37.png 820w, http:\/\/alicjawegorzewska.com\/wp-content\/uploads\/2025\/09\/37-300x169.png 300w, http:\/\/alicjawegorzewska.com\/wp-content\/uploads\/2025\/09\/37-768x433.png 768w, http:\/\/alicjawegorzewska.com\/wp-content\/uploads\/2025\/09\/37-600x338.png 600w\" sizes=\"(max-width: 820px) 100vw, 820px\" \/><br \/>\n<b>2018 <\/b>&#8211; Koncert z okazji 40-lecia powo\u0142ania Jana Paw\u0142a II &#8211; Produkcja, Transmisja TVP<br \/>\n<b>2018 <\/b>&#8211; <em>V Jubileuszowa Bitwa Tenor\u00f3w na R\u00f3\u017ce<\/em> &#8211; Produkcja, wyst\u0119p artystyczny, scenariusz, prowadzenie<br \/>\n<strong>2018<\/strong> &#8211; Nagroda <em>Or\u0142y Wpros<\/em>t. Osobowo\u015b\u0107 Regionu<br \/>\n<b>2019 <\/b>&#8211; <em>VI Bitwa Tenor\u00f3w na R\u00f3\u017ce<\/em> &#8211; Produkcja, wyst\u0119p artystyczny, scenariusz, prowadzenie<br \/>\n<b>2019 <\/b>&#8211; <em>Tango z Placido Domingo Jr<\/em> (Re\u017cyseria: Micha\u0142 Znaniecki) &#8211; spektakl muzyczny, rola Gladys del Carmen. Warszawska Opera Kameralna<img loading=\"lazy\" decoding=\"async\" class=\"alignnone size-full wp-image-5961\" src=\"https:\/\/alicjawegorzewska.com\/wp-content\/uploads\/2025\/09\/23.png\" alt=\"\" width=\"820\" height=\"462\" srcset=\"http:\/\/alicjawegorzewska.com\/wp-content\/uploads\/2025\/09\/23.png 820w, http:\/\/alicjawegorzewska.com\/wp-content\/uploads\/2025\/09\/23-300x169.png 300w, http:\/\/alicjawegorzewska.com\/wp-content\/uploads\/2025\/09\/23-768x433.png 768w, http:\/\/alicjawegorzewska.com\/wp-content\/uploads\/2025\/09\/23-600x338.png 600w\" sizes=\"(max-width: 820px) 100vw, 820px\" \/><br \/>\n<b>2019 <\/b>&#8211; Nagroda <em>Maria Callas Tribute Prize NY<\/em><br \/>\n<b>2019 <\/b>&#8211; <em>Przerwana cisza<\/em> &#8211; musical (Krzesimir D\u0119bski. Re\u017cyseria: Micha\u0142 Znaniecki) &#8211; rola Urz\u0119dniczki, Warszawska Opera Kameralna<img loading=\"lazy\" decoding=\"async\" class=\"alignnone size-full wp-image-5962\" src=\"https:\/\/alicjawegorzewska.com\/wp-content\/uploads\/2025\/09\/24.png\" alt=\"\" width=\"820\" height=\"462\" srcset=\"http:\/\/alicjawegorzewska.com\/wp-content\/uploads\/2025\/09\/24.png 820w, http:\/\/alicjawegorzewska.com\/wp-content\/uploads\/2025\/09\/24-300x169.png 300w, http:\/\/alicjawegorzewska.com\/wp-content\/uploads\/2025\/09\/24-768x433.png 768w, http:\/\/alicjawegorzewska.com\/wp-content\/uploads\/2025\/09\/24-600x338.png 600w\" sizes=\"(max-width: 820px) 100vw, 820px\" \/><\/p>\n<p><strong>2020<\/strong> &#8211; Doktor habilitowany Sztuk Muzycznych Akademia Muzyczna we Wroc\u0142awiu<\/p>\n<p><b>2020 <\/b>&#8211; <em>Maria De Buenos Aires<\/em> (Astor Piazzolla, Re\u017cyseria: Micha\u0142 Znaniecki), partia Marii. Warszawska Opera Kameralna<img loading=\"lazy\" decoding=\"async\" class=\"alignnone size-full wp-image-5963\" src=\"https:\/\/alicjawegorzewska.com\/wp-content\/uploads\/2025\/09\/22.png\" alt=\"\" width=\"820\" height=\"462\" srcset=\"http:\/\/alicjawegorzewska.com\/wp-content\/uploads\/2025\/09\/22.png 820w, http:\/\/alicjawegorzewska.com\/wp-content\/uploads\/2025\/09\/22-300x169.png 300w, http:\/\/alicjawegorzewska.com\/wp-content\/uploads\/2025\/09\/22-768x433.png 768w, http:\/\/alicjawegorzewska.com\/wp-content\/uploads\/2025\/09\/22-600x338.png 600w\" sizes=\"(max-width: 820px) 100vw, 820px\" \/><\/p>\n<p><b>2020 <\/b>&#8211; <em>Matka (<\/em>S.I. Witkiewicz. Re\u017cyseria: Jakub Przebindowski) &#8211; rola Janiny W\u0119gorzewskiej. Warszawska Opera Kameralna<img loading=\"lazy\" decoding=\"async\" class=\"alignnone size-full wp-image-5964\" src=\"https:\/\/alicjawegorzewska.com\/wp-content\/uploads\/2025\/09\/25.png\" alt=\"\" width=\"820\" height=\"462\" srcset=\"http:\/\/alicjawegorzewska.com\/wp-content\/uploads\/2025\/09\/25.png 820w, http:\/\/alicjawegorzewska.com\/wp-content\/uploads\/2025\/09\/25-300x169.png 300w, http:\/\/alicjawegorzewska.com\/wp-content\/uploads\/2025\/09\/25-768x433.png 768w, http:\/\/alicjawegorzewska.com\/wp-content\/uploads\/2025\/09\/25-600x338.png 600w\" sizes=\"(max-width: 820px) 100vw, 820px\" \/><br \/>\n<strong>2020<\/strong> &#8211; <em>Tribute a Caruso<\/em>, nagroda miasta Sorrento i Fondazione Sorrento &#8211; za promocj\u0119 kultury w\u0142oskiej w Polsce i na \u015bwiecie<br \/>\n<strong>2020<\/strong> &#8211; Nagroda Specjalna <em>WiCA (Women in Cinema Award)<\/em> za dzia\u0142alno\u015b\u0107 artystyczn\u0105 i produkcj\u0119 film\u00f3w operowych oraz za zaanga\u017cowanie we wspieranie talentu m\u0142odych artyst\u00f3w znajduj\u0105cych si\u0119 w trudnej sytuacji, Wenecja<br \/>\n<b>2020 <\/b>&#8211; <em>Tanga \u015bwiata <\/em>\u2013 nagranie i produkcja p\u0142yty<img loading=\"lazy\" decoding=\"async\" class=\"alignnone size-full wp-image-5973\" src=\"https:\/\/alicjawegorzewska.com\/wp-content\/uploads\/2025\/09\/35.png\" alt=\"\" width=\"820\" height=\"462\" srcset=\"http:\/\/alicjawegorzewska.com\/wp-content\/uploads\/2025\/09\/35.png 820w, http:\/\/alicjawegorzewska.com\/wp-content\/uploads\/2025\/09\/35-300x169.png 300w, http:\/\/alicjawegorzewska.com\/wp-content\/uploads\/2025\/09\/35-768x433.png 768w, http:\/\/alicjawegorzewska.com\/wp-content\/uploads\/2025\/09\/35-600x338.png 600w\" sizes=\"(max-width: 820px) 100vw, 820px\" \/><br \/>\n<b>2020 <\/b>&#8211; VII Bitwa Tenor\u00f3w na R\u00f3\u017ce &#8211; Produkcja, wyst\u0119p artystyczny, scenariusz, prowadzenie<br \/>\n<b>2020, 2021 <\/b>&#8211; Juror w mi\u0119dzynarodowym talent show Virtuosos V4+<br \/>\n<b>2021 <\/b>&#8211; <em>Kwartet (<\/em>R. Harwood, Re\u017cyseria: Grzegorz Chrapkiewicz) &#8211; rola <span class=\"JsGRdQ\">Cecily Robson. Warszawska Opera Kameralna<\/span><img loading=\"lazy\" decoding=\"async\" class=\"alignnone size-full wp-image-5965\" src=\"https:\/\/alicjawegorzewska.com\/wp-content\/uploads\/2025\/09\/26.png\" alt=\"\" width=\"820\" height=\"462\" srcset=\"http:\/\/alicjawegorzewska.com\/wp-content\/uploads\/2025\/09\/26.png 820w, http:\/\/alicjawegorzewska.com\/wp-content\/uploads\/2025\/09\/26-300x169.png 300w, http:\/\/alicjawegorzewska.com\/wp-content\/uploads\/2025\/09\/26-768x433.png 768w, http:\/\/alicjawegorzewska.com\/wp-content\/uploads\/2025\/09\/26-600x338.png 600w\" sizes=\"(max-width: 820px) 100vw, 820px\" \/><br \/>\n<b><\/b><\/p>\n<p><b>2021 <\/b>&#8211; <em>VIII Bitwa Tenor\u00f3w na R\u00f3\u017ce<\/em> &#8211; Produkcja, wyst\u0119p artystyczny, scenariusz, prowadzenie<\/p>\n<p><strong>2021<\/strong> &#8211; <em>Kol\u0119dy \u2013 <\/em>nagranie i produkcja p\u0142yty<img loading=\"lazy\" decoding=\"async\" class=\"alignnone size-full wp-image-5974\" src=\"https:\/\/alicjawegorzewska.com\/wp-content\/uploads\/2025\/09\/36.png\" alt=\"\" width=\"820\" height=\"462\" srcset=\"http:\/\/alicjawegorzewska.com\/wp-content\/uploads\/2025\/09\/36.png 820w, http:\/\/alicjawegorzewska.com\/wp-content\/uploads\/2025\/09\/36-300x169.png 300w, http:\/\/alicjawegorzewska.com\/wp-content\/uploads\/2025\/09\/36-768x433.png 768w, http:\/\/alicjawegorzewska.com\/wp-content\/uploads\/2025\/09\/36-600x338.png 600w\" sizes=\"(max-width: 820px) 100vw, 820px\" \/><br \/>\n<span class=\"JsGRdQ\"><strong>2021<\/strong> &#8211; Laureatka konkursu &#8211; <em>Skuteczna Kobieta Roku<\/em><br \/>\n<\/span><span class=\"JsGRdQ\"><strong>2021<\/strong> &#8211; Laureatka statuetki &#8211; Osobowo\u015b\u0107 dekady w konkursie <em>Osobowo\u015bci i Sukcesy<\/em><br \/>\n<\/span><span class=\"JsGRdQ\"><strong>2021<\/strong> &#8211; Obecno\u015b\u0107 na li\u015bcie 100 najbardziej inspiruj\u0105cych kobiet Magazynu <em>Forbes<\/em><br \/>\n<strong>2022<\/strong> &#8211; <em>Company <\/em>(Stephen Sondheim. Re\u017cyseria: Micha\u0142 Znaniecki) &#8211; rola Joanne. Warszawska Opera Kameralna<\/span><span class=\"JsGRdQ\"><img loading=\"lazy\" decoding=\"async\" class=\"alignnone size-full wp-image-5966\" src=\"https:\/\/alicjawegorzewska.com\/wp-content\/uploads\/2025\/09\/27.png\" alt=\"\" width=\"820\" height=\"462\" srcset=\"http:\/\/alicjawegorzewska.com\/wp-content\/uploads\/2025\/09\/27.png 820w, http:\/\/alicjawegorzewska.com\/wp-content\/uploads\/2025\/09\/27-300x169.png 300w, http:\/\/alicjawegorzewska.com\/wp-content\/uploads\/2025\/09\/27-768x433.png 768w, http:\/\/alicjawegorzewska.com\/wp-content\/uploads\/2025\/09\/27-600x338.png 600w\" sizes=\"(max-width: 820px) 100vw, 820px\" \/><br \/>\n<b>2022 <\/b>&#8211; <em>IX Bitwa Tenor\u00f3w na R\u00f3\u017ce<\/em> &#8211; Produkcja, wyst\u0119p artystyczny, scenariusz, prowadzenie<br \/>\n<b>2022 <\/b>&#8211; Juror w programie Telewizyjnym <em>The Voice Senior<\/em> (IV edycja)<br \/>\n<b>2023 <\/b>&#8211; X Jubileuszowa\u00a0 <em>Bitwa Tenor\u00f3w na R\u00f3\u017ce<\/em> &#8211; Produkcja, wyst\u0119p artystyczny, scenariusz, prowadzenie<br \/>\n<\/span><span class=\"JsGRdQ\"><b>2023 <\/b>&#8211; Juror w programie Telewizyjnym <em>The Voice Senior<\/em> (V edycja)<br \/>\n<b>2025 <\/b>&#8211; Nagroda <em>Z\u0142ota Iguana<\/em> za wybitn\u0105 dzia\u0142alno\u015b\u0107 artystyczn\u0105 i osi\u0105gni\u0119cia w dziedzinie kultury<br \/>\n<b>2025 <\/b>&#8211; Nagroda <em>ShEO Awards 2025<\/em>\u00a0w kategorii\u00a0\u201eAmbasadorka polskiej kultury\u201d<\/span><\/p>\n","protected":false},"excerpt":{"rendered":"<p>1992 &#8211; Koronacja Poppei (Claudio Monteverdii. Re\u017cyseria: Maciej Prus) &#8211; Partia Pallady. Debiut Sceniczny. 5 maja 1992 r. Teatr Wielki &#8211; Opera Narodowa 1999, 2000&hellip; <\/p>\n","protected":false},"author":3,"featured_media":0,"parent":0,"menu_order":0,"comment_status":"closed","ping_status":"closed","template":"","meta":{"ngg_post_thumbnail":0,"footnotes":""},"class_list":["post-5942","page","type-page","status-publish","hentry"],"yoast_head":"<!-- This site is optimized with the Yoast SEO plugin v27.5 - https:\/\/yoast.com\/product\/yoast-seo-wordpress\/ -->\n<title>Repertuar - Alicja W\u0119gorzewska<\/title>\n<meta name=\"robots\" content=\"index, follow, max-snippet:-1, max-image-preview:large, max-video-preview:-1\" \/>\n<link rel=\"canonical\" href=\"http:\/\/alicjawegorzewska.com\/index.php\/repertuar\/\" \/>\n<meta property=\"og:locale\" content=\"pl_PL\" \/>\n<meta property=\"og:type\" content=\"article\" \/>\n<meta property=\"og:title\" content=\"Repertuar - Alicja W\u0119gorzewska\" \/>\n<meta property=\"og:description\" content=\"1992 &#8211; Koronacja Poppei (Claudio Monteverdii. Re\u017cyseria: Maciej Prus) &#8211; Partia Pallady. Debiut Sceniczny. 5 maja 1992 r. Teatr Wielki &#8211; Opera Narodowa 1999, 2000&hellip;\" \/>\n<meta property=\"og:url\" content=\"http:\/\/alicjawegorzewska.com\/index.php\/repertuar\/\" \/>\n<meta property=\"og:site_name\" content=\"Alicja W\u0119gorzewska\" \/>\n<meta property=\"article:modified_time\" content=\"2025-09-30T06:34:02+00:00\" \/>\n<meta property=\"og:image\" content=\"https:\/\/alicjawegorzewska.com\/wp-content\/uploads\/2025\/09\/19.png\" \/>\n<meta name=\"twitter:card\" content=\"summary_large_image\" \/>\n<meta name=\"twitter:label1\" content=\"Szacowany czas czytania\" \/>\n\t<meta name=\"twitter:data1\" content=\"13 minut\" \/>\n<script type=\"application\/ld+json\" class=\"yoast-schema-graph\">{\"@context\":\"https:\\\/\\\/schema.org\",\"@graph\":[{\"@type\":\"WebPage\",\"@id\":\"http:\\\/\\\/alicjawegorzewska.com\\\/index.php\\\/repertuar\\\/\",\"url\":\"http:\\\/\\\/alicjawegorzewska.com\\\/index.php\\\/repertuar\\\/\",\"name\":\"Repertuar - Alicja W\u0119gorzewska\",\"isPartOf\":{\"@id\":\"http:\\\/\\\/alicjawegorzewska.com\\\/#website\"},\"primaryImageOfPage\":{\"@id\":\"http:\\\/\\\/alicjawegorzewska.com\\\/index.php\\\/repertuar\\\/#primaryimage\"},\"image\":{\"@id\":\"http:\\\/\\\/alicjawegorzewska.com\\\/index.php\\\/repertuar\\\/#primaryimage\"},\"thumbnailUrl\":\"https:\\\/\\\/alicjawegorzewska.com\\\/wp-content\\\/uploads\\\/2025\\\/09\\\/19.png\",\"datePublished\":\"2025-09-29T16:16:32+00:00\",\"dateModified\":\"2025-09-30T06:34:02+00:00\",\"breadcrumb\":{\"@id\":\"http:\\\/\\\/alicjawegorzewska.com\\\/index.php\\\/repertuar\\\/#breadcrumb\"},\"inLanguage\":\"pl-PL\",\"potentialAction\":[{\"@type\":\"ReadAction\",\"target\":[\"http:\\\/\\\/alicjawegorzewska.com\\\/index.php\\\/repertuar\\\/\"]}]},{\"@type\":\"ImageObject\",\"inLanguage\":\"pl-PL\",\"@id\":\"http:\\\/\\\/alicjawegorzewska.com\\\/index.php\\\/repertuar\\\/#primaryimage\",\"url\":\"http:\\\/\\\/alicjawegorzewska.com\\\/wp-content\\\/uploads\\\/2025\\\/09\\\/19.png\",\"contentUrl\":\"http:\\\/\\\/alicjawegorzewska.com\\\/wp-content\\\/uploads\\\/2025\\\/09\\\/19.png\",\"width\":820,\"height\":462},{\"@type\":\"BreadcrumbList\",\"@id\":\"http:\\\/\\\/alicjawegorzewska.com\\\/index.php\\\/repertuar\\\/#breadcrumb\",\"itemListElement\":[{\"@type\":\"ListItem\",\"position\":1,\"name\":\"Strona g\u0142\u00f3wna\",\"item\":\"http:\\\/\\\/alicjawegorzewska.com\\\/\"},{\"@type\":\"ListItem\",\"position\":2,\"name\":\"Repertuar\"}]},{\"@type\":\"WebSite\",\"@id\":\"http:\\\/\\\/alicjawegorzewska.com\\\/#website\",\"url\":\"http:\\\/\\\/alicjawegorzewska.com\\\/\",\"name\":\"Alicja W\u0119gorzewska\",\"description\":\"Strona oficjalna\",\"publisher\":{\"@id\":\"http:\\\/\\\/alicjawegorzewska.com\\\/#\\\/schema\\\/person\\\/7468c1c1d69a9b6e8db3fe1964cd9dcb\"},\"potentialAction\":[{\"@type\":\"SearchAction\",\"target\":{\"@type\":\"EntryPoint\",\"urlTemplate\":\"http:\\\/\\\/alicjawegorzewska.com\\\/?s={search_term_string}\"},\"query-input\":{\"@type\":\"PropertyValueSpecification\",\"valueRequired\":true,\"valueName\":\"search_term_string\"}}],\"inLanguage\":\"pl-PL\"},{\"@type\":[\"Person\",\"Organization\"],\"@id\":\"http:\\\/\\\/alicjawegorzewska.com\\\/#\\\/schema\\\/person\\\/7468c1c1d69a9b6e8db3fe1964cd9dcb\",\"name\":\"Alicja W\u0119gorzewska-Whiskerd\",\"image\":{\"@type\":\"ImageObject\",\"inLanguage\":\"pl-PL\",\"@id\":\"https:\\\/\\\/alicjawegorzewska.com\\\/wp-content\\\/uploads\\\/2019\\\/10\\\/AW-2.png\",\"url\":\"https:\\\/\\\/alicjawegorzewska.com\\\/wp-content\\\/uploads\\\/2019\\\/10\\\/AW-2.png\",\"contentUrl\":\"https:\\\/\\\/alicjawegorzewska.com\\\/wp-content\\\/uploads\\\/2019\\\/10\\\/AW-2.png\",\"width\":500,\"height\":500,\"caption\":\"Alicja W\u0119gorzewska-Whiskerd\"},\"logo\":{\"@id\":\"https:\\\/\\\/alicjawegorzewska.com\\\/wp-content\\\/uploads\\\/2019\\\/10\\\/AW-2.png\"}}]}<\/script>\n<!-- \/ Yoast SEO plugin. -->","yoast_head_json":{"title":"Repertuar - Alicja W\u0119gorzewska","robots":{"index":"index","follow":"follow","max-snippet":"max-snippet:-1","max-image-preview":"max-image-preview:large","max-video-preview":"max-video-preview:-1"},"canonical":"http:\/\/alicjawegorzewska.com\/index.php\/repertuar\/","og_locale":"pl_PL","og_type":"article","og_title":"Repertuar - Alicja W\u0119gorzewska","og_description":"1992 &#8211; Koronacja Poppei (Claudio Monteverdii. Re\u017cyseria: Maciej Prus) &#8211; Partia Pallady. Debiut Sceniczny. 5 maja 1992 r. Teatr Wielki &#8211; Opera Narodowa 1999, 2000&hellip;","og_url":"http:\/\/alicjawegorzewska.com\/index.php\/repertuar\/","og_site_name":"Alicja W\u0119gorzewska","article_modified_time":"2025-09-30T06:34:02+00:00","og_image":[{"url":"https:\/\/alicjawegorzewska.com\/wp-content\/uploads\/2025\/09\/19.png","type":"","width":"","height":""}],"twitter_card":"summary_large_image","twitter_misc":{"Szacowany czas czytania":"13 minut"},"schema":{"@context":"https:\/\/schema.org","@graph":[{"@type":"WebPage","@id":"http:\/\/alicjawegorzewska.com\/index.php\/repertuar\/","url":"http:\/\/alicjawegorzewska.com\/index.php\/repertuar\/","name":"Repertuar - Alicja W\u0119gorzewska","isPartOf":{"@id":"http:\/\/alicjawegorzewska.com\/#website"},"primaryImageOfPage":{"@id":"http:\/\/alicjawegorzewska.com\/index.php\/repertuar\/#primaryimage"},"image":{"@id":"http:\/\/alicjawegorzewska.com\/index.php\/repertuar\/#primaryimage"},"thumbnailUrl":"https:\/\/alicjawegorzewska.com\/wp-content\/uploads\/2025\/09\/19.png","datePublished":"2025-09-29T16:16:32+00:00","dateModified":"2025-09-30T06:34:02+00:00","breadcrumb":{"@id":"http:\/\/alicjawegorzewska.com\/index.php\/repertuar\/#breadcrumb"},"inLanguage":"pl-PL","potentialAction":[{"@type":"ReadAction","target":["http:\/\/alicjawegorzewska.com\/index.php\/repertuar\/"]}]},{"@type":"ImageObject","inLanguage":"pl-PL","@id":"http:\/\/alicjawegorzewska.com\/index.php\/repertuar\/#primaryimage","url":"http:\/\/alicjawegorzewska.com\/wp-content\/uploads\/2025\/09\/19.png","contentUrl":"http:\/\/alicjawegorzewska.com\/wp-content\/uploads\/2025\/09\/19.png","width":820,"height":462},{"@type":"BreadcrumbList","@id":"http:\/\/alicjawegorzewska.com\/index.php\/repertuar\/#breadcrumb","itemListElement":[{"@type":"ListItem","position":1,"name":"Strona g\u0142\u00f3wna","item":"http:\/\/alicjawegorzewska.com\/"},{"@type":"ListItem","position":2,"name":"Repertuar"}]},{"@type":"WebSite","@id":"http:\/\/alicjawegorzewska.com\/#website","url":"http:\/\/alicjawegorzewska.com\/","name":"Alicja W\u0119gorzewska","description":"Strona oficjalna","publisher":{"@id":"http:\/\/alicjawegorzewska.com\/#\/schema\/person\/7468c1c1d69a9b6e8db3fe1964cd9dcb"},"potentialAction":[{"@type":"SearchAction","target":{"@type":"EntryPoint","urlTemplate":"http:\/\/alicjawegorzewska.com\/?s={search_term_string}"},"query-input":{"@type":"PropertyValueSpecification","valueRequired":true,"valueName":"search_term_string"}}],"inLanguage":"pl-PL"},{"@type":["Person","Organization"],"@id":"http:\/\/alicjawegorzewska.com\/#\/schema\/person\/7468c1c1d69a9b6e8db3fe1964cd9dcb","name":"Alicja W\u0119gorzewska-Whiskerd","image":{"@type":"ImageObject","inLanguage":"pl-PL","@id":"https:\/\/alicjawegorzewska.com\/wp-content\/uploads\/2019\/10\/AW-2.png","url":"https:\/\/alicjawegorzewska.com\/wp-content\/uploads\/2019\/10\/AW-2.png","contentUrl":"https:\/\/alicjawegorzewska.com\/wp-content\/uploads\/2019\/10\/AW-2.png","width":500,"height":500,"caption":"Alicja W\u0119gorzewska-Whiskerd"},"logo":{"@id":"https:\/\/alicjawegorzewska.com\/wp-content\/uploads\/2019\/10\/AW-2.png"}}]}},"jetpack_sharing_enabled":true,"_links":{"self":[{"href":"http:\/\/alicjawegorzewska.com\/index.php\/wp-json\/wp\/v2\/pages\/5942","targetHints":{"allow":["GET"]}}],"collection":[{"href":"http:\/\/alicjawegorzewska.com\/index.php\/wp-json\/wp\/v2\/pages"}],"about":[{"href":"http:\/\/alicjawegorzewska.com\/index.php\/wp-json\/wp\/v2\/types\/page"}],"author":[{"embeddable":true,"href":"http:\/\/alicjawegorzewska.com\/index.php\/wp-json\/wp\/v2\/users\/3"}],"replies":[{"embeddable":true,"href":"http:\/\/alicjawegorzewska.com\/index.php\/wp-json\/wp\/v2\/comments?post=5942"}],"version-history":[{"count":5,"href":"http:\/\/alicjawegorzewska.com\/index.php\/wp-json\/wp\/v2\/pages\/5942\/revisions"}],"predecessor-version":[{"id":5978,"href":"http:\/\/alicjawegorzewska.com\/index.php\/wp-json\/wp\/v2\/pages\/5942\/revisions\/5978"}],"wp:attachment":[{"href":"http:\/\/alicjawegorzewska.com\/index.php\/wp-json\/wp\/v2\/media?parent=5942"}],"curies":[{"name":"wp","href":"https:\/\/api.w.org\/{rel}","templated":true}]}}