{"id":5341,"date":"2019-10-11T20:41:41","date_gmt":"2019-10-11T18:41:41","guid":{"rendered":"http:\/\/wegorzewska.com\/?page_id=5341"},"modified":"2019-10-11T21:04:37","modified_gmt":"2019-10-11T19:04:37","slug":"kalendarium","status":"publish","type":"page","link":"http:\/\/alicjawegorzewska.com\/index.php\/kalendarium\/","title":{"rendered":"Kalendarium"},"content":{"rendered":"\n<table id=\"tablepress-3\" class=\"tablepress tablepress-id-3\">\n<thead>\n<tr class=\"row-1\">\n\t<td class=\"column-1\"><\/td><th class=\"column-2\">DATA<\/th><th class=\"column-3\">MIEJSCE<\/th><th class=\"column-4\">WYDARZENIE<\/th><th class=\"column-5\">AUTOR<\/th><th class=\"column-6\">TYTU\u0141<\/th><th class=\"column-7\">WYKONAWCY<\/th>\n<\/tr>\n<\/thead>\n<tbody class=\"row-striping row-hover\">\n<tr class=\"row-2\">\n\t<td class=\"column-1\">1<\/td><td class=\"column-2\">15 June 1996<\/td><td class=\"column-3\">NOWY S\u0104CZ, WOJEW\u00d3DZKI O\u015aRODEK KULTURY<\/td><td class=\"column-4\">KONCERT<\/td><td class=\"column-5\">F.SCHUBERT, S.MONIUSZKO, J.OFFENBACH, M.KAR\u0141OWICZ, G.VERDI, M.MUSORGSKI, G.BIZET<\/td><td class=\"column-6\">\u201eNAJPI\u0118KNIEJSZE ARIE I PIE\u015aNI\u201d<\/td><td class=\"column-7\">Alicja W\u0119gorzewska<\/td>\n<\/tr>\n<tr class=\"row-3\">\n\t<td class=\"column-1\">2<\/td><td class=\"column-2\">25 June 1996<\/td><td class=\"column-3\">KRAK\u00d3W, SALA FONTANY KLUBU DZIENNIKARZY MERKURYUSZ \u201ePOD GRUSZK\u0104\u201d<\/td><td class=\"column-4\">KONCERT<\/td><td class=\"column-5\">W.A.MOZART, F.SCHUBERT, S.MONIUSZKO, J.K.GALL, M.KAR\u0141OWICZ, P.CZAJKOWSKI, M.MUSORGSKI, J.OFFENBACH, C.SAINT-SAENS, H.PURCELL<\/td><td class=\"column-6\">RECITAL Z OKAZJI OBCHOD\u00d3W 30-LECIA PRACY ARTYSTYCZNEJ WOJCIECHA JANA \u015aMIETANY<\/td><td class=\"column-7\">Alicja W\u0119gorzewska<\/td>\n<\/tr>\n<tr class=\"row-4\">\n\t<td class=\"column-1\">3<\/td><td class=\"column-2\">25 July 1998<\/td><td class=\"column-3\">AUSTRIA, EISENSTADT, ZAMEK ESTERHAZY<\/td><td class=\"column-4\">GALA OPEROWA<\/td><td class=\"column-5\">NAJPI\u0118KNIEJSZE I NAJS\u0141YNNIEJSZE ARIE OPIEROWE<\/td><td class=\"column-6\">KONCERT M\u0141ODYCH SOLIST\u00d3W POLSKICH NA ZAPROSZENIE PROF. DR RYSZARDA KARCZYKOWSKIEGO<\/td><td class=\"column-7\">Jeannette Bo\u017ca\u0142ek, Magdalena Koz\u0142owska, Agnieszka Maciejewska, El\u017cbieta Kaczmarczyk-Janczak,\u00a0 Alicja W\u0119gorzewska \u2013 Whiskerd , Jacek Laszczkowski, Tadeusz Pszonka, Witold \u017bo\u0142\u0105dkiewicz, Dariusz Machej, prof.Janina-Anna Pawluk \u2013 fortepian<\/td>\n<\/tr>\n<tr class=\"row-5\">\n\t<td class=\"column-1\">4<\/td><td class=\"column-2\">25 July 1998<\/td><td class=\"column-3\">AUSTRIA, EISENSTADT, ZAMEK ESTERHAZY<\/td><td class=\"column-4\">KONCERT<\/td><td class=\"column-5\">J.OFFENBACH, I.KALMAN<\/td><td class=\"column-6\">Aria Pericholi i fina\u0142 z operetki \u201eKsi\u0119\u017cniczka Czardasza\u201d<\/td><td class=\"column-7\">Alicja W\u0119gorzewska<\/td>\n<\/tr>\n<tr class=\"row-6\">\n\t<td class=\"column-1\">5<\/td><td class=\"column-2\">18 October 1998<\/td><td class=\"column-3\">WARSZAWA, SALA KONCERTOWA AKADEMII MUZYCZNEJ IM. FRYDERKA CHOPINA<\/td><td class=\"column-4\">KONCERT<\/td><td class=\"column-5\">R\u00d3\u017bNI KOMPOZYTORZY<\/td><td class=\"column-6\">GALOWY KONCERT MUZYKI NAROD\u00d3W AZJI Z OKAZJI JUBILEUSZU 25-LECIA MUZEUM AZJI I PACYFIKU W WARSZAWIE<\/td><td class=\"column-7\">Magdalena Andreev, Janetta Bo\u017ca\u0142ek, Edyta Cichomska \u2013 sopran, Marta Kubicka,\u00a0 Alicja W\u0119gorzewska \u00a0\u2013 mezzosopran, Jacek Laszczkowski \u2013 tenor, Witold \u017bo\u0142\u0105dkiewicz \u2013 baryton, Dariusz Machej, Rafa\u0142 Siwek \u2013 bas, Anna \u0141opatowska \u2013 taniec, \u015bpiew, Marta Krzemie\u0144 \u2013 Ojak, Marzanna Pop\u0142awska \u2013 taniec, Wojciech Konikiewicz \u2013 fortepian, Krzysztof Majchrzak \u2013 recytacja, Anna Faber \u2013 harfa, Leszek Potasi\u0144ski \u2013 gitara, tabla, Krzysztof Jagodzi\u0144ski \u2013 gitara, Jadwiga Kotnowska, Marta Ciniak, Monika Walter, Magdalena Czapla \u2013 flet, S\u0142awomir Go\u0142aszewski z grup\u0105 ASUNTA, Artur Orzech \u2013 prowadzenie<\/td>\n<\/tr>\n<tr class=\"row-7\">\n\t<td class=\"column-1\">6<\/td><td class=\"column-2\">28 April 1999<\/td><td class=\"column-3\">AUSTRIA, WIEDE\u0143, WIENER KAMMEROPER<\/td><td class=\"column-4\">OPERA<\/td><td class=\"column-5\">CH.W.GLUCK<\/td><td class=\"column-6\">\u201cDIE PILGER VON MEKKA\u201d, PARTIA: DARDANE<\/td><td class=\"column-7\">Angelos Fotiados \u2013 Ali, Annika Fransson \u2013 Rezia,\u00a0 Alicja W\u0119gorzewska \u00a0\u2013 Dardane, Kerstin Grotrian \u2013 Amine, Eva Maria Santana \u2013 Balkis, Alexander Croessmann \u2013 Osmin, Moritz Gogg \u2013 Sultan von Aegypten, Paul Grindlay \u2013 Vertigo, Gustav Belacek \u2013 Calender, Lorenz Felhofer, Sven Imre, Martin Kierspel, Micholas Moehring, M.L. Oschatz \u2013 kier.muzyczne<\/td>\n<\/tr>\n<tr class=\"row-8\">\n\t<td class=\"column-1\">7<\/td><td class=\"column-2\">1 May 1999<\/td><td class=\"column-3\">AUSTRIA, WIEDE\u0143, WIENER KAMMEROPER<\/td><td class=\"column-4\">OPERA<\/td><td class=\"column-5\">CH.W.GLUCK<\/td><td class=\"column-6\">\u201cDIE PILGER VON MEKKA\u201d, PARTIA: DARDANE<\/td><td class=\"column-7\">Angelos Fotiados \u2013 Ali, Annika Fransson \u2013 Rezia,\u00a0 Alicja W\u0119gorzewska \u00a0\u2013 Dardane, Kerstin Grotrian \u2013 Amine, Eva Maria Santana \u2013 Balkis, Alexander Croessmann \u2013 Osmin, Moritz Gogg \u2013 Sultan von Aegypten, Paul Grindlay \u2013 Vertigo, Gustav Belacek \u2013 Calender, Lorenz Felhofer, Sven Imre, Martin Kierspel, Micholas Moehring, M.L. Oschatz \u2013 kier.muzyczne<\/td>\n<\/tr>\n<tr class=\"row-9\">\n\t<td class=\"column-1\">8<\/td><td class=\"column-2\">3 May 1999<\/td><td class=\"column-3\">AUSTRIA, WIEDE\u0143, WIENER KAMMEROPER<\/td><td class=\"column-4\">OPERA<\/td><td class=\"column-5\">CH.W.GLUCK<\/td><td class=\"column-6\">\u201cDIE PILGER VON MEKKA\u201d, PARTIA: DARDANE<\/td><td class=\"column-7\">Angelos Fotiados \u2013 Ali, Annika Fransson \u2013 Rezia,\u00a0 Alicja W\u0119gorzewska \u00a0\u2013 Dardane, Kerstin Grotrian \u2013 Amine, Eva Maria Santana \u2013 Balkis, Alexander Croessmann \u2013 Osmin, Moritz Gogg \u2013 Sultan von Aegypten, Paul Grindlay \u2013 Vertigo, Gustav Belacek \u2013 Calender, Lorenz Felhofer, Sven Imre, Martin Kierspel, Micholas Moehring, M.L. Oschatz \u2013 kier.muzyczne<\/td>\n<\/tr>\n<tr class=\"row-10\">\n\t<td class=\"column-1\">9<\/td><td class=\"column-2\">5 May 1999<\/td><td class=\"column-3\">AUSTRIA, WIEDE\u0143, WIENER KAMMEROPER<\/td><td class=\"column-4\">OPERA<\/td><td class=\"column-5\">CH.W.GLUCK<\/td><td class=\"column-6\">\u201cDIE PILGER VON MEKKA\u201d, PARTIA: DARDANE<\/td><td class=\"column-7\">Angelos Fotiados \u2013 Ali, Annika Fransson \u2013 Rezia,\u00a0 Alicja W\u0119gorzewska \u00a0\u2013 Dardane, Kerstin Grotrian \u2013 Amine, Eva Maria Santana \u2013 Balkis, Alexander Croessmann \u2013 Osmin, Moritz Gogg \u2013 Sultan von Aegypten, Paul Grindlay \u2013 Vertigo, Gustav Belacek \u2013 Calender, Lorenz Felhofer, Sven Imre, Martin Kierspel, Micholas Moehring, M.L. Oschatz \u2013 kier.muzyczne<\/td>\n<\/tr>\n<tr class=\"row-11\">\n\t<td class=\"column-1\">10<\/td><td class=\"column-2\">8 May 1999<\/td><td class=\"column-3\">AUSTRIA, WIEDE\u0143, WIENER KAMMEROPER<\/td><td class=\"column-4\">OPERA<\/td><td class=\"column-5\">CH.W.GLUCK<\/td><td class=\"column-6\">\u201cDIE PILGER VON MEKKA\u201d, PARTIA: DARDANE<\/td><td class=\"column-7\">Angelos Fotiados \u2013 Ali, Annika Fransson \u2013 Rezia,\u00a0 Alicja W\u0119gorzewska \u00a0\u2013 Dardane, Kerstin Grotrian \u2013 Amine, Eva Maria Santana \u2013 Balkis, Alexander Croessmann \u2013 Osmin, Moritz Gogg \u2013 Sultan von Aegypten, Paul Grindlay \u2013 Vertigo, Gustav Belacek \u2013 Calender, Lorenz Felhofer, Sven Imre, Martin Kierspel, Micholas Moehring, M.L. Oschatz \u2013 kier.muzyczne<\/td>\n<\/tr>\n<tr class=\"row-12\">\n\t<td class=\"column-1\">11<\/td><td class=\"column-2\">10 May 1999<\/td><td class=\"column-3\">AUSTRIA, WIEDE\u0143, WIENER KAMMEROPER<\/td><td class=\"column-4\">OPERA<\/td><td class=\"column-5\">CH.W.GLUCK<\/td><td class=\"column-6\">\u201cDIE PILGER VON MEKKA\u201d, PARTIA: DARDANE<\/td><td class=\"column-7\">Angelos Fotiados \u2013 Ali, Annika Fransson \u2013 Rezia,\u00a0 Alicja W\u0119gorzewska \u00a0\u2013 Dardane, Kerstin Grotrian \u2013 Amine, Eva Maria Santana \u2013 Balkis, Alexander Croessmann \u2013 Osmin, Moritz Gogg \u2013 Sultan von Aegypten, Paul Grindlay \u2013 Vertigo, Gustav Belacek \u2013 Calender, Lorenz Felhofer, Sven Imre, Martin Kierspel, Micholas Moehring, M.L. Oschatz \u2013 kier.muzyczne<\/td>\n<\/tr>\n<tr class=\"row-13\">\n\t<td class=\"column-1\">12<\/td><td class=\"column-2\">12 May 1999<\/td><td class=\"column-3\">AUSTRIA, WIEDE\u0143, WIENER KAMMEROPER<\/td><td class=\"column-4\">OPERA<\/td><td class=\"column-5\">CH.W.GLUCK<\/td><td class=\"column-6\">\u201cDIE PILGER VON MEKKA\u201d, PARTIA: DARDANE<\/td><td class=\"column-7\">Angelos Fotiados \u2013 Ali, Annika Fransson \u2013 Rezia,\u00a0 Alicja W\u0119gorzewska \u00a0\u2013 Dardane, Kerstin Grotrian \u2013 Amine, Eva Maria Santana \u2013 Balkis, Alexander Croessmann \u2013 Osmin, Moritz Gogg \u2013 Sultan von Aegypten, Paul Grindlay \u2013 Vertigo, Gustav Belacek \u2013 Calender, Lorenz Felhofer, Sven Imre, Martin Kierspel, Micholas Moehring, M.L. Oschatz \u2013 kier.muzyczne<\/td>\n<\/tr>\n<tr class=\"row-14\">\n\t<td class=\"column-1\">13<\/td><td class=\"column-2\">17 May 1999<\/td><td class=\"column-3\">AUSTRIA, WIEDE\u0143, WIENER KAMMEROPER<\/td><td class=\"column-4\">OPERA<\/td><td class=\"column-5\">CH.W.GLUCK<\/td><td class=\"column-6\">\u201cDIE PILGER VON MEKKA\u201d, PARTIA: DARDANE<\/td><td class=\"column-7\">Angelos Fotiados \u2013 Ali, Annika Fransson \u2013 Rezia,\u00a0 Alicja W\u0119gorzewska \u00a0\u2013 Dardane, Kerstin Grotrian \u2013 Amine, Eva Maria Santana \u2013 Balkis, Alexander Croessmann \u2013 Osmin, Moritz Gogg \u2013 Sultan von Aegypten, Paul Grindlay \u2013 Vertigo, Gustav Belacek \u2013 Calender, Lorenz Felhofer, Sven Imre, Martin Kierspel, Micholas Moehring, M.L. Oschatz \u2013 kier.muzyczne<\/td>\n<\/tr>\n<tr class=\"row-15\">\n\t<td class=\"column-1\">14<\/td><td class=\"column-2\">19 May 1999<\/td><td class=\"column-3\">AUSTRIA, WIEDE\u0143, WIENER KAMMEROPER<\/td><td class=\"column-4\">OPERA<\/td><td class=\"column-5\">CH.W.GLUCK<\/td><td class=\"column-6\">\u201cDIE PILGER VON MEKKA\u201d, PARTIA: DARDANE<\/td><td class=\"column-7\">Angelos Fotiados \u2013 Ali, Annika Fransson \u2013 Rezia,\u00a0 Alicja W\u0119gorzewska \u00a0\u2013 Dardane, Kerstin Grotrian \u2013 Amine, Eva Maria Santana \u2013 Balkis, Alexander Croessmann \u2013 Osmin, Moritz Gogg \u2013 Sultan von Aegypten, Paul Grindlay \u2013 Vertigo, Gustav Belacek \u2013 Calender, Lorenz Felhofer, Sven Imre, Martin Kierspel, Micholas Moehring, M.L. Oschatz \u2013 kier.muzyczne<\/td>\n<\/tr>\n<tr class=\"row-16\">\n\t<td class=\"column-1\">15<\/td><td class=\"column-2\">26 May 1999<\/td><td class=\"column-3\">AUSTRIA, WIEDE\u0143, WIENER KAMMEROPER<\/td><td class=\"column-4\">OPERA<\/td><td class=\"column-5\">CH.W.GLUCK<\/td><td class=\"column-6\">\u201cDIE PILGER VON MEKKA\u201d, PARTIA: DARDANE<\/td><td class=\"column-7\">Angelos Fotiados \u2013 Ali, Annika Fransson \u2013 Rezia,\u00a0 Alicja W\u0119gorzewska \u00a0\u2013 Dardane, Kerstin Grotrian \u2013 Amine, Eva Maria Santana \u2013 Balkis, Alexander Croessmann \u2013 Osmin, Moritz Gogg \u2013 Sultan von Aegypten, Paul Grindlay \u2013 Vertigo, Gustav Belacek \u2013 Calender, Lorenz Felhofer, Sven Imre, Martin Kierspel, Micholas Moehring, M.L. Oschatz \u2013 kier.muzyczne<\/td>\n<\/tr>\n<tr class=\"row-17\">\n\t<td class=\"column-1\">16<\/td><td class=\"column-2\">28 May 1999<\/td><td class=\"column-3\">AUSTRIA, WIEDE\u0143, GROSSEN FESTSAAL DES HAUSES DER INDUSTRIE<\/td><td class=\"column-4\">KONCERT<\/td><td class=\"column-5\">N.JOMELLI \u2013 \u201eFETONTE\u201d<\/td><td class=\"column-6\">\u201eMENSCHEN FUER MENSCHEN\u201d<\/td><td class=\"column-7\">Alicja W\u0119gorzewska \u00a0\u2013 partie Libi i Epafo<\/td>\n<\/tr>\n<tr class=\"row-18\">\n\t<td class=\"column-1\">17<\/td><td class=\"column-2\">29 May 1999<\/td><td class=\"column-3\">AUSTRIA, WIEDE\u0143, WIENER KAMMEROPER<\/td><td class=\"column-4\">OPERA<\/td><td class=\"column-5\">CH.W.GLUCK<\/td><td class=\"column-6\">\u201cDIE PILGER VON MEKKA\u201d, PARTIA: DARDANE<\/td><td class=\"column-7\">Angelos Fotiados \u2013 Ali, Annika Fransson \u2013 Rezia,\u00a0 Alicja W\u0119gorzewska \u00a0\u2013 Dardane, Kerstin Grotrian \u2013 Amine, Eva Maria Santana \u2013 Balkis, Alexander Croessmann \u2013 Osmin, Moritz Gogg \u2013 Sultan von Aegypten, Paul Grindlay \u2013 Vertigo, Gustav Belacek \u2013 Calender, Lorenz Felhofer, Sven Imre, Martin Kierspel, Micholas Moehring, M.L. Oschatz \u2013 kier.muzyczne<\/td>\n<\/tr>\n<tr class=\"row-19\">\n\t<td class=\"column-1\">18<\/td><td class=\"column-2\">31 May 1999<\/td><td class=\"column-3\">AUSTRIA, WIEDE\u0143, WIENER KAMMEROPER<\/td><td class=\"column-4\">OPERA<\/td><td class=\"column-5\">CH.W.GLUCK<\/td><td class=\"column-6\">\u201cDIE PILGER VON MEKKA\u201d, PARTIA: DARDANE<\/td><td class=\"column-7\">Angelos Fotiados \u2013 Ali, Annika Fransson \u2013 Rezia,\u00a0 Alicja W\u0119gorzewska \u00a0\u2013 Dardane, Kerstin Grotrian \u2013 Amine, Eva Maria Santana \u2013 Balkis, Alexander Croessmann \u2013 Osmin, Moritz Gogg \u2013 Sultan von Aegypten, Paul Grindlay \u2013 Vertigo, Gustav Belacek \u2013 Calender, Lorenz Felhofer, Sven Imre, Martin Kierspel, Micholas Moehring, M.L. Oschatz \u2013 kier.muzyczne<\/td>\n<\/tr>\n<tr class=\"row-20\">\n\t<td class=\"column-1\">19<\/td><td class=\"column-2\">2 June 1999<\/td><td class=\"column-3\">AUSTRIA, WIEDE\u0143, WIENER KAMMEROPER<\/td><td class=\"column-4\">OPERA<\/td><td class=\"column-5\">CH.W.GLUCK<\/td><td class=\"column-6\">\u201cDIE PILGER VON MEKKA\u201d, PARTIA: DARDANE<\/td><td class=\"column-7\">Angelos Fotiados \u2013 Ali, Annika Fransson \u2013 Rezia,\u00a0 Alicja W\u0119gorzewska \u00a0\u2013 Dardane, Kerstin Grotrian \u2013 Amine, Eva Maria Santana \u2013 Balkis, Alexander Croessmann \u2013 Osmin, Moritz Gogg \u2013 Sultan von Aegypten, Paul Grindlay \u2013 Vertigo, Gustav Belacek \u2013 Calender, Lorenz Felhofer, Sven Imre, Martin Kierspel, Micholas Moehring, M.L. Oschatz \u2013 kier.muzyczne<\/td>\n<\/tr>\n<tr class=\"row-21\">\n\t<td class=\"column-1\">20<\/td><td class=\"column-2\">5 June 1999<\/td><td class=\"column-3\">AUSTRIA, WIEDE\u0143, WIENER KAMMEROPER<\/td><td class=\"column-4\">OPERA<\/td><td class=\"column-5\">CH.W.GLUCK<\/td><td class=\"column-6\">\u201cDIE PILGER VON MEKKA\u201d, PARTIA: DARDANE<\/td><td class=\"column-7\">Angelos Fotiados \u2013 Ali, Annika Fransson \u2013 Rezia,\u00a0 Alicja W\u0119gorzewska \u00a0\u2013 Dardane, Kerstin Grotrian \u2013 Amine, Eva Maria Santana \u2013 Balkis, Alexander Croessmann \u2013 Osmin, Moritz Gogg \u2013 Sultan von Aegypten, Paul Grindlay \u2013 Vertigo, Gustav Belacek \u2013 Calender, Lorenz Felhofer, Sven Imre, Martin Kierspel, Micholas Moehring, M.L. Oschatz \u2013 kier.muzyczne<\/td>\n<\/tr>\n<tr class=\"row-22\">\n\t<td class=\"column-1\">21<\/td><td class=\"column-2\">7 June 1999<\/td><td class=\"column-3\">AUSTRIA, WIEDE\u0143, WIENER KAMMEROPER<\/td><td class=\"column-4\">OPERA<\/td><td class=\"column-5\">CH.W.GLUCK<\/td><td class=\"column-6\">\u201cDIE PILGER VON MEKKA\u201d, PARTIA: DARDANE<\/td><td class=\"column-7\">Angelos Fotiados \u2013 Ali, Annika Fransson \u2013 Rezia,\u00a0 Alicja W\u0119gorzewska \u00a0\u2013 Dardane, Kerstin Grotrian \u2013 Amine, Eva Maria Santana \u2013 Balkis, Alexander Croessmann \u2013 Osmin, Moritz Gogg \u2013 Sultan von Aegypten, Paul Grindlay \u2013 Vertigo, Gustav Belacek \u2013 Calender, Lorenz Felhofer, Sven Imre, Martin Kierspel, Micholas Moehring, M.L. Oschatz \u2013 kier.muzyczne<\/td>\n<\/tr>\n<tr class=\"row-23\">\n\t<td class=\"column-1\">22<\/td><td class=\"column-2\">9 June 1999<\/td><td class=\"column-3\">AUSTRIA, WIEDE\u0143, WIENER KAMMEROPER<\/td><td class=\"column-4\">OPERA<\/td><td class=\"column-5\">CH.W.GLUCK<\/td><td class=\"column-6\">\u201cDIE PILGER VON MEKKA\u201d, PARTIA: DARDANE<\/td><td class=\"column-7\">Angelos Fotiados \u2013 Ali, Annika Fransson \u2013 Rezia,\u00a0 Alicja W\u0119gorzewska \u00a0\u2013 Dardane, Kerstin Grotrian \u2013 Amine, Eva Maria Santana \u2013 Balkis, Alexander Croessmann \u2013 Osmin, Moritz Gogg \u2013 Sultan von Aegypten, Paul Grindlay \u2013 Vertigo, Gustav Belacek \u2013 Calender, Lorenz Felhofer, Sven Imre, Martin Kierspel, Micholas Moehring, M.L. Oschatz \u2013 kier.muzyczne<\/td>\n<\/tr>\n<tr class=\"row-24\">\n\t<td class=\"column-1\">23<\/td><td class=\"column-2\">12 June 1999<\/td><td class=\"column-3\">AUSTRIA, WIEDE\u0143, WIENER KAMMEROPER<\/td><td class=\"column-4\">OPERA<\/td><td class=\"column-5\">CH.W.GLUCK<\/td><td class=\"column-6\">\u201cDIE PILGER VON MEKKA\u201d, PARTIA: DARDANE<\/td><td class=\"column-7\">Angelos Fotiados \u2013 Ali, Annika Fransson \u2013 Rezia,\u00a0 Alicja W\u0119gorzewska \u00a0\u2013 Dardane, Kerstin Grotrian \u2013 Amine, Eva Maria Santana \u2013 Balkis, Alexander Croessmann \u2013 Osmin, Moritz Gogg \u2013 Sultan von Aegypten, Paul Grindlay \u2013 Vertigo, Gustav Belacek \u2013 Calender, Lorenz Felhofer, Sven Imre, Martin Kierspel, Micholas Moehring, M.L. Oschatz \u2013 kier.muzyczne<\/td>\n<\/tr>\n<tr class=\"row-25\">\n\t<td class=\"column-1\">24<\/td><td class=\"column-2\">14 June 1999<\/td><td class=\"column-3\">AUSTRIA, WIEDE\u0143, WIENER KAMMEROPER<\/td><td class=\"column-4\">OPERA<\/td><td class=\"column-5\">CH.W.GLUCK<\/td><td class=\"column-6\">\u201cDIE PILGER VON MEKKA\u201d, PARTIA: DARDANE<\/td><td class=\"column-7\">Angelos Fotiados \u2013 Ali, Annika Fransson \u2013 Rezia,\u00a0 Alicja W\u0119gorzewska \u00a0\u2013 Dardane, Kerstin Grotrian \u2013 Amine, Eva Maria Santana \u2013 Balkis, Alexander Croessmann \u2013 Osmin, Moritz Gogg \u2013 Sultan von Aegypten, Paul Grindlay \u2013 Vertigo, Gustav Belacek \u2013 Calender, Lorenz Felhofer, Sven Imre, Martin Kierspel, Micholas Moehring, M.L. Oschatz \u2013 kier.muzyczne<\/td>\n<\/tr>\n<tr class=\"row-26\">\n\t<td class=\"column-1\">25<\/td><td class=\"column-2\">2 July 1999<\/td><td class=\"column-3\">WARSZAWA, TEATR STANIS\u0141AWOWSKI W STAREJ POMARA\u0143CZARNI<\/td><td class=\"column-4\">KONCERT<\/td><td class=\"column-5\">R\u00d3\u017bNI KOMPOZYTORZY<\/td><td class=\"column-6\">NADZWYCZAJNY KONCERT PROMOCYJNY W RAMACH KURSU ARII I PIE\u015aNI NIEMIECKIEJ PROWADZONEGO PRZEZ PROF. RYSZARDA KARCZYKOWSKIEGO<\/td><td class=\"column-7\">Andrzej Ciupek, Marianna Go\u0142\u0119biowska, Taras Iwaniw, Natalia Kovalova, Tomasz Krzysica, Tomasz Kuk, Marek Lipok, Dariusz Machej, Agnieszka Maciejewska, Jan Nowacki, Izabella Tarasiuk,\u00a0 Alicja W\u0119gorzewska , prof. Janina Pawluk<\/td>\n<\/tr>\n<tr class=\"row-27\">\n\t<td class=\"column-1\">26<\/td><td class=\"column-2\">14 July 1999<\/td><td class=\"column-3\">AUSTRIA, BADEN BEI WIEN, HOTEL RENAISSANCEHOF SCHLOSS WEIKERSDORF<\/td><td class=\"column-4\">GALA OPEROWA<\/td><td class=\"column-5\">G.VERDI<\/td><td class=\"column-6\">OPERNGALA \u2013 ARIE, DUETY SCENY Z OPER: \u201eLA TRAVIATA\u201d, \u201eOTELLO\u201d, \u201eAIDA\u201d, \u201eNABUCCO\u201d, \u201eDON CARLOS\u201d, \u201eIL TROVATORE\u201d, \u201eRIGOLETTO\u201d<\/td><td class=\"column-7\">Stefanie Kopinis \u2013 sopran,\u00a0 Alicja W\u0119gorzewska \u2013 mezzosopran , Nicholas Buxton \u2013 tenor, Christian Rudik \u2013 baryton, W.Groehs \u2013 kier.muzyczne<\/td>\n<\/tr>\n<tr class=\"row-28\">\n\t<td class=\"column-1\">27<\/td><td class=\"column-2\">16 July 1999<\/td><td class=\"column-3\">AUSTRIA, BADEN BEI WIEN, HOTEL RENAISSANCEHOF SCHLOSS WEIKERSDORF<\/td><td class=\"column-4\">GALA OPEROWA<\/td><td class=\"column-5\">BELCANTO<\/td><td class=\"column-6\">OPERNGALA \u2013 ARIE, DUETY I SCENY: G.DONIZETTI, G.PUCCINI, G.BIZET, R. LEONCAVALLO, U.GIORDANO, G.ROSSINI, P.MASCAGNI<\/td><td class=\"column-7\">Stefanie Kopinis \u2013 sopran,\u00a0 Alicja W\u0119gorzewska \u2013 mezzosopran , Vittorio Giammarrusco \u2013 tenor, Christian Rudik \u2013 baryton, W.Groehs \u2013 kier. muzyczne<\/td>\n<\/tr>\n<tr class=\"row-29\">\n\t<td class=\"column-1\">28<\/td><td class=\"column-2\">28 August 1999<\/td><td class=\"column-3\">WARSZAWA, \u0141AZIENKI K\u00d3LEWSKIE, PA\u0141AC NA WYSPIE<\/td><td class=\"column-4\">KONCERT<\/td><td class=\"column-5\">R\u00d3\u017bNI KOMPOZYTORZY<\/td><td class=\"column-6\">KONCERTY LETNIE W \u0141AZIENKACH KR\u00d3LEWSKICH<\/td><td class=\"column-7\">Alicja Wegorzewska\u00a0 \u2013 mezzosopran, Beata Sza\u0142wi\u0144ska \u2013 fortepian, W. Szlachcikowski \u2013 skrzypce<\/td>\n<\/tr>\n<tr class=\"row-30\">\n\t<td class=\"column-1\">29<\/td><td class=\"column-2\">5 October 1999<\/td><td class=\"column-3\">WIEDE\u0143, NEUE OPER WIEN<\/td><td class=\"column-4\">OPERA<\/td><td class=\"column-5\">L.BERNSTEIN<\/td><td class=\"column-6\">\u201e\u201dTROUBLE IN TAHITI\u201d\u201d<\/td><td class=\"column-7\">Steven Scheschareg \u2013 Sam, Priti Coles \u2013 Dinah,\u00a0 Alicja \u00a0 de Rota , Pablo Cameselle, Joerg Espenkott \u2013 Jazz Trio, Adrian Kobera \u2013 Dziecko, Pawel Strasil \u2013 Tancerz<\/td>\n<\/tr>\n<tr class=\"row-31\">\n\t<td class=\"column-1\">30<\/td><td class=\"column-2\">7 October 1999<\/td><td class=\"column-3\">WIEDE\u0143, NEUE OPER WIEN<\/td><td class=\"column-4\">OPERA<\/td><td class=\"column-5\">L.BERNSTEIN<\/td><td class=\"column-6\">\u201e\u201dTROUBLE IN TAHITI\u201d\u201d<\/td><td class=\"column-7\">Steven Scheschareg \u2013 Sam, Priti Coles \u2013 Dinah,\u00a0 Alicja \u00a0 de Rota , Pablo Cameselle, Joerg Espenkott \u2013 Jazz Trio, Adrian Kobera \u2013 Dziecko, Pawel Strasil \u2013 Tancerz<\/td>\n<\/tr>\n<tr class=\"row-32\">\n\t<td class=\"column-1\">31<\/td><td class=\"column-2\">14 October 1999<\/td><td class=\"column-3\">WIEDE\u0143, NEUE OPER WIEN<\/td><td class=\"column-4\">OPERA<\/td><td class=\"column-5\">L.BERNSTEIN<\/td><td class=\"column-6\">\u201e\u201dTROUBLE IN TAHITI\u201d\u201d<\/td><td class=\"column-7\">Steven Scheschareg \u2013 Sam, Priti Coles \u2013 Dinah,\u00a0 Alicja \u00a0 de Rota , Pablo Cameselle, Joerg Espenkott \u2013 Jazz Trio, Adrian Kobera \u2013 Dziecko, Pawel Strasil \u2013 Tancerz<\/td>\n<\/tr>\n<tr class=\"row-33\">\n\t<td class=\"column-1\">32<\/td><td class=\"column-2\">16 October 1999<\/td><td class=\"column-3\">WIEDE\u0143, NEUE OPER WIEN<\/td><td class=\"column-4\">OPERA<\/td><td class=\"column-5\">L.BERNSTEIN<\/td><td class=\"column-6\">\u201e\u201dTROUBLE IN TAHITI\u201d\u201d<\/td><td class=\"column-7\">S. Scheschareg \u2013 Sam, P. Coles \u2013 Dinah,\u00a0 Alicja \u00a0 de Rota , P. Cameselle, J.Espenkott \u2013 Jazz Trio,A.Kobera \u2013 Dziecko, P. Strasil<\/td>\n<\/tr>\n<tr class=\"row-34\">\n\t<td class=\"column-1\">33<\/td><td class=\"column-2\">17 October 1999<\/td><td class=\"column-3\">WIEDE\u0143, NEUE OPER WIEN<\/td><td class=\"column-4\">OPERA<\/td><td class=\"column-5\">L.BERNSTEIN<\/td><td class=\"column-6\">\u201e\u201dTROUBLE IN TAHITI\u201d\u201d<\/td><td class=\"column-7\">Steven Scheschareg \u2013 Sam, Priti Coles \u2013 Dinah,\u00a0 Alicja \u00a0 de Rota , Pablo Cameselle, Joerg Espenkott \u2013 Jazz Trio, Adrian Kobera \u2013 Dziecko, Pawel Strasil \u2013 Tancerz<\/td>\n<\/tr>\n<tr class=\"row-35\">\n\t<td class=\"column-1\">34<\/td><td class=\"column-2\">22 December 1999<\/td><td class=\"column-3\">AUSTRIA, WIEDE\u0143, THEATER AN DER WIEN<\/td><td class=\"column-4\">GALA OPEROWA<\/td><td class=\"column-5\">R\u00d3\u017bNI KOMPOZYTORZY<\/td><td class=\"column-6\">GALA Z OKAZJI NARODZIN 6-MILIARDOWEGO OBYWATELA ZIEMI NA ZAPROSZENIE SEKRETARZA ONZ KOFI ANNANA, \u201eKINDER IN DER WELT IN NOT\u201d<\/td><td class=\"column-7\">Alicja W\u0119gorzewska \u2013 Whiskerd , Fiorenza Cossotto, Grace Bumbry, Michael eder, Olga Schalaewa, Sebastian Holecek, Tamara Jawashvili, Ainhoa Arteta, Paata Borciuladze, Birgit Beer, Aquiles Machachado, Frederica Bragaglia, Franco Bonisolli, Amila Baksic, Mikhail Agafonov, Peter Dvorsky, Lucia Mazzaria, Janusz Lotric, Rosa Baker, Kristjan Johannsson, Omar Garrido, Marena Balinova<\/td>\n<\/tr>\n<tr class=\"row-36\">\n\t<td class=\"column-1\">35<\/td><td class=\"column-2\">28 December 1999<\/td><td class=\"column-3\">NIEMCY, KAMMEROPER SCHLOSS RHEINSBERG<\/td><td class=\"column-4\">OPERA<\/td><td class=\"column-5\">S.MATTHUS<\/td><td class=\"column-6\">\u201eKRONPRINZ FRIEDRICH\u201d<\/td><td class=\"column-7\">Karen Leonie Leiber \u2013 \u201eKRONPRINZ FRIEDRICH\u201d,\u00a0 Alicja \u00a0 de Rota \u00a0\u2013 Leutnant Katte, Lars Fosser \u2013 kr\u00f3l Fryderyk Wilhelm I., Carolin Masur \u2013 kr\u00f3lowa Sophie Dorothea, Cordula Berner \u2013 ksi\u0119\u017cniczka Whilhelmina, Julia Rempe \u2013 Dorthea Ritter, Jorn Dopfer \u2013 proboszcz, Jorn E. Werner \u2013 s\u0119dzia, Jorg Bruckener \u2013 , Bogus\u0142aw Bidzi\u0144ski, Jorn E. Werner \u2013 , Bogus\u0142aw Bidzi\u0144ski, Jorg Bruckener, Jorn Dopfer, Jorn E. Werner \u2013 \u017co\u0142nierze<\/td>\n<\/tr>\n<tr class=\"row-37\">\n\t<td class=\"column-1\">36<\/td><td class=\"column-2\">31 December 1999<\/td><td class=\"column-3\">NIEMCY, KAMMEROPER SCHLOSS RHEINSBERG<\/td><td class=\"column-4\">KONCERT NOWOROCZNY<\/td><td class=\"column-5\">G.BIZET, G.GERSHWIN, G.ROSSINI, K.HAFFNER, R.GENEE<\/td><td class=\"column-6\">\u201eSILVESTERGALA IM SCHLOSS THEATER\u201d<\/td><td class=\"column-7\">Karen Laeonie Leiber,\u00a0 Alicia de Rota , Lars Fosser, Carolin Masur, Cordula Berner, Julia Rempe, Joern Dopfer, Joerg Brueckner, Bogus\u0142aw Bidzi\u0144ski, Joern E.Werner, Gabriele Ziegler<\/td>\n<\/tr>\n<tr class=\"row-38\">\n\t<td class=\"column-1\">37<\/td><td class=\"column-2\">13 May 2000<\/td><td class=\"column-3\">WIEDE\u0143, THEATER AKZENT<\/td><td class=\"column-4\">KONCERT<\/td><td class=\"column-5\">J.OFFENBACH, G.BIZET, A.LLOYD-WEBER<\/td><td class=\"column-6\">\u201eCHORKONZERT\u201d, MANNERCHOR WIEN<\/td><td class=\"column-7\">Attila Nagy \u2013 prowadzenie,\u00a0 Alicja \u00a0 de Rota \u00a0\u2013 mezzosopran, Robert lucien Demers \u2013 baryton, Polo Sldana -Tenor, Johann Simon Kreuzpointner \u2013 dyrygent<\/td>\n<\/tr>\n<tr class=\"row-39\">\n\t<td class=\"column-1\">38<\/td><td class=\"column-2\">8 June 2000<\/td><td class=\"column-3\">NIEMCY, KAMMEROPER SCHLOSS RHEINSBERG<\/td><td class=\"column-4\">OPERA<\/td><td class=\"column-5\">S.MATTHUS<\/td><td class=\"column-6\">\u201eKRONPRINZ FRIEDRICH\u201d<\/td><td class=\"column-7\">Karen Leonie Leiber \u2013 \u201eKRONPRINZ FRIEDRICH\u201d,\u00a0 Alicja \u00a0 de Rota \u00a0\u2013 Leutnant Katte, Lars Fosser \u2013 kr\u00f3l Fryderyk Wilhelm I., Carolin Masur \u2013 kr\u00f3lowa Sophie Dorothea, Cordula Berner \u2013 ksi\u0119\u017cniczka Whilhelmina, Julia Rempe \u2013 Dorthea Ritter, Jorn Dopfer \u2013 proboszcz, Jorn E. Werner \u2013 s\u0119dzia, Jorg Bruckener \u2013 , Bogus\u0142aw Bidzi\u0144ski, Jorn E. Werner \u2013 , Bogus\u0142aw Bidzi\u0144ski, Jorg Bruckener, Jorn Dopfer, Jorn E. Werner \u2013 \u017co\u0142nierze<\/td>\n<\/tr>\n<tr class=\"row-40\">\n\t<td class=\"column-1\">39<\/td><td class=\"column-2\">14 June 2000<\/td><td class=\"column-3\">HANNOVER, NIEMIECKI PAWILON NA EXPO 2000<\/td><td class=\"column-4\">OPERA \u2013 WYST\u0118P GO\u015aCINNY KAMMEROPER SCHLSOSS RHEINSBERG<\/td><td class=\"column-5\">S.MATTHUS<\/td><td class=\"column-6\">\u201eKRONPRINZ FRIEDRICH\u201d, PARTIA: KATTE<\/td><td class=\"column-7\">Karen Leonie Leiber \u2013 \u201eKRONPRINZ FRIEDRICH\u201d,\u00a0 Alicja \u00a0 de Rota \u00a0\u2013 Leutnant Katte, Lars Fosser \u2013 kr\u00f3l Fryderyk Wilhelm I., Carolin Masur \u2013 kr\u00f3lowa Sophie Dorothea, Cordula Berner \u2013 ksi\u0119\u017cniczka Whilhelmina, Julia Rempe \u2013 Dorthea Ritter, Jorn Dopfer \u2013 proboszcz, Jorn E. Werner \u2013 s\u0119dzia, Jorg Bruckener \u2013 , Bogus\u0142aw Bidzi\u0144ski, Jorn E. Werner \u2013 , Bogus\u0142aw Bidzi\u0144ski, Jorg Bruckener, Jorn Dopfer, Jorn E. Werner \u2013 \u017co\u0142nierze<\/td>\n<\/tr>\n<tr class=\"row-41\">\n\t<td class=\"column-1\">40<\/td><td class=\"column-2\">17 June 2000<\/td><td class=\"column-3\">NIEMCY, BAYREUTH, MARKGRAFLICHES OPERNHAUS<\/td><td class=\"column-4\">OPERA<\/td><td class=\"column-5\">S.MATTHUS<\/td><td class=\"column-6\">\u201eKRONPRINZ FRIEDRICH\u201d, PARTIA: KATTE<\/td><td class=\"column-7\">Karen Leonie Leiber \u2013 \u201eKRONPRINZ FRIEDRICH\u201d,\u00a0 Alicja \u00a0 de Rota \u00a0\u2013 Leutnant Katte, Lars Fosser \u2013 kr\u00f3l Fryderyk Wilhelm I., Carolin Masur \u2013 kr\u00f3lowa Sophie Dorothea, Cordula Berner \u2013 ksi\u0119\u017cniczka Whilhelmina, Julia Rempe \u2013 Dorthea Ritter, Jorn Dopfer \u2013 proboszcz, Jorn E. Werner \u2013 s\u0119dzia, Jorg Bruckener \u2013 , Bogus\u0142aw Bidzi\u0144ski, Jorn E. Werner \u2013 , Bogus\u0142aw Bidzi\u0144ski, Jorg Bruckener, Jorn Dopfer, Jorn E. Werner \u2013 \u017co\u0142nierze<\/td>\n<\/tr>\n<tr class=\"row-42\">\n\t<td class=\"column-1\">41<\/td><td class=\"column-2\">18 June 2000<\/td><td class=\"column-3\">NIEMCY, BERLIN, GEMAELDEGALERIE<\/td><td class=\"column-4\">OPERA<\/td><td class=\"column-5\">S.MATTHUS<\/td><td class=\"column-6\">\u201eKRONPRINZ FRIEDRICH\u201d, PARTIA: KATTE<\/td><td class=\"column-7\">Karen Leonie Leiber \u2013 \u201eKRONPRINZ FRIEDRICH\u201d,\u00a0 Alicja \u00a0 de Rota \u00a0\u2013 Leutnant Katte, Lars Fosser \u2013 kr\u00f3l Fryderyk Wilhelm I., Carolin Masur \u2013 kr\u00f3lowa Sophie Dorothea, Cordula Berner \u2013 ksi\u0119\u017cniczka Whilhelmina, Julia Rempe \u2013 Dorthea Ritter, Jorn Dopfer \u2013 proboszcz, Jorn E. Werner \u2013 s\u0119dzia, Jorg Bruckener \u2013 , Bogus\u0142aw Bidzi\u0144ski, Jorn E. Werner \u2013 , Bogus\u0142aw Bidzi\u0144ski, Jorg Bruckener, Jorn Dopfer, Jorn E. Werner \u2013 \u017co\u0142nierze<\/td>\n<\/tr>\n<tr class=\"row-43\">\n\t<td class=\"column-1\">42<\/td><td class=\"column-2\">23 June 2000<\/td><td class=\"column-3\">NIEMCY, KAMMEROPER SCHLOSS RHEINSBERG<\/td><td class=\"column-4\">OPERA<\/td><td class=\"column-5\">S.MATTHUS<\/td><td class=\"column-6\">\u201eKRONPRINZ FRIEDRICH\u201d, PARTIA: KATTE<\/td><td class=\"column-7\">Karen Leonie Leiber \u2013 \u201eKRONPRINZ FRIEDRICH\u201d,\u00a0 Alicja \u00a0 de Rota \u00a0\u2013 Leutnant Katte, Lars Fosser \u2013 kr\u00f3l Fryderyk Wilhelm I., Carolin Masur \u2013 kr\u00f3lowa Sophie Dorothea, Cordula Berner \u2013 ksi\u0119\u017cniczka Whilhelmina, Julia Rempe \u2013 Dorthea Ritter, Jorn Dopfer \u2013 proboszcz, Jorn E. Werner \u2013 s\u0119dzia, Jorg Bruckener \u2013 , Bogus\u0142aw Bidzi\u0144ski, Jorn E. Werner \u2013 , Bogus\u0142aw Bidzi\u0144ski, Jorg Bruckener, Jorn Dopfer, Jorn E. Werner \u2013 \u017co\u0142nierze<\/td>\n<\/tr>\n<tr class=\"row-44\">\n\t<td class=\"column-1\">43<\/td><td class=\"column-2\">24 June 2000<\/td><td class=\"column-3\">NIEMCY, KAMMEROPER SCHLOSS RHEINSBERG<\/td><td class=\"column-4\">OPERA<\/td><td class=\"column-5\">S.MATTHUS<\/td><td class=\"column-6\">\u201eKRONPRINZ FRIEDRICH\u201d, PARTIA: KATTE<\/td><td class=\"column-7\">Karen Leonie Leiber \u2013 \u201eKRONPRINZ FRIEDRICH\u201d,\u00a0 Alicja \u00a0 de Rota \u00a0\u2013 Leutnant Katte, Lars Fosser \u2013 kr\u00f3l Fryderyk Wilhelm I., Carolin Masur \u2013 kr\u00f3lowa Sophie Dorothea, Cordula Berner \u2013 ksi\u0119\u017cniczka Whilhelmina, Julia Rempe \u2013 Dorthea Ritter, Jorn Dopfer \u2013 proboszcz, Jorn E. Werner \u2013 s\u0119dzia, Jorg Bruckener \u2013 , Bogus\u0142aw Bidzi\u0144ski, Jorn E. Werner \u2013 , Bogus\u0142aw Bidzi\u0144ski, Jorg Bruckener, Jorn Dopfer, Jorn E. Werner \u2013 \u017co\u0142nierze<\/td>\n<\/tr>\n<tr class=\"row-45\">\n\t<td class=\"column-1\">44<\/td><td class=\"column-2\">27 June 2000<\/td><td class=\"column-3\">NIEMCY, KAMMEROPER SCHLOSS RHEINSBERG<\/td><td class=\"column-4\">OPERA<\/td><td class=\"column-5\">S.MATTHUS<\/td><td class=\"column-6\">\u201eKRONPRINZ FRIEDRICH\u201d, PARTIA: KATTE<\/td><td class=\"column-7\">Karen Leonie Leiber \u2013 \u201eKRONPRINZ FRIEDRICH\u201d,\u00a0 Alicja \u00a0 de Rota \u00a0\u2013 Leutnant Katte, Lars Fosser \u2013 kr\u00f3l Fryderyk Wilhelm I., Carolin Masur \u2013 kr\u00f3lowa Sophie Dorothea, Cordula Berner \u2013 ksi\u0119\u017cniczka Whilhelmina, Julia Rempe \u2013 Dorthea Ritter, Jorn Dopfer \u2013 proboszcz, Jorn E. Werner \u2013 s\u0119dzia, Jorg Bruckener \u2013 , Bogus\u0142aw Bidzi\u0144ski, Jorn E. Werner \u2013 , Bogus\u0142aw Bidzi\u0144ski, Jorg Bruckener, Jorn Dopfer, Jorn E. Werner \u2013 \u017co\u0142nierze<\/td>\n<\/tr>\n<tr class=\"row-46\">\n\t<td class=\"column-1\">45<\/td><td class=\"column-2\">28 June 2000<\/td><td class=\"column-3\">NIEMCY, KAMMEROPER SCHLOSS RHEINSBERG<\/td><td class=\"column-4\">OPERA<\/td><td class=\"column-5\">S.MATTHUS<\/td><td class=\"column-6\">\u201eKRONPRINZ FRIEDRICH\u201d, PARTIA: KATTE<\/td><td class=\"column-7\">Karen Leonie Leiber \u2013 \u201eKRONPRINZ FRIEDRICH\u201d,\u00a0 Alicja \u00a0 de Rota \u00a0\u2013 Leutnant Katte, Lars Fosser \u2013 kr\u00f3l Fryderyk Wilhelm I., Carolin Masur \u2013 kr\u00f3lowa Sophie Dorothea, Cordula Berner \u2013 ksi\u0119\u017cniczka Whilhelmina, Julia Rempe \u2013 Dorthea Ritter, Jorn Dopfer \u2013 proboszcz, Jorn E. Werner \u2013 s\u0119dzia, Jorg Bruckener \u2013 , Bogus\u0142aw Bidzi\u0144ski, Jorn E. Werner \u2013 , Bogus\u0142aw Bidzi\u0144ski, Jorg Bruckener, Jorn Dopfer, Jorn E. Werner \u2013 \u017co\u0142nierze<\/td>\n<\/tr>\n<tr class=\"row-47\">\n\t<td class=\"column-1\">46<\/td><td class=\"column-2\">30 June 2000<\/td><td class=\"column-3\">NIEMCY, KAMMEROPER SCHLOSS RHEINSBERG<\/td><td class=\"column-4\">OPERA<\/td><td class=\"column-5\">S.MATTHUS<\/td><td class=\"column-6\">\u201eKRONPRINZ FRIEDRICH\u201d, PARTIA: KATTE<\/td><td class=\"column-7\">Karen Leonie Leiber \u2013 \u201eKRONPRINZ FRIEDRICH\u201d,\u00a0 Alicja \u00a0 de Rota \u00a0\u2013 Leutnant Katte, Lars Fosser \u2013 kr\u00f3l Fryderyk Wilhelm I., Carolin Masur \u2013 kr\u00f3lowa Sophie Dorothea, Cordula Berner \u2013 ksi\u0119\u017cniczka Whilhelmina, Julia Rempe \u2013 Dorthea Ritter, Jorn Dopfer \u2013 proboszcz, Jorn E. Werner \u2013 s\u0119dzia, Jorg Bruckener \u2013 , Bogus\u0142aw Bidzi\u0144ski, Jorn E. Werner \u2013 , Bogus\u0142aw Bidzi\u0144ski, Jorg Bruckener, Jorn Dopfer, Jorn E. Werner \u2013 \u017co\u0142nierze<\/td>\n<\/tr>\n<tr class=\"row-48\">\n\t<td class=\"column-1\">47<\/td><td class=\"column-2\">1 July 2000<\/td><td class=\"column-3\">NIEMCY, KAMMEROPER SCHLOSS RHEINSBERG<\/td><td class=\"column-4\">OPERA<\/td><td class=\"column-5\">S.MATTHUS<\/td><td class=\"column-6\">\u201eKRONPRINZ FRIEDRICH\u201d, PARTIA: KATTE<\/td><td class=\"column-7\">Karen Leonie Leiber \u2013 \u201eKRONPRINZ FRIEDRICH\u201d,\u00a0 Alicja \u00a0 de Rota \u00a0\u2013 Leutnant Katte, Lars Fosser \u2013 kr\u00f3l Fryderyk Wilhelm I., Carolin Masur \u2013 kr\u00f3lowa Sophie Dorothea, Cordula Berner \u2013 ksi\u0119\u017cniczka Whilhelmina, Julia Rempe \u2013 Dorthea Ritter, Jorn Dopfer \u2013 proboszcz, Jorn E. Werner \u2013 s\u0119dzia, Jorg Bruckener \u2013 , Bogus\u0142aw Bidzi\u0144ski, Jorn E. Werner \u2013 , Bogus\u0142aw Bidzi\u0144ski, Jorg Bruckener, Jorn Dopfer, Jorn E. Werner \u2013 \u017co\u0142nierze<\/td>\n<\/tr>\n<tr class=\"row-49\">\n\t<td class=\"column-1\">48<\/td><td class=\"column-2\">2 July 2000<\/td><td class=\"column-3\">NIEMCY, KAMMEROPER SCHLOSS RHEINSBERG<\/td><td class=\"column-4\">OPERA<\/td><td class=\"column-5\">S.MATTHUS<\/td><td class=\"column-6\">\u201eKRONPRINZ FRIEDRICH\u201d, PARTIA: KATTE<\/td><td class=\"column-7\">Karen Leonie Leiber \u2013 \u201eKRONPRINZ FRIEDRICH\u201d,\u00a0 Alicja \u00a0 de Rota \u00a0\u2013 Leutnant Katte, Lars Fosser \u2013 kr\u00f3l Fryderyk Wilhelm I., Carolin Masur \u2013 kr\u00f3lowa Sophie Dorothea, Cordula Berner \u2013 ksi\u0119\u017cniczka Whilhelmina, Julia Rempe \u2013 Dorthea Ritter, Jorn Dopfer \u2013 proboszcz, Jorn E. Werner \u2013 s\u0119dzia, Jorg Bruckener \u2013 , Bogus\u0142aw Bidzi\u0144ski, Jorn E. Werner \u2013 , Bogus\u0142aw Bidzi\u0144ski, Jorg Bruckener, Jorn Dopfer, Jorn E. Werner \u2013 \u017co\u0142nierze<\/td>\n<\/tr>\n<tr class=\"row-50\">\n\t<td class=\"column-1\">49<\/td><td class=\"column-2\">5 July 2000<\/td><td class=\"column-3\">AUSTRIA, BADEN BEI WIEN, HOTEL RENAISSANCEHOF SCHLOSS WEIKERSDORF<\/td><td class=\"column-4\">KONCERT<\/td><td class=\"column-5\">G.VERDI, G.PUCCINI, R.LEONCAVALLO, P.MASCAGNI, U.GIORDANO<\/td><td class=\"column-6\">KONCERT<\/td><td class=\"column-7\">Alicja \u00a0 de Rota \u2013 mezzosopran,\u00a0 Stefanie Kopitnis \u2013 sopran, Elizabeth Kevenez Kennedy, Vittorio Giammarrusco , Andrea Martin, W.Groehs \u2013 kier. muzyczne<\/td>\n<\/tr>\n<tr class=\"row-51\">\n\t<td class=\"column-1\">50<\/td><td class=\"column-2\">8 July 2000<\/td><td class=\"column-3\">AUSTRIA, BADEN BEI WIEN, HOTEL RENAISSANCEHOF SCHLOSS WEIKERSDORF<\/td><td class=\"column-4\">KONCERT<\/td><td class=\"column-5\">G.BIZET, C.GOUNOD, J.MASSENET, J.OFFENBACH<\/td><td class=\"column-6\">KONCERT<\/td><td class=\"column-7\">Alicja \u00a0 de Rota,\u00a0 Stefanie Kopitnits, Vittorio Giammarrusco, Andrea Martin, Andreas Hirsch, W.Groehs \u2013 kier.muzyczne<\/td>\n<\/tr>\n<tr class=\"row-52\">\n\t<td class=\"column-1\">51<\/td><td class=\"column-2\">28 February 2001<\/td><td class=\"column-3\">SZWAJCARIA, GSTEAD<\/td><td class=\"column-4\">P\u00d3\u0141RECITAL<\/td><td class=\"column-5\">R\u00d3\u017bNI KOMPOZYTORZY<\/td><td class=\"column-6\">ARIE R\u00d3\u017bNE<\/td><td class=\"column-7\">Alicja W\u0119gorzewska \u2013 mezzosopran,\u00a0 Princesse Caroline Murat \u2013 fortepian<\/td>\n<\/tr>\n<tr class=\"row-53\">\n\t<td class=\"column-1\">52<\/td><td class=\"column-2\">5 July 2001<\/td><td class=\"column-3\">FESTIVALSOMMER, NIEMCY, KAMMEROPER SCHLOSS RHEINSBERG<\/td><td class=\"column-4\">OPERA<\/td><td class=\"column-5\">S.MATTHUS<\/td><td class=\"column-6\">\u201eKRONPRINZ FRIEDRICH\u201d, PARTIA: KATTE<\/td><td class=\"column-7\">Karen Leonie Leiber \u2013 \u201eKRONPRINZ FRIEDRICH\u201d,\u00a0 Alicja \u00a0 de Rota \u00a0\u2013 Leutnant Katte, Lars Fosser \u2013 kr\u00f3l Fryderyk Wilhelm I., Carolin Masur \u2013 kr\u00f3lowa Sophie Dorothea, Cordula Berner \u2013 ksi\u0119\u017cniczka Whilhelmina, Julia Rempe \u2013 Dorthea Ritter, Jorn Dopfer \u2013 proboszcz, Jorn E. Werner \u2013 s\u0119dzia, Jorg Bruckener \u2013 , Bogus\u0142aw Bidzi\u0144ski, Jorn E. Werner \u2013 , Bogus\u0142aw Bidzi\u0144ski, Jorg Bruckener, Jorn Dopfer, Jorn E. Werner \u2013 \u017co\u0142nierze<\/td>\n<\/tr>\n<tr class=\"row-54\">\n\t<td class=\"column-1\">53<\/td><td class=\"column-2\">6 July 2001<\/td><td class=\"column-3\">FESTIVALSOMMER, NIEMCY, KAMMEROPER SCHLOSS RHEINSBERG<\/td><td class=\"column-4\">OPERA<\/td><td class=\"column-5\">S.MATTHUS<\/td><td class=\"column-6\">\u201eKRONPRINZ FRIEDRICH\u201d, PARTIA: KATTE<\/td><td class=\"column-7\">Karen Leonie Leiber \u2013 \u201eKRONPRINZ FRIEDRICH\u201d,\u00a0 Alicja \u00a0 de Rota \u00a0\u2013 Leutnant Katte, Lars Fosser \u2013 kr\u00f3l Fryderyk Wilhelm I., Carolin Masur \u2013 kr\u00f3lowa Sophie Dorothea, Cordula Berner \u2013 ksi\u0119\u017cniczka Whilhelmina, Julia Rempe \u2013 Dorthea Ritter, Jorn Dopfer \u2013 proboszcz, Jorn E. Werner \u2013 s\u0119dzia, Jorg Bruckener \u2013 , Bogus\u0142aw Bidzi\u0144ski, Jorn E. Werner \u2013 , Bogus\u0142aw Bidzi\u0144ski, Jorg Bruckener, Jorn Dopfer, Jorn E. Werner \u2013 \u017co\u0142nierze<\/td>\n<\/tr>\n<tr class=\"row-55\">\n\t<td class=\"column-1\">54<\/td><td class=\"column-2\">7 July 2001<\/td><td class=\"column-3\">FESTIVALSOMMER, NIEMCY, KAMMEROPER SCHLOSS RHEINSBERG<\/td><td class=\"column-4\">OPERA<\/td><td class=\"column-5\">S.MATTHUS<\/td><td class=\"column-6\">\u201eKRONPRINZ FRIEDRICH\u201d, PARTIA: KATTE<\/td><td class=\"column-7\">Karen Leonie Leiber \u2013 \u201eKRONPRINZ FRIEDRICH\u201d,\u00a0 Alicja \u00a0 de Rota \u00a0\u2013 Leutnant Katte, Lars Fosser \u2013 kr\u00f3l Fryderyk Wilhelm I., Carolin Masur \u2013 kr\u00f3lowa Sophie Dorothea, Cordula Berner \u2013 ksi\u0119\u017cniczka Whilhelmina, Julia Rempe \u2013 Dorthea Ritter, Jorn Dopfer \u2013 proboszcz, Jorn E. Werner \u2013 s\u0119dzia, Jorg Bruckener \u2013 , Bogus\u0142aw Bidzi\u0144ski, Jorn E. Werner \u2013 , Bogus\u0142aw Bidzi\u0144ski, Jorg Bruckener, Jorn Dopfer, Jorn E. Werner \u2013 \u017co\u0142nierze<\/td>\n<\/tr>\n<tr class=\"row-56\">\n\t<td class=\"column-1\">55<\/td><td class=\"column-2\">10 July 2001<\/td><td class=\"column-3\">FESTIVALSOMMER, NIEMCY, KAMMEROPER SCHLOSS RHEINSBERG<\/td><td class=\"column-4\">OPERA<\/td><td class=\"column-5\">S.MATTHUS<\/td><td class=\"column-6\">\u201eKRONPRINZ FRIEDRICH\u201d, PARTIA: KATTE<\/td><td class=\"column-7\">Karen Leonie Leiber \u2013 \u201eKRONPRINZ FRIEDRICH\u201d,\u00a0 Alicja \u00a0 de Rota \u00a0\u2013 Leutnant Katte, Lars Fosser \u2013 kr\u00f3l Fryderyk Wilhelm I., Carolin Masur \u2013 kr\u00f3lowa Sophie Dorothea, Cordula Berner \u2013 ksi\u0119\u017cniczka Whilhelmina, Julia Rempe \u2013 Dorthea Ritter, Jorn Dopfer \u2013 proboszcz, Jorn E. Werner \u2013 s\u0119dzia, Jorg Bruckener \u2013 , Bogus\u0142aw Bidzi\u0144ski, Jorn E. Werner \u2013 , Bogus\u0142aw Bidzi\u0144ski, Jorg Bruckener, Jorn Dopfer, Jorn E. Werner \u2013 \u017co\u0142nierze<\/td>\n<\/tr>\n<tr class=\"row-57\">\n\t<td class=\"column-1\">56<\/td><td class=\"column-2\">11 July 2001<\/td><td class=\"column-3\">FESTIVALSOMMER, NIEMCY, KAMMEROPER SCHLOSS RHEINSBERG<\/td><td class=\"column-4\">OPERA<\/td><td class=\"column-5\">S.MATTHUS<\/td><td class=\"column-6\">\u201eKRONPRINZ FRIEDRICH\u201d, PARTIA: KATTE<\/td><td class=\"column-7\">Karen Leonie Leiber \u2013 \u201eKRONPRINZ FRIEDRICH\u201d,\u00a0 Alicja \u00a0 de Rota \u00a0\u2013 Leutnant Katte, Lars Fosser \u2013 kr\u00f3l Fryderyk Wilhelm I., Carolin Masur \u2013 kr\u00f3lowa Sophie Dorothea, Cordula Berner \u2013 ksi\u0119\u017cniczka Whilhelmina, Julia Rempe \u2013 Dorthea Ritter, Jorn Dopfer \u2013 proboszcz, Jorn E. Werner \u2013 s\u0119dzia, Jorg Bruckener \u2013 , Bogus\u0142aw Bidzi\u0144ski, Jorn E. Werner \u2013 , Bogus\u0142aw Bidzi\u0144ski, Jorg Bruckener, Jorn Dopfer, Jorn E. Werner \u2013 \u017co\u0142nierze<\/td>\n<\/tr>\n<tr class=\"row-58\">\n\t<td class=\"column-1\">57<\/td><td class=\"column-2\">12 July 2001<\/td><td class=\"column-3\">NIEMCY, FRANKFURT NAD ODR\u0104<\/td><td class=\"column-4\">OPERA<\/td><td class=\"column-5\">S.MATTHUS<\/td><td class=\"column-6\">\u201eKRONPRINZ FRIEDRICH\u201d, PARTIA: KATTE<\/td><td class=\"column-7\">Karen Leonie Leiber \u2013 \u201eKRONPRINZ FRIEDRICH\u201d,\u00a0 Alicja \u00a0 de Rota \u00a0\u2013 Leutnant Katte, Lars Fosser \u2013 kr\u00f3l Fryderyk Wilhelm I., Carolin Masur \u2013 kr\u00f3lowa Sophie Dorothea, Cordula Berner \u2013 ksi\u0119\u017cniczka Whilhelmina, Julia Rempe \u2013 Dorthea Ritter, Jorn Dopfer \u2013 proboszcz, Jorn E. Werner \u2013 s\u0119dzia, Jorg Bruckener \u2013 , Bogus\u0142aw Bidzi\u0144ski, Jorn E. Werner \u2013 , Bogus\u0142aw Bidzi\u0144ski, Jorg Bruckener, Jorn Dopfer, Jorn E. Werner \u2013 \u017co\u0142nierze<\/td>\n<\/tr>\n<tr class=\"row-59\">\n\t<td class=\"column-1\">58<\/td><td class=\"column-2\">13 July 2001<\/td><td class=\"column-3\">FESTIVALSOMMER, NIEMCY, KAMMEROPER SCHLOSS RHEINSBERG<\/td><td class=\"column-4\">OPERA<\/td><td class=\"column-5\">S.MATTHUS<\/td><td class=\"column-6\">\u201eKRONPRINZ FRIEDRICH\u201d, PARTIA: KATTE<\/td><td class=\"column-7\">Karen Leonie Leiber \u2013 \u201eKRONPRINZ FRIEDRICH\u201d,\u00a0 Alicja \u00a0 de Rota \u00a0\u2013 Leutnant Katte, Lars Fosser \u2013 kr\u00f3l Fryderyk Wilhelm I., Carolin Masur \u2013 kr\u00f3lowa Sophie Dorothea, Cordula Berner \u2013 ksi\u0119\u017cniczka Whilhelmina, Julia Rempe \u2013 Dorthea Ritter, Jorn Dopfer \u2013 proboszcz, Jorn E. Werner \u2013 s\u0119dzia, Jorg Bruckener \u2013 , Bogus\u0142aw Bidzi\u0144ski, Jorn E. Werner \u2013 , Bogus\u0142aw Bidzi\u0144ski, Jorg Bruckener, Jorn Dopfer, Jorn E. Werner \u2013 \u017co\u0142nierze<\/td>\n<\/tr>\n<tr class=\"row-60\">\n\t<td class=\"column-1\">59<\/td><td class=\"column-2\">14 July 2001<\/td><td class=\"column-3\">FESTIVALSOMMER, NIEMCY, KAMMEROPER SCHLOSS RHEINSBERG<\/td><td class=\"column-4\">OPERA<\/td><td class=\"column-5\">S.MATTHUS<\/td><td class=\"column-6\">\u201eKRONPRINZ FRIEDRICH\u201d, PARTIA: KATTE<\/td><td class=\"column-7\">Karen Leonie Leiber \u2013 \u201eKRONPRINZ FRIEDRICH\u201d,\u00a0 Alicja \u00a0 de Rota \u00a0\u2013 Leutnant Katte, Lars Fosser \u2013 kr\u00f3l Fryderyk Wilhelm I., Carolin Masur \u2013 kr\u00f3lowa Sophie Dorothea, Cordula Berner \u2013 ksi\u0119\u017cniczka Whilhelmina, Julia Rempe \u2013 Dorthea Ritter, Jorn Dopfer \u2013 proboszcz, Jorn E. Werner \u2013 s\u0119dzia, Jorg Bruckener \u2013 , Bogus\u0142aw Bidzi\u0144ski, Jorn E. Werner \u2013 , Bogus\u0142aw Bidzi\u0144ski, Jorg Bruckener, Jorn Dopfer, Jorn E. Werner \u2013 \u017co\u0142nierze<\/td>\n<\/tr>\n<tr class=\"row-61\">\n\t<td class=\"column-1\">60<\/td><td class=\"column-2\">1 January 2002<\/td><td class=\"column-3\">NIEMCY, KAMMEROPER SCHLOSS RHEINSBERG<\/td><td class=\"column-4\">KONCERT NOWOROCZNY<\/td><td class=\"column-5\">R\u00d3\u017bNI KOMPOZYTORZY<\/td><td class=\"column-6\">NEUJAHRSKONZERT<\/td><td class=\"column-7\">Katarzyna Ho\u0142ysz \u2013 mezzosopran, Agnieszka Piasecka \u2013 sopran,\u00a0 Alicja \u00a0 de Rota \u00a0\u2013 mezzosopran, Hubert Wild \u2013 baryton<\/td>\n<\/tr>\n<tr class=\"row-62\">\n\t<td class=\"column-1\">61<\/td><td class=\"column-2\">11 May 2002<\/td><td class=\"column-3\">LUBLIN, FILHARMONIA IM. H.WIENIAWSKIEGO, SALA KONCERTOWA<\/td><td class=\"column-4\">KONCERT CHARYTATYWNY<\/td><td class=\"column-5\">P.TOSTI, T.COTTRAU, F.CHOPIN, G.BIZET, S.MONIUSZKO, E.TOSSELI,<\/td><td class=\"column-6\">\u201eWIES\u0141AW OCHMAN I JEGO GO\u015aCIE\u201d<\/td><td class=\"column-7\">Wies\u0142aw Ochman,\u00a0 Alicja W\u0119gorzewska ,<\/td>\n<\/tr>\n<tr class=\"row-63\">\n\t<td class=\"column-1\">62<\/td><td class=\"column-2\">21 June 2002<\/td><td class=\"column-3\">HOLANDIA, BREDA<\/td><td class=\"column-4\">KONCERT PLENEROWY, 750 LAT MIASTA BREDA<\/td><td class=\"column-5\">R\u00d3\u017bNI KOMPOZYTORZY<\/td><td class=\"column-6\">KONCERT<\/td><td class=\"column-7\">KONCERT Alicji\u00a0 W\u0119gorzewskiej<\/td>\n<\/tr>\n<tr class=\"row-64\">\n\t<td class=\"column-1\">63<\/td><td class=\"column-2\">21 December 2002<\/td><td class=\"column-3\">\u0141\u00d3D\u0179, TEATR WIELKI<\/td><td class=\"column-4\">OPERA<\/td><td class=\"column-5\">G.BIZET<\/td><td class=\"column-6\">\u201eCARMEN\u201d, PARTIA: CARMEN<\/td><td class=\"column-7\">Alicja \u00a0 Whiskerd , Ernesto Grisales, Krzysztof Bednarek, Rafal Songan, Ch\u00f3r, Balet i Orkiestra Teatru Wielkiego w \u0141odzi p\/d L.Beikirchera<\/td>\n<\/tr>\n<tr class=\"row-65\">\n\t<td class=\"column-1\">64<\/td><td class=\"column-2\">5 January 2003<\/td><td class=\"column-3\">HOLANDIA, AMSTERDAM, KONZERTGEBAUM<\/td><td class=\"column-4\">KONCERT I TRANSMISJA LIVE W RADIO \u201eAURO\u201d<\/td><td class=\"column-5\">G.BIZET<\/td><td class=\"column-6\">\u201eCARMEN\u201d, PARTIA: CARMEN<\/td><td class=\"column-7\">Alicja Whiskerd \u2013 mezzosopran, Jaap Dielemann \u2013 fortepian<\/td>\n<\/tr>\n<tr class=\"row-66\">\n\t<td class=\"column-1\">65<\/td><td class=\"column-2\">6 January 2003<\/td><td class=\"column-3\">\u0141\u00d3D\u0179, TEATR WIELKI<\/td><td class=\"column-4\">OPERA<\/td><td class=\"column-5\">G.BIZET<\/td><td class=\"column-6\">\u201eCARMEN\u201d, PARTIA: CARMEN<\/td><td class=\"column-7\">Alicja \u00a0 Whiskerd , Ernesto Grisales, Krzysztof Bednarek, Rafal Songan, Ch\u00f3r, Balet i Orkiestra Teatru Wielkiego w \u0141odzi p\/d L.Beikirchera<\/td>\n<\/tr>\n<tr class=\"row-67\">\n\t<td class=\"column-1\">66<\/td><td class=\"column-2\">6 January 2003<\/td><td class=\"column-3\">HOLANDIA, ROTTERDAM, ROTTERDAMSE SCHOUWBURG<\/td><td class=\"column-4\">OPERA<\/td><td class=\"column-5\">G.BIZET<\/td><td class=\"column-6\">\u201eCARMEN\u201d, PARTIA: CARMEN<\/td><td class=\"column-7\">Alicja \u00a0 Whiskerd , Ernesto Grisales, Krzysztof Bednarek, Rafal Songan, Ch\u00f3r, Balet i Orkiestra Teatru Wielkiego w \u0141odzi p\/d L.Beikirchera<\/td>\n<\/tr>\n<tr class=\"row-68\">\n\t<td class=\"column-1\">67<\/td><td class=\"column-2\">8 January 2003<\/td><td class=\"column-3\">HOLANDIA, TILBURG, SCHOWBURG<\/td><td class=\"column-4\">OPERA<\/td><td class=\"column-5\">G.BIZET<\/td><td class=\"column-6\">\u201eCARMEN\u201d, PARTIA: CARMEN<\/td><td class=\"column-7\">Alicja \u00a0 Whiskerd , Ernesto Grisales, Krzysztof Bednarek, Rafal Songan, Ch\u00f3r, Balet i Orkiestra Teatru Wielkiego w \u0141odzi p\/d L.Beikirchera<\/td>\n<\/tr>\n<tr class=\"row-69\">\n\t<td class=\"column-1\">68<\/td><td class=\"column-2\">10 January 2003<\/td><td class=\"column-3\">HOLANDIA, HAGA, LUCENT, DANSTHEATER<\/td><td class=\"column-4\">OPERA<\/td><td class=\"column-5\">G.BIZET<\/td><td class=\"column-6\">\u201eCARMEN\u201d, PARTIA: CARMEN<\/td><td class=\"column-7\">Alicja \u00a0 Whiskerd , Ernesto Grisales, Krzysztof Bednarek, Rafal Songan, Ch\u00f3r, Balet i Orkiestra Teatru Wielkiego w \u0141odzi p\/d L.Beikirchera<\/td>\n<\/tr>\n<tr class=\"row-70\">\n\t<td class=\"column-1\">69<\/td><td class=\"column-2\">14 January 2003<\/td><td class=\"column-3\">HOLANDIA, EINDHOVEN, STADSSCHOWBURG<\/td><td class=\"column-4\">OPERA \u2013 TOURNEE TEATRU WIELKIEGO W \u0141ODZI<\/td><td class=\"column-5\">G.BIZET<\/td><td class=\"column-6\">\u201eCARMEN\u201d, PARTIA: CARMEN<\/td><td class=\"column-7\">Alicja \u00a0 Whiskerd , Ernesto Grisales, Krzysztof Bednarek, Rafal Songan, Ch\u00f3r, Balet i Orkiestra Teatru Wielkiego w \u0141odzi p\/d L.Beikirchera<\/td>\n<\/tr>\n<tr class=\"row-71\">\n\t<td class=\"column-1\">70<\/td><td class=\"column-2\">16 January 2003<\/td><td class=\"column-3\">JOLANDIA, HERLEEN, PARKSTAD LIMBURG THEATER<\/td><td class=\"column-4\">OPERA \u2013 TOURNEE TEATRU WIELKIEGO W \u0141ODZI<\/td><td class=\"column-5\">G.BIZET<\/td><td class=\"column-6\">\u201eCARMEN\u201d, PARTIA: CARMEN<\/td><td class=\"column-7\">Alicja \u00a0 Whiskerd , Ernesto Grisales, Krzysztof Bednarek, Rafal Songan, Ch\u00f3r, Balet i Orkiestra Teatru Wielkiego w \u0141odzi p\/d L.Beikirchera<\/td>\n<\/tr>\n<tr class=\"row-72\">\n\t<td class=\"column-1\">71<\/td><td class=\"column-2\">18 January 2003<\/td><td class=\"column-3\">HOLANDIA, ZOETERMEER, STADSTHEATER<\/td><td class=\"column-4\">OPERA \u2013 TOURNEE TEATRU WIELKIEGO W \u0141ODZI<\/td><td class=\"column-5\">G.BIZET<\/td><td class=\"column-6\">\u201eCARMEN\u201d, PARTIA: CARMEN<\/td><td class=\"column-7\">Alicja \u00a0 Whiskerd , Ernesto Grisales, Krzysztof Bednarek, Rafal Songan, Ch\u00f3r, Balet i Orkiestra Teatru Wielkiego w \u0141odzi p\/d L.Beikirchera<\/td>\n<\/tr>\n<tr class=\"row-73\">\n\t<td class=\"column-1\">72<\/td><td class=\"column-2\">20 January 2003<\/td><td class=\"column-3\">HOLANDIA, DOETINCHEM, SCHOWBURG AMPHION<\/td><td class=\"column-4\">OPERA \u2013 TOURNEE TEATRU WIELKIEGO W \u0141ODZI<\/td><td class=\"column-5\">G.BIZET<\/td><td class=\"column-6\">\u201eCARMEN\u201d, PARTIA: CARMEN<\/td><td class=\"column-7\">Alicja \u00a0 Whiskerd , Ernesto Grisales, Krzysztof Bednarek, Rafal Songan, Ch\u00f3r, Balet i Orkiestra Teatru Wielkiego w \u0141odzi p\/d L.Beikirchera<\/td>\n<\/tr>\n<tr class=\"row-74\">\n\t<td class=\"column-1\">73<\/td><td class=\"column-2\">22 January 2003<\/td><td class=\"column-3\">HOLANDIA, DEVENTER, DEVENTER SCHOWBURG<\/td><td class=\"column-4\">OPERA \u2013 TOURNEE TEATRU WIELKIEGO W \u0141ODZI<\/td><td class=\"column-5\">G.BIZET<\/td><td class=\"column-6\">\u201eCARMEN\u201d, PARTIA: CARMEN<\/td><td class=\"column-7\">Alicja \u00a0 Whiskerd , Ernesto Grisales, Krzysztof Bednarek, Rafal Songan, Ch\u00f3r, Balet i Orkiestra Teatru Wielkiego w \u0141odzi p\/d L.Beikirchera<\/td>\n<\/tr>\n<tr class=\"row-75\">\n\t<td class=\"column-1\">74<\/td><td class=\"column-2\">24 January 2003<\/td><td class=\"column-3\">HOLANDIA, SCHIEDAM, FORTIS THEATER AN DER SCHIE<\/td><td class=\"column-4\">OPERA \u2013 TOURNEE TEATRU WIELKIEGO W \u0141ODZI<\/td><td class=\"column-5\">G.BIZET<\/td><td class=\"column-6\">\u201eCARMEN\u201d, PARTIA: CARMEN<\/td><td class=\"column-7\">Alicja \u00a0 Whiskerd , Ernesto Grisales, Krzysztof Bednarek, Rafal Songan, Ch\u00f3r, Balet i Orkiestra Teatru Wielkiego w \u0141odzi p\/d L.Beikirchera<\/td>\n<\/tr>\n<tr class=\"row-76\">\n\t<td class=\"column-1\">75<\/td><td class=\"column-2\">26 January 2003<\/td><td class=\"column-3\">HOLANDIA, AMSTERDAM, DE MEERVAART<\/td><td class=\"column-4\">OPERA \u2013 TOURNEE TEATRU WIELKIEGO W \u0141ODZI<\/td><td class=\"column-5\">G.BIZET<\/td><td class=\"column-6\">\u201eCARMEN\u201d, PARTIA: CARMEN<\/td><td class=\"column-7\">Alicja \u00a0 Whiskerd , Ernesto Grisales, Krzysztof Bednarek, Rafal Songan, Ch\u00f3r, Balet i Orkiestra Teatru Wielkiego w \u0141odzi p\/d L.Beikirchera<\/td>\n<\/tr>\n<tr class=\"row-77\">\n\t<td class=\"column-1\">76<\/td><td class=\"column-2\">29 January 2003<\/td><td class=\"column-3\">HOLANDIA, VENLO, DE MAASPOORT<\/td><td class=\"column-4\">OPERA \u2013 TOURNEE TEATRU WIELKIEGO W \u0141ODZI<\/td><td class=\"column-5\">G.BIZET<\/td><td class=\"column-6\">\u201eCARMEN\u201d, PARTIA: CARMEN<\/td><td class=\"column-7\">Alicja \u00a0 Whiskerd , Ernesto Grisales, Krzysztof Bednarek, Rafal Songan, Ch\u00f3r, Balet i Orkiestra Teatru Wielkiego w \u0141odzi p\/d L.Beikirchera<\/td>\n<\/tr>\n<tr class=\"row-78\">\n\t<td class=\"column-1\">77<\/td><td class=\"column-2\">31 January 2003<\/td><td class=\"column-3\">HOLANDIA, BREDA, CHASSE THEATER<\/td><td class=\"column-4\">OPERA \u2013 TOURNEE TEATRU WIELKIEGO W \u0141ODZI<\/td><td class=\"column-5\">G.BIZET<\/td><td class=\"column-6\">\u201eCARMEN\u201d, PARTIA: CARMEN<\/td><td class=\"column-7\">Alicja \u00a0 Whiskerd , Ernesto Grisales, Krzysztof Bednarek, Rafal Songan, Ch\u00f3r, Balet i Orkiestra Teatru Wielkiego w \u0141odzi p\/d L.Beikirchera<\/td>\n<\/tr>\n<tr class=\"row-79\">\n\t<td class=\"column-1\">78<\/td><td class=\"column-2\">17 March 2003<\/td><td class=\"column-3\">SZCZECIN, ZAMEK KSI\u0104\u017b\u0104T POMORSKICH<\/td><td class=\"column-4\">KONCERT<\/td><td class=\"column-5\">F.CILEA<\/td><td class=\"column-6\">\u201eS\u0141YNNE ARIE OPEROWE\u201d<\/td><td class=\"column-7\">Alicja W\u0119gorzewska \u2013 mezzosopran,\u00a0 Orkiestra Filharmonii Szczeci\u0144skiej p\/d J.Kraszewskiego<\/td>\n<\/tr>\n<tr class=\"row-80\">\n\t<td class=\"column-1\">79<\/td><td class=\"column-2\">2 May 2003<\/td><td class=\"column-3\">BERLIN, KONZERTHAUS<\/td><td class=\"column-4\">KONCERT<\/td><td class=\"column-5\">R\u00d3\u017bNI KOMPOZYTORZY<\/td><td class=\"column-6\">ENSEMBLE MODERN, FESTAKT \u201e100 JAHRE GEMA\u201d<\/td><td class=\"column-7\">Cordula Berner,\u00a0 Alicja W\u0119gorzewska \u2013 Whiskerd , Carolin Masur, Julia Rempe, M.Stenz \u2013 dyrygent<\/td>\n<\/tr>\n<tr class=\"row-81\">\n\t<td class=\"column-1\">80<\/td><td class=\"column-2\">16 August 2003<\/td><td class=\"column-3\">SZCZECIN, ZAMEK KSI\u0104\u017b\u0104T POMORSKICH<\/td><td class=\"column-4\">KONCERT OPERETKOWY W RAMACH MISTRZOWSKIEGO LETNIEGO KURSU OPERETKOWEGO<\/td><td class=\"column-5\">R.STOLZ<\/td><td class=\"column-6\">\u201eCZAR CYGANERII\u201d<\/td><td class=\"column-7\">Pie\u015b\u0144 \u201eIch liebe dich\u201d \u2013\u00a0 Alicja W\u0119gorzewska<\/td>\n<\/tr>\n<tr class=\"row-82\">\n\t<td class=\"column-1\">81<\/td><td class=\"column-2\">18 October 2003<\/td><td class=\"column-3\">SZCZECIN, ZAMEK KSI\u0104\u017b\u0104T POMORSKICH<\/td><td class=\"column-4\">KONCERT<\/td><td class=\"column-5\">R\u00d3\u017bNI KOMPOZYTORZY<\/td><td class=\"column-6\">KONCERT NA XXV-LECIE PONTYFIKATU JANA PAW\u0141A II<\/td><td class=\"column-7\">Pawe\u0142 Osuchowski \u2013 dyrygenci, Agnieszka Maciejewska,\u00a0 Alicja W\u0119gorzewska , Wojciech Maciejowski, Jaros\u0142aw Br\u0119k, Orkiestra Symfoniczna Filharmonii Szczeci\u0144skiej p\/d E.Kusa<\/td>\n<\/tr>\n<tr class=\"row-83\">\n\t<td class=\"column-1\">82<\/td><td class=\"column-2\">6 December 2003<\/td><td class=\"column-3\">SHANGHAI SHANGRI-LA GRAND BALLROOM<\/td><td class=\"column-4\">KONCERT<\/td><td class=\"column-5\">J.OFFENBACH, G.BIZET<\/td><td class=\"column-6\">\u201eOPOWIE\u015aCI HOFFMANA\u201d, \u201eBARCAROLA\u201d, \u201eCARMEN\u201d<\/td><td class=\"column-7\">Opera House Troup, Dariusz Machej, Lea Woods Friedman,\u00a0 Alicja \u00a0 Whiskerd , Wei Song, K. Ole\u015b-Blacha, Wan Hong Yao, R. Karczykowski, J.Tylkowska<\/td>\n<\/tr>\n<tr class=\"row-84\">\n\t<td class=\"column-1\">83<\/td><td class=\"column-2\">7 December 2003<\/td><td class=\"column-3\">SHANGHAI SHANGRI-LA GRAND BALLROOM<\/td><td class=\"column-4\">KONCERT<\/td><td class=\"column-5\">J.OFFENBACH, G.BIZET<\/td><td class=\"column-6\">\u201eOPOWIE\u015aCI HOFFMANA\u201d, \u201eBARCAROLA\u201d, \u201eCARMEN\u201d<\/td><td class=\"column-7\">Opera House Troup, Dariusz Machej, Lea Woods Friedman,\u00a0 Alicja \u00a0 Whiskerd , Wei Song, K. Ole\u015b-Blacha, Wan Hong Yao, R. Karczykowski, J.Tylkowska<\/td>\n<\/tr>\n<tr class=\"row-85\">\n\t<td class=\"column-1\">84<\/td><td class=\"column-2\">11 December 2003<\/td><td class=\"column-3\">WARSZAWA, STUDIO POLSKIEGO RADIA S1<\/td><td class=\"column-4\">KONCERT<\/td><td class=\"column-5\">F.SCHUBERT, C.SAINT-SAENS<\/td><td class=\"column-6\">PIE\u015aNI, \u201ePSTR\u0104G\u201d- FANTAZJA, ARIA DALILI<\/td><td class=\"column-7\">Stanis\u0142aw Soyka, Andrzej Jagodzi\u0144ski,\u00a0 Alicja W\u0119gorzewska , Adam Klocek, Kwartet Tytusa Wojnowicza-Arundo<\/td>\n<\/tr>\n<tr class=\"row-86\">\n\t<td class=\"column-1\">85<\/td><td class=\"column-2\">23 January 2004<\/td><td class=\"column-3\">WA\u0141BRZYCH, SALA FILHARMONII SUDECKIEJ<\/td><td class=\"column-4\">KONCERT<\/td><td class=\"column-5\">R\u00d3\u017bNI KOMPOZYTORZY<\/td><td class=\"column-6\">KONCERT SYMFONICZNY<\/td><td class=\"column-7\">ARIE OPEROWE \u2013 Orkiestra Symfoniczna Filharmonii Sudeckiej, Brian L. Hughes \u2013 dyrygent,\u00a0 Alicja W\u0119gorzewska \u00a0\u2013 mezzosopran<\/td>\n<\/tr>\n<tr class=\"row-87\">\n\t<td class=\"column-1\">86<\/td><td class=\"column-2\">8 February 2004<\/td><td class=\"column-3\">KRAK\u00d3W,OPERA KRAKOWSKA<\/td><td class=\"column-4\">OPERA<\/td><td class=\"column-5\">B.BRITTEN<\/td><td class=\"column-6\">\u201cGWA\u0141T NA LUKRECJI\u201d, PARTIA: LUKRECJA, PARTIA: LUKRECJA<\/td><td class=\"column-7\">Alicja W\u0119gorzewska \u2013 Whiskerd \u00a0\u2013 Lukrecja, El\u017cbieta Janus\/Bo\u017cena Zawi\u015blak-Dolny \u2013 Bianka, Dorota Mentel\/Katarzyna Ole\u015b-Blacha \u2013 Lucia, Mariusz Godlewski\/Grzegorz Pazik \u2013 Tarquinus, Zbigniew Grygielski\/Jacek Ozimkowski \u2013 Collatinus, W\u0142odzimierz Skalski\/Krzysztof Witkowski \u2013 Junius, Magdalena Barylak\/Ma\u0142gorzata Kne\u0107-Ajdukiewicz \u2013 Ch\u00f3r \u017be\u0144ski, Mariusz Koluch\/Jaros\u0142aw Nowaczek \u2013 Ch\u00f3r M\u0119ski, justyna Cynk, Martyna Szyszka, Dariusz Bojek, Tomasz Szaro \u2013 Markietantki, Markietani, Orkiestra Opery Krakowskiej p\/d P.Su\u0142kowskiego<\/td>\n<\/tr>\n<tr class=\"row-88\">\n\t<td class=\"column-1\">87<\/td><td class=\"column-2\">15 February 2004<\/td><td class=\"column-3\">KRAK\u00d3W,OPERA KRAKOWSKA<\/td><td class=\"column-4\">OPERA<\/td><td class=\"column-5\">B.BRITTEN<\/td><td class=\"column-6\">\u201cGWA\u0141T NA LUKRECJI\u201d, PARTIA: LUKRECJA, PARTIA: LUKRECJA<\/td><td class=\"column-7\">Alicja W\u0119gorzewska \u2013 Whiskerd \u00a0\u2013 Lukrecja, El\u017cbieta Janus\/Bo\u017cena Zawi\u015blak-Dolny \u2013 Bianka, Dorota Mentel\/Katarzyna Ole\u015b-Blacha \u2013 Lucia, Mariusz Godlewski\/Grzegorz Pazik \u2013 Tarquinus, Zbigniew Grygielski\/Jacek Ozimkowski \u2013 Collatinus, W\u0142odzimierz Skalski\/Krzysztof Witkowski \u2013 Junius, Magdalena Barylak\/Ma\u0142gorzata Kne\u0107-Ajdukiewicz \u2013 Ch\u00f3r \u017be\u0144ski, Mariusz Koluch\/Jaros\u0142aw Nowaczek \u2013 Ch\u00f3r M\u0119ski, justyna Cynk, Martyna Szyszka, Dariusz Bojek, Tomasz Szaro \u2013 Markietantki, Markietani, Orkiestra Opery Krakowskiej p\/d P.Su\u0142kowskiego<\/td>\n<\/tr>\n<tr class=\"row-89\">\n\t<td class=\"column-1\">88<\/td><td class=\"column-2\">6 April 2004<\/td><td class=\"column-3\">POZNA\u0143, TEATR WIELKI, PALARNIA<\/td><td class=\"column-4\">KONCERT<\/td><td class=\"column-5\">A.LORTZING, A.DARGOMY\u017bSKI, A.DVORAK, W.\u017bELE\u0143SKI<\/td><td class=\"column-6\">\u201eO \u015aWITEZIANKACH, NIMFACH I INNYCH DUCHACH WODNYCH\u201d<\/td><td class=\"column-7\">Izabella Jaszczult-Kraszewska \u2013 sopran, Ma\u0142gorzata Pa\u0144ko \u2013 mezzosopran,\u00a0 Alicja W\u0119gorzewska \u2013 Whiskerd \u00a0\u2013 mezzosopran, Marek Kalbus \u2013 bas, Alexander Nicolic \u2013 tenor, Michael Mulle-Deeken \u2013 baryton, Mariusz Rutkowski- fortepian<\/td>\n<\/tr>\n<tr class=\"row-90\">\n\t<td class=\"column-1\">89<\/td><td class=\"column-2\">25 April 2004<\/td><td class=\"column-3\">KRAK\u00d3W,OPERA KRAKOWSKA<\/td><td class=\"column-4\">OPERA<\/td><td class=\"column-5\">B.BRITTEN<\/td><td class=\"column-6\">\u201cGWA\u0141T NA LUKRECJI\u201d, PARTIA: LUKRECJA, PARTIA: LUKRECJA<\/td><td class=\"column-7\">Alicja W\u0119gorzewska \u2013 Whiskerd \u00a0\u2013 Lukrecja, El\u017cbieta Janus\/Bo\u017cena Zawi\u015blak-Dolny \u2013 Bianka, Dorota Mentel\/Katarzyna Ole\u015b-Blacha \u2013 Lucia, Mariusz Godlewski\/Grzegorz Pazik \u2013 Tarquinus, Zbigniew Grygielski\/Jacek Ozimkowski \u2013 Collatinus, W\u0142odzimierz Skalski\/Krzysztof Witkowski \u2013 Junius, Magdalena Barylak\/Ma\u0142gorzata Kne\u0107-Ajdukiewicz \u2013 Ch\u00f3r \u017be\u0144ski, Mariusz Koluch\/Jaros\u0142aw Nowaczek \u2013 Ch\u00f3r M\u0119ski, justyna Cynk, Martyna Szyszka, Dariusz Bojek, Tomasz Szaro \u2013 Markietantki, Markietani, Orkiestra Opery Krakowskiej p\/d P.Su\u0142kowskiego<\/td>\n<\/tr>\n<tr class=\"row-91\">\n\t<td class=\"column-1\">90<\/td><td class=\"column-2\">4 May 2004<\/td><td class=\"column-3\">BYDGOSZCZ, OPERA NOVA<\/td><td class=\"column-4\">OPERA<\/td><td class=\"column-5\">B.BRITTEN<\/td><td class=\"column-6\">\u201cGWA\u0141T NA LUKRECJI\u201d, PARTIA: LUKRECJA, PARTIA: LUKRECJA<\/td><td class=\"column-7\">Alicja W\u0119gorzewska \u2013 Whiskerd \u00a0\u2013 Lukrecja, El\u017cbieta Janus\/Bo\u017cena Zawi\u015blak-Dolny \u2013 Bianka, Dorota Mentel\/Katarzyna Ole\u015b-Blacha \u2013 Lucia, Mariusz Godlewski\/Grzegorz Pazik \u2013 Tarquinus, Zbigniew Grygielski\/Jacek Ozimkowski \u2013 Collatinus, W\u0142odzimierz Skalski\/Krzysztof Witkowski \u2013 Junius, Magdalena Barylak\/Ma\u0142gorzata Kne\u0107-Ajdukiewicz \u2013 Ch\u00f3r \u017be\u0144ski, Mariusz Koluch\/Jaros\u0142aw Nowaczek \u2013 Ch\u00f3r M\u0119ski, justyna Cynk, Martyna Szyszka, Dariusz Bojek, Tomasz Szaro \u2013 Markietantki, Markietani, Orkiestra Opery Krakowskiej p\/d P.Su\u0142kowskiego<\/td>\n<\/tr>\n<tr class=\"row-92\">\n\t<td class=\"column-1\">91<\/td><td class=\"column-2\">7 May 2004<\/td><td class=\"column-3\">KRAK\u00d3W,OPERA KRAKOWSKA<\/td><td class=\"column-4\">OPERA \u2013 WYST\u0118P GO\u015aCINNY NA BYDGOSKIM FESTIWALU OPEROWYM<\/td><td class=\"column-5\">B.BRITTEN<\/td><td class=\"column-6\">\u201cGWA\u0141T NA LUKRECJI\u201d, PARTIA: LUKRECJA, PARTIA: LUKRECJA<\/td><td class=\"column-7\">Alicja W\u0119gorzewska \u2013 Whiskerd \u00a0\u2013 Lukrecja, El\u017cbieta Janus\/Bo\u017cena Zawi\u015blak-Dolny \u2013 Bianka, Dorota Mentel\/Katarzyna Ole\u015b-Blacha \u2013 Lucia, Mariusz Godlewski\/Grzegorz Pazik \u2013 Tarquinus, Zbigniew Grygielski\/Jacek Ozimkowski \u2013 Collatinus, W\u0142odzimierz Skalski\/Krzysztof Witkowski \u2013 Junius, Magdalena Barylak\/Ma\u0142gorzata Kne\u0107-Ajdukiewicz \u2013 Ch\u00f3r \u017be\u0144ski, Mariusz Koluch\/Jaros\u0142aw Nowaczek \u2013 Ch\u00f3r M\u0119ski, justyna Cynk, Martyna Szyszka, Dariusz Bojek, Tomasz Szaro \u2013 Markietantki, Markietani, Orkiestra Opery Krakowskiej p\/d P.Su\u0142kowskiego<\/td>\n<\/tr>\n<tr class=\"row-93\">\n\t<td class=\"column-1\">92<\/td><td class=\"column-2\">31 May 2004<\/td><td class=\"column-3\">KRAK\u00d3W,OPERA KRAKOWSKA, FESTIWAL DOTKNI\u0118CIE \u017bYWIO\u0141\u00d3W<\/td><td class=\"column-4\">OPERA<\/td><td class=\"column-5\">CH.W.GLUCK<\/td><td class=\"column-6\">\u201cORFEUSZ I EURYDYKA\u201d, PARTIA: ORFEUSZ , PARTIA: ORFEUSZ<\/td><td class=\"column-7\">Alicja W\u0119gorzewska \u2013 Whiskerd \u00a0\u2013 Orfeusz, Joanna Tylkowska \u2013 Eurydyka, Kataryzna Ole\u015b-Blacha, Zesp\u00f3\u0142 Else-Klink ze Stuttgartu, Ch\u00f3r i Orkiestra Opery Krakowskiej p\/d Cornelii von Kerssenbrock<\/td>\n<\/tr>\n<tr class=\"row-94\">\n\t<td class=\"column-1\">93<\/td><td class=\"column-2\">3 June 2004<\/td><td class=\"column-3\">WARSZAWA, PA\u0141AC PREZYDENCKI<\/td><td class=\"column-4\">KONCERT<\/td><td class=\"column-5\">W.LUTOS\u0141AWSKI \u201eDERWID\u201d<\/td><td class=\"column-6\">KONCERT Z OKAZJI WR\u0118CZENIA NAGRODY IM. ANDRZEJA DRAWICZA<\/td><td class=\"column-7\">Ania D\u0105browska, Ewelina Flinta, Jacek Kotlarski, Janusz Radek,\u00a0 Alicja W\u0119gorzewska \u2013 Whiskerd , Krzysztof Herdzin<\/td>\n<\/tr>\n<tr class=\"row-95\">\n\t<td class=\"column-1\">94<\/td><td class=\"column-2\">5 June 2004<\/td><td class=\"column-3\">KRAK\u00d3W,OPERA KRAKOWSKA<\/td><td class=\"column-4\">OPERA<\/td><td class=\"column-5\">CH.W.GLUCK<\/td><td class=\"column-6\">\u201cORFEUSZ I EURYDYKA\u201d, PARTIA: ORFEUSZ<\/td><td class=\"column-7\">Alicja W\u0119gorzewska \u2013 Whiskerd \u00a0\u2013 Orfeusz, Joanna Tylkowska \u2013 Eurydyka, Kataryzna Ole\u015b-Blacha, Zesp\u00f3\u0142 Else-Klink ze Stuttgartu, Ch\u00f3r i Orkiestra Opery Krakowskiej p\/d Cornelii von Kerssenbrock<\/td>\n<\/tr>\n<tr class=\"row-96\">\n\t<td class=\"column-1\">95<\/td><td class=\"column-2\">13 June 2004<\/td><td class=\"column-3\">KRAK\u00d3W,OPERA KRAKOWSKA<\/td><td class=\"column-4\">OPERA<\/td><td class=\"column-5\">B.BRITTEN<\/td><td class=\"column-6\">\u201cGWA\u0141T NA LUKRECJI\u201d, PARTIA: LUKRECJA, PARTIA:LUKRECJA<\/td><td class=\"column-7\">Alicja W\u0119gorzewska \u2013 Whiskerd \u00a0\u2013 Lukrecja, El\u017cbieta Janus\/Bo\u017cena Zawi\u015blak-Dolny \u2013 Bianka, Dorota Mentel\/Katarzyna Ole\u015b-Blacha \u2013 Lucia, Mariusz Godlewski\/Grzegorz Pazik \u2013 Tarquinus, Zbigniew Grygielski\/Jacek Ozimkowski \u2013 Collatinus, W\u0142odzimierz Skalski\/Krzysztof Witkowski \u2013 Junius, Magdalena Barylak\/Ma\u0142gorzata Kne\u0107-Ajdukiewicz \u2013 Ch\u00f3r \u017be\u0144ski, Mariusz Koluch\/Jaros\u0142aw Nowaczek \u2013 Ch\u00f3r M\u0119ski, justyna Cynk, Martyna Szyszka, Dariusz Bojek, Tomasz Szaro \u2013 Markietantki, Markietani, Orkiestra Opery Krakowskiej p\/d P.Su\u0142kowskiego<\/td>\n<\/tr>\n<tr class=\"row-97\">\n\t<td class=\"column-1\">96<\/td><td class=\"column-2\">14 June 2004<\/td><td class=\"column-3\">KRAK\u00d3W,OPERA KRAKOWSKA<\/td><td class=\"column-4\">OPERA<\/td><td class=\"column-5\">B.BRITTEN<\/td><td class=\"column-6\">\u201cGWA\u0141T NA LUKRECJI\u201d, PARTIA: LUKRECJA, PARTIA:LUKRECJA<\/td><td class=\"column-7\">Alicja W\u0119gorzewska \u2013 Whiskerd \u00a0\u2013 Lukrecja, El\u017cbieta Janus\/Bo\u017cena Zawi\u015blak-Dolny \u2013 Bianka, Dorota Mentel\/Katarzyna Ole\u015b-Blacha \u2013 Lucia, Mariusz Godlewski\/Grzegorz Pazik \u2013 Tarquinus, Zbigniew Grygielski\/Jacek Ozimkowski \u2013 Collatinus, W\u0142odzimierz Skalski\/Krzysztof Witkowski \u2013 Junius, Magdalena Barylak\/Ma\u0142gorzata Kne\u0107-Ajdukiewicz \u2013 Ch\u00f3r \u017be\u0144ski, Mariusz Koluch\/Jaros\u0142aw Nowaczek \u2013 Ch\u00f3r M\u0119ski, justyna Cynk, Martyna Szyszka, Dariusz Bojek, Tomasz Szaro \u2013 Markietantki, Markietani, Orkiestra Opery Krakowskiej p\/d P.Su\u0142kowskiego<\/td>\n<\/tr>\n<tr class=\"row-98\">\n\t<td class=\"column-1\">97<\/td><td class=\"column-2\">29 August 2004<\/td><td class=\"column-3\">SZCZECIN, ZAMEK KSI\u0104\u017b\u0104T POMORSKICH<\/td><td class=\"column-4\">KONCERT<\/td><td class=\"column-5\">A.DWORZAK, G.VERDI, P.CZAJKOWSKI, G.PUCCINI, G.DONIZETTI, V.BELLINIE, J.OFFENBACH<\/td><td class=\"column-6\">\u201eS\u0141YNNE ARIE OPEROWE\u201d<\/td><td class=\"column-7\">Uczestnicy Letniego Mistrzowskiego Kursu Operowego p\/k prof.. Ryszarda Karczykowskiego, Orkiestra Filharmonii Szczeci\u0144skiej p\/d Zygmunta Rycherta<\/td>\n<\/tr>\n<tr class=\"row-99\">\n\t<td class=\"column-1\">98<\/td><td class=\"column-2\">21 October 2004<\/td><td class=\"column-3\">KRAK\u00d3W,OPERA KRAKOWSKA<\/td><td class=\"column-4\">OPERA<\/td><td class=\"column-5\">CH.W.GLUCK<\/td><td class=\"column-6\">\u201cORFEUSZ I EURYDYKA\u201d, PARTIA: ORFEUSZ, PARTIA: ORFEUSZ<\/td><td class=\"column-7\">W\u0142odzimierz Nurkowski \u2013 re\u017cyseria, scenografia i kostiumy,\u00a0 Alicja W\u0119gorzewska \u00a0\u2013\u00a0 Whiskerd \u00a0\u2013 Orfeusz, Joanna Tylkowska \u2013 Eurydyka, Katarzyna Ole\u015b \u2013 Blacha \u2013 Amor, Orkiestra, Ch\u00f3r i Balet Opery Krakowskiej p\/d P.Su\u0142kowskiego<\/td>\n<\/tr>\n<tr class=\"row-100\">\n\t<td class=\"column-1\">99<\/td><td class=\"column-2\">7 November 2004<\/td><td class=\"column-3\">KRAK\u00d3W, FILHARMONIA KRAKOWSKA<\/td><td class=\"column-4\">KONCERT GO\u015aCINNY, I OG\u00d3LNOPOLSKI FESTIWAL WYKONAWSTWA MUZYKI OPERETKOWEJ I MUSICALOWEJ IM. IWONY BOROWICKIEJ<\/td><td class=\"column-5\">R\u00d3\u017bNI KOMPOZYTORZY<\/td><td class=\"column-6\"><\/td><td class=\"column-7\">Alicja W\u0119gorzewska<\/td>\n<\/tr>\n<tr class=\"row-101\">\n\t<td class=\"column-1\">100<\/td><td class=\"column-2\">7 November 2004<\/td><td class=\"column-3\">I OG\u00d3LNOPOLSKI FESTIWAL WYKONAWSTWA MUZYKI OPERETKOWEJ I MUSICALOWEJ IM. IWONY BOROWICKIEJ<\/td><td class=\"column-4\">KRAK\u00d3W, FILHARMONIA KRAKOWSKA<\/td><td class=\"column-5\">JUROR<\/td><td class=\"column-6\"><\/td><td class=\"column-7\"><\/td>\n<\/tr>\n<tr class=\"row-102\">\n\t<td class=\"column-1\">101<\/td><td class=\"column-2\">14 December 2004<\/td><td class=\"column-3\">WARSZAWA, OPERA NARODOWA, SALA MONIUSZKI<\/td><td class=\"column-4\">OPERA<\/td><td class=\"column-5\">P.CZAJKOWSKI<\/td><td class=\"column-6\">\u201cDAMA PIKOWA\u201d, PARTIA: HRABINA, PARTIA: HRABINA<\/td><td class=\"column-7\">Krzysztof Bednarek, Zbigniew Macias, Artur Ruci\u0144ski, Ryszard Minkiewicz, Piotr Nowacki, Jacek Parol, Ryszard Morka, Ryszard Wr\u00f3blewski, Alicja W\u0119gorzewska-Whiskerd, Magdalena Idzik, Monika Ledzion, Lada Biriucov, Jeanette Bo\u017ca\u0142ek, Katarzyna Trylnik, Ch\u00f3r, Balet i Orkiestra Teatru Wielkiego \u2013 Opery Narodowej p\/d K.Korda, Mariusz Treli\u0144ski \u2013 re\u017cyseria<\/td>\n<\/tr>\n<tr class=\"row-103\">\n\t<td class=\"column-1\">102<\/td><td class=\"column-2\">4 January 2005<\/td><td class=\"column-3\">WARSZAWA, OPERA NARODOWA<\/td><td class=\"column-4\">OPERA<\/td><td class=\"column-5\">P.CZAJKOWSKI<\/td><td class=\"column-6\">\u201cDAMA PIKOWA\u201d, PARTIA: HRABINA<\/td><td class=\"column-7\">Krzysztof Bednarek, Zbigniew Macias, Artur Ruci\u0144ski, Ryszard Minkiewicz, Piotr Nowacki, Jacek Parol, Ryszard Morka, Ryszard Wr\u00f3blewski, Alicja W\u0119gorzewska-Whiskerd, Magdalena Idzik, Monika Ledzion, Lada Biriucov, Jeanette Bo\u017ca\u0142ek, Katarzyna Trylnik, Ch\u00f3r, Balet i Orkiestra Teatru Wielkiego \u2013 Opery Narodowej p\/d K.Korda, Mariusz Treli\u0144ski \u2013 re\u017cyseria<\/td>\n<\/tr>\n<tr class=\"row-104\">\n\t<td class=\"column-1\">103<\/td><td class=\"column-2\">15 January 2005<\/td><td class=\"column-3\">WARSZAWA, OPERA NARODOWA, SALA MONIUSZKI<\/td><td class=\"column-4\">OPERA<\/td><td class=\"column-5\">P.CZAJKOWSKI<\/td><td class=\"column-6\">\u201cDAMA PIKOWA\u201d, PARTIA: HRABINA<\/td><td class=\"column-7\">Krzysztof Bednarek, Zbigniew Macias, Artur Ruci\u0144ski, Ryszard Minkiewicz, Piotr Nowacki, Jacek Parol, Ryszard Morka, Ryszard Wr\u00f3blewski, Alicja W\u0119gorzewska-Whiskerd, Magdalena Idzik, Monika Ledzion, Lada Biriucov, Jeanette Bo\u017ca\u0142ek, Katarzyna Trylnik , Mariusz Treli\u0144ski \u2013 re\u017cyseria Ch\u00f3r, Balet i Orkiestra Teatru Wielkiego \u2013 Opery Narodowej p\/ K.Korda<\/td>\n<\/tr>\n<tr class=\"row-105\">\n\t<td class=\"column-1\">104<\/td><td class=\"column-2\">17 January 2005<\/td><td class=\"column-3\">KRAK\u00d3W,OPERA KRAKOWSKA<\/td><td class=\"column-4\">OPERA<\/td><td class=\"column-5\">CH.W.GLUCK<\/td><td class=\"column-6\">\u201cORFEUSZ I EURYDYKA\u201d, PARTIA: ORFEUSZ<\/td><td class=\"column-7\">W\u0142odzimierz Nurkowski \u2013 re\u017cyseria, scenografia i kostiumy,\u00a0 Alicja W\u0119gorzewska \u00a0\u2013\u00a0 Whiskerd \u00a0\u2013 Orfeusz, Joanna Tylkowska \u2013 Eurydyka, Katarzyna Ole\u015b \u2013 Blacha \u2013 Amor, Orkiestra, Ch\u00f3r i Balet Opery Krakowskiej p\/d P.Su\u0142kowskiego<\/td>\n<\/tr>\n<tr class=\"row-106\">\n\t<td class=\"column-1\">105<\/td><td class=\"column-2\">6 February 2005<\/td><td class=\"column-3\">KRAK\u00d3W,OPERA KRAKOWSKA<\/td><td class=\"column-4\">OPERA<\/td><td class=\"column-5\">B.BRITTEN<\/td><td class=\"column-6\">\u201cGWA\u0141T NA LUKRECJI\u201d, PARTIA: LUKRECJA<\/td><td class=\"column-7\">Alicja W\u0119gorzewska \u2013 Whiskerd \u00a0\u2013 Lukrecja, El\u017cbieta Janus\/Bo\u017cena Zawi\u015blak-Dolny \u2013 Bianka, Dorota Mentel\/Katarzyna Ole\u015b-Blacha \u2013 Lucia, Mariusz Godlewski\/Grzegorz Pazik \u2013 Tarquinus, Zbigniew Grygielski\/Jacek Ozimkowski \u2013 Collatinus, W\u0142odzimierz Skalski\/Krzysztof Witkowski \u2013 Junius, Magdalena Barylak\/Ma\u0142gorzata Kne\u0107-Ajdukiewicz \u2013 Ch\u00f3r \u017be\u0144ski, Mariusz Koluch\/Jaros\u0142aw Nowaczek \u2013 Ch\u00f3r M\u0119ski, justyna Cynk, Martyna Szyszka, Dariusz Bojek, Tomasz Szaro \u2013 Markietantki, Markietani, Orkiestra Opery Krakowskiej p\/d P. Su\u0142kowskiego<\/td>\n<\/tr>\n<tr class=\"row-107\">\n\t<td class=\"column-1\">106<\/td><td class=\"column-2\">14 February 2005<\/td><td class=\"column-3\">WARSZAWA, SALA KONCERTOWA FILHARMONII NARODOWEJ<\/td><td class=\"column-4\">KONCERT<\/td><td class=\"column-5\">M.BANASIK \u2013 8 PIE\u015aNI DO S\u0141\u00d3W H.PO\u015aWIATOWSKIEJ<\/td><td class=\"column-6\">XI FORUM LUTOS\u0141AWSKIEGO, MI\u0118DZYNARODOWY KONKURS KOMPOZYTORSKI LUTOS\u0141AWSKI AWARD 2004<\/td><td class=\"column-7\">Kwartet im. Rubinsteina,\u00a0 Alicja W\u0119gorzewska \u2013 Whiskerd \u00a0\u2013 mezzosopran, Mariusz Rutkowski \u2013 fortepian<\/td>\n<\/tr>\n<tr class=\"row-108\">\n\t<td class=\"column-1\">107<\/td><td class=\"column-2\">14 February 2005<\/td><td class=\"column-3\">KRAK\u00d3W,OPERA KRAKOWSKA<\/td><td class=\"column-4\">OPERA<\/td><td class=\"column-5\">B.BRITTEN<\/td><td class=\"column-6\">\u201cGWA\u0141T NA LUKRECJI\u201d, PARTIA: LUKRECJA<\/td><td class=\"column-7\">Alicja W\u0119gorzewska \u2013 Whiskerd \u00a0\u2013 Lukrecja, El\u017cbieta Janus\/Bo\u017cena Zawi\u015blak-Dolny \u2013 Bianka, Dorota Mentel\/Katarzyna Ole\u015b-Blacha \u2013 Lucia, Mariusz Godlewski\/Grzegorz Pazik \u2013 Tarquinus, Zbigniew Grygielski\/Jacek Ozimkowski \u2013 Collatinus, W\u0142odzimierz Skalski\/Krzysztof Witkowski \u2013 Junius, Magdalena Barylak\/Ma\u0142gorzata Kne\u0107-Ajdukiewicz \u2013 Ch\u00f3r \u017be\u0144ski, Mariusz Koluch\/Jaros\u0142aw Nowaczek \u2013 Ch\u00f3r M\u0119ski, justyna Cynk, Martyna Szyszka, Dariusz Bojek, Tomasz Szaro \u2013 Markietantki, Markietani, Orkiestra Opery Krakowskiej p\/d P.Su\u0142kowskiego<\/td>\n<\/tr>\n<tr class=\"row-109\">\n\t<td class=\"column-1\">108<\/td><td class=\"column-2\">26 February 2005<\/td><td class=\"column-3\">WARSZAWA, OPERA NARODOWA, SALA MONIUSZKI<\/td><td class=\"column-4\">OPERA<\/td><td class=\"column-5\">P.CZAJKOWSKI<\/td><td class=\"column-6\">\u201cDAMA PIKOWA\u201d, PARTIA: HRABINA<\/td><td class=\"column-7\">Treli\u0144ski\/Kudlicka, Tes\u0142awska, Grabarczyk\/Weso\u0142owski, W\u0119gorzewska- Whiskerd , Bednarek, Biriucov, Ruci\u0144ski, Zalasi\u0144ski, Lendzion, Idzik, Bo\u017ca\u0142ek, Trylnik, Minkiewicz, Nowacki, Barti\u0144ski, R.Morka, Wr\u00f3blewski, Orkiestra Opery Narodowej p\/d P.Su\u0142kowskiego<\/td>\n<\/tr>\n<tr class=\"row-110\">\n\t<td class=\"column-1\">109<\/td><td class=\"column-2\">6 March 2005<\/td><td class=\"column-3\">KRAK\u00d3W,OPERA KRAKOWSKA<\/td><td class=\"column-4\">OPERA<\/td><td class=\"column-5\">CH.W.GLUCK<\/td><td class=\"column-6\">\u201cORFEUSZ I EURYDYKA\u201d, PARTIA: ORFEUSZ<\/td><td class=\"column-7\">W\u0142odzimierz Nurkowski \u2013 re\u017cyseria, scenografia i kostiumy,\u00a0 Alicja W\u0119gorzewska \u00a0\u2013\u00a0 Whiskerd \u00a0\u2013 Orfeusz, Joanna Tylkowska \u2013 Eurydyka, Katarzyna Ole\u015b \u2013 Blacha \u2013 Amor, Orkiestra, Ch\u00f3r i Balet Opery Krakowskiej p\/d P.Su\u0142kowskiego<\/td>\n<\/tr>\n<tr class=\"row-111\">\n\t<td class=\"column-1\">110<\/td><td class=\"column-2\">7 March 2005<\/td><td class=\"column-3\">KRAK\u00d3W,OPERA KRAKOWSKA<\/td><td class=\"column-4\">OPERA<\/td><td class=\"column-5\">CH.W.GLUCK<\/td><td class=\"column-6\">\u201cORFEUSZ I EURYDYKA\u201d, PARTIA: ORFEUSZ<\/td><td class=\"column-7\">W\u0142odzimierz Nurkowski \u2013 re\u017cyseria, scenografia i kostiumy,\u00a0 Alicja W\u0119gorzewska \u00a0\u2013\u00a0 Whiskerd \u00a0\u2013 Orfeusz, Joanna Tylkowska \u2013 Eurydyka, Katarzyna Ole\u015b \u2013 Blacha \u2013 Amor, Orkiestra, Ch\u00f3r i Balet Opery Krakowskiej p\/d P.Su\u0142kowskiego<\/td>\n<\/tr>\n<tr class=\"row-112\">\n\t<td class=\"column-1\">111<\/td><td class=\"column-2\">14 March 2005<\/td><td class=\"column-3\">WARSZAWA, SALA KONCERTOWA AKADEMII MUZYCZNEJ IM. FRYDERYKA CHOPINA \u2013 KONCERT STUDIUM MUZYKI NOWEJ \u201eNOSTALGIE XX WIEKU\u201d<\/td><td class=\"column-4\">RECITAL<\/td><td class=\"column-5\">W.LUTOS\u0141AWSKI<\/td><td class=\"column-6\">\u201ePI\u0118\u0106 PIE\u015aNI\u201d (DO S\u0141\u00d3W KAZIMIERY I\u0141\u0141AKOWICZ\u00d3WNY)<\/td><td class=\"column-7\">Alicja W\u0119gorzewska \u2013 Whiskerd \u00a0\u2013 mezzosopran, Jerzy Maciejewski \u2013 fortepian<\/td>\n<\/tr>\n<tr class=\"row-113\">\n\t<td class=\"column-1\">112<\/td><td class=\"column-2\">18 March 2005<\/td><td class=\"column-3\">WARSZAWA, BAZYLIKA ARCHIKATEDRALNA \u015aW. JANA CHRZCICIELA<\/td><td class=\"column-4\">KONCERT PIE\u015aNI<\/td><td class=\"column-5\">K.SZYMANOWSKI<\/td><td class=\"column-6\">\u201eTRYPTYK WIELKOPOSTNY\u201d<\/td><td class=\"column-7\">STABAT MATER \u2013 K.Szymanowski : Edyta Ciechomska,\u00a0 Alicja W\u0119gorzewska , Artur Ruci\u0144ski, Piotr D\u0105browski, Orkiestra Symfonietta Canonia, Ch\u00f3r Uniwersytetu Kardyna\u0142a Stefana Wyszy\u0144skiego<\/td>\n<\/tr>\n<tr class=\"row-114\">\n\t<td class=\"column-1\">113<\/td><td class=\"column-2\">20 March 2005<\/td><td class=\"column-3\">WARSZAWA, OPERA NARODOWA<\/td><td class=\"column-4\">OPERA<\/td><td class=\"column-5\">PIOTR CZAJKOWSKI<\/td><td class=\"column-6\">\u201cDAMA PIKOWA\u201d, PARTIA: HRABINA<\/td><td class=\"column-7\">Treli\u0144ski\/Kudlicka, Tes\u0142awska, Grabarczyk\/Weso\u0142owski, W\u0119gorzewska- Whiskerd , Bednarek, Biriucov, Szersze\u0144, Zalasi\u0144ski, M.Pa\u0144ko, Idzik, Jagie\u0142ka,Gutaj, Minkiewicz, Ga\u0142ka, Parol, Milun, Wr\u00f3blewski, Kazimierz Kord-dyrygent<\/td>\n<\/tr>\n<tr class=\"row-115\">\n\t<td class=\"column-1\">114<\/td><td class=\"column-2\">31 March 2005<\/td><td class=\"column-3\">KRAK\u00d3W, O\u015aRODEK KULTURY IM. C.K. NORWIDA<\/td><td class=\"column-4\">RECITAL<\/td><td class=\"column-5\">R\u00d3\u017bNI KOMPOZYTORZY<\/td><td class=\"column-6\">\u201ePI\u0118KNE G\u0141OSY\u201d<\/td><td class=\"column-7\">Alicja W\u0119gorzewska \u2013 Whiskerd , Ma\u0142gorzata Westrych \u2013 fortepian<\/td>\n<\/tr>\n<tr class=\"row-116\">\n\t<td class=\"column-1\">115<\/td><td class=\"column-2\">18 May 2005<\/td><td class=\"column-3\">WARSZAWA, OPERA NARODOWA, SALA MONIUSZKI<\/td><td class=\"column-4\">OPERA<\/td><td class=\"column-5\">P.CZAJKOWSKI<\/td><td class=\"column-6\">\u201cDAMA PIKOWA\u201d, PARTIA: HRABINA<\/td><td class=\"column-7\">Treli\u0144ski\/Kudlicka, Tes\u0142awska, Grabarczyk\/Weso\u0142owski, W\u0119gorzewska- Whiskerd , Bednarek, Biriucov, Szersze\u0144, Zalasi\u0144ski, M.Pa\u0144ko, Idzik, Jagie\u0142ka,Gutaj, Minkiewicz, Ga\u0142ka, Parol, Milun, Wr\u00f3blewski, Ch\u00f3r, Balet i Orkiestra Opery Narodowej p\/d K.Korda<\/td>\n<\/tr>\n<tr class=\"row-117\">\n\t<td class=\"column-1\">116<\/td><td class=\"column-2\">6 June 2005<\/td><td class=\"column-3\">KRAK\u00d3W,OPERA KRAKOWSKA<\/td><td class=\"column-4\">OPERA<\/td><td class=\"column-5\">CH.W.GLUCK<\/td><td class=\"column-6\">\u201cORFEUSZ I EURYDYKA\u201d, PARTIA: ORFEUSZ<\/td><td class=\"column-7\">Piotr Su\u0142kowski \u2013 kierownictwo muzyczne, W\u0142odzimierz Nurkowski \u2013 re\u017cyseria, scenografia i kostiumy,\u00a0 Alicja W\u0119gorzewska \u00a0\u2013\u00a0 Whiskerd \u00a0\u2013 Orfeusz, Joanna Tylkowska \u2013 Eurydyka, Katarzyna Ole\u015b \u2013 Blacha \u2013 Amor, Orkiestra, Ch\u00f3r i Balet Opery Krakowskiej<\/td>\n<\/tr>\n<tr class=\"row-118\">\n\t<td class=\"column-1\">117<\/td><td class=\"column-2\">17 June 2005<\/td><td class=\"column-3\">SZCZECIN, ZAMEK KSI\u0104\u017b\u0104T POMORSKICH<\/td><td class=\"column-4\">OPERA<\/td><td class=\"column-5\">G.BIZET<\/td><td class=\"column-6\">CARMEN\u201d, PARTIA: CARMEN<\/td><td class=\"column-7\">Alicja W\u0119gorzewska \u2013 Whiskerd , Edward Kulczyk, Miros\u0142aw Kosi\u0144ski, izabella Jaszczu\u0142t-Kraszewska, Piotr Zgorzelski, Tomasz \u0141uczak, Aleksandra Pliszka, Agnieszka Mazur, Janusz Lewandowski, Jacek Krazewski, Teresa Kujawa, Orkiestra, Chor i Balet Opery na Zamku w Szczecinie<\/td>\n<\/tr>\n<tr class=\"row-119\">\n\t<td class=\"column-1\">118<\/td><td class=\"column-2\">30 June 2005<\/td><td class=\"column-3\">KRAK\u00d3W,OPERA KRAKOWSKA<\/td><td class=\"column-4\">OPERA<\/td><td class=\"column-5\">CH.W.GLUCK<\/td><td class=\"column-6\">\u201cORFEUSZ I EURYDYKA\u201d, PARTIA: ORFEUSZ<\/td><td class=\"column-7\">W\u0142odzimierz Nurkowski \u2013 re\u017cyseria, scenografia i kostiumy,\u00a0 Alicja W\u0119gorzewska \u00a0\u2013\u00a0 Whiskerd \u00a0\u2013 Orfeusz, Joanna Tylkowska \u2013 Eurydyka, Katarzyna Ole\u015b \u2013 Blacha \u2013 Amor, Orkiestra, Ch\u00f3r i Balet Opery Krakowskiej p\/d P.Su\u0142kowskiego<\/td>\n<\/tr>\n<tr class=\"row-120\">\n\t<td class=\"column-1\">119<\/td><td class=\"column-2\">16 September 2005<\/td><td class=\"column-3\">KATOWICE, FILHARMONIA \u015aL\u0104SKA<\/td><td class=\"column-4\">KONCERT, INAUGURACJA SEZONU ARTYSTYCZNEGO \u015aL\u0104SKIEJ ORKIESTRY KAMERALNEJ I CH\u00d3RU FILHARMONII \u015aL\u0104SKIEJ<\/td><td class=\"column-5\">J.SUK, A.VIVALDI<\/td><td class=\"column-6\"><\/td><td class=\"column-7\">Karolina Brachman,\u00a0 Alicja W\u0119gorzewska \u2013 Whiskerd , Waldemar Sutryk, Orkiestra Kameralna, Ch\u00f3r Filharmonii \u015al\u0105skiej p\/d J.W.Hawla<\/td>\n<\/tr>\n<tr class=\"row-121\">\n\t<td class=\"column-1\">120<\/td><td class=\"column-2\">27 September 2005<\/td><td class=\"column-3\">TOURNEE OPERY BA\u0141TYCKIEJ PO NIEMCZECH, AUSTRII, SZWAJCARII I FRANCJI, DO 24.10.2005 (4 SPEKTAKLE)<\/td><td class=\"column-4\">SPEKTAKL<\/td><td class=\"column-5\">R.STRAUSS<\/td><td class=\"column-6\">\u201eKAWALER SREBRNEJ R\u00d3\u017bY\u201d, PARTIA: OKTAWIAN<\/td><td class=\"column-7\">Magdalena Barylak, Beela Muller \u2013 Ksi\u0119\u017cna Maria Teresa, Andre Eckert,Pawel Izdebski, Rados\u0142aw \u017bukowski \u2013 Baron Ochs auf Lerchenau, Miriam Sajonz, Rita Lucia Schneider,\u00a0 Alicja W\u0119gorzewska \u2013 Oktawian Rofrano, Marci di Sapia, Adam Wo\u017aniak \u2013 Faninl, Sonja Adam, Katarzyna Ole\u015b-Blacha \u2013 Zofia, Krzysztof Drzewiecki, Jacek Szyma\u0144ski \u2013 Valzacchi, Joann Wesolowska \u2013 Annina, Grzegosz Ufnal \u2013 Notariusz, Orkiestra i Ch\u00f3rPa\u0144stwowej Opery Ba\u0142tyckiej p\/d J.Przybylskiego<\/td>\n<\/tr>\n<tr class=\"row-122\">\n\t<td class=\"column-1\">121<\/td><td class=\"column-2\">23 October 2005<\/td><td class=\"column-3\">GDA\u0143SK, PA\u0143STWOWA OPERA BA\u0141TYCKA<\/td><td class=\"column-4\">RECITAL<\/td><td class=\"column-5\">R\u00d3\u017bNI KOMPOZYTORZY<\/td><td class=\"column-6\">ARIE OPEROWE<\/td><td class=\"column-7\">ALICJA W\u0118GORZEWSKA<\/td>\n<\/tr>\n<tr class=\"row-123\">\n\t<td class=\"column-1\">122<\/td><td class=\"column-2\">25 November 2005<\/td><td class=\"column-3\">GDA\u0143SK, PA\u0143STWOWA OPERA BA\u0141TYCKA<\/td><td class=\"column-4\">SPEKTAKL<\/td><td class=\"column-5\">R.STRAUSS<\/td><td class=\"column-6\">\u201eKAWALER SREBRNEJ R\u00d3\u017bY\u201d<\/td><td class=\"column-7\">Magdalena Barylak, Beela Muller \u2013 Ksi\u0119\u017cna Maria Teresa, Andre Eckert,Pawel Izdebski, Rados\u0142aw \u017bukowski \u2013 Baron Ochs auf Lerchenau, Miriam Sajonz, Rita Lucia Schneider,\u00a0 Alicja W\u0119gorzewska \u2013 Oktawian Rofrano, Marci di Sapia, Adam Wo\u017aniak \u2013 Faninl, Sonja Adam, Katarzyna Ole\u015b-Blacha \u2013 Zofia, Krzysztof Drzewiecki, Jacek Szyma\u0144ski \u2013 Valzacchi, Joann Wesolowska \u2013 Annina, Grzegosz Ufnal Orkiestra i Ch\u00f3r Pa\u0144stwowej Op. Ba\u0142t. p\/d J.Przybylskiego<\/td>\n<\/tr>\n<tr class=\"row-124\">\n\t<td class=\"column-1\">123<\/td><td class=\"column-2\">31 December 2005<\/td><td class=\"column-3\">SZCZECIN, OPERA NA ZAMKU<\/td><td class=\"column-4\">GALA SYLWESTROWA<\/td><td class=\"column-5\">J.STRAUSS<\/td><td class=\"column-6\">\u201eBAL U KSI\u0118CIA OR\u0141OWSKIEGO\u201d, ARIE OPERETKOWE<\/td><td class=\"column-7\">Inscenizacja i re\u017cyseria: Miros\u0142aw Kosi\u0144ski, Orkiestra, Ch\u00f3r i Balet Opery Na Zamku p\/d J.Kraszewskiego, go\u015bcie specjalni: Alicja W\u0119gorzewska-mezzosopran, Barbara \u017barnowiecka \u2013 sopran, Dariusz Walendowski \u2013 tenor, Andrzej Nowakowski \u2013 bas, Romana Jakubbowska-Handke<\/td>\n<\/tr>\n<tr class=\"row-125\">\n\t<td class=\"column-1\">124<\/td><td class=\"column-2\">7 January 2006<\/td><td class=\"column-3\">SZCZECIN, OPERA NA ZAMKU<\/td><td class=\"column-4\">GALA SYLWESTROWA<\/td><td class=\"column-5\">J.STRAUSS<\/td><td class=\"column-6\"><\/td><td class=\"column-7\">Inscenizacja i re\u017cyseria: Miros\u0142aw Kosi\u0144ski, Orkiestra, Ch\u00f3r i Balet Opery Na Zamku p\/d J.Kraszewskiego, go\u015bcie specjalni: Alicja W\u0119gorzewska-mezzosopran, Barbara \u017barnowiecka \u2013 sopran, Dariusz Walendowski \u2013 tenor, Andrzej Nowakowski \u2013 bas, Romana Jakubbowska-Handke<\/td>\n<\/tr>\n<tr class=\"row-126\">\n\t<td class=\"column-1\">125<\/td><td class=\"column-2\">8 January 2006<\/td><td class=\"column-3\">SZCZECIN, OPERA NA ZAMKU<\/td><td class=\"column-4\">GALA SYLWESTROWA<\/td><td class=\"column-5\">J.STRAUSS<\/td><td class=\"column-6\"><\/td><td class=\"column-7\">Inscenizacja i re\u017cyseria: Miros\u0142aw Kosi\u0144ski, Orkiestra, Ch\u00f3r i Balet Opery Na Zamku p\/d J.Kraszewskiego, go\u015bcie specjalni: Alicja W\u0119gorzewska-mezzosopran, Barbara \u017barnowiecka \u2013 sopran, Dariusz Walendowski \u2013 tenor, Andrzej Nowakowski \u2013 bas, Romana Jakubbowska-Handke<\/td>\n<\/tr>\n<tr class=\"row-127\">\n\t<td class=\"column-1\">126<\/td><td class=\"column-2\">16 January 2006<\/td><td class=\"column-3\">KRAK\u00d3W,OPERA KRAKOWSKA<\/td><td class=\"column-4\">OPERA<\/td><td class=\"column-5\">CH.W.GLUCK<\/td><td class=\"column-6\">\u201cORFEUSZ I EURYDYKA\u201d, PARTIA: ORFEUSZ<\/td><td class=\"column-7\">W\u0142odzimierz Nurkowski \u2013 re\u017cyseria, scenografia i kostiumy,\u00a0 Alicja W\u0119gorzewska \u00a0\u2013\u00a0 Whiskerd \u00a0\u2013 Orfeusz, Joanna Tylkowska \u2013 Eurydyka, Katarzyna Ole\u015b \u2013 Blacha \u2013 Amor, Orkiestra, Ch\u00f3r i Balet Opery Krakowskiej p\/d P. Su\u0142kowskiego<\/td>\n<\/tr>\n<tr class=\"row-128\">\n\t<td class=\"column-1\">127<\/td><td class=\"column-2\">22 January 2006<\/td><td class=\"column-3\">SZCZECIN, OPERA NA ZAMKU<\/td><td class=\"column-4\">OPERA<\/td><td class=\"column-5\">P.MASCAGNI<\/td><td class=\"column-6\">\u201eRYCERSKO\u015a\u0106 WIE\u015aNIACZA\u201d, PARTIA: SANTUZZA<\/td><td class=\"column-7\">Orkiestra Opery Na Zamku p\/d J.Kraszewskiego,<\/td>\n<\/tr>\n<tr class=\"row-129\">\n\t<td class=\"column-1\">128<\/td><td class=\"column-2\">10 February 2006<\/td><td class=\"column-3\">GDA\u0143SK, PA\u0143STWOWA OPERA BA\u0141TYCKA<\/td><td class=\"column-4\">SPEKTAKL<\/td><td class=\"column-5\">R.STRAUSS<\/td><td class=\"column-6\">\u201eKAWALER SREBRNEJ R\u00d3\u017bY\u201d, PARTIA: OKTAWIAN<\/td><td class=\"column-7\">Magdalena Barylak, Beela Muller \u2013 Ksi\u0119\u017cna Maria Teresa, Andre Eckert,Pawel Izdebski, Rados\u0142aw \u017bukowski \u2013 Baron Ochs auf Lerchenau, Miriam Sajonz, Rita Lucia Schneider,\u00a0 Alicja W\u0119gorzewska \u2013 Oktawian Rofrano, Marci di Sapia, Adam Wo\u017aniak \u2013 Faninl, Sonja Adam, Katarzyna Ole\u015b-Blacha \u2013 Zofia, Krzysztof Drzewiecki, Jacek Szyma\u0144ski \u2013 Valzacchi, Joann Wesolowska \u2013 Annina, Grzegosz Ufnal \u2013 Notariusz, Ch\u00f3r i Orkiestra Pa\u0144stwowej Opery Ba\u0142tyckiej p\/d E. Manke<\/td>\n<\/tr>\n<tr class=\"row-130\">\n\t<td class=\"column-1\">129<\/td><td class=\"column-2\">19 February 2006<\/td><td class=\"column-3\">KRAK\u00d3W,OPERA KRAKOWSKA<\/td><td class=\"column-4\">OPERA<\/td><td class=\"column-5\">CH.W.GLUCK<\/td><td class=\"column-6\">\u201cORFEUSZ I EURYDYKA\u201d, PARTIA: ORFEUSZ<\/td><td class=\"column-7\">Piotr Su\u0142kowski \u2013 kierownictwo muzyczne, W\u0142odzimierz Nurkowski \u2013 re\u017cyseria, scenografia i kostiumy,\u00a0 Alicja W\u0119gorzewska \u00a0\u2013\u00a0 Whiskerd \u00a0\u2013 Orfeusz, Joanna Tylkowska \u2013 Eurydyka, Katarzyna Ole\u015b \u2013 Blacha \u2013 Amor, Orkiestra, Ch\u00f3r i Balet Opery Krakowskiej<\/td>\n<\/tr>\n<tr class=\"row-131\">\n\t<td class=\"column-1\">130<\/td><td class=\"column-2\">9 March 2006<\/td><td class=\"column-3\">DANIA, AALBORG, AALBORG OPERA FESTIWAL<\/td><td class=\"column-4\">OPERA<\/td><td class=\"column-5\">R.STRAUSS<\/td><td class=\"column-6\">\u201eKAWALER SREBRNEJ R\u00d3\u017bY\u201d, PARTIA: OKTAWIAN<\/td><td class=\"column-7\">Magdalena Barylak, Beela Muller \u2013 Ksi\u0119\u017cna Maria Teresa, Andre Eckert,Pawel Izdebski, Rados\u0142aw \u017bukowski \u2013 Baron Ochs auf Lerchenau, Miriam Sajonz, Rita Lucia Schneider,\u00a0 Alicja W\u0119gorzewska \u2013 Oktawian Rofrano, Marci di Sapia, Adam Wo\u017aniak \u2013 Faninl, Sonja Adam, Katarzyna Ole\u015b-Blacha \u2013 Zofia, Krzysztof Drzewiecki, Jacek Szyma\u0144ski \u2013 Valzacchi, Joann Wesolowska \u2013 Annina, Grzegosz Ufnal \u2013 Notariusz, Orkiestra i Ch\u00f3r Pa\u0144stwowej Opery Ba\u0142tyckiej p\/d E.Manke<\/td>\n<\/tr>\n<tr class=\"row-132\">\n\t<td class=\"column-1\">131<\/td><td class=\"column-2\">13 March 2006<\/td><td class=\"column-3\">KRAK\u00d3W,OPERA KRAKOWSKA<\/td><td class=\"column-4\">OPERA<\/td><td class=\"column-5\">CH.W.GLUCK<\/td><td class=\"column-6\">\u201cORFEUSZ I EURYDYKA\u201d, PARTIA: ORFEUSZ<\/td><td class=\"column-7\">W\u0142odzimierz Nurkowski \u2013 re\u017cyseria, scenografia i kostiumy,\u00a0 Alicja W\u0119gorzewska \u00a0\u2013\u00a0 Whiskerd \u00a0\u2013 Orfeusz, Joanna Tylkowska \u2013 Eurydyka, Katarzyna Ole\u015b \u2013 Blacha \u2013 Amor, Orkiestra, Ch\u00f3r i Balet Opery Krakowskiej p\/d P.Su\u0142kowskiego<\/td>\n<\/tr>\n<tr class=\"row-133\">\n\t<td class=\"column-1\">132<\/td><td class=\"column-2\">18 March 2006<\/td><td class=\"column-3\">SZCZECIN, OPERA NA ZAMKU<\/td><td class=\"column-4\">OPERA<\/td><td class=\"column-5\">G.BIZET<\/td><td class=\"column-6\">\u201eCARMEN\u201d, PARTIA: CARMEN<\/td><td class=\"column-7\">Alicja W\u0119gorzewska \u2013 Carmen,E.Kulczyk\/G.Ruggieri\/J.Ratajczak \u2013 Don Jose, L.Boguszewska\/I.Jaszczult-Kraszewska \u2013 Micaela, M.Kosi\u0144ski\/J.Lewandowski \u2013 Escamilio, J.Lewandowski\/M.Kosi\u0144ski \u2013 Zuniga, A.Pliska \u2013 Frasquita, A.Mazur \u2013 Mercedes, P.Zgorzelski \u2013 Remendado, T.Luczak \u2013 Dancairo, Morales<\/td>\n<\/tr>\n<tr class=\"row-134\">\n\t<td class=\"column-1\">133<\/td><td class=\"column-2\">29 May 2006<\/td><td class=\"column-3\">BYTOM, OPERA \u015aL\u0104SKA<\/td><td class=\"column-4\">OPERA<\/td><td class=\"column-5\">G.BIZET<\/td><td class=\"column-6\">CARMEN\u201d, PARTIA: CARMEN<\/td><td class=\"column-7\">Alicja W\u0119gorzewska \u00a0\u2013 \u201eCARMEN\u201d, Maciej Komandera \u2013 Don Jose, Zbiegniew Wunsch \u2013 Torreador, Jolanta Wyszkowska \u2013 Michaela, Sabina Olbrich- szafraniec \u2013 Frasoita, Barbara Ba\u0142da \u2013 Mercedes, Bogdan Kurowski \u2013 Zuniga, Feliks Widera \u2013 Remendado, Marek Dynowski \u2013 Dancairo, Pawe\u0142 Kajzderski \u2013 Morales, Witold Dewor \u2013 Lillas Pastia, Wies\u0142aw Ochman \u2013 re\u017cyseria, Ch\u00f3r, Balet i Orkiestra Opery \u015al\u0105skiej p\/d T.Serafina<\/td>\n<\/tr>\n<tr class=\"row-135\">\n\t<td class=\"column-1\">134<\/td><td class=\"column-2\">3 June 2006<\/td><td class=\"column-3\">NIEMCY, PRENZLAU, KO\u015aCI\u00d3\u0141 EWANGELICKI \u015aW. MIKO\u0141AJA<\/td><td class=\"column-4\">KONCERT<\/td><td class=\"column-5\">G.VERDI<\/td><td class=\"column-6\">\u201eMESSA DE REQUIEM\u201d<\/td><td class=\"column-7\">Bo\u017cena Harasimowicz \u2013 sopran,\u00a0 Alicja W\u0119gorzewska \u00a0\u2013 mezzosopran, Dariusz Pietrzykowski \u2013 tenor, Piotr Nowacki \u2013 bas, Ch\u00f3r Mi\u0119dzynarodowego Festiwalu Ch\u00f3r\u00f3w w Szczecinie, Orkiestra Kameralna Filharmonii Szczeci\u0144skiej p\/d Zygmunta Rycherta<\/td>\n<\/tr>\n<tr class=\"row-136\">\n\t<td class=\"column-1\">135<\/td><td class=\"column-2\">4 June 2006<\/td><td class=\"column-3\">SZCZECIN, ZAMEK KSI\u0104\u017b\u0104T POMORSKICH<\/td><td class=\"column-4\">KONCERT<\/td><td class=\"column-5\">G.VERDI<\/td><td class=\"column-6\">\u201eMESSA DE REQUIEM\u201d<\/td><td class=\"column-7\">Kammerorchester Prenzlau, Bo\u017cena Harasimowicz,\u00a0 Alicja W\u0119gorzewska \u2013 Whiskerd , Dariusz Pietrzykowski, Piotr Nowacki, Orkiestra Kameralna Filharmonii Szczeci\u0144skiej p\/d Zygmunta Rycherta<\/td>\n<\/tr>\n<tr class=\"row-137\">\n\t<td class=\"column-1\">136<\/td><td class=\"column-2\">12 June 2006<\/td><td class=\"column-3\">BYTOM, OPERA \u015aL\u0104SKA<\/td><td class=\"column-4\">OPERA<\/td><td class=\"column-5\">G.BIZET<\/td><td class=\"column-6\">CARMEN\u201d, PARTIA: CARMEN<\/td><td class=\"column-7\">Alicja W\u0119gorzewska \u00a0\u2013 \u201eCARMEN\u201d, Maciej Komandera \u2013 Don Jose, Zbiegniew Wunsch \u2013 Torreador, Jolanta Wyszkowska \u2013 Michaela, Sabina Olbrich- szafraniec \u2013 Frasoita, Barbara Ba\u0142da \u2013 Mercedes, Bogdan Kurowski \u2013 Zuniga, Feliks Widera \u2013 Remendado, Marek Dynowski \u2013 Dancairo, Pawe\u0142 Kajzderski \u2013 Morales, Witold Dewor \u2013 Lillas Pastia, Wies\u0142aw Ochman \u2013 re\u017cyseria, Ch\u00f3r, Balet i Orkiestra Opery \u015al\u0105skiej p\/d T.Serafina<\/td>\n<\/tr>\n<tr class=\"row-138\">\n\t<td class=\"column-1\">137<\/td><td class=\"column-2\">14 June 2006<\/td><td class=\"column-3\">\u0141OM\u017bA, STARY RYNEK<\/td><td class=\"column-4\">KONCERT<\/td><td class=\"column-5\">R\u00d3\u017bNI KOMPOZYTORZY<\/td><td class=\"column-6\">UROCZYSTE ZAKO\u0143CZENIE SEZONU ARTYSTYCZNEGO 2005\/2006, W 588. ROCZNIC\u0118 NADANIA \u0141OM\u017bY PRAW MIEJSKICH<\/td><td class=\"column-7\">Wies\u0142aw Ochman \u2013 tenor, Magdalena Pilarz-Bobrowska \u2013 sopran,\u00a0 Alicja W\u0119gorzewska \u2013 Whiskerd \u00a0\u2013 mezzosopran, \u0141om\u017cy\u0144ska Opera Kameralna p\/d Jan Mi\u0142osz Zarzycki<\/td>\n<\/tr>\n<tr class=\"row-139\">\n\t<td class=\"column-1\">138<\/td><td class=\"column-2\">17 June 2006<\/td><td class=\"column-3\">KONSTANCIN<\/td><td class=\"column-4\">KONCERT<\/td><td class=\"column-5\">KOMPOZYTORZY R\u00d3\u017bNI<\/td><td class=\"column-6\">II OTWARTY PIKNIK W KONSTANCINIE POD HONOROWYM PATRONATEM MARSZA\u0141KA WOJEW\u00d3DZTWA MAZOWIECKIEGO ADAMA STRUZIKA<\/td><td class=\"column-7\">Alicja W\u0119gorzewska<\/td>\n<\/tr>\n<tr class=\"row-140\">\n\t<td class=\"column-1\">139<\/td><td class=\"column-2\">28 June 2006<\/td><td class=\"column-3\">WARSZAWA, AKADEMIA MUZYCZNA IM. FRYDERYKA CHOPINA<\/td><td class=\"column-4\">KONCERT W RAMACH VII MI\u0118DZYNARODOWEGO FESTIWALU SZTUKI PERKUSYJNEJ \u201eCROSSDRUMMING\u201d<\/td><td class=\"column-5\">J.CAGE, A.GINASTERA, C.CHAVEZ, E.VARESE<\/td><td class=\"column-6\">III CONSTRUCTION, TOCCATA, CANTATA PARA AMERICA MAGICA, IONISATION<\/td><td class=\"column-7\">Alicja W\u0119gorzewska \u00a0\u2013 sopran, Jerzy Maciejewski, Agnieszka Kopacka \u2013 fortepian, Agnieszka Koz\u0142o \u2013 czelesta, Warszawska Grupa Perkusyjna<\/td>\n<\/tr>\n<tr class=\"row-141\">\n\t<td class=\"column-1\">140<\/td><td class=\"column-2\">9 October 2006<\/td><td class=\"column-3\">JAS\u0141O<\/td><td class=\"column-4\">OPERA, SPEKTAKL WYJAZDOWY OPERY \u015aL\u0104SKIEJ W BYTOMIU<\/td><td class=\"column-5\">G.BIZET<\/td><td class=\"column-6\">\u201eCARMEN\u201d, PARTIA: CARMEN<\/td><td class=\"column-7\">Alicja W\u0119gorzewska \u00a0\u2013 \u201eCARMEN\u201d, Maciej Komandera \u2013 Don Jose, Zbigniew Wunsch \u2013 Torreador, Aleksandra Szafir \u2013 Micaela, Mariola P\u0142azak-\u015acibich \u2013 Frasquita, Jolanta Da\u0144czyk-Mercedes, Bogdan Kurowski \u2013 Zuniga, Feliks Widera \u2013 Remendado, Marek Ziemniewicz \u2013 Dancairo, Wlodzimierz Skalski \u2013 Morales, Witold Dewor \u2013 Lilas Pastia, Wies\u0142aw Ochman \u2013 re\u017cyseria, Orkiestra Opery \u015alaskiej p\/d T,Serafina<\/td>\n<\/tr>\n<tr class=\"row-142\">\n\t<td class=\"column-1\">141<\/td><td class=\"column-2\">10 October 2006<\/td><td class=\"column-3\">SANOK, SANOCKI DOM KULTURY, FESTIWAL IM. ADAMA DIDURA<\/td><td class=\"column-4\">OPERA, SPEKTAKL WYJAZDOWY OPERY \u015aL\u0104SKIEJ W BYTOMIU<\/td><td class=\"column-5\">G.BIZET<\/td><td class=\"column-6\">\u201eCARMEN\u201d, PARTIA: CARMEN<\/td><td class=\"column-7\">Alicja W\u0119gorzewska \u00a0\u2013 \u201eCARMEN\u201d, Maciej Komandera \u2013 Don Jose, Zbigniew Wunsch \u2013 Torreador, Aleksandra Szafir \u2013 Micaela, Mariola P\u0142azak-\u015acibich \u2013 Frasquita, Jolanta Da\u0144czyk-Mercedes, Bogdan Kurowski \u2013 Zuniga, Feliks Widera \u2013 Remendado, Marek Ziemniewicz \u2013 Dancairo, Wlodzimierz Skalski \u2013 Morales, Witold Dewor \u2013 Lilas Pastia, Wies\u0142aw Ochman \u2013 re\u017cyseria, Orkiestra Opery \u015alaskiej p\/d T,Serafina<\/td>\n<\/tr>\n<tr class=\"row-143\">\n\t<td class=\"column-1\">142<\/td><td class=\"column-2\">22 November 2006<\/td><td class=\"column-3\">KUWEJT, AMBASADA BRYTYJSKA<\/td><td class=\"column-4\">KONCERT<\/td><td class=\"column-5\">R\u00d3\u017bNI KOMPOZYTORZY<\/td><td class=\"column-6\">INAUGURACJA THE BRITISH FESTIVAL IN KUWAIT<\/td><td class=\"column-7\">KUWAIT SCHOOL OF DANCE,\u00a0 Alicja W\u0119gorzewska \u2013 Whiskerd , Sir Stuart Laing (ambasador brytyjski) \u2013 akompaniament<\/td>\n<\/tr>\n<tr class=\"row-144\">\n\t<td class=\"column-1\">143<\/td><td class=\"column-2\">24 November 2006<\/td><td class=\"column-3\">KUWEJT, AL HASHEMI II GRAND BALLROOM<\/td><td class=\"column-4\">RECITAL<\/td><td class=\"column-5\">R\u00d3\u017bNI KOMPOZYTORZY<\/td><td class=\"column-6\">FINAL GALA CONCERT OF THE 4TH CHOPIN MUSIC COMPETITION DURING POLISH DAYS IN KUWAIT<\/td><td class=\"column-7\">Recital \u2013\u00a0 Alicja W\u0119gorzewska \u2013 Whiskerd , prof. Jerzy Sterczy\u0144ski<\/td>\n<\/tr>\n<tr class=\"row-145\">\n\t<td class=\"column-1\">144<\/td><td class=\"column-2\">10 December 2006<\/td><td class=\"column-3\">STOWARZYSZENIE MI\u0141O\u015aNIK\u00d3W OPERY KRAKOWSKIEJ ORAZ OPERA KRAKOWSKA<\/td><td class=\"column-4\">KRAK\u00d3W, FOYER TEATRU IM. JULIUSZA S\u0141OWACKIEGO<\/td><td class=\"column-5\">SPOTKANIE Z ARTYSTK\u0104<\/td><td class=\"column-6\"><\/td><td class=\"column-7\"><\/td>\n<\/tr>\n<tr class=\"row-146\">\n\t<td class=\"column-1\">145<\/td><td class=\"column-2\">12 January 2007<\/td><td class=\"column-3\">WARSZAWA, OPERA NARODOWA<\/td><td class=\"column-4\">OPERA<\/td><td class=\"column-5\">P.CZAJKOWSKI<\/td><td class=\"column-6\">\u201cDAMA PIKOWA\u201d, PARTIA: HRABINA<\/td><td class=\"column-7\">W\u0119gorzewska, Lutsiuk, Biriucov, Ledzion, Zalsi\u0144ski, Ruci\u0144ski, Nowacki, Bartmi\u0144ski, Treli\u0144ski, Kudlicka, Tes\u0142awska, Grabarczyk, Weso\u0142owski, Ross, Orkiestra Opery Narodowej p\/d E.Volinskiy\u2019ego<\/td>\n<\/tr>\n<tr class=\"row-147\">\n\t<td class=\"column-1\">146<\/td><td class=\"column-2\">14 January 2007<\/td><td class=\"column-3\">WARSZAWA, OPERA NARODOWA<\/td><td class=\"column-4\">OPERA<\/td><td class=\"column-5\">P.CZAJKOWSKI<\/td><td class=\"column-6\">\u201cDAMA PIKOWA\u201d, PARTIA: HRABINA<\/td><td class=\"column-7\">W\u0119gorzewska, Lutsiuk, Biriucov, Ledzion, Zalsi\u0144ski, Ruci\u0144ski, Nowacki, Bartmi\u0144ski, Treli\u0144ski, Kudlicka, Tes\u0142awska, Grabarczyk, Weso\u0142owski, Ross, Orkiestra Opery Narodowej p\/d E.Volinskiy\u2019ego<\/td>\n<\/tr>\n<tr class=\"row-148\">\n\t<td class=\"column-1\">147<\/td><td class=\"column-2\">19 April 2007<\/td><td class=\"column-3\">BYTOM, OPERA \u015aL\u0104SKA<\/td><td class=\"column-4\">OPERA<\/td><td class=\"column-5\">G.BIZET<\/td><td class=\"column-6\">\u201eCARMEN\u201d<\/td><td class=\"column-7\">Wies\u0142aw Ochman \u2013 inscenizacja i re\u017cyseria,\u00a0 Alicja W\u0119gorzewska \u00a0\u2013 \u201eCARMEN\u201d, Maciej Komandera \u2013 Don Jose, Zbiegniew Wunsch \u2013 Torreador, Aleksandra Szafir \u2013 Michaela, Barbara Stryjecka \u2013 Frasquita, Gra\u017cyna Marek \u2013 Mercedes, Tadeusz Le\u015bniczak \u2013 Zuniga, Feliks Widera \u2013 Remendado, Marek Ziemniewicz \u2013 Dancairo, W\u0142odzimierz Skalski \u2013 Morales, Witold Dewor \u2013 Lillas Pastia, Ch\u00f3r, Balet i Orkiestra Opery \u015al\u0105skiej p\/d Piotra Warzechy<\/td>\n<\/tr>\n<tr class=\"row-149\">\n\t<td class=\"column-1\">148<\/td><td class=\"column-2\">22 April 2007<\/td><td class=\"column-3\">BYTOM, OPERA \u015aL\u0104SKA<\/td><td class=\"column-4\">OPERA<\/td><td class=\"column-5\">G.BIZET<\/td><td class=\"column-6\">\u201eCARMEN\u201d<\/td><td class=\"column-7\">Wies\u0142aw Ochman \u2013 inscenizacja i re\u017cyseria,\u00a0 Alicja W\u0119gorzewska \u00a0\u2013 \u201eCARMEN\u201d, Maciej Komandera \u2013 Don Jose, Zbiegniew Wunsch \u2013 Torreador, Aleksandra Szafir \u2013 Michaela, Barbara Stryjecka \u2013 Frasquita, Gra\u017cyna Marek \u2013 Mercedes, Tadeusz Le\u015bniczak \u2013 Zuniga, Feliks Widera \u2013 Remendado, Marek Ziemniewicz \u2013 Dancairo, W\u0142odzimierz Skalski \u2013 Morales, Witold Dewor \u2013 Lillas Pastia, Ch\u00f3r, Balet i Orkiestra Opery \u015al\u0105skiej p\/d Piotra Warzechy<\/td>\n<\/tr>\n<tr class=\"row-150\">\n\t<td class=\"column-1\">149<\/td><td class=\"column-2\">27 April 2007<\/td><td class=\"column-3\">GDA\u0143SK, OPERA BA\u0141TYCKA<\/td><td class=\"column-4\">OPERA<\/td><td class=\"column-5\">R.STRAUSS<\/td><td class=\"column-6\">\u201eKAWALER SREBRNEJ R\u00d3\u017bY\u201d, PARTIA: OKTAWIAN<\/td><td class=\"column-7\">Magdalena Barylak \u2013 ksi\u0119\u017cna,\u00a0 Alicja W\u0119gorzewska \u2013 kochanek ksi\u0119\u017cnej, Pawe\u0142 Izdebski \u2013 kuzyn ksi\u0119\u017cnej, Adam Wo\u017aniak \u2013 Faninal, Katarzyna Ole\u015b-Blacha \u2013 Zofia, Jacek Szyma\u0144ski \u2013 Valzacchi, Joanna Weso\u0142owska \u2013 Annina, Rafa\u0142 Kowalski \u2013 gospodarz, Aleksandra Lemiszka \u2013 kucharka, Grzegorz Ufnal \u2013 notariusz, Janusz Przybylski \u2013 dyrygent, Ch\u00f3r, Orkiestra Pa\u0144stwowej Opery Ba\u0142tyckiej p\/d J.Przybylskiego<\/td>\n<\/tr>\n<tr class=\"row-151\">\n\t<td class=\"column-1\">150<\/td><td class=\"column-2\">2 May 2007<\/td><td class=\"column-3\">BYGDOSZCZ, OPERA NOVA<\/td><td class=\"column-4\">OPERA<\/td><td class=\"column-5\">R.STRAUSS<\/td><td class=\"column-6\">\u201eKAWALER SREBRNEJ R\u00d3\u017bY\u201d, PARTIA: OKTAWIAN<\/td><td class=\"column-7\">Magdalena Barylak \u2013 ksi\u0119\u017cna,\u00a0 Alicja W\u0119gorzewska \u2013 kochanek ksi\u0119\u017cnej, Pawe\u0142 Izdebski \u2013 kuzyn ksi\u0119\u017cnej, Adam Wo\u017aniak \u2013 Faninal, Katarzyna Ole\u015b-Blacha \u2013 Zofia, Jacek Szyma\u0144ski \u2013 Valzacchi, Joanna Weso\u0142owska \u2013 Annina, Rafa\u0142 Kowalski \u2013 gospodarz, Aleksandra Lemiszka \u2013 kucharka, Grzegorz Ufnal \u2013 notariusz, Janusz Przybylski \u2013 dyrygent, Ch\u00f3r, Orkiestra Pa\u0144stwowej Opery Ba\u0142tyckiej p\/d J.Przybylskiego<\/td>\n<\/tr>\n<tr class=\"row-152\">\n\t<td class=\"column-1\">151<\/td><td class=\"column-2\">4 May 2007<\/td><td class=\"column-3\">POZNA\u0143, TEATR WIELKI, POLSKO-NIEMIECKI OPEROWY FESTIWAL HOFFMANOWSKI<\/td><td class=\"column-4\">OPERA<\/td><td class=\"column-5\">R.STRAUSS<\/td><td class=\"column-6\">\u201eKAWALER SREBRNEJ R\u00d3\u017bY\u201d, PARTIA: OKTAWIAN<\/td><td class=\"column-7\">Magdalena Barylak \u2013 ksi\u0119\u017cna,\u00a0 Alicja W\u0119gorzewska \u2013 kochanek ksi\u0119\u017cnej, Pawe\u0142 Izdebski \u2013 kuzyn ksi\u0119\u017cnej, Adam Wo\u017aniak \u2013 Faninal, Katarzyna Ole\u015b-Blacha \u2013 Zofia, Jacek Szyma\u0144ski \u2013 Valzacchi, Joanna Weso\u0142owska \u2013 Annina, Rafa\u0142 Kowalski \u2013 gospodarz, Aleksandra Lemiszka \u2013 kucharka, Grzegorz Ufnal \u2013 notariusz, Janusz Przybylski \u2013 dyrygent, Ch\u00f3r, Orkiestra Pa\u0144stwowej Opery Ba\u0142tyckiej p\/d J.Przybylskiego<\/td>\n<\/tr>\n<tr class=\"row-153\">\n\t<td class=\"column-1\">152<\/td><td class=\"column-2\">15 June 2007<\/td><td class=\"column-3\">M\u0141OSZOWA, ZESP\u00d3\u0141 PA\u0141ACOWO-PARKOWY<\/td><td class=\"column-4\">OPERA<\/td><td class=\"column-5\">G.BIZET<\/td><td class=\"column-6\">\u201eCARMEN\u201d<\/td><td class=\"column-7\">Alicja W\u0119gorzewska \u00a0\u2013 \u201eCARMEN\u201d, Maciej Komandera \u2013 Don Jose, Zbigniew Wunsch \u2013 Torreador, Aleksandra Szafir \u2013 Micaela, Mariola P\u0142azak-\u015acibich \u2013 Frasquita, Gra\u017cyna Marek \u2013 Mercedes, Bogdan Kurowski \u2013 Zuniga, Feliks Widera \u2013 Remendado, Marek Dynowski \u2013 Dancairo, Pawe\u0142 Kajzderski \u2013 Morales, Witold Dewor \u2013 Lillas pastia, Wies\u0142aw Ochman \u2013 re\u017cyseria i inscenizacja, Ch\u00f3r, Balet i Orkiestra Opery \u015al\u0105skiej p\/d P.Warzechy<\/td>\n<\/tr>\n<tr class=\"row-154\">\n\t<td class=\"column-1\">153<\/td><td class=\"column-2\">7 July 2007<\/td><td class=\"column-3\">GDA\u0143SK, POLSKA FILHARMONIA BA\u0141TYCKA<\/td><td class=\"column-4\">FESTIWAL GWIAZD , RECITAL NA WERNISA\u017bU WYSTAWY AFISZY OPEROWYCH RAFA\u0141A OLBI\u0143SKIEGO<\/td><td class=\"column-5\">R\u00d3\u017bNI KOMPOZYTORZY<\/td><td class=\"column-6\">ARIE OPEROWE<\/td><td class=\"column-7\">Alicja W\u0119gorzewska<\/td>\n<\/tr>\n<tr class=\"row-155\">\n\t<td class=\"column-1\">154<\/td><td class=\"column-2\">31 August 2007<\/td><td class=\"column-3\">KONCERT JUBILEUSZOWY ZESPO\u0141U ICH TROJE<\/td><td class=\"column-4\">KIELCE<\/td><td class=\"column-5\">Alicja W\u0119gorzewska go\u015bciem specjalnym koncertu<\/td><td class=\"column-6\"><\/td><td class=\"column-7\">ALICJA W\u0118GORZEWSKA \u2013 GO\u015a\u0106 SPECJALNY<\/td>\n<\/tr>\n<tr class=\"row-156\">\n\t<td class=\"column-1\">155<\/td><td class=\"column-2\">21 October 2007<\/td><td class=\"column-3\">WARSZAWA, OPERA NARODOWA<\/td><td class=\"column-4\">OPERA<\/td><td class=\"column-5\">P.CZAJKOWSKI<\/td><td class=\"column-6\">\u201cDAMA PIKOWA\u201d, PARTIA: HRABINA<\/td><td class=\"column-7\">W\u0119gorzewska, Lutsiuk, Biriucov, Ledzion, Zalsi\u0144ski, Ruci\u0144ski, Nowacki, Bartmi\u0144ski, Volynskiy, Treli\u0144ski, Kudlicka, Tes\u0142awska, Grabarczyk, Weso\u0142owski, Ross, Orkiestra Opery Narodowej p\/d E. Volinskiy\u2019ego<\/td>\n<\/tr>\n<tr class=\"row-157\">\n\t<td class=\"column-1\">156<\/td><td class=\"column-2\">27 October 2007<\/td><td class=\"column-3\">WARSZAWA, OPERA NARODOWA, SALA MONIUSZKI<\/td><td class=\"column-4\">OPERA<\/td><td class=\"column-5\">K.KURPI\u0143SKI<\/td><td class=\"column-6\">\u201eZABOBON CZYLI KRAKOWIACY I G\u00d3RALE\u201d,PARTIA : DOROTA<\/td><td class=\"column-7\">Grzegorz Pazik \u2013 Pan Pyszycki, administrator, Marcin Perchu\u0107 \u2013 ekonom, Ryszard Wr\u00f3blewski \u2013 Bart\u0142omiej, m\u0142ynarz,\u00a0 Alicja W\u0119gorzewska \u2013 Whiskerd \u00a0\u2013 Dorota, jego druga \u017cona, Katarzyna Trylnik \u2013 Basia, Magdalena Idzik \u2013 Zosia, Adam Zdunikowski \u2013 Stach, Dariusz Pietrzykowski \u2013 Jonek, Zbigniew D\u0119bko \u2013 Bryndus, g\u00f3ral, Witold Tomczyk -\u015awisstos, g\u00f3ral, Ryszard Morka \u2013 Kico\u0142ap, g\u00f3ral, Czes\u0142aw Ga\u0142ka \u2013 Miechodmuch, organista, Krzysztof Szmyt \u2013 Pastuch, Grzegorz P. Ko\u0142odziej \u2013 Bardos, student z Krakowa, Janusz J\u00f3zefowicz \u2013 re\u017cyseria i choreografia Ch\u00f3r, Balet i Orkiestra Operz Narodowej p\/d \u0141ukasza Borowicz a<\/td>\n<\/tr>\n<tr class=\"row-158\">\n\t<td class=\"column-1\">157<\/td><td class=\"column-2\">28 October 2007<\/td><td class=\"column-3\">WARSZAWA, OPERA NARODOWA<\/td><td class=\"column-4\">OPERA<\/td><td class=\"column-5\">P.CZAJKOWSKI<\/td><td class=\"column-6\">\u201cDAMA PIKOWA\u201d, PARTIA: HRABINA<\/td><td class=\"column-7\">W\u0119gorzewska, Lutsiuk, Biriucov, Ledzion, Zalsi\u0144ski, Ruci\u0144ski, Nowacki, Bartmi\u0144ski, Volynskiy, Treli\u0144ski, Kudlicka, Tes\u0142awska, Grabarczyk, Weso\u0142owski, Ross, Orkiestra Opery Narodowej p\/d E.Volinskiy\u2019ego<\/td>\n<\/tr>\n<tr class=\"row-159\">\n\t<td class=\"column-1\">158<\/td><td class=\"column-2\">30 October 2007<\/td><td class=\"column-3\">WARSZAWA, OPERA NARODOWA, SALA MONIUSZKI<\/td><td class=\"column-4\">OPERA<\/td><td class=\"column-5\">K.KURPI\u0143SKI<\/td><td class=\"column-6\">\u201eZABOBON CZYLI KRAKOWIACY I G\u00d3RALE\u201d, PARTIA: DOROTA<\/td><td class=\"column-7\">Grzegorz Pazik \u2013 Pan Pyszycki, administrator, Marcin Perchu\u0107 \u2013 ekonom, Ryszard Wr\u00f3blewski \u2013 Bart\u0142omiej, m\u0142ynarz,\u00a0 Alicja W\u0119gorzewska \u2013 Whiskerd \u00a0\u2013 Dorota, jego druga \u017cona, Katarzyna Trylnik \u2013 Basia, Magdalena Idzik \u2013 Zosia, Adam Zdunikowski \u2013 Stach, Dariusz Pietrzykowski \u2013 Jonek, Zbigniew D\u0119bko \u2013 Bryndus, g\u00f3ral, Witold Tomczyk -\u015awisstos, g\u00f3ral, Ryszard Morka \u2013 Kico\u0142ap, g\u00f3ral, Czes\u0142aw Ga\u0142ka \u2013 Miechodmuch, organista, Krzysztof Szmyt \u2013 Pastuch, Grzegorz P. Ko\u0142odziej \u2013 Bardos, student z Krakowa, Janusz J\u00f3zefowicz \u2013 re\u017cyseria i choreografia Ch\u00f3r, Balet i Orkiestra Operz Narodowej p\/d \u0141ukasza Borowicz a<\/td>\n<\/tr>\n<tr class=\"row-160\">\n\t<td class=\"column-1\">159<\/td><td class=\"column-2\">6 November 2007<\/td><td class=\"column-3\">WARSZAWA, OPERA NARODOWA, SALA MONIUSZKI<\/td><td class=\"column-4\">OPERA<\/td><td class=\"column-5\">K.KURPI\u0143SKI<\/td><td class=\"column-6\">\u201eZABOBON CZYLI KRAKOWIACY I G\u00d3RALE\u201d, PARTIA: DOROTA<\/td><td class=\"column-7\">Grzegorz Pazik \u2013 Pan Pyszycki, administrator, Marcin Perchu\u0107 \u2013 ekonom, Ryszard Wr\u00f3blewski \u2013 Bart\u0142omiej, m\u0142ynarz,\u00a0 Alicja W\u0119gorzewska \u2013 Whiskerd \u00a0\u2013 Dorota, jego druga \u017cona, Katarzyna Trylnik \u2013 Basia, Magdalena Idzik \u2013 Zosia, Adam Zdunikowski \u2013 Stach, Dariusz Pietrzykowski \u2013 Jonek, Zbigniew D\u0119bko \u2013 Bryndus, g\u00f3ral, Witold Tomczyk -\u015awisstos, g\u00f3ral, Ryszard Morka \u2013 Kico\u0142ap, g\u00f3ral, Czes\u0142aw Ga\u0142ka \u2013 Miechodmuch, organista, Krzysztof Szmyt \u2013 Pastuch, Grzegorz P. Ko\u0142odziej \u2013 Bardos, student z Krakowa, Janusz J\u00f3zefowicz \u2013 re\u017cyseria i choreografia Ch\u00f3r, Balet i Orkiestra Operz Narodowej p\/d \u0141ukasza Borowicz a<\/td>\n<\/tr>\n<tr class=\"row-161\">\n\t<td class=\"column-1\">160<\/td><td class=\"column-2\">30 November 2007<\/td><td class=\"column-3\">WARSZAWA, OPERA NARODOWA, SALA MONIUSZKI<\/td><td class=\"column-4\">OPERA<\/td><td class=\"column-5\">J.OFFENBACH<\/td><td class=\"column-6\">\u201eOPOWIE\u015aCI HOFFMANA\u201d, PARTIA: G\u0141OS MATKI<\/td><td class=\"column-7\">Richard Troxell \u2013 Hoffmann, Artur Ruci\u0144ski \u2013 Muza-Nicklausse, Claudio Otelli \u2013 Lindorf-Copellius-Dapertutto-Dr Miracle, Dariusz Pietrzykowski \u2013 Andres-Cochenille-Pitichinaccio-Frantz, Georgia Jarman \u2013 Stella-Olympia-Giulietta-Antonia,\u00a0 Alicja W\u0119gorzewska \u2013 Whiskerd \u00a0\u2013 g\u0142os matki Antonii, Juliusz Ursyn-Niemcewicz \u2013 Nathanael, Krzysztof Szmyt \u2013 Spalanzani, Krzysztof Witkowski \u2013 Hermann, Schlemihl, Czes\u0142aw Ga\u0142ka \u2013 Luther, Grzegorz Szostak \u2013 Crespel Harry Kupfer \u2013 re\u017cyseria, Ch\u00f3r i Orkiestra Opery Narodowej p\/d T.Bugaja<\/td>\n<\/tr>\n<tr class=\"row-162\">\n\t<td class=\"column-1\">161<\/td><td class=\"column-2\">11 January 2008<\/td><td class=\"column-3\">WARSZAWA, OPERA NARODOWA, SALA MONIUSZKI<\/td><td class=\"column-4\">OPERA<\/td><td class=\"column-5\">K.KURPI\u0143SKI<\/td><td class=\"column-6\">\u201eZABOBON CZYLI KRAKOWIACY I G\u00d3RALE\u201d , PARTIA: DOROTA<\/td><td class=\"column-7\">Grzegorz Pazik \u2013 Pan Pyszycki, administrator, Marcin Perchu\u0107 \u2013 ekonom, Ryszard Wr\u00f3blewski \u2013 Bart\u0142omiej, m\u0142ynarz,\u00a0 Alicja W\u0119gorzewska \u2013 Whiskerd \u00a0\u2013 Dorota, jego druga \u017cona, Katarzyna Trylnik \u2013 Basia, Magdalena Idzik \u2013 Zosia, Adam Zdunikowski \u2013 Stach, Dariusz Pietrzykowski \u2013 Jonek, Zbigniew D\u0119bko \u2013 Bryndus, g\u00f3ral, Witold Tomczyk -\u015awisstos, g\u00f3ral, Ryszard Morka \u2013 Kico\u0142ap, g\u00f3ral, Czes\u0142aw Ga\u0142ka \u2013 Miechodmuch, organista, Krzysztof Szmyt \u2013 Pastuch, Grzegorz P. Ko\u0142odziej \u2013 Bardos, student z Krakowa, Janusz J\u00f3zefowicz \u2013 re\u017cyseria i choreografia Ch\u00f3r, Balet i Orkiestra Operz Narodowej p\/d \u0141ukasza Borowicz a<\/td>\n<\/tr>\n<tr class=\"row-163\">\n\t<td class=\"column-1\">162<\/td><td class=\"column-2\">8 February 2008<\/td><td class=\"column-3\">WARSZAWA, OPERA NARODOWA<\/td><td class=\"column-4\">OPERA<\/td><td class=\"column-5\">P.CZAJKOWSKI<\/td><td class=\"column-6\">\u201cDAMA PIKOWA\u201d, PARTIA: HRABINA<\/td><td class=\"column-7\">W\u0119gorzewska, Lutsiuk, Biriucov, Ledzion, Zalsi\u0144ski, Ruci\u0144ski, Nowacki, Bartmi\u0144ski, Volynskiy, Treli\u0144ski, Kudlicka, Tes\u0142awska, Grabarczyk, Weso\u0142owski, Ross, Orkiestra Opery Narodowej p\/d E. Volinskiy\u2019ego<\/td>\n<\/tr>\n<tr class=\"row-164\">\n\t<td class=\"column-1\">163<\/td><td class=\"column-2\">9 February 2008<\/td><td class=\"column-3\">WARSZAWA, OPERA NARODOWA<\/td><td class=\"column-4\">OPERA<\/td><td class=\"column-5\">P.CZAJKOWSKI<\/td><td class=\"column-6\">\u201cDAMA PIKOWA\u201d, PARTIA: HRABINA<\/td><td class=\"column-7\">W\u0119gorzewska, Lutsiuk, Biriucov, Ledzion, Zalsi\u0144ski, Ruci\u0144ski, Nowacki, Bartmi\u0144ski, Volynskiy, Treli\u0144ski, Kudlicka, Tes\u0142awska, Grabarczyk, Weso\u0142owski, Ross, Orkiestra Opery Narodowej p\/d E.Volinskiy\u2019ego<\/td>\n<\/tr>\n<tr class=\"row-165\">\n\t<td class=\"column-1\">164<\/td><td class=\"column-2\">18 March 2008<\/td><td class=\"column-3\">W\u0118GRY, BUDAPESZT<\/td><td class=\"column-4\">KONCERT<\/td><td class=\"column-5\">J.BRAHMS<\/td><td class=\"column-6\">\u201eKONCERT PIE\u015aNI MI\u0141OSNYCH J.BRAHMSA\u201d<\/td><td class=\"column-7\">Andrea Cajova,\u00a0 Alicja W\u0119gorzewska \u2013 Whiskerd , Tomas Cerny, Cser Peter, Alex Szilasi, Bogdanyi Gergely<\/td>\n<\/tr>\n<tr class=\"row-166\">\n\t<td class=\"column-1\">165<\/td><td class=\"column-2\">6 April 2008<\/td><td class=\"column-3\">KRAK\u00d3W,OPERA KRAKOWSKA<\/td><td class=\"column-4\">OPERA<\/td><td class=\"column-5\">P.CZAJKOWSKI<\/td><td class=\"column-6\">\u201cDAMA PIKOWA\u201d, PARTIA: HRABINA<\/td><td class=\"column-7\">Agnieszka Piass \u2013 Liza, Krzysztof Bednarek \u2013 Herman, Andrzej Biegun \u2013 Tomski, Artur Ruci\u0144ski \u2013 Jelecki,\u00a0 Alicja W\u0119gorzewska \u2013 Whiskerd \u00a0\u2013 Hrabina, Anna Luba\u0144ska \u2013 Paulina, Bo\u017cena Walczyk-Skrzypczak \u2013 Guwernantka, Marta Poliszot \u2013 Masza, Volodymir Pankiv \u2013 Surin, Vasyl Grokholskyi \u2013 Czekali\u0144ski, Wies\u0142aw Popio\u0142ek \u2013 Czaplicki, Przemys\u0142aw Ba\u0142ka \u2013 Narumov, Rafa\u0142 Paw\u0142owski \u2013 Mistrz ceremonii, Joanna Solecka \u2013 Pianistka, Ch\u00f3r, Balet i Orkiestra Opery Krakowskiej p\/d I.Sowi\u0144\u015bkiej<\/td>\n<\/tr>\n<tr class=\"row-167\">\n\t<td class=\"column-1\">166<\/td><td class=\"column-2\">7 April 2008<\/td><td class=\"column-3\">KRAK\u00d3W,OPERA KRAKOWSKA<\/td><td class=\"column-4\">OPERA<\/td><td class=\"column-5\">P.CZAJKOWSKI<\/td><td class=\"column-6\">\u201cDAMA PIKOWA\u201d, PARTIA: HRABINA<\/td><td class=\"column-7\">Agnieszka Piass \u2013 Liza, Krzysztof Bednarek \u2013 Herman, Andrzej Biegun \u2013 Tomski, Artur Ruci\u0144ski \u2013 Jelecki,\u00a0 Alicja W\u0119gorzewska \u2013 Whiskerd \u00a0\u2013 Hrabina, Anna Luba\u0144ska \u2013 Paulina, Bo\u017cena Walczyk-Skrzypczak \u2013 Guwernantka, Marta Poliszot \u2013 Masza, Volodymir Pankiv \u2013 Surin, Vasyl Grokholskyi \u2013 Czekali\u0144ski, Wies\u0142aw Popio\u0142ek \u2013 Czaplicki, Przemys\u0142aw Ba\u0142ka \u2013 Narumov, Rafa\u0142 Paw\u0142owski \u2013 Mistrz ceremonii, Joanna Solecka \u2013 Pianistka, Ch\u00f3r, Balet i Orkiestra Opery Krakowskiej p\/d I.Sowi\u0144\u015bkiej<\/td>\n<\/tr>\n<tr class=\"row-168\">\n\t<td class=\"column-1\">167<\/td><td class=\"column-2\">14 April 2008<\/td><td class=\"column-3\">KRAK\u00d3W,OPERA KRAKOWSKA<\/td><td class=\"column-4\">OPERA<\/td><td class=\"column-5\">P.CZAJKOWSKI<\/td><td class=\"column-6\">\u201cDAMA PIKOWA\u201d, PARTIA: HRABINA<\/td><td class=\"column-7\">Agnieszka Piass \u2013 Liza, Krzysztof Bednarek \u2013 Herman, Andrzej Biegun \u2013 Tomski, Artur Ruci\u0144ski \u2013 Jelecki,\u00a0 Alicja W\u0119gorzewska \u2013 Whiskerd \u00a0\u2013 Hrabina, Anna Luba\u0144ska \u2013 Paulina, Bo\u017cena Walczyk-Skrzypczak \u2013 Guwernantka, Marta Poliszot \u2013 Masza, Volodymir Pankiv \u2013 Surin, Vasyl Grokholskyi \u2013 Czekali\u0144ski, Wies\u0142aw Popio\u0142ek \u2013 Czaplicki, Przemys\u0142aw Ba\u0142ka \u2013 Narumov, Rafa\u0142 Paw\u0142owski \u2013 Mistrz ceremonii, Joanna Solecka \u2013 Pianistka, Ch\u00f3r, Balet i Orkiestra Opery Krakowskiej p\/d I.Sowi\u0144\u015bkiej<\/td>\n<\/tr>\n<tr class=\"row-169\">\n\t<td class=\"column-1\">168<\/td><td class=\"column-2\">18 April 2008<\/td><td class=\"column-3\">KRAK\u00d3W,OPERA KRAKOWSKA<\/td><td class=\"column-4\">OPERA<\/td><td class=\"column-5\">P.CZAJKOWSKI<\/td><td class=\"column-6\">\u201cDAMA PIKOWA\u201d, PARTIA: HRABINA<\/td><td class=\"column-7\">Agnieszka Piass \u2013 Liza, Krzysztof Bednarek \u2013 Herman, Andrzej Biegun \u2013 Tomski, Artur Ruci\u0144ski \u2013 Jelecki,\u00a0 Alicja W\u0119gorzewska \u2013 Whiskerd \u00a0\u2013 Hrabina, Anna Luba\u0144ska \u2013 Paulina, Bo\u017cena Walczyk-Skrzypczak \u2013 Guwernantka, Marta Poliszot \u2013 Masza, Volodymir Pankiv \u2013 Surin, Vasyl Grokholskyi \u2013 Czekali\u0144ski, Wies\u0142aw Popio\u0142ek \u2013 Czaplicki, Przemys\u0142aw Ba\u0142ka \u2013 Narumov, Rafa\u0142 Paw\u0142owski \u2013 Mistrz ceremonii, Joanna Solecka \u2013 Pianistka, Ch\u00f3r, Balet i Orkiestra Opery Krakowskiej p\/d I.Sowi\u0144\u015bkiej<\/td>\n<\/tr>\n<tr class=\"row-170\">\n\t<td class=\"column-1\">169<\/td><td class=\"column-2\">19 April 2008<\/td><td class=\"column-3\">KRAK\u00d3W,OPERA KRAKOWSKA<\/td><td class=\"column-4\">OPERA<\/td><td class=\"column-5\">P.CZAJKOWSKI<\/td><td class=\"column-6\">\u201cDAMA PIKOWA\u201d, PARTIA: HRABINA<\/td><td class=\"column-7\">Agnieszka Piass \u2013 Liza, Krzysztof Bednarek \u2013 Herman, Andrzej Biegun \u2013 Tomski, Artur Ruci\u0144ski \u2013 Jelecki,\u00a0 Alicja W\u0119gorzewska \u2013 Whiskerd \u00a0\u2013 Hrabina, Anna Luba\u0144ska \u2013 Paulina, Bo\u017cena Walczyk-Skrzypczak \u2013 Guwernantka, Marta Poliszot \u2013 Masza, Volodymir Pankiv \u2013 Surin, Vasyl Grokholskyi \u2013 Czekali\u0144ski, Wies\u0142aw Popio\u0142ek \u2013 Czaplicki, Przemys\u0142aw Ba\u0142ka \u2013 Narumov, Rafa\u0142 Paw\u0142owski \u2013 Mistrz ceremonii, Joanna Solecka \u2013 Pianistka, Ch\u00f3r, Balet i Orkiestra Opery Krakowskiej p\/d I.Sowi\u0144\u015bkiej<\/td>\n<\/tr>\n<tr class=\"row-171\">\n\t<td class=\"column-1\">170<\/td><td class=\"column-2\">30 April 2008<\/td><td class=\"column-3\">WARSZAWA, OPERA NARODOWA, SALA MONIUSZKI<\/td><td class=\"column-4\">OPERA<\/td><td class=\"column-5\">K.KURPI\u0143SKI<\/td><td class=\"column-6\">\u201eZABOBON CZYLI KRAKOWIACY I G\u00d3RALE\u201d, PARTIA: DOROTA<\/td><td class=\"column-7\">Grzegorz Pazik \u2013 Pan Pyszycki, administrator, Marcin Perchu\u0107 \u2013 ekonom, Ryszard Wr\u00f3blewski \u2013 Bart\u0142omiej, m\u0142ynarz,\u00a0 Alicja W\u0119gorzewska \u2013 Whiskerd \u00a0\u2013 Dorota, jego druga \u017cona, Katarzyna Trylnik \u2013 Basia, Magdalena Idzik \u2013 Zosia, Adam Zdunikowski \u2013 Stach, Dariusz Pietrzykowski \u2013 Jonek, Zbigniew D\u0119bko \u2013 Bryndus, g\u00f3ral, Witold Tomczyk -\u015awisstos, g\u00f3ral, Ryszard Morka \u2013 Kico\u0142ap, g\u00f3ral, Czes\u0142aw Ga\u0142ka \u2013 Miechodmuch, organista, Krzysztof Szmyt \u2013 Pastuch, Grzegorz P. Ko\u0142odziej \u2013 Bardos, student z Krakowa, Janusz J\u00f3zefowicz \u2013 re\u017cyseria i choreografia Ch\u00f3r, Balet i Orkiestra Operz Narodowej p\/d \u0141ukasza Borowicz a<\/td>\n<\/tr>\n<tr class=\"row-172\">\n\t<td class=\"column-1\">171<\/td><td class=\"column-2\">7 June 2008<\/td><td class=\"column-3\">TORU\u0143<\/td><td class=\"column-4\">KONCERT, OPERA POD GWIAZDAMI, OTWARCIE MUZEUM SZTUKI NOWOCZESNEJ W TORUNIU<\/td><td class=\"column-5\">R\u00d3\u017bNI KOMPOZYTORZY<\/td><td class=\"column-6\">ARIE I PIE\u015aNI<\/td><td class=\"column-7\">Orkiestra Filharmonii Dowcipu p\/d Bernarda Chmielarza, Gra\u017cyna Brodzi\u0144ska, Renata Drozd, Anita Rywalska, Justyna Steczkowska,\u00a0 Alicja W\u0119gorzewska , Krystian Krzeszowiak, Andrzej Lampert, Waldemar Malicki, Kamil P\u0119kala, Marcin Pomyka\u0142a, Ch\u00f3r Astrolabium, Zesp\u00f3\u0142 wokalny Narwianki, kierownictwo muzyczne \u2013 Bogdan Chmielarz<\/td>\n<\/tr>\n<tr class=\"row-173\">\n\t<td class=\"column-1\">172<\/td><td class=\"column-2\">12 July 2008<\/td><td class=\"column-3\">GRECJA, SELIANITIKA<\/td><td class=\"column-4\">RECITAL<\/td><td class=\"column-5\">CH.W.GLUCK, P.MASCAGNI, G.BIZET, F.LOEWE<\/td><td class=\"column-6\">ARIE OPEROWE, \u201eHELLENIKON IDYLLION \u2013 MUSISCH-KULTURELLE BILDUNGSSTAETTE<\/td><td class=\"column-7\">Alicja W\u0119gorzewska \u2013 Whiskerd<\/td>\n<\/tr>\n<tr class=\"row-174\">\n\t<td class=\"column-1\">173<\/td><td class=\"column-2\">14 August 2008<\/td><td class=\"column-3\">GDA\u0143SK, LETNIA SCENA NAD MOT\u0141AW\u0104<\/td><td class=\"column-4\">WIDOWISKO MUZYCZNE \u201eENERGIA MO\u017bLIWO\u015aCI\u201d<\/td><td class=\"column-5\">H.T\u0104BECKI<\/td><td class=\"column-6\">PIE\u015aNI<\/td><td class=\"column-7\">Alicja W\u0119gorzewska<\/td>\n<\/tr>\n<tr class=\"row-175\">\n\t<td class=\"column-1\">174<\/td><td class=\"column-2\">25 September 2008<\/td><td class=\"column-3\">BYTOM<\/td><td class=\"column-4\">GALA OPEROWA<\/td><td class=\"column-5\">G.VERDI<\/td><td class=\"column-6\">GALA VERDIEGO<\/td><td class=\"column-7\">Orkiestra Festiwalowa CAMERATA IMPULS p\/d Ma\u0142gorzaty Kaniowskiej, Ch\u00f3r RESONANS CON TUTTI, Agnieszka Bochenek-Osiecka \u2013 sopran,\u00a0 Alicja W\u0119gorzewska \u2013 Whiskerd \u00a0\u2013 mezzosopran, Tomasz Kuk \u2013 tenor, Adam \u017baak \u2013 bas\/baryton, Wies\u0142aw Ochman \u2013 prowadzenie<\/td>\n<\/tr>\n<tr class=\"row-176\">\n\t<td class=\"column-1\">175<\/td><td class=\"column-2\">4 October 2008<\/td><td class=\"column-3\">WARSZAWA, OPERA NARODOWA, SALA MONIUSZKI<\/td><td class=\"column-4\">KONCERT \u201eOPERA NARODOWA NA RZECZ DOMU MUZYKA SENIORA\u201d<\/td><td class=\"column-5\">S.MONIUSZKO<\/td><td class=\"column-6\">ARIA \u201eSTRASZNY DW\u00d3R\u201d<\/td><td class=\"column-7\">Alicja W\u0119gorzewska \u00a0\u2013\u00a0 Whiskerd , Mieczys\u0142aw Nowakowski \u2013 dyrygent, Ch\u00f3r, Balet i Orkiestra Opery Narodowej<\/td>\n<\/tr>\n<tr class=\"row-177\">\n\t<td class=\"column-1\">176<\/td><td class=\"column-2\">4 October 2008<\/td><td class=\"column-3\">BYTOM, OPERA \u015aL\u0104SKA, DU\u017bA SCENA<\/td><td class=\"column-4\">OPERA<\/td><td class=\"column-5\">G.BIZET<\/td><td class=\"column-6\">\u201eCARMEN\u201d, PARTIA: CARMEN<\/td><td class=\"column-7\">Wies\u0142aw Ochman \u2013 inscenizacja i re\u017cyseria, Tadeusz Serafin \u2013 kierownictwo muzyczne,\u00a0 Alicja W\u0119gorzewska \u00a0\u2013 \u201eCARMEN\u201d, Maciej Komandera \u2013 Don Jose, Zbiegniew Wunsch \u2013 Torreador, Aleksandra Szafir \u2013 Michaela, Barbara Stryjecka \u2013 Frasquita, Gra\u017cyna Marek \u2013 Mercedes, Tadeusz Le\u015bniczak \u2013 Zuniga, Feliks Widera \u2013 Remendado, Marek Ziemniewicz \u2013 Dancairo, W\u0142odzimierz Skalski \u2013 Morales, Witold Dewor \u2013 Lillas Pastia, Ch\u00f3r, Balet i Orkiestra Opery \u015al\u0105skiej pod dyrekcj\u0105 Piotra Warzechy<\/td>\n<\/tr>\n<tr class=\"row-178\">\n\t<td class=\"column-1\">177<\/td><td class=\"column-2\">6 October 2008<\/td><td class=\"column-3\">KATOWICE, FILHARMONIA \u015aL\u0104SKA<\/td><td class=\"column-4\">OPERA<\/td><td class=\"column-5\">G.BIZET<\/td><td class=\"column-6\">\u201eCARMEN\u201d, PARTIA: CARMEN<\/td><td class=\"column-7\">Wies\u0142aw Ochman \u2013 inscenizacja i re\u017cyseria, Tadeusz Serafin \u2013 kierownictwo muzyczne,\u00a0 Alicja W\u0119gorzewska \u00a0\u2013 \u201eCARMEN\u201d, Maciej Komandera \u2013 Don Jose, Zbiegniew Wunsch \u2013 Torreador, Aleksandra Szafir \u2013 Michaela, Barbara Stryjecka \u2013 Frasquita, Gra\u017cyna Marek \u2013 Mercedes, Tadeusz Le\u015bniczak \u2013 Zuniga, Feliks Widera \u2013 Remendado, Marek Ziemniewicz \u2013 Dancairo, W\u0142odzimierz Skalski \u2013 Morales, Witold Dewor \u2013 Lillas Pastia, Ch\u00f3r, Balet i Orkiestra Opery \u015al\u0105skiej pod dyrekcj\u0105 Piotra Warzechy<\/td>\n<\/tr>\n<tr class=\"row-179\">\n\t<td class=\"column-1\">178<\/td><td class=\"column-2\">12 October 2008<\/td><td class=\"column-3\">KRAK\u00d3W,OPERA KRAKOWSKA<\/td><td class=\"column-4\">OPERA<\/td><td class=\"column-5\">P.CZAJKOWSKI<\/td><td class=\"column-6\">\u201cDAMA PIKOWA\u201d, PARTIA: HRABINA<\/td><td class=\"column-7\">Agnieszka Piass \u2013 Liza, Krzysztof Bednarek \u2013 Herman, Andrzej Biegun \u2013 Tomski, Artur Ruci\u0144ski \u2013 Jelecki,\u00a0 Alicja W\u0119gorzewska \u2013 Whiskerd \u00a0\u2013 Hrabina, Anna Luba\u0144ska \u2013 Paulina, Bo\u017cena Walczyk-Skrzypczak \u2013 Guwernantka, Marta Poliszot \u2013 Masza, Volodymir Pankiv \u2013 Surin, Vasyl Grokholskyi \u2013 Czekali\u0144ski, Wies\u0142aw Popio\u0142ek \u2013 Czaplicki, Przemys\u0142aw Ba\u0142ka \u2013 Narumov, Rafa\u0142 Paw\u0142owski \u2013 Mistrz ceremonii, Joanna Solecka \u2013 Pianistka, Ch\u00f3r, Balet i Orkiestra Opery Krakowskiej p\/d I.Sowi\u0144\u015bkiej<\/td>\n<\/tr>\n<tr class=\"row-180\">\n\t<td class=\"column-1\">179<\/td><td class=\"column-2\">15 October 2008<\/td><td class=\"column-3\">WARSZAWA, TEATR WIELKI<\/td><td class=\"column-4\">RECITAL<\/td><td class=\"column-5\">G.BIZET, I.KALMAN, J.OFFENBACH<\/td><td class=\"column-6\">MI\u0118DZYNARODOWA KONFERENCJA \u201eCOMMON CURRENCY AND ITS FUTURE LESSONS FOR THE NEW MEMBER STATES\u201d<\/td><td class=\"column-7\">Arie \u2013\u00a0 Alicja W\u0119gorzewska,\u00a0 M. Piszek \u2013 fortepian<\/td>\n<\/tr>\n<tr class=\"row-181\">\n\t<td class=\"column-1\">180<\/td><td class=\"column-2\">17 October 2008<\/td><td class=\"column-3\">GDA\u0143SK, OPERA BA\u0141TYCKA<\/td><td class=\"column-4\">OPERA<\/td><td class=\"column-5\">B.BRITTEN<\/td><td class=\"column-6\">\u201cGWA\u0141T NA LUKRECJI\u201d, PARTIA: LUKRECJA<\/td><td class=\"column-7\">Ronald Duncan \u2013 libretto, Peter Telihay \u2013 re\u017cyseria, Mariusz Godlewski, Bart\u0142omiej Misiuda \u2013 Tarkwiniusz, Piotr Nowacki, Adam Pa\u0142ka \u2013 Collatinus, Janja Vuletic,\u00a0 Alicja W\u0119gorzewska \u00a0\u2013\u00a0 Whiskerd \u00a0\u2013 Lukrecja, Wiard Witholt, Krzysztof Witkowski \u2013 Junius, Monika Fedyk \u2013 Klimaszewska, Katarzyna Otczyk \u2013 Bianca, Julia Iwaszkiewic, Magdalena Witczak \u2013 \u0141ucja, Orkiestra Pa\u0144stwowej Opery Ba\u0142tyckiej p\/d J.M. Florencio<\/td>\n<\/tr>\n<tr class=\"row-182\">\n\t<td class=\"column-1\">181<\/td><td class=\"column-2\">18 October 2008<\/td><td class=\"column-3\">GDA\u0143SK, OPERA BA\u0141TYCKA<\/td><td class=\"column-4\">OPERA<\/td><td class=\"column-5\">B.BRITTEN<\/td><td class=\"column-6\">\u201cGWA\u0141T NA LUKRECJI\u201d, PARTIA: LUKRECJA<\/td><td class=\"column-7\">Ronald Duncan \u2013 libretto, Peter Telihay \u2013 re\u017cyseria, Mariusz Godlewski, Bart\u0142omiej Misiuda \u2013 Tarkwiniusz, Piotr Nowacki, Adam Pa\u0142ka \u2013 Collatinus,\u00a0 Alicja W\u0119gorzewska \u00a0\u2013\u00a0 Whiskerd \u00a0\u2013 Lukrecja, Wiard Witholt, Krzysztof Witkowski \u2013 Junius, Monika Fedyk \u2013 Klimaszewska, Katarzyna Otczyk \u2013 Bianca, Julia Iwaszkiewic, Magdalena Witczak \u2013 \u0141ucja, Orkiestra Pa\u0144stwowej Opery Ba\u0142tyckiej p\/d J.M. Florencio<\/td>\n<\/tr>\n<tr class=\"row-183\">\n\t<td class=\"column-1\">182<\/td><td class=\"column-2\">19 October 2008<\/td><td class=\"column-3\">NIEMCY, DUSSELDORF, STARE MIASTO<\/td><td class=\"column-4\">KONCERT<\/td><td class=\"column-5\">C.GOUNOD, W.A.MOZART, G.VERDI, J.S.BACH, G.F.HAENDEL, C.FRANCK<\/td><td class=\"column-6\">TOCCATA D-MOLL, MESSE C-DUR, KONZERT FUER ORGEL UND ORCHESTER F-DUR, LAUDATE DOMINUM, DUETT \u201eRECORDARE JESUS PIE\u201d, AGNUS DEI, DEXTERA DOMINI<\/td><td class=\"column-7\">Aleksandra Chaci\u0144ska \u2013 sopran,\u00a0 Alicja W\u0119gorzewska \u2013 Whiskerd \u00a0\u2013 mezzosopran, Wolfram Wittekind \u2013 tenor, Artur Grywatzik \u2013 bas, Filharmonia Dortmundzka p\/d T. Hildebrandta, KNABENCHOR HOESEL<\/td>\n<\/tr>\n<tr class=\"row-184\">\n\t<td class=\"column-1\">183<\/td><td class=\"column-2\">26 October 2008<\/td><td class=\"column-3\">WARSZAWA, OPERA NARODOWA, W RAMACH FESTIWALU \u201eMIT \u201eFAUST\u201dA W MUZYCE I TEATRZE\u201d<\/td><td class=\"column-4\">OPERA<\/td><td class=\"column-5\">C.GOUNOD<\/td><td class=\"column-6\">\u201eFAUST\u201d, PARTIA: SIEBEL<\/td><td class=\"column-7\">Marcello Bedoni, Jose Luis Sola \u2013 Dr \u201eFAUST\u201d, Vladimir Baykov, Przemys\u0142aw Firek \u2013 Mephistopheles, Adam Kruszewski, Artur Ruci\u0144ski \u2013 Valentin, Robert Dymowski, Czes\u0142aw Ga\u0142ka \u2013 Wagner, Ewa Biegas, Anna Chierichetti \u2013 Marguerite, Monika Lendzion, Alija W\u0119gorzewska- Whiskerd \u00a0\u2013 Siebel, Anna Luba\u0144ska, Katarzyna Suska \u2013 Marthe, Balet, Ch\u00f3r i Orkiestra Opery Narodowej p\/d Gabriela Chmury<\/td>\n<\/tr>\n<tr class=\"row-185\">\n\t<td class=\"column-1\">184<\/td><td class=\"column-2\">7 November 2008<\/td><td class=\"column-3\">KUWEJT, HASHEMI II GRAND BALLROOM RADISSON SAS HOTEL<\/td><td class=\"column-4\">RECITAL Z OKAZJI 90. ROCZNICY NIEPODLEG\u0141O\u015aCI POLSKI pod patronatem Ambasady RP w Kuwejcie<\/td><td class=\"column-5\">R\u00d3\u017bNI KOMPOZYTORZY<\/td><td class=\"column-6\">ARIE OPEROWE<\/td><td class=\"column-7\">Alicja W\u0119gorzewska \u2013 Whiskerd \u00a0\u2013 mezzosopran,Tamara Granat \u2013 fortepian<\/td>\n<\/tr>\n<tr class=\"row-186\">\n\t<td class=\"column-1\">185<\/td><td class=\"column-2\">8 November 2008<\/td><td class=\"column-3\">BAHRAJN, LA FONTAINE CENTRE OF CONTEMPORARY ART<\/td><td class=\"column-4\">RECITAL<\/td><td class=\"column-5\">R\u00d3\u017bNI KOMPOZYTORZY<\/td><td class=\"column-6\">ARIE OPEROWE<\/td><td class=\"column-7\">Alicja W\u0119gorzewska<\/td>\n<\/tr>\n<tr class=\"row-187\">\n\t<td class=\"column-1\">186<\/td><td class=\"column-2\">22 November 2008<\/td><td class=\"column-3\">GDA\u0143SK, OPERA BA\u0141TYCKA<\/td><td class=\"column-4\">OPERA<\/td><td class=\"column-5\">B.BRITTEN<\/td><td class=\"column-6\">\u201cGWA\u0141T NA LUKRECJI\u201d, PARTIA: LUKRECJA<\/td><td class=\"column-7\">Ronald Duncan \u2013 libretto, Peter Telihay \u2013 re\u017cyseria, Mariusz Godlewski, Bart\u0142omiej Misiuda \u2013 Tarkwiniusz, Piotr Nowacki, Adam Pa\u0142ka \u2013 Collatinus, Janja Vuletic,\u00a0 Alicja W\u0119gorzewska \u00a0\u2013\u00a0 Whiskerd \u00a0\u2013 Lukrecja, Wiard Witholt, Krzysztof Witkowski \u2013 Junius, Monika Fedyk \u2013 Klimaszewska, Katarzyna Otczyk \u2013 Bianca, Julia Iwaszkiewic, Magdalena Witczak \u2013 \u0141ucja, Orkiestra Pa\u0144stwowej Opery Ba\u0142tyckiej p\/d J.M. Florencio<\/td>\n<\/tr>\n<tr class=\"row-188\">\n\t<td class=\"column-1\">187<\/td><td class=\"column-2\">23 November 2008<\/td><td class=\"column-3\">GDA\u0143SK, OPERA BA\u0141TYCKA<\/td><td class=\"column-4\">OPERA<\/td><td class=\"column-5\">B.BRITTEN<\/td><td class=\"column-6\">\u201cGWA\u0141T NA LUKRECJI\u201d, PARTIA: LUKRECJA<\/td><td class=\"column-7\">Ronald Duncan \u2013 libretto, Peter Telihay \u2013 re\u017cyseria, Mariusz Godlewski, Bart\u0142omiej Misiuda \u2013 Tarkwiniusz, Piotr Nowacki, Adam Pa\u0142ka \u2013 Collatinus, Janja Vuletic,\u00a0 Alicja W\u0119gorzewska \u00a0\u2013\u00a0 Whiskerd \u00a0\u2013 Lukrecja, Wiard Witholt, Krzysztof Witkowski \u2013 Junius, Monika Fedyk \u2013 Klimaszewska, Katarzyna Otczyk \u2013 Bianca, Julia Iwaszkiewic, Magdalena Witczak \u2013 \u0141ucja, Orkiestra Pa\u0144stwowej Opery Ba\u0142tyckiej p\/d J.M. Florencio<\/td>\n<\/tr>\n<tr class=\"row-189\">\n\t<td class=\"column-1\">188<\/td><td class=\"column-2\">14 December 2008<\/td><td class=\"column-3\">WARSZAWA, ZAMEK KR\u00d3LEWSKI<\/td><td class=\"column-4\">KONCERT, X FESTIWAL MUZYKI F. SCHUBERTA<\/td><td class=\"column-5\">F.SCHUBERT<\/td><td class=\"column-6\">PIE\u015aNI<\/td><td class=\"column-7\">Jeanette Bo\u017ca\u0142ek \u2013 sopran,\u00a0 Alicja W\u0119gorzewska \u00a0\u2013 mezzosopran, Marcin Bronikowski \u2013 baryton, Axoum Duo<\/td>\n<\/tr>\n<tr class=\"row-190\">\n\t<td class=\"column-1\">189<\/td><td class=\"column-2\">1 January 2009<\/td><td class=\"column-3\">OLSZTYN, FILHARMONIA WARMI\u0143SKO-MAZURSKA<\/td><td class=\"column-4\">GALA NOWOROCZNA<\/td><td class=\"column-5\">R.STRAUSS, J.STRAUSS<\/td><td class=\"column-6\">GALA NOWOROCZNA \u201eMUZYKA STRAUSS\u00d3W\u201d<\/td><td class=\"column-7\">Katarzyna Ole\u015b \u2013 Blacha \u2013 sopran,\u00a0 Alicja W\u0119gorzewska \u00a0\u2013\u00a0 Whiskerd \u00a0\u2013 mezzosopran, Aleksandra Stok\u0142osa \u2013 sopran dramatyczny, Jacek Szyma\u0144ski \u2013 tenor, Orkiestra Filharmonii Warmi\u0144sko-Mazurskiej p\/d J.Przybylskiego<\/td>\n<\/tr>\n<tr class=\"row-191\">\n\t<td class=\"column-1\">190<\/td><td class=\"column-2\">4 April 2009<\/td><td class=\"column-3\">WARSZAWA, ARCHIKATEDRA P.W.M\u0118CZE\u0143STWA \u015aW. JANA CHCICIELA<\/td><td class=\"column-4\">KONCERT, OPERETKA WARSZAWIAKOM NA WIELKANOC<\/td><td class=\"column-5\">MAZOWIECKI TEATR MUZYCZNY OPERETKA IM. JANA KIEPURY<\/td><td class=\"column-6\">PIE\u015aNI WIELKANOCNE<\/td><td class=\"column-7\">Alicja W\u0119gorzewska<\/td>\n<\/tr>\n<tr class=\"row-192\">\n\t<td class=\"column-1\">191<\/td><td class=\"column-2\">22 May 2009<\/td><td class=\"column-3\">GDA\u0143SK, OPERA BA\u0141TYCKA<\/td><td class=\"column-4\">OPERA<\/td><td class=\"column-5\">B.BRITTEN<\/td><td class=\"column-6\">\u201cGWA\u0141T NA LUKRECJI\u201d, PARTIA: LUKRECJA<\/td><td class=\"column-7\">Ronald Duncan \u2013 libretto, Peter Telihay \u2013 re\u017cyseria, Mariusz Godlewski, Bart\u0142omiej Misiuda \u2013 Tarkwiniusz, Piotr Nowacki, Adam Pa\u0142ka \u2013 Collatinus, Janja Vuletic,\u00a0 Alicja W\u0119gorzewska \u00a0\u2013\u00a0 Whiskerd \u00a0\u2013 Lukrecja, Wiard Witholt, Krzysztof Witkowski \u2013 Junius, Monika Fedyk \u2013 Klimaszewska, Katarzyna Otczyk \u2013 Bianca, Julia Iwaszkiewic, Magdalena Witczak \u2013 \u0141ucja, Orkiestra Pa\u0144stwowej Opery Ba\u0142tyckiej p\/d J.M. Florencio<\/td>\n<\/tr>\n<tr class=\"row-193\">\n\t<td class=\"column-1\">192<\/td><td class=\"column-2\">23 May 2009<\/td><td class=\"column-3\">GDA\u0143SK, OPERA BA\u0141TYCKA<\/td><td class=\"column-4\">OPERA<\/td><td class=\"column-5\">B.BRITTEN<\/td><td class=\"column-6\">\u201cGWA\u0141T NA LUKRECJI\u201d, PARTIA: LUKRECJA<\/td><td class=\"column-7\">Ronald Duncan \u2013 libretto, Peter Telihay \u2013 re\u017cyseria, Mariusz Godlewski, Bart\u0142omiej Misiuda \u2013 Tarkwiniusz, Piotr Nowacki, Adam Pa\u0142ka \u2013 Collatinus, Janja Vuletic,\u00a0 Alicja W\u0119gorzewska \u00a0\u2013\u00a0 Whiskerd \u00a0\u2013 Lukrecja, Wiard Witholt, Krzysztof Witkowski \u2013 Junius, Monika Fedyk \u2013 Klimaszewska, Katarzyna Otczyk \u2013 Bianca, Julia Iwaszkiewic, Magdalena Witczak \u2013 \u0141ucja, Orkiestra Pa\u0144stwowej Opery Ba\u0142tyckiej p\/d J.M. Florencio<\/td>\n<\/tr>\n<tr class=\"row-194\">\n\t<td class=\"column-1\">193<\/td><td class=\"column-2\">24 May 2009<\/td><td class=\"column-3\">GDA\u0143SK, OPERA BA\u0141TYCKA<\/td><td class=\"column-4\">OPERA<\/td><td class=\"column-5\">B.BRITTEN<\/td><td class=\"column-6\">\u201cGWA\u0141T NA LUKRECJI\u201d, PARTIA: LUKRECJA<\/td><td class=\"column-7\">Ronald Duncan \u2013 libretto, Peter Telihay \u2013 re\u017cyseria, Mariusz Godlewski, Bart\u0142omiej Misiuda \u2013 Tarkwiniusz, Piotr Nowacki, Adam Pa\u0142ka \u2013 Collatinus, Janja Vuletic,\u00a0 Alicja W\u0119gorzewska \u00a0\u2013\u00a0 Whiskerd \u00a0\u2013 Lukrecja, Wiard Witholt, Krzysztof Witkowski \u2013 Junius, Monika Fedyk \u2013 Klimaszewska, Katarzyna Otczyk \u2013 Bianca, Julia Iwaszkiewic, Magdalena Witczak \u2013 \u0141ucja, Orkiestra Pa\u0144stwowej Opery Ba\u0142tyckiej p\/d J.M. Florencio<\/td>\n<\/tr>\n<tr class=\"row-195\">\n\t<td class=\"column-1\">194<\/td><td class=\"column-2\">5 June 2009<\/td><td class=\"column-3\">GDA\u0143SK, OPERA BA\u0141TYCKA<\/td><td class=\"column-4\">OPERA<\/td><td class=\"column-5\">P.CZAJKOWSKI<\/td><td class=\"column-6\">\u201eEUGENIUSZ ONIEGIN\u201d, PARTIA: OLGA<\/td><td class=\"column-7\">Joanna Cortes, Anastazja Lipert, Anna Wierzbicka, Agata Bie\u0144kowska, Ma\u0142gorzata Pa\u0144ko,\u00a0 Alicja W\u0119gorzewska , Beatriz Blanco, Joanna Weso\u0142owska, Robert Gierlach, Grzegorz Pazik, Pawe\u0142 Skuba\u0142a, Adam Zdunikowski, Romuald Tesarowicz, Andrzej Malinowski, Marek Weiss \u2013 re\u017cyseria, Ch\u00f3r, Balet i Orkiestra Opery Ba\u0142tyckiej p\/d J. M. Florencio<\/td>\n<\/tr>\n<tr class=\"row-196\">\n\t<td class=\"column-1\">195<\/td><td class=\"column-2\">6 June 2009<\/td><td class=\"column-3\">GDA\u0143SK, OPERA BA\u0141TYCKA<\/td><td class=\"column-4\">OPERA<\/td><td class=\"column-5\">P.CZAJKOWSKI<\/td><td class=\"column-6\">\u201eEUGENIUSZ ONIEGIN\u201d, PARTIA: OLGA<\/td><td class=\"column-7\">Joanna Cortes, Anastazja Lipert, Anna Wierzbicka, Agata Bie\u0144kowska, Ma\u0142gorzata Pa\u0144ko,\u00a0 Alicja W\u0119gorzewska , Beatriz Blanco, Joanna Weso\u0142owska, Robert Gierlach, Grzegorz Pazik, Pawe\u0142 Skuba\u0142a, Adam Zdunikowski, Romuald Tesarowicz, Andrzej Malinowski, Marek Weiss \u2013 re\u017cyseria, Ch\u00f3r, Balet i Orkiestra Opery Ba\u0142tyckiej p\/d J. M. Florencio<\/td>\n<\/tr>\n<tr class=\"row-197\">\n\t<td class=\"column-1\">196<\/td><td class=\"column-2\">7 June 2009<\/td><td class=\"column-3\">GDA\u0143SK, OPERA BA\u0141TYCKA<\/td><td class=\"column-4\">OPERA<\/td><td class=\"column-5\">P.CZAJKOWSKI<\/td><td class=\"column-6\">\u201eEUGENIUSZ ONIEGIN\u201d, PARTIA: OLGA<\/td><td class=\"column-7\">Joanna Cortes, Anastazja Lipert, Anna Wierzbicka, Agata Bie\u0144kowska, Ma\u0142gorzata Pa\u0144ko,\u00a0 Alicja W\u0119gorzewska , Beatriz Blanco, Joanna Weso\u0142owska, Robert Gierlach, Grzegorz Pazik, Pawe\u0142 Skuba\u0142a, Adam Zdunikowski, Romuald Tesarowicz, Andrzej Malinowski, Marek Weiss \u2013 re\u017cyseria, Ch\u00f3r, Balet i Orkiestra Opery Ba\u0142tyckiej p\/d J. M. Florencio<\/td>\n<\/tr>\n<tr class=\"row-198\">\n\t<td class=\"column-1\">197<\/td><td class=\"column-2\">20 July 2009<\/td><td class=\"column-3\">SOPOT, OPERA LE\u015aNA, 100-LECIE OPERY LE\u015aNEJ<\/td><td class=\"column-4\">OPERA, pod honorowym patronatem Marsza\u0142ka wojew\u00f3dztwa Pomorskiego<\/td><td class=\"column-5\">R.WAGNER<\/td><td class=\"column-6\">\u201eZ\u0141OTO RENU\u201d, PARTIA: FLOSSHILDE<\/td><td class=\"column-7\">Werner Van Mechelen -Wotan, Daniel Kotli\u0144ski \u2013 Donner, Brenden Gunnel \u2013 Froh, Jeff Martin \u2013 Loge, Anna Luba\u0144ska \u2013 Fricka, Aleksndra Chaci\u0144ska \u2013 Freia, Kathleen Wilkinson \u2013 Erda,\u00a0 Alicja W\u0119gorzewska \u2013 Whiskerd \u00a0\u2013 Flosshilde, Katarzyna Holysz \u2013 Wellgunde, Aleksandra Chaci\u0144ska \u2013 woglinde, Vitaly Efanov \u2013 Fafner, Kristin Sigmundson \u2013 Fasolt, Niklas Bjorn Rygert \u2013 Mime, Tomasz Koniecny \u2013 Albreich, Wagner Festiwal Orchestra p\/d J.L. Koeniga<\/td>\n<\/tr>\n<tr class=\"row-199\">\n\t<td class=\"column-1\">198<\/td><td class=\"column-2\">13 September 2009<\/td><td class=\"column-3\">MO\u0141DAWIA, KISZYNI\u00d3W<\/td><td class=\"column-4\">OPERA \u2013 FESTIWAL OPEROWY \u201d MARIA BIESU\u201d<\/td><td class=\"column-5\">G.BIZET<\/td><td class=\"column-6\">\u201eCARMEN\u201d, PARTIA: CARMEN<\/td><td class=\"column-7\">Alicja W\u0119gorzewska \u2013 Whiskerd \u00a0\u2013 \u201eCARMEN\u201d, Mihal Lehotsky \u2013 Don Jose, Irina Vinogradova \u2013 Michaela, Iurie Gasca \u2013 Escamillo, Anatol Arcea \u2013 Dancairo, Vasile Micusa \u2013 Remendado, Maria Tonina \u2013 Frasquita, Galina Bernaz \u2013 Mercedes, Viorel Zgarda \u2013 Zuniga, Ivan Cvasniu \u2013 Morales<\/td>\n<\/tr>\n<tr class=\"row-200\">\n\t<td class=\"column-1\">199<\/td><td class=\"column-2\">18 September 2009<\/td><td class=\"column-3\">MO\u0141DAWIA, KISZYNI\u00d3W<\/td><td class=\"column-4\">OPERA, FESTIWAL OPEROWY \u201eMARIA BIESU\u2019<\/td><td class=\"column-5\">G.BIZET<\/td><td class=\"column-6\">\u201eCARMEN\u201d<\/td><td class=\"column-7\">Alicja W\u0119gorzewska \u2013 Whiskerd \u2013 Carmen,\u00a0 M.Lehotsky \u2013 Don Jose, I.Vinogradova \u2013 Michaela, I.Gasce \u2013 Escamilio,. A.Arne \u2013 Dancairo, V.Milaise \u2013 Remendado, M.Tonina \u2013 Frasquita, G.Bernaz \u2013 Mercedes, V.Zgarden \u2013 Zuniga, I.Cvasniu \u2013 Morales<\/td>\n<\/tr>\n<tr class=\"row-201\">\n\t<td class=\"column-1\">200<\/td><td class=\"column-2\">3 October 2009<\/td><td class=\"column-3\">TARN\u00d3W<\/td><td class=\"column-4\">OPERA \u2013 SPEKTAKL WYJAZDOWY OPERY \u015aL\u0104SKIEJ W BYTOMIU<\/td><td class=\"column-5\">G.BIZET<\/td><td class=\"column-6\">\u201eCARMEN\u201d, PARTIA: CARMEN<\/td><td class=\"column-7\">Wies\u0142aw Ochman \u2013 inscenizacja i re\u017cyseria,\u00a0 Alicja W\u0119gorzewska \u00a0\u2013 \u201eCARMEN\u201d, Maciej Komandera \u2013 Don Jose, Zbiegniew Wunsch \u2013 Torreador, Aleksandra Szafir \u2013 Michaela, Barbara Stryjecka \u2013 Frasquita, Gra\u017cyna Marek \u2013 Mercedes, Tadeusz Le\u015bniczak \u2013 Zuniga, Feliks Widera \u2013 Remendado, Marek Ziemniewicz \u2013 Dancairo, W\u0142odzimierz Skalski \u2013 Morales, Witold Dewor \u2013 Lillas Pastia, Ch\u00f3r, Balet i Orkiestra Opery \u015al\u0105skiej pod dyrekcj\u0105 Piotra Warzechy<\/td>\n<\/tr>\n<tr class=\"row-202\">\n\t<td class=\"column-1\">201<\/td><td class=\"column-2\">4 October 2009<\/td><td class=\"column-3\">KRAK\u00d3W, OPERA KRAKOWSKA<\/td><td class=\"column-4\">OPERA<\/td><td class=\"column-5\">P.CZAJKOWSKI<\/td><td class=\"column-6\">\u201cDAMA PIKOWA\u201d, PARTIA: HRABINA<\/td><td class=\"column-7\">Pawe\u0142 Wunder \u2013 Herman, Andrzej Biegun \u2013 Tomski, Grzegorz Pazik \u2013 Jelecki, Vasyl Groholskyi \u2013 Czekali\u0144ski,Volodymyr Pankiv \u2013 Surin, Pawe\u0142 Szczepanek \u2013 Czaplicki, Przemys\u0142\u0142aw Ba\u0142ka \u2013 Narumov, Agnieszka Piass \u2013 Liza,\u00a0 Alicja W\u0119gorzewska \u2013 Whiskerd \u00a0\u2013 Hrabina, Anna Luba\u0144ska \u2013 Paulina, Bo\u017cena Walczyk-Skrzypczak \u2013 Guwernantka, Marta Poliszot \u2013 Masza, Ch\u00f3r, Balet i Orkiestra Opery Krakowskiej p\/d I.Sowi\u0144skiej<\/td>\n<\/tr>\n<tr class=\"row-203\">\n\t<td class=\"column-1\">202<\/td><td class=\"column-2\">23 October 2009<\/td><td class=\"column-3\">GDA\u0143SK, FABRYKA BATYCKI<\/td><td class=\"column-4\">RECITAL<\/td><td class=\"column-5\">KOMPOZYTORZY R\u00d3\u017bNI<\/td><td class=\"column-6\">ARIE OPEROWE I OPERETKOWE<\/td><td class=\"column-7\">Alicja W\u0119gorzewska<\/td>\n<\/tr>\n<tr class=\"row-204\">\n\t<td class=\"column-1\">203<\/td><td class=\"column-2\">21 November 2009<\/td><td class=\"column-3\">BRWIN\u00d3W, GOK SALA WIDOWISKOWA<\/td><td class=\"column-4\">KONCERT Z CYKLU MUZYKA PRZY \u015aWIECACH \u201eOD OPERETKI OD MUSICALU\u201d<\/td><td class=\"column-5\">G.BIZET, I.KALMAN, A.LLOYD WEBBER, L.BERNSTEIN<\/td><td class=\"column-6\">\u201eCARMEN\u201d, \u201eHRABINA MARICA\u201d, \u201eEVITA\u201d, \u201eWEST SIDE STORY\u201d<\/td><td class=\"column-7\">Alicja W\u0119gorzewska<\/td>\n<\/tr>\n<tr class=\"row-205\">\n\t<td class=\"column-1\">204<\/td><td class=\"column-2\">27 November 2009<\/td><td class=\"column-3\">GDA\u0143SK, OPERA BA\u0141TYCKA<\/td><td class=\"column-4\">OPERA<\/td><td class=\"column-5\">P.CZAJKOWSKI<\/td><td class=\"column-6\">\u201eEUGENIUSZ ONIEGIN\u201d, PARTIA: OLGA<\/td><td class=\"column-7\">Joanna Cortes, Anastazja Lipert, Anna Wierzbicka, Agata Bie\u0144kowska, Ma\u0142gorzata Pa\u0144ko,\u00a0 Alicja W\u0119gorzewska , Beatriz Blanco, Joanna Weso\u0142owska, Robert Gierlach, Grzegorz Pazik, Pawe\u0142 Skuba\u0142a, Adam Zdunikowski, Romuald Tesarowicz, Andrzej Malinowski, Marek Weiss \u2013 re\u017cyseria, Ch\u00f3r, Balet i Orkiestra Opery Ba\u0142tyckiej p\/d J. M. Florencio<\/td>\n<\/tr>\n<tr class=\"row-206\">\n\t<td class=\"column-1\">205<\/td><td class=\"column-2\">28 November 2009<\/td><td class=\"column-3\">GDA\u0143SK, OPERA BA\u0141TYCKA<\/td><td class=\"column-4\">OPERA<\/td><td class=\"column-5\">P.CZAJKOWSKI<\/td><td class=\"column-6\">\u201eEUGENIUSZ ONIEGIN\u201d, PARTIA: OLGA<\/td><td class=\"column-7\">Joanna Cortes, Anastazja Lipert, Anna Wierzbicka, Agata Bie\u0144kowska, Ma\u0142gorzata Pa\u0144ko,\u00a0 Alicja W\u0119gorzewska , Beatriz Blanco, Joanna Weso\u0142owska, Robert Gierlach, Grzegorz Pazik, Pawe\u0142 Skuba\u0142a, Adam Zdunikowski, Romuald Tesarowicz, Andrzej Malinowski, Marek Weiss \u2013 re\u017cyseria, Ch\u00f3r, Balet i Orkiestra Opery Ba\u0142tyckiej p\/d J. M. Florencio<\/td>\n<\/tr>\n<tr class=\"row-207\">\n\t<td class=\"column-1\">206<\/td><td class=\"column-2\">29 November 2009<\/td><td class=\"column-3\">GDA\u0143SK, OPERA BA\u0141TYCKA<\/td><td class=\"column-4\">OPERA<\/td><td class=\"column-5\">P.CZAJKOWSKI<\/td><td class=\"column-6\">\u201eEUGENIUSZ ONIEGIN\u201d, PARTIA: OLGA<\/td><td class=\"column-7\">Joanna Cortes, Anastazja Lipert, Anna Wierzbicka, Agata Bie\u0144kowska, Ma\u0142gorzata Pa\u0144ko,\u00a0 Alicja W\u0119gorzewska , Beatriz Blanco, Joanna Weso\u0142owska, Robert Gierlach, Grzegorz Pazik, Pawe\u0142 Skuba\u0142a, Adam Zdunikowski, Romuald Tesarowicz, Andrzej Malinowski, Marek Weiss \u2013 re\u017cyseria, Ch\u00f3r, Balet i Orkiestra Opery Ba\u0142tyckiej p\/d J. M. Florencio<\/td>\n<\/tr>\n<tr class=\"row-208\">\n\t<td class=\"column-1\">207<\/td><td class=\"column-2\">1 December 2009<\/td><td class=\"column-3\">GDA\u0143SK, OPERA BA\u0141TYCKA<\/td><td class=\"column-4\">OPERA<\/td><td class=\"column-5\">P.CZAJKOWSKI<\/td><td class=\"column-6\">\u201eEUGENIUSZ ONIEGIN\u201d, PARTIA: OLGA<\/td><td class=\"column-7\">Joanna Cortes, Anastazja Lipert, Anna Wierzbicka, Agata Bie\u0144kowska, Ma\u0142gorzata Pa\u0144ko,\u00a0 Alicja W\u0119gorzewska , Beatriz Blanco, Joanna Weso\u0142owska, Robert Gierlach, Grzegorz Pazik, Pawe\u0142 Skuba\u0142a, Adam Zdunikowski, Romuald Tesarowicz, Andrzej Malinowski, Marek Weiss \u2013 re\u017cyseria, Ch\u00f3r, Balet i Orkiestra Opery Ba\u0142tyckiej p\/d J. M. Florencio<\/td>\n<\/tr>\n<tr class=\"row-209\">\n\t<td class=\"column-1\">208<\/td><td class=\"column-2\">18 February 2010<\/td><td class=\"column-3\">KRAK\u00d3W, OPERA KRAKOWSKA<\/td><td class=\"column-4\">OPERA<\/td><td class=\"column-5\">P.CZAJKOWSKI<\/td><td class=\"column-6\">\u201cDAMA PIKOWA\u201d, PARTIA: HRABINA<\/td><td class=\"column-7\">Pawe\u0142 Wunder \u2013 Herman, Andrzej Biegun \u2013 Tomski, Grzegorz Pazik \u2013 Jelecki, Vasyl Groholskyi \u2013 Czekali\u0144ski,Volodymyr Pankiv \u2013 Surin, Pawe\u0142 Szczepanek \u2013 Czaplicki, Przemys\u0142\u0142aw Ba\u0142ka \u2013 Narumov, Agnieszka Piass \u2013 Liza,\u00a0 Alicja W\u0119gorzewska \u2013 Whiskerd \u00a0\u2013 Hrabina, Anna Luba\u0144ska \u2013 Paulina, Bo\u017cena Walczyk-Skrzypczak \u2013 Guwernantka, Marta Poliszot \u2013 Masza, Ch\u00f3r, Balet i Orkiestra Opery Krakowskiej p\/d I.Sowi\u0144skiej<\/td>\n<\/tr>\n<tr class=\"row-210\">\n\t<td class=\"column-1\">209<\/td><td class=\"column-2\">21 February 2010<\/td><td class=\"column-3\">KRAK\u00d3W, OPERA KRAKOWSKA<\/td><td class=\"column-4\">OPERA<\/td><td class=\"column-5\">P.CZAJKOWSKI<\/td><td class=\"column-6\">\u201cDAMA PIKOWA\u201d, PARTIA: HRABINA<\/td><td class=\"column-7\">Pawe\u0142 Wunder \u2013 Herman, Andrzej Biegun \u2013 Tomski, Grzegorz Pazik \u2013 Jelecki, Vasyl Groholskyi \u2013 Czekali\u0144ski,Volodymyr Pankiv \u2013 Surin, Pawe\u0142 Szczepanek \u2013 Czaplicki, Przemys\u0142\u0142aw Ba\u0142ka \u2013 Narumov, Agnieszka Piass \u2013 Liza,\u00a0 Alicja W\u0119gorzewska \u2013 Whiskerd \u00a0\u2013 Hrabina, Anna Luba\u0144ska \u2013 Paulina, Bo\u017cena Walczyk-Skrzypczak \u2013 Guwernantka, Marta Poliszot \u2013 Masza, Ch\u00f3r, Balet i Orkiestra Opery Krakowskiej p\/d I.Sowi\u0144skiej<\/td>\n<\/tr>\n<tr class=\"row-211\">\n\t<td class=\"column-1\">210<\/td><td class=\"column-2\">26 February 2010<\/td><td class=\"column-3\">GDA\u0143SK, OPERA BA\u0141TYCKA<\/td><td class=\"column-4\">BALET, \u201eCHOPINART BALET\u201d<\/td><td class=\"column-5\">F.CHOPIN<\/td><td class=\"column-6\">WOKALIZA<\/td><td class=\"column-7\">Adam Harasiewicz \u2013 fortepian,\u00a0 Alicja W\u0119gorzewska \u00a0\u2013\u00a0 Whiskerd \u00a0\u2013 wokaliza, Novi Singers<\/td>\n<\/tr>\n<tr class=\"row-212\">\n\t<td class=\"column-1\">211<\/td><td class=\"column-2\">27 February 2010<\/td><td class=\"column-3\">GDA\u0143SK, OPERA BA\u0141TYCKA<\/td><td class=\"column-4\">BALET, \u201eCHOPINART BALET\u201d<\/td><td class=\"column-5\">F.CHOPIN<\/td><td class=\"column-6\">WOKALIZA<\/td><td class=\"column-7\">Adam Harasiewicz \u2013 fortepian,\u00a0 Alicja W\u0119gorzewska \u00a0\u2013\u00a0 Whiskerd \u00a0\u2013 wokaliza, Novi Singers<\/td>\n<\/tr>\n<tr class=\"row-213\">\n\t<td class=\"column-1\">212<\/td><td class=\"column-2\">28 February 2010<\/td><td class=\"column-3\">GDA\u0143SK, OPERA BA\u0141TYCKA<\/td><td class=\"column-4\">BALET, \u201eCHOPINART BALET\u201d<\/td><td class=\"column-5\">F.CHOPIN<\/td><td class=\"column-6\">WOKALIZA<\/td><td class=\"column-7\">Adam Harasiewicz \u2013 fortepian,\u00a0 Alicja W\u0119gorzewska \u00a0\u2013\u00a0 Whiskerd \u00a0\u2013 wokaliza, Novi Singers<\/td>\n<\/tr>\n<tr class=\"row-214\">\n\t<td class=\"column-1\">213<\/td><td class=\"column-2\">2 March 2010<\/td><td class=\"column-3\">GDA\u0143SK, OPERA BA\u0141TYCKA<\/td><td class=\"column-4\">BALET, \u201eCHOPINART BALET\u201d<\/td><td class=\"column-5\">F.CHOPIN<\/td><td class=\"column-6\">WOKALIZA<\/td><td class=\"column-7\">Adam Harasiewicz \u2013 fortepian,\u00a0 Alicja W\u0119gorzewska \u00a0\u2013\u00a0 Whiskerd \u00a0\u2013 wokaliza, Novi Singers<\/td>\n<\/tr>\n<tr class=\"row-215\">\n\t<td class=\"column-1\">214<\/td><td class=\"column-2\">1 April 2010<\/td><td class=\"column-3\">BUDAPESZT<\/td><td class=\"column-4\">KONCERT, VISEGRADI SZALON<\/td><td class=\"column-5\">F.CHOPIN, R.SCHUMANN<\/td><td class=\"column-6\">\u201eCHOPIN, SCHUMANN SONGS\u201d<\/td><td class=\"column-7\">M. Hanyova,\u00a0 A.W\u0119gorzewska , M. Srejma, C. Peter, A. Szilasi<\/td>\n<\/tr>\n<tr class=\"row-216\">\n\t<td class=\"column-1\">215<\/td><td class=\"column-2\">16 April 2010<\/td><td class=\"column-3\">GDA\u0143SK, OPERA BA\u0141TYCKA<\/td><td class=\"column-4\">OPERA<\/td><td class=\"column-5\">P.CZAJKOWSKI<\/td><td class=\"column-6\">\u201eEUGENIUSZ ONIEGIN\u201d, PARTIA: OLGA<\/td><td class=\"column-7\">Joanna Cortes, Anastazja Lipert, Anna Wierzbicka, Agata Bie\u0144kowska, Ma\u0142gorzata Pa\u0144ko,\u00a0 Alicja W\u0119gorzewska , Beatriz Blanco, Joanna Weso\u0142owska, Robert Gierlach, Grzegorz Pazik, Pawe\u0142 Skuba\u0142a, Adam Zdunikowski, Romuald Tesarowicz, Andrzej Malinowski, Marek Weiss \u2013 re\u017cyseria, Ch\u00f3r, Balet i Orkiestra Opery Ba\u0142tyckiej p\/d J. M. Florencio<\/td>\n<\/tr>\n<tr class=\"row-217\">\n\t<td class=\"column-1\">216<\/td><td class=\"column-2\">17 April 2010<\/td><td class=\"column-3\">GDA\u0143SK, OPERA BA\u0141TYCKA<\/td><td class=\"column-4\">OPERA<\/td><td class=\"column-5\">P.CZAJKOWSKI<\/td><td class=\"column-6\">\u201eEUGENIUSZ ONIEGIN\u201d, PARTIA: OLGA<\/td><td class=\"column-7\">Joanna Cortes, Anastazja Lipert, Anna Wierzbicka, Agata Bie\u0144kowska, Ma\u0142gorzata Pa\u0144ko,\u00a0 Alicja W\u0119gorzewska , Beatriz Blanco, Joanna Weso\u0142owska, Robert Gierlach, Grzegorz Pazik, Pawe\u0142 Skuba\u0142a, Adam Zdunikowski, Romuald Tesarowicz, Andrzej Malinowski, Marek Weiss \u2013 re\u017cyseria, Ch\u00f3r, Balet i Orkiestra Opery Ba\u0142tyckiej p\/d J. M. Florencio<\/td>\n<\/tr>\n<tr class=\"row-218\">\n\t<td class=\"column-1\">217<\/td><td class=\"column-2\">18 April 2010<\/td><td class=\"column-3\">GDA\u0143SK, OPERA BA\u0141TYCKA<\/td><td class=\"column-4\">OPERA<\/td><td class=\"column-5\">P.CZAJKOWSKI<\/td><td class=\"column-6\">\u201eEUGENIUSZ ONIEGIN\u201d, PARTIA: OLGA<\/td><td class=\"column-7\">Joanna Cortes, Anastazja Lipert, Anna Wierzbicka, Agata Bie\u0144kowska, Ma\u0142gorzata Pa\u0144ko,\u00a0 Alicja W\u0119gorzewska , Beatriz Blanco, Joanna Weso\u0142owska, Robert Gierlach, Grzegorz Pazik, Pawe\u0142 Skuba\u0142a, Adam Zdunikowski, Romuald Tesarowicz, Andrzej Malinowski, Marek Weiss \u2013 re\u017cyseria, Ch\u00f3r, Balet i Orkiestra Opery Ba\u0142tyckiej p\/d J. M. Florencio<\/td>\n<\/tr>\n<tr class=\"row-219\">\n\t<td class=\"column-1\">218<\/td><td class=\"column-2\">20 April 2010<\/td><td class=\"column-3\">GDA\u0143SK, OPERA BA\u0141TYCKA<\/td><td class=\"column-4\">OPERA<\/td><td class=\"column-5\">P.CZAJKOWSKI<\/td><td class=\"column-6\">\u201eEUGENIUSZ ONIEGIN\u201d, PARTIA: OLGA<\/td><td class=\"column-7\">Joanna Cortes, Anastazja Lipert, Anna Wierzbicka, Agata Bie\u0144kowska, Ma\u0142gorzata Pa\u0144ko,\u00a0 Alicja W\u0119gorzewska , Beatriz Blanco, Joanna Weso\u0142owska, Robert Gierlach, Grzegorz Pazik, Pawe\u0142 Skuba\u0142a, Adam Zdunikowski, Romuald Tesarowicz, Andrzej Malinowski, Marek Weiss \u2013 re\u017cyseria, Ch\u00f3r, Balet i Orkiestra Opery Ba\u0142tyckiej p\/d J. M. Florencio<\/td>\n<\/tr>\n<tr class=\"row-220\">\n\t<td class=\"column-1\">219<\/td><td class=\"column-2\">30 April 2010<\/td><td class=\"column-3\">GDA\u0143SK, OPERA BA\u0141TYCKA<\/td><td class=\"column-4\">OPERA<\/td><td class=\"column-5\">P.CZAJKOWSKI<\/td><td class=\"column-6\">\u201eEUGENIUSZ ONIEGIN\u201d, PARTIA: OLGA<\/td><td class=\"column-7\">Joanna Cortes, Anastazja Lipert, Anna Wierzbicka, Agata Bie\u0144kowska, Ma\u0142gorzata Pa\u0144ko,\u00a0 Alicja W\u0119gorzewska , Beatriz Blanco, Joanna Weso\u0142owska, Robert Gierlach, Grzegorz Pazik, Pawe\u0142 Skuba\u0142a, Adam Zdunikowski, Romuald Tesarowicz, Andrzej Malinowski, Marek Weiss \u2013 re\u017cyseria, Ch\u00f3r, Balet i Orkiestra Opery Ba\u0142tyckiej p\/d J. M. Florencio<\/td>\n<\/tr>\n<tr class=\"row-221\">\n\t<td class=\"column-1\">220<\/td><td class=\"column-2\">15 May 2010<\/td><td class=\"column-3\">WOLA CHOJNATA<\/td><td class=\"column-4\">RECITAL, OTWARCIE PREZYDENCJI HISZPANII W UNII EUROPEJSKIEJ<\/td><td class=\"column-5\">R\u00d3\u017bNI KOMPOZYTORZY<\/td><td class=\"column-6\">ARIE OPEROWE I OPERETKOWE<\/td><td class=\"column-7\">Alicja W\u0119gorzewska -Whiskerd<\/td>\n<\/tr>\n<tr class=\"row-222\">\n\t<td class=\"column-1\">221<\/td><td class=\"column-2\">16 May 2010<\/td><td class=\"column-3\">WARSZAWA, OPERA NARODOWA<\/td><td class=\"column-4\">OPERA<\/td><td class=\"column-5\">G.BIZET<\/td><td class=\"column-6\">\u201eCARMEN\u201d, PARTIA: CARMEN<\/td><td class=\"column-7\">Alicja W\u0119gorzewska \u2013 Whiskerd \u00a0\u2013 \u201eCARMEN\u201d, Thiago Arancam + Don Jose, Dimitris Tiliakos + Escamilio, Kataryzna Trzlnik + Micaela, Gryegory Piotr Ko\u0142odziej \u2013 Dancairo, Krzysztof Szmyt \u2013 Remendado, Robert Dymowski \u2013 Morales, Remigiusz \u0141ukomski \u2013 Zuniga, Magdalena Idzik \u2013 Mercedes, Anna Krasi\u0144ska \u2013 Mercedes, Anna Karasi\u0144ska \u2013 Frasquita, Ch\u00f3r, Balet i Orkiestra Opery Narodowej p\/d \u0141.Borowicza<\/td>\n<\/tr>\n<tr class=\"row-223\">\n\t<td class=\"column-1\">222<\/td><td class=\"column-2\">18 May 2010<\/td><td class=\"column-3\">WARSZAWA, OPERA NARODOWA<\/td><td class=\"column-4\">OPERA<\/td><td class=\"column-5\">G.BIZET<\/td><td class=\"column-6\">\u201eCARMEN\u201d, PARTIA: CARMEN<\/td><td class=\"column-7\">Alicja W\u0119gorzewska \u2013 Whiskerd \u00a0\u2013 \u201eCARMEN\u201d, Thiago Arancam + Don Jose, Dimitris Tiliakos + Escamilio, Kataryzna Trzlnik + Micaela, Gryegory Piotr Ko\u0142odziej \u2013 Dancairo, Krzysztof Szmyt \u2013 Remendado, Robert Dymowski \u2013 Morales, Remigiusz \u0141ukomski \u2013 Zuniga, Magdalena Idzik \u2013 Mercedes, Anna Krasi\u0144ska \u2013 Mercedes, Anna Karasi\u0144ska \u2013 Frasquita, Ch\u00f3r, Balet i Orkiestra Opery Narodowej p\/d \u0141.Borowicza<\/td>\n<\/tr>\n<tr class=\"row-224\">\n\t<td class=\"column-1\">223<\/td><td class=\"column-2\">23 May 2010<\/td><td class=\"column-3\">II MI\u0118DZYNARODOWY FESTIWAL MUZYCZNY AMBER BALTIC, MI\u0118DZYZDROJE, MI\u0118DZYNARODOWY DOM KULTTURY,<\/td><td class=\"column-4\">RECITAL<\/td><td class=\"column-5\">F.CHOPIN, R.SCHUMANN<\/td><td class=\"column-6\">RECITAL PIE\u015aNI F. CHOPINA I R. SCHUMANNA<\/td><td class=\"column-7\">Alicja W\u0119gorzewska \u00a0\u2013\u00a0 Whiskerd \u00a0\u2013 mezzosopran, Adam Kruszewski \u2013 baryton, Alex Szilasi \u2013 fortepian<\/td>\n<\/tr>\n<tr class=\"row-225\">\n\t<td class=\"column-1\">224<\/td><td class=\"column-2\">28 May 2010<\/td><td class=\"column-3\">4. PRZEGL\u0104D TW\u00d3RCZO\u015aCI FILMOWEJ \u201ePOLA I INNI\u201d<\/td><td class=\"column-4\">LIPNO, KINO \u201eNAWOJKA\u201d<\/td><td class=\"column-5\">UROCZYSTE OTWARCIE PRZEGL\u0104DU, panel \u201eGwiazda na emigracji\u201d z udzia\u0142em Wies\u0142awy Czapi\u0144skiej, Agaty Buzek, Alicji W\u0119gorzewskiej- Whiskerd , Konrada J.Zar\u0119bskiego<\/td><td class=\"column-6\"><\/td><td class=\"column-7\"><\/td>\n<\/tr>\n<tr class=\"row-226\">\n\t<td class=\"column-1\">225<\/td><td class=\"column-2\">29 May 2011<\/td><td class=\"column-3\">5. PRZEGL\u0104D TW\u00d3RCZO\u015aCI FILMOWEJ \u201ePOLA I INNI\u201d<\/td><td class=\"column-4\">LIPNO, KINO \u201eNAWOJKA\u201d<\/td><td class=\"column-5\">KONKURS PIOSENKI \u201e\u015aPIEWAMY STARE PREBOJE\u201d; JURORZY: Janusz J\u00f3zefowicz,\u00a0 Alicja W\u0119gorzewska \u00a0\u2013\u00a0 Whiskerd , Natasza Urba\u0144ska<\/td><td class=\"column-6\"><\/td><td class=\"column-7\"><\/td>\n<\/tr>\n<tr class=\"row-227\">\n\t<td class=\"column-1\">226<\/td><td class=\"column-2\">17 June 2011<\/td><td class=\"column-3\">RETROSPEKTYWNA WYSTAWA FOTOGRAFII ZYGMUNTA KROCZY\u0143SKIEGO Z KONCERTU OPEN GALA<\/td><td class=\"column-4\">KALISZ, HOL WPA UAM<\/td><td class=\"column-5\">ALICJA W\u0118GORZEWSKA \u00a0NA BURSZTYNOWYM SZLAKU<\/td><td class=\"column-6\"><\/td><td class=\"column-7\"><\/td>\n<\/tr>\n<tr class=\"row-228\">\n\t<td class=\"column-1\">227<\/td><td class=\"column-2\">19 June 2010<\/td><td class=\"column-3\">RUMUNIA, SINAIA, ZAMEK PELES<\/td><td class=\"column-4\">RECITAL, OBCHODY ROKU CHOPINOWSKIEGO<\/td><td class=\"column-5\">F.CHOPIN<\/td><td class=\"column-6\">PIE\u015aNI WSZYSTKIE<\/td><td class=\"column-7\">Alicja W\u0119gorzewska \u2013 Whiskerd<\/td>\n<\/tr>\n<tr class=\"row-229\">\n\t<td class=\"column-1\">228<\/td><td class=\"column-2\">20 June 2010<\/td><td class=\"column-3\">RUMUNIA, BUKARESZT, PA\u0141AC MOGOSAIA<\/td><td class=\"column-4\">RECITAL, OBCHODY ROKU CHOPINOWSKIEGO<\/td><td class=\"column-5\">F.CHOPIN<\/td><td class=\"column-6\">PIE\u015aNI WSZYSTKIE<\/td><td class=\"column-7\">Alicja W\u0119gorzewska \u2013 Whiskerd<\/td>\n<\/tr>\n<tr class=\"row-230\">\n\t<td class=\"column-1\">229<\/td><td class=\"column-2\">6 July 2010<\/td><td class=\"column-3\">BUSKO-ZDR\u00d3J, SALA KONCERTOWA SANATORIUM MARCONI<\/td><td class=\"column-4\">KONCERT<\/td><td class=\"column-5\">F.CHOPIN<\/td><td class=\"column-6\">PIE\u015aNI<\/td><td class=\"column-7\">Alicja W\u0119gorzewska \u2013 Whiskerd , Artur Jaro\u0144, Pierre Hommage, Michel Bourdoncle, Kwartet smyczkowy Camerata<\/td>\n<\/tr>\n<tr class=\"row-231\">\n\t<td class=\"column-1\">230<\/td><td class=\"column-2\">31 July 2010<\/td><td class=\"column-3\">WARSZAWA, PLAC KRASI\u0143SKICH<\/td><td class=\"column-4\">KONCERT<\/td><td class=\"column-5\">R\u00d3\u017bNI KOMPOZYTORZY<\/td><td class=\"column-6\">\u201eSZTANDARY\u201944\u201d, KONCERT Z OKAZJI 66. ROCZNICY WYBUCHU POWSTANIA WARSZAWSKIEGO<\/td><td class=\"column-7\">Roman Ko\u0142akowski \u2013 scenariusz i re\u017cyseria, Marciej Marchewska \u2013 produkcja muzyczna, Magdalena Kujszczyk \u2013 scenografia, Filip Dominik \u2013 sztandary, Ewa Baszczyk, Ewa Da\u0142kowska, Teresa Lipowska, Natalia Sikora, Monika W\u0119giel, Wojciech Brzezi\u0144ski, Krzystof Goszty\u0142a, Robert Gonera, Roman Ko\u0142akowski, Jan Nowicki, Janusz Radek, Tomasz Steciuk, Wiktor Zborowski \u2013 aktorzy, Izabela K\u0142osi\u0144ska,\u00a0 Alicja W\u0119gorzewska \u00a0\u2013\u00a0 Whiskerd , Adam Kruszewski, Leszek \u015awidzi\u0144ski- wokali\u015bci, Ch\u00f3r i orkiestra pod kierownictwem Stefana G\u0105sie\u0144ca i Macieja Marchewki<\/td>\n<\/tr>\n<tr class=\"row-232\">\n\t<td class=\"column-1\">231<\/td><td class=\"column-2\">5 August 2010<\/td><td class=\"column-3\">HEL, MUZEUM RYBO\u0141\u00d3WSTWA, X. MI\u0118DZYNARODOWY LETNI FESTIWAL KULTURY I SZTUKI W HELU<\/td><td class=\"column-4\">RECITAL<\/td><td class=\"column-5\">R\u00d3\u017bNI KOMPOZYTORZY<\/td><td class=\"column-6\">WIECZ\u00d3R MUSICALOWO-OPERETKOWY<\/td><td class=\"column-7\">Alicja W\u0119gorzewska \u00a0\u2013\u00a0 Whiskerd \u00a0\u2013 mezzosopran, Gra\u017cyna Tro\u0107 \u2013 fortepian<\/td>\n<\/tr>\n<tr class=\"row-233\">\n\t<td class=\"column-1\">232<\/td><td class=\"column-2\">4 October 2010<\/td><td class=\"column-3\">BUSKO-ZDR\u00d3J, XVI MI\u0118DZYNARODOWY FESTIWAL MUZYCZNY IM. KRYSTYNY JAMROZ<\/td><td class=\"column-4\">KONCERT<\/td><td class=\"column-5\">F.CHOPIN<\/td><td class=\"column-6\">PIE\u015aNI<\/td><td class=\"column-7\">Alicja W\u0119gorzewska \u2013 Whiskerd , kwartet smyczkowy Camerata<\/td>\n<\/tr>\n<tr class=\"row-234\">\n\t<td class=\"column-1\">233<\/td><td class=\"column-2\">9 October 2010<\/td><td class=\"column-3\">FUNDACJA DZIE\u0141O NOWEGO TYSI\u0104CLECIA<\/td><td class=\"column-4\">WARSZAWA, ZAMEK KR\u00d3LEWSKI<\/td><td class=\"column-5\">WYST\u0118P ARTYSTYCZNY NA GALI NAGR\u00d3D TOTUS 2010<\/td><td class=\"column-6\"><\/td><td class=\"column-7\"><\/td>\n<\/tr>\n<tr class=\"row-235\">\n\t<td class=\"column-1\">234<\/td><td class=\"column-2\">3 November 2010<\/td><td class=\"column-3\">WARSZAWA, KO\u015aCI\u00d3\u0141 \u015aW. JACKA<\/td><td class=\"column-4\">KONCERT, ZADUSZKI ARTYST\u00d3W U DOMINIKAN\u00d3W<\/td><td class=\"column-5\">R\u00d3\u017bNI KOMPOZYTORZY<\/td><td class=\"column-6\"><\/td><td class=\"column-7\">Alicja W\u0119gorzewska , Jan Zeyland, Maciej Miecznikowski, Ania Wyszkoni, Wojciech Klich, Olga Szoma\u0144ska, Ricky Lion, o. Wac\u0142aw Oszajca SJ, Ernest Bryll, Darek Maleo Majelonek, Antonina Krzyszto\u0144, Katarzyna Warno, Sound n Grace, Grzegorz Dami\u0119cki<\/td>\n<\/tr>\n<tr class=\"row-236\">\n\t<td class=\"column-1\">235<\/td><td class=\"column-2\">21 November 2010<\/td><td class=\"column-3\">GDA\u0143SK, OPERA BA\u0141TYCKA<\/td><td class=\"column-4\">BALET, \u201eCHOPINART BALET\u201d<\/td><td class=\"column-5\">F.CHOPIN<\/td><td class=\"column-6\">WOKALIZA<\/td><td class=\"column-7\">Adam Harasiewicz \u2013 fortepian,\u00a0 Alicja W\u0119gorzewska \u00a0\u2013\u00a0 Whiskerd \u00a0\u2013 wokaliza, Novi Singers<\/td>\n<\/tr>\n<tr class=\"row-237\">\n\t<td class=\"column-1\">236<\/td><td class=\"column-2\">23 November 2010<\/td><td class=\"column-3\">GDA\u0143SK, OPERA BA\u0141TYCKA<\/td><td class=\"column-4\">BALET, \u201eCHOPINART BALET\u201d<\/td><td class=\"column-5\">F.CHOPIN<\/td><td class=\"column-6\">WOKALIZA<\/td><td class=\"column-7\">Adam Harasiewicz \u2013 fortepian,\u00a0 Alicja W\u0119gorzewska \u00a0\u2013\u00a0 Whiskerd \u00a0\u2013 wokaliza, Novi Singers<\/td>\n<\/tr>\n<tr class=\"row-238\">\n\t<td class=\"column-1\">237<\/td><td class=\"column-2\">24 November 2010<\/td><td class=\"column-3\">GDA\u0143SK, OPERA BA\u0141TYCKA<\/td><td class=\"column-4\">BALET, \u201eCHOPINART BALET\u201d<\/td><td class=\"column-5\">F.CHOPIN<\/td><td class=\"column-6\">WOKALIZA<\/td><td class=\"column-7\">Adam Harasiewicz \u2013 fortepian,\u00a0 Alicja W\u0119gorzewska \u00a0\u2013\u00a0 Whiskerd \u00a0\u2013 wokaliza, Novi Singers<\/td>\n<\/tr>\n<tr class=\"row-239\">\n\t<td class=\"column-1\">238<\/td><td class=\"column-2\">27 November 2010<\/td><td class=\"column-3\">GDA\u0143SK, OPERA BA\u0141TYCKA<\/td><td class=\"column-4\">BALET, \u201eCHOPINART BALET\u201d<\/td><td class=\"column-5\">F.CHOPIN<\/td><td class=\"column-6\">WOKALIZA<\/td><td class=\"column-7\">Adam Harasiewicz \u2013 fortepian,\u00a0 Alicja W\u0119gorzewska \u00a0\u2013\u00a0 Whiskerd \u00a0\u2013 wokaliza, Novi Singers<\/td>\n<\/tr>\n<tr class=\"row-240\">\n\t<td class=\"column-1\">239<\/td><td class=\"column-2\">28 November 2010<\/td><td class=\"column-3\">GDA\u0143SK, OPERA BA\u0141TYCKA<\/td><td class=\"column-4\">BALET, \u201eCHOPINART BALET\u201d<\/td><td class=\"column-5\">F.CHOPIN<\/td><td class=\"column-6\">WOKALIZA<\/td><td class=\"column-7\">Adam Harasiewicz \u2013 fortepian,\u00a0 Alicja W\u0119gorzewska \u00a0\u2013\u00a0 Whiskerd \u00a0\u2013 wokaliza, Novi Singers<\/td>\n<\/tr>\n<tr class=\"row-241\">\n\t<td class=\"column-1\">240<\/td><td class=\"column-2\">30 November 2010<\/td><td class=\"column-3\">GDA\u0143SK, OPERA BA\u0141TYCKA<\/td><td class=\"column-4\">BALET, \u201eCHOPINART BALET\u201d<\/td><td class=\"column-5\">F.CHOPIN<\/td><td class=\"column-6\">WOKALIZA<\/td><td class=\"column-7\">Adam Harasiewicz \u2013 fortepian,\u00a0 Alicja W\u0119gorzewska \u00a0\u2013\u00a0 Whiskerd \u00a0\u2013 wokaliza, Novi Singers<\/td>\n<\/tr>\n<tr class=\"row-242\">\n\t<td class=\"column-1\">241<\/td><td class=\"column-2\">9 December 2010<\/td><td class=\"column-3\">KATAR, DOHA, AMBASADA RP W DOHA<\/td><td class=\"column-4\">RECITAL<\/td><td class=\"column-5\">R\u00d3\u017bNI KOMPOZYTORZY<\/td><td class=\"column-6\">RECITAL ALICJI\u00a0 W\u0118GORZEWSKIEJ \u00a0\u2013\u00a0 WHISKERD \u00a0Z PIANIST\u0104 ARTUREM JARONIEM<\/td><td class=\"column-7\">Alicja W\u0119gorzewska \u00a0\u2013\u00a0 Whiskerd \u00a0\u2013 mezzosopran, Artur Jaro\u0144 \u2013 fortepian<\/td>\n<\/tr>\n<tr class=\"row-243\">\n\t<td class=\"column-1\">242<\/td><td class=\"column-2\">11 December 2010<\/td><td class=\"column-3\">KUWAIT, AL HASHEMI GRAND BALLROOM, BLU RADISSON HOTEL<\/td><td class=\"column-4\">OPERA<\/td><td class=\"column-5\">G.BIZET<\/td><td class=\"column-6\">\u201eCARMEN\u201d<\/td><td class=\"column-7\">Alicja W\u0119gorzewska \u2013 Whiskerd \u00a0\u2013 \u201eCARMEN\u201d, kierownik artystyczny, Tomasz Kuk \u2013 Don Jose, Anna Karadimitrova \u2013 Frascita, Verica Grmusa \u2013 Micaela, Adam Szersze\u0144 \u2013 Escamillo, Artur Jaro\u0144 \u2013 fortepian, kierownik muzyczny<\/td>\n<\/tr>\n<tr class=\"row-244\">\n\t<td class=\"column-1\">243<\/td><td class=\"column-2\">16 December 2010<\/td><td class=\"column-3\">NOWY JORK, YAMAHA PIANO SALON<\/td><td class=\"column-4\">RECITAL<\/td><td class=\"column-5\">F. CHOPIN<\/td><td class=\"column-6\">WYBRANE PIE\u015aNI F.CHOPINA<\/td><td class=\"column-7\">Alicja W\u0119gorzewska \u2013 Whiskerd \u00a0\u2013 mezzosopran, Alex Szilasi \u2013 fortepian<\/td>\n<\/tr>\n<tr class=\"row-245\">\n\t<td class=\"column-1\">244<\/td><td class=\"column-2\">18 December 2010<\/td><td class=\"column-3\">NOWY JORK, KONSULAT POLSKI<\/td><td class=\"column-4\">RECITAL, MI\u0118DZYNARODOWY FESTIWAL CHOPINOWSKI<\/td><td class=\"column-5\">F. CHOPIN<\/td><td class=\"column-6\">WYBRANE PIE\u015aNI F.CHOPINA<\/td><td class=\"column-7\">Alicja W\u0119gorzewska \u2013 Whiskerd \u00a0\u2013 mezzosopran, Alex Szilasi \u2013 fortepian<\/td>\n<\/tr>\n<tr class=\"row-246\">\n\t<td class=\"column-1\">245<\/td><td class=\"column-2\">1 April 2011<\/td><td class=\"column-3\">XXXI OG\u00d3LNOPOLSKI KONKURS CH\u00d3R\u00d3W A CAPELLA DZIECI I M\u0141ODZIE\u017bY WOJEW\u00d3DZTWA MAZOWIECKIEGO POD PATRONATEM KURATORIUM O\u015aWIATY<\/td><td class=\"column-4\">WARSZAWA, BIELA\u0143SKIE CENTUM EDUKACJI KULTURALNEJ W WARSZAWIE<\/td><td class=\"column-5\">JUROR<\/td><td class=\"column-6\"><\/td><td class=\"column-7\"><\/td>\n<\/tr>\n<tr class=\"row-247\">\n\t<td class=\"column-1\">246<\/td><td class=\"column-2\">8 June 2011<\/td><td class=\"column-3\">TEATR POLONIA<\/td><td class=\"column-4\">MONODRAM<\/td><td class=\"column-5\">W.A.MOZART. G.VERDI, G.BIZET, G.PUCCINI, C.SAINT-SAENS<\/td><td class=\"column-6\">\u201eDIVA FOR RENT\u201d<\/td><td class=\"column-7\">Alicja W\u0119gorzewska , Bogdan Kierejsza, Maciej Tomaszewski, Jaros\u0142aw Derybowski<\/td>\n<\/tr>\n<tr class=\"row-248\">\n\t<td class=\"column-1\">247<\/td><td class=\"column-2\">9 June 2011<\/td><td class=\"column-3\">TEATR POLONIA<\/td><td class=\"column-4\">MONODRAM<\/td><td class=\"column-5\">W.A.MOZART. G.VERDI, G.BIZET, G.PUCCINI, C.SAINT-SAENS<\/td><td class=\"column-6\">\u201eDIVA FOR RENT\u201d<\/td><td class=\"column-7\">Alicja W\u0119gorzewska , Bogdan Kierejsza, Maciej Tomaszewski, Jaros\u0142aw Derybowski<\/td>\n<\/tr>\n<tr class=\"row-249\">\n\t<td class=\"column-1\">248<\/td><td class=\"column-2\">10 June 2011<\/td><td class=\"column-3\">TEATR POLONIA<\/td><td class=\"column-4\">MONODRAM<\/td><td class=\"column-5\">W.A.MOZART. G.VERDI, G.BIZET, G.PUCCINI, C.SAINT-SAENS<\/td><td class=\"column-6\">\u201eDIVA FOR RENT\u201d<\/td><td class=\"column-7\">Alicja W\u0119gorzewska , Bogdan Kierejsza, Maciej Tomaszewski, Jaros\u0142aw Derybowski<\/td>\n<\/tr>\n<tr class=\"row-250\">\n\t<td class=\"column-1\">249<\/td><td class=\"column-2\">11 June 2011<\/td><td class=\"column-3\">TEATR POLONIA<\/td><td class=\"column-4\">MONODRAM<\/td><td class=\"column-5\">W.A.MOZART. G.VERDI, G.BIZET, G.PUCCINI, C.SAINT-SAENS<\/td><td class=\"column-6\">\u201eDIVA FOR RENT\u201d<\/td><td class=\"column-7\">Alicja W\u0119gorzewska , Bogdan Kierejsza, Maciej Tomaszewski, Jaros\u0142aw Derybowski<\/td>\n<\/tr>\n<tr class=\"row-251\">\n\t<td class=\"column-1\">250<\/td><td class=\"column-2\">12 June 2011<\/td><td class=\"column-3\">TEATR POLONIA<\/td><td class=\"column-4\">MONODRAM<\/td><td class=\"column-5\">W.A.MOZART. G.VERDI, G.BIZET, G.PUCCINI, C.SAINT-SAENS<\/td><td class=\"column-6\">\u201eDIVA FOR RENT\u201d<\/td><td class=\"column-7\">Alicja W\u0119gorzewska , Bogdan Kierejsza, Maciej Tomaszewski, Jaros\u0142aw Derybowski<\/td>\n<\/tr>\n<tr class=\"row-252\">\n\t<td class=\"column-1\">251<\/td><td class=\"column-2\">13 June 2011<\/td><td class=\"column-3\">TEATR POLONIA<\/td><td class=\"column-4\">MONODRAM<\/td><td class=\"column-5\">W.A.MOZART. G.VERDI, G.BIZET, G.PUCCINI, C.SAINT-SAENS<\/td><td class=\"column-6\">\u201eDIVA FOR RENT\u201d<\/td><td class=\"column-7\">Alicja W\u0119gorzewska , Bogdan Kierejsza, Maciej Tomaszewski, Jaros\u0142aw Derybowski<\/td>\n<\/tr>\n<tr class=\"row-253\">\n\t<td class=\"column-1\">252<\/td><td class=\"column-2\">4 September 2011<\/td><td class=\"column-3\">MIELEC, RYNEK<\/td><td class=\"column-4\">KONCERT<\/td><td class=\"column-5\">R\u00d3\u017bNI KOMPOZYTORZY<\/td><td class=\"column-6\">MIELNICKI RYNEK OTWARTY NA XX WIEK<\/td><td class=\"column-7\">Renata Drozd \u2013 sopran,\u00a0 Alicja W\u0119gorzewska \u00a0\u2013 mezzosopran, Adam Zdunikowski \u2013 tenor, Witold Wrona -tenor, Strauss Ensemble<\/td>\n<\/tr>\n<tr class=\"row-254\">\n\t<td class=\"column-1\">253<\/td><td class=\"column-2\">16 September 2011<\/td><td class=\"column-3\">WARSZAWA, PA\u0143STOWE MUZEUM ETNOGRAFICZNE<\/td><td class=\"column-4\">KONCERT<\/td><td class=\"column-5\">R\u00d3\u017bNI KOMPOZYTORZY<\/td><td class=\"column-6\">V. EDYCJA KONKURSU PT.\u201dMAZOWIECKIE ZDARZENIA MUZEALNE \u2013 WIERZBA\u201d<\/td><td class=\"column-7\">Alicja W\u0119gorzewska \u00a0\u2013\u00a0 Whiskerd<\/td>\n<\/tr>\n<tr class=\"row-255\">\n\t<td class=\"column-1\">254<\/td><td class=\"column-2\">28 August 2011<\/td><td class=\"column-3\">FESTIWAL PI\u0118KNA<\/td><td class=\"column-4\">P\u0141OCK<\/td><td class=\"column-5\">Wyst\u0119p podczas Gali Fina\u0142owej Miss Polski<\/td><td class=\"column-6\"><\/td><td class=\"column-7\"><\/td>\n<\/tr>\n<tr class=\"row-256\">\n\t<td class=\"column-1\">255<\/td><td class=\"column-2\">17 September 2011<\/td><td class=\"column-3\">WOLA CHOJNATA<\/td><td class=\"column-4\">RECITAL<\/td><td class=\"column-5\">L.VAN BEETHOVEN<\/td><td class=\"column-6\">GALA CELEBRUJ\u0104CA PREZYDENCJ\u0118 POLSKI W RADZIE UNII EUROPEJSKIEJ<\/td><td class=\"column-7\">Wykonanie hymnu Unii Europejskiej \u2013\u00a0 Alicja W\u0119gorzewska<\/td>\n<\/tr>\n<tr class=\"row-257\">\n\t<td class=\"column-1\">256<\/td><td class=\"column-2\">23 September 2011<\/td><td class=\"column-3\">SZCZECIN, TEATR POLSKI<\/td><td class=\"column-4\">MONODRAM<\/td><td class=\"column-5\">W.A.MOZART. G.VERDI, G.BIZET, G.PUCCINI, C.SAINT-SAENS<\/td><td class=\"column-6\">\u201eDIVA FOR RENT\u201d<\/td><td class=\"column-7\">Alicja W\u0119gorzewska , Bogdan Kierejsza, Maciej Tomaszewski, Jaros\u0142aw Derybowski<\/td>\n<\/tr>\n<tr class=\"row-258\">\n\t<td class=\"column-1\">257<\/td><td class=\"column-2\">25 September 2011<\/td><td class=\"column-3\">SZCZECIN, FILHARMONIA IM. MIECZYS\u0141AWA KAR\u0141OWICZA<\/td><td class=\"column-4\">MONODRAM<\/td><td class=\"column-5\">W.A.MOZART. G.VERDI, G.BIZET, G.PUCCINI, C.SAINT-SAENS<\/td><td class=\"column-6\">\u201eDIVA FOR RENT\u201d<\/td><td class=\"column-7\">Alicja W\u0119gorzewska , Bogdan Kierejsza, Maciej Tomaszewski, Jaros\u0142aw Derybowski<\/td>\n<\/tr>\n<tr class=\"row-259\">\n\t<td class=\"column-1\">258<\/td><td class=\"column-2\">28 September 2011<\/td><td class=\"column-3\">WARSZAWA, TEATR POLONIA<\/td><td class=\"column-4\">MONODRAM<\/td><td class=\"column-5\">W.A.MOZART. G.VERDI, G.BIZET, G.PUCCINI, C.SAINT-SAENS<\/td><td class=\"column-6\">\u201eDIVA FOR RENT\u201d<\/td><td class=\"column-7\">Alicja W\u0119gorzewska , Bogdan Kierejsza, Maciej Tomaszewski, Jaros\u0142aw Derybowski<\/td>\n<\/tr>\n<tr class=\"row-260\">\n\t<td class=\"column-1\">259<\/td><td class=\"column-2\">29 September 2011<\/td><td class=\"column-3\">WARSZAWA, TEATR POLONIA<\/td><td class=\"column-4\">MONODRAM<\/td><td class=\"column-5\">W.A.MOZART. G.VERDI, G.BIZET, G.PUCCINI, C.SAINT-SAENS<\/td><td class=\"column-6\">\u201eDIVA FOR RENT\u201d<\/td><td class=\"column-7\">Alicja W\u0119gorzewska , Bogdan Kierejsza, Maciej Tomaszewski, Jaros\u0142aw Derybowski<\/td>\n<\/tr>\n<tr class=\"row-261\">\n\t<td class=\"column-1\">260<\/td><td class=\"column-2\">30 September 2011<\/td><td class=\"column-3\">WARSZAWA, TEATR POLONIA<\/td><td class=\"column-4\">MONODRAM<\/td><td class=\"column-5\">W.A.MOZART. G.VERDI, G.BIZET, G.PUCCINI, C.SAINT-SAENS<\/td><td class=\"column-6\">\u201eDIVA FOR RENT\u201d<\/td><td class=\"column-7\">Alicja W\u0119gorzewska , Bogdan Kierejsza, Maciej Tomaszewski, Jaros\u0142aw Derybowski<\/td>\n<\/tr>\n<tr class=\"row-262\">\n\t<td class=\"column-1\">261<\/td><td class=\"column-2\">1 October 2011<\/td><td class=\"column-3\">WARSZAWA, TEATR POLONIA<\/td><td class=\"column-4\">MONODRAM<\/td><td class=\"column-5\">W.A.MOZART. G.VERDI, G.BIZET, G.PUCCINI, C.SAINT-SAENS<\/td><td class=\"column-6\">\u201eDIVA FOR RENT\u201d<\/td><td class=\"column-7\">Alicja W\u0119gorzewska , Bogdan Kierejsza, Maciej Tomaszewski, Jaros\u0142aw Derybowski<\/td>\n<\/tr>\n<tr class=\"row-263\">\n\t<td class=\"column-1\">262<\/td><td class=\"column-2\">7 October 2011<\/td><td class=\"column-3\">WARSZAWA, CENTRUM REKREACYJN O-SPORTOWE<\/td><td class=\"column-4\">KONCERT<\/td><td class=\"column-5\">R\u00d3\u017bNI KOMPOZYTORZY<\/td><td class=\"column-6\">\u201eWIELKI KONCERT NA BIELANACH\u201d<\/td><td class=\"column-7\">Irena Santor, Wies\u0142aw Ochman,\u00a0 Alicja W\u0119gorzewska , Maciej Komandera, Pa\u0144stwowy Zesp\u00f3\u0142 Pie\u015bni i Ta\u0144ca MAZOWSZE, Orkiestra MTM<\/td>\n<\/tr>\n<tr class=\"row-264\">\n\t<td class=\"column-1\">263<\/td><td class=\"column-2\">16 October 2011<\/td><td class=\"column-3\">OSTR\u00d3DA, ZAMEK<\/td><td class=\"column-4\">MONODRAM<\/td><td class=\"column-5\">W.A.MOZART. G.VERDI, G.BIZET, G.PUCCINI, C.SAINT-SAENS<\/td><td class=\"column-6\">\u201eDIVA FOR RENT\u201d<\/td><td class=\"column-7\">Alicja W\u0119gorzewska , Bogdan Kierejsza, Maciej Tomaszewski, Jaros\u0142aw Derybowski<\/td>\n<\/tr>\n<tr class=\"row-265\">\n\t<td class=\"column-1\">264<\/td><td class=\"column-2\">12 November 2011<\/td><td class=\"column-3\">KUWEJT<\/td><td class=\"column-4\">MONODRAM, \u201eSPECIAL GALA CONCERT CELEBRATING THE POLISH PRESIDENCY IN THE EUROPEAN UNION\u201d<\/td><td class=\"column-5\">W.A.MOZART. G.VERDI, G.BIZET, G.PUCCINI, C.SAINT-SAENS<\/td><td class=\"column-6\">\u201eDIVA\u2019S SECRETS\u201d<\/td><td class=\"column-7\">Alicja W\u0119gorzewska \u00a0\u2013\u00a0 Whiskerd \u00a0\u2013 mezzosopran, Bogdan Kierejsza \u2013 skrzypce, Tamara Granat \u2013 fortepian, KONCERT POD PATRONATEM AMBASADY RP W KUWEJCIE<\/td>\n<\/tr>\n<tr class=\"row-266\">\n\t<td class=\"column-1\">265<\/td><td class=\"column-2\">14 November 2011<\/td><td class=\"column-3\">QUATAR, OPERA HOUSE<\/td><td class=\"column-4\">MONODRAM, POD PATRONATEM MINISTRA KULTURY QUATARU<\/td><td class=\"column-5\">W.A.MOZART. G.VERDI, G.BIZET, G.PUCCINI, C.SAINT-SAENS<\/td><td class=\"column-6\">\u201eDIVA\u2019S SECRETS\u201d<\/td><td class=\"column-7\">Alicja W\u0119gorzewska \u00a0\u2013\u00a0 Whiskerd \u00a0\u2013 mezzosopran, Bogdan Kierejsza \u2013 skrzypce, Tamara Granat \u2013 fortepian<\/td>\n<\/tr>\n<tr class=\"row-267\">\n\t<td class=\"column-1\">266<\/td><td class=\"column-2\">15 November 2011<\/td><td class=\"column-3\">ABU DHABI, ABU DHABI THEATER<\/td><td class=\"column-4\">MONODRAM<\/td><td class=\"column-5\">W.A.MOZART. G.VERDI, G.BIZET, G.PUCCINI, C.SAINT-SAENS<\/td><td class=\"column-6\">\u201eDIVA\u2019S SECRETS\u201d<\/td><td class=\"column-7\">Alicja W\u0119gorzewska \u00a0\u2013\u00a0 Whiskerd \u00a0\u2013 mezzosopran, Bogdan Kierejsza \u2013 skrzypce, Tamara Granat \u2013 fortepian<\/td>\n<\/tr>\n<tr class=\"row-268\">\n\t<td class=\"column-1\">267<\/td><td class=\"column-2\">11 December 2011<\/td><td class=\"column-3\">GDYNIA, HOTEL NADMORSKI<\/td><td class=\"column-4\">RECITAL<\/td><td class=\"column-5\">R\u00d3\u017bNI KOMPOZYTORZY<\/td><td class=\"column-6\">RECITAL Z ELEMENTAMI MONODRAMU \u201eDIVA FOR RENT\u201d<\/td><td class=\"column-7\">Alicja W\u0119gorzewska,\u00a0 Bogdan Kierejsza \u2013 skrzypce, Dorota Skrla-fortepian<\/td>\n<\/tr>\n<tr class=\"row-269\">\n\t<td class=\"column-1\">268<\/td><td class=\"column-2\">16 December 2011<\/td><td class=\"column-3\">PELPLIN, KATEDRA WNMP<\/td><td class=\"column-4\">KONCERT<\/td><td class=\"column-5\">KOL\u0118DY<\/td><td class=\"column-6\">KONCERT KOL\u0118D<\/td><td class=\"column-7\">Alicja W\u0119gorzewska-Whiskerd,\u00a0 Amelia Whiskerd, Zbigniew Wodecki, Andrzej Lampert, Bogdan Kierejsza, Kasia Stankiewicz<\/td>\n<\/tr>\n<tr class=\"row-270\">\n\t<td class=\"column-1\">269<\/td><td class=\"column-2\">17 December 2011<\/td><td class=\"column-3\">OLSZTYN, FILHARMONIA WARMI\u0143SKO-MAZURSKA<\/td><td class=\"column-4\">MONODRAM<\/td><td class=\"column-5\">W.A.MOZART. G.VERDI, G.BIZET, G.PUCCINI, C.SAINT-SAENS<\/td><td class=\"column-6\">\u201eDIVA FOR RENT\u201d<\/td><td class=\"column-7\">Alicja W\u0119gorzewska , Bogdan Kierejsza, Maciej Tomaszewski, Jaros\u0142aw Derybowski<\/td>\n<\/tr>\n<tr class=\"row-271\">\n\t<td class=\"column-1\">270<\/td><td class=\"column-2\">7 January 2012<\/td><td class=\"column-3\">WIELICZKA, KOPALNIA SOLI \u201eWIELICZKA\u201d, KOMORA \u201eWARSZAWA\u201d 125 M POD ZIEM\u0104<\/td><td class=\"column-4\">KONCERT<\/td><td class=\"column-5\">D.DONIZETTI, J.MASSENET, C.SAINT-SAENS, G.VERDI<\/td><td class=\"column-6\">KONCERT NOWOROCZNY<\/td><td class=\"column-7\">Krakowska Opera Kameralna,\u00a0 Alicja W\u0119gorzewska \u2013 mezzosopran, Jolanta Kowalska \u2013 sopran, Tomasz Kuk \u2013 tenor, J. Ozimkowski \u2013 bas, baryton, S. Krawczy\u0144ski \u2013 dyrygent, Grupa taneczna Mai Witkowskiej<\/td>\n<\/tr>\n<tr class=\"row-272\">\n\t<td class=\"column-1\">271<\/td><td class=\"column-2\">8 January 2012<\/td><td class=\"column-3\">O\u017bAR\u00d3W MAZOWIECKI, SALA HOTELU MAZURKAS<\/td><td class=\"column-4\">KONCERT<\/td><td class=\"column-5\">R\u00d3\u017bNI KOMPOZYTORZY<\/td><td class=\"column-6\">KONCERT NOWOROCZNY<\/td><td class=\"column-7\">Alicja W\u0119gorzewska,\u00a0 Bogdan Kierejsza, Krystian Krzeszowiak, Kr\u00f3lewska Orkiestra Symfoniczna<\/td>\n<\/tr>\n<tr class=\"row-273\">\n\t<td class=\"column-1\">272<\/td><td class=\"column-2\">7 February 2012<\/td><td class=\"column-3\">GDYNIA, TEATR MIEJSKI<\/td><td class=\"column-4\">MONODRAM<\/td><td class=\"column-5\">W.A.MOZART. G.VERDI, G.BIZET, G.PUCCINI, C.SAINT-SAENS<\/td><td class=\"column-6\">\u201eDIVA FOR RENT\u201d<\/td><td class=\"column-7\">Alicja W\u0119gorzewska , Bogdan Kierejsza, Maciej Tomaszewski, Jaros\u0142aw Derybowski<\/td>\n<\/tr>\n<tr class=\"row-274\">\n\t<td class=\"column-1\">273<\/td><td class=\"column-2\">18 February 2012<\/td><td class=\"column-3\">AUSTRIA, WIEDE\u0143<\/td><td class=\"column-4\">KONCERT, \u201e10. POLSKI BAL WIOSNY\u201d<\/td><td class=\"column-5\">R\u00d3\u017bNI KOMPOZYTORZY<\/td><td class=\"column-6\">ARIE OPERETKOWE I MUSICALOWE<\/td><td class=\"column-7\">Alicja W\u0119gorzewska \u00a0\u2013\u00a0 Whiskerd \u00a0\u2013 mezzosopran, Bogdan Kierejsza \u2013 skrzypce, Omen Band, Swing Combo<\/td>\n<\/tr>\n<tr class=\"row-275\">\n\t<td class=\"column-1\">274<\/td><td class=\"column-2\">8 March 2012<\/td><td class=\"column-3\">WARSZAWA, SALA KONCEROWA UNIWERSYTETU MUZYCZNEGO FRYDERYKA CHOPINA<\/td><td class=\"column-4\">KONCERT, \u201eW HO\u0141DZIE KSI\u0118DZU W\u0141ADYS\u0141AWOWI SIERKOWSKIEMU\u201d<\/td><td class=\"column-5\">R\u00d3\u017bNI KOMPOZYTORZY<\/td><td class=\"column-6\">PIE\u015aNI KURPIOWSKIE<\/td><td class=\"column-7\">Apolonia Nowak \u2013 \u015bpiew ludowy,\u00a0 Alicja W\u0119gorzewska \u00a0\u2013\u00a0 Whiskerd \u00a0\u2013 mezzosopran, Zesp\u00f3\u0142 KURPOWSZCZYZNA z Myszy\u0144ca, W\u0142odzimierz Nahorny \u2013 fortepian, Mariusz Bogdanowicz \u2013 kontrabas, Zesp\u00f3\u0142 ARS NOVA, Agnieszk Obst \u2013 fidel, skrzypce, Joanna Nogal \u2013 fidel, alt\u00f3wka, Pawe\u0142 Zalewski \u2013 viola da gamba, Marcin Zalewski \u2013 viola na gamba, Krzysztof Owczynik \u2013 flety, cornamuse, Jacek Urbaniak \u2013 flety, pomort, cornamuse, kierownik artystyczny<\/td>\n<\/tr>\n<tr class=\"row-276\">\n\t<td class=\"column-1\">275<\/td><td class=\"column-2\">24 April 2012<\/td><td class=\"column-3\">KRAK\u00d3W,OPERA KRAKOWSKA<\/td><td class=\"column-4\">OPERA<\/td><td class=\"column-5\">P.CZAJKOWSKI<\/td><td class=\"column-6\">\u201cDAMA PIKOWA\u201d, PARTIA: HRABINA<\/td><td class=\"column-7\">Ewa Biegas \u2013 Liza, Vasyl Grokholskyi \u2013 Herman, Krzysztof Witkowski \u2013 Tomski, Grzegorz Pazik \u2013 Jelecki,\u00a0 Alicja W\u0119gorzewska \u2013 Whiskerd \u00a0\u2013 Hrabina, Agnieszka Cz\u0105stka \u2013 Paulina, Bo\u017cena Walczyk-Skrzypczak \u2013 Guwernantka, Marta Poliszot-Holzmann- Masza, Volodymir Pankiv \u2013 Surin, Marcin Kotarba \u2013 Czekali\u0144ski, Wies\u0142aw Popio\u0142ek \u2013 Czaplicki, Jan Miga\u0142a \u2013 Narumov, Dariusz Polonek \u2013 Mistrz ceremonii, Olga Tsymbalyuk \u2013 Pianistka, Ch\u00f3r, Balet i Orkiestra Opery Krakowskiej p\/d I.Sowi\u0144\u015bkiej<\/td>\n<\/tr>\n<tr class=\"row-277\">\n\t<td class=\"column-1\">276<\/td><td class=\"column-2\">27 April 2012<\/td><td class=\"column-3\">KRAK\u00d3W,OPERA KRAKOWSKA<\/td><td class=\"column-4\">OPERA<\/td><td class=\"column-5\">P.CZAJKOWSKI<\/td><td class=\"column-6\">\u201cDAMA PIKOWA\u201d, PARTIA: HRABINA<\/td><td class=\"column-7\">Ewa Biegas \u2013 Liza, Vasyl Grokholskyi \u2013 Herman, Krzysztof Witkowski \u2013 Tomski, Grzegorz Pazik \u2013 Jelecki,\u00a0 Alicja W\u0119gorzewska \u2013 Whiskerd \u00a0\u2013 Hrabina, Agnieszka Cz\u0105stka \u2013 Paulina, Bo\u017cena Walczyk-Skrzypczak \u2013 Guwernantka, Marta Poliszot-Holzmann- Masza, Volodymir Pankiv \u2013 Surin, Marcin Kotarba \u2013 Czekali\u0144ski, Wies\u0142aw Popio\u0142ek \u2013 Czaplicki, Jan Miga\u0142a \u2013 Narumov, Dariusz Polonek \u2013 Mistrz ceremonii, Olga Tsymbalyuk \u2013 Pianistka, Ch\u00f3r, Balet i Orkiestra Opery Krakowskiej p\/d I.Sowi\u0144skiej<\/td>\n<\/tr>\n<tr class=\"row-278\">\n\t<td class=\"column-1\">277<\/td><td class=\"column-2\">28 April 2012<\/td><td class=\"column-3\">KRAK\u00d3W,OPERA KRAKOWSKA<\/td><td class=\"column-4\">OPERA<\/td><td class=\"column-5\">P.CZAJKOWSKI<\/td><td class=\"column-6\">\u201cDAMA PIKOWA\u201d, PARTIA: HRABINA<\/td><td class=\"column-7\">Ewa Biegas \u2013 Liza, Vasyl Grokholskyi \u2013 Herman, Krzysztof Witkowski \u2013 Tomski, Grzegorz Pazik \u2013 Jelecki,\u00a0 Alicja W\u0119gorzewska \u2013 Whiskerd \u00a0\u2013 Hrabina, Agnieszka Cz\u0105stka \u2013 Paulina, Bo\u017cena Walczyk-Skrzypczak \u2013 Guwernantka, Marta Poliszot-Holzmann- Masza, Volodymir Pankiv \u2013 Surin, Marcin Kotarba \u2013 Czekali\u0144ski, Wies\u0142aw Popio\u0142ek \u2013 Czaplicki, Jan Miga\u0142a \u2013 Narumov, Dariusz Polonek \u2013 Mistrz ceremonii, Olga Tsymbalyuk \u2013 Pianistka, Ch\u00f3r, Balet i Orkiestra Opery Krakowskiej p\/d I.Sowi\u0144skiej<\/td>\n<\/tr>\n<tr class=\"row-279\">\n\t<td class=\"column-1\">278<\/td><td class=\"column-2\">29 April 2012<\/td><td class=\"column-3\">KRAK\u00d3W,OPERA KRAKOWSKA<\/td><td class=\"column-4\">OPERA<\/td><td class=\"column-5\">P.CZAJKOWSKI<\/td><td class=\"column-6\">\u201cDAMA PIKOWA\u201d, PARTIA: HRABINA<\/td><td class=\"column-7\">Ewa Biegas \u2013 Liza, Vasyl Grokholskyi \u2013 Herman, Krzysztof Witkowski \u2013 Tomski, Grzegorz Pazik \u2013 Jelecki,\u00a0 Alicja W\u0119gorzewska \u00a0\u2013\u00a0 Whiskerd \u00a0\u2013 Hrabina, Agnieszka Cz\u0105stka- Paulina, Bo\u017cena Walczyk \u2013 Skrzypczak \u2013 Guwernantka, Joanna Rakoczy \u2013 Masza, Volodymyr Pankiv \u2013 Surin, Adam Sobierajski \u2013 Czekali\u0144ski, Pawe\u0142 Szczepanek \u2013 Czaplicki, Jan Miga\u0142a \u2013 Narumov, Rafa\u0142 Paw\u0142owski \u2013 Mistrz ceremonii, Olga Tsymbalyuk \u2013 Pianistka, Ch\u00f3r, Balet i Orkiestra Opery Krakowskiej p\/d Warcis\u0142awa Kunca<\/td>\n<\/tr>\n<tr class=\"row-280\">\n\t<td class=\"column-1\">279<\/td><td class=\"column-2\">8 May 2012<\/td><td class=\"column-3\">WARSZAWA, TEATR POLONIA<\/td><td class=\"column-4\">MONODRAM<\/td><td class=\"column-5\">W.A.MOZART. G.VERDI, G.BIZET, G.PUCCINI, C.SAINT-SAENS<\/td><td class=\"column-6\">\u201eDIVA FOR RENT\u201d<\/td><td class=\"column-7\">Alicja W\u0119gorzewska , Bogdan Kierejsza, Maciej Tomaszewski, Jaros\u0142aw Derybowski<\/td>\n<\/tr>\n<tr class=\"row-281\">\n\t<td class=\"column-1\">280<\/td><td class=\"column-2\">9 May 2012<\/td><td class=\"column-3\">WARSZAWA, TEATR POLONIA<\/td><td class=\"column-4\">MONODRAM<\/td><td class=\"column-5\">W.A.MOZART. G.VERDI, G.BIZET, G.PUCCINI, C.SAINT-SAENS<\/td><td class=\"column-6\">\u201eDIVA FOR RENT\u201d<\/td><td class=\"column-7\">Alicja W\u0119gorzewska , Bogdan Kierejsza, Maciej Tomaszewski, Jaros\u0142aw Derybowski<\/td>\n<\/tr>\n<tr class=\"row-282\">\n\t<td class=\"column-1\">281<\/td><td class=\"column-2\">14 May 2012<\/td><td class=\"column-3\">SOPOT, HOTEL HAFFNER<\/td><td class=\"column-4\">RECITAL<\/td><td class=\"column-5\">R\u00d3\u017bNI KOMPOZYTORZY<\/td><td class=\"column-6\">RECITAL<\/td><td class=\"column-7\">Alicja W\u0119gorzewska \u00a0\u2013 mezzosopran, Bogdan Kierejsza \u2013 skrzypce, Dorota Skrla \u2013 fortepian<\/td>\n<\/tr>\n<tr class=\"row-283\">\n\t<td class=\"column-1\">282<\/td><td class=\"column-2\">15 May 2012<\/td><td class=\"column-3\">GDA\u0143SK, PA\u0143STWOWY TEATR WYBRZE\u017bE<\/td><td class=\"column-4\">MONODRAM<\/td><td class=\"column-5\">W.A.MOZART. G.VERDI, G.BIZET, G.PUCCINI, C.SAINT-SAENS<\/td><td class=\"column-6\">\u201eDIVA FOR RENT\u201d<\/td><td class=\"column-7\">Alicja W\u0119gorzewska , Bogdan Kierejsza, Maciej Tomaszewski, Jaros\u0142aw Derybowski<\/td>\n<\/tr>\n<tr class=\"row-284\">\n\t<td class=\"column-1\">283<\/td><td class=\"column-2\">23 May 2012<\/td><td class=\"column-3\">POLSKA NOC W CANNES<\/td><td class=\"column-4\">CANNES<\/td><td class=\"column-5\">Koncert podczas Gali \u201ePolska noc w Cannes\u201d, podczas Festiwalu Filmowego w Cannes<\/td><td class=\"column-6\"><\/td><td class=\"column-7\"><\/td>\n<\/tr>\n<tr class=\"row-285\">\n\t<td class=\"column-1\">284<\/td><td class=\"column-2\">16 June 2012<\/td><td class=\"column-3\">SZCZECIN, SALA FILHARMONII<\/td><td class=\"column-4\">KONCERT<\/td><td class=\"column-5\">G.BIZET<\/td><td class=\"column-6\">\u201ePAMI\u0118CI CARMEN\u201d -zako\u0144czenie sezonu arystycznego<\/td><td class=\"column-7\">Alicja W\u0119gorzewska \u00a0\u2013 \u201eCARMEN\u201d, Dariusz Pietrzykowski \u2013 Don Jose, Adam Szersze\u0144 \u2013 Escamillo, Mykola Diadura \u2013 dyrygent, Orkiestra Symfoniczna Szczeci\u0144skiej Filharmonii, Ch\u00f3r ZUT Collegium Maiorum, Ch\u00f3r \u201eS\u0142owiki\u201d<\/td>\n<\/tr>\n<tr class=\"row-286\">\n\t<td class=\"column-1\">285<\/td><td class=\"column-2\">16 June 2012<\/td><td class=\"column-3\">SZCZECIN, FILHARMONIA IM. MIECZYS\u0141AWA KAR\u0141OWICZA<\/td><td class=\"column-4\">OPERA<\/td><td class=\"column-5\">G.BIZET<\/td><td class=\"column-6\">\u201eCARMEN\u201d<\/td><td class=\"column-7\">Alicja W\u0119gorzewska \u00a0\u2013 \u201eCARMEN\u201d, Orkiestra Symfoniczna FS p\/d Mykolo Diadury<\/td>\n<\/tr>\n<tr class=\"row-287\">\n\t<td class=\"column-1\">286<\/td><td class=\"column-2\">17 June 2012<\/td><td class=\"column-3\">KALISZ, PLAC BOGUS\u0141AWSKIEGO<\/td><td class=\"column-4\">KONCERT, ZAKO\u0143CZENIE MI\u0118DZYNARODOWEGO FESTIWALU \u201eBURSZTYNOWY SZLAK\u201d \u2013 OPEN AIR GALA<\/td><td class=\"column-5\">R\u00d3\u017bNI KOMPOZYTORZY<\/td><td class=\"column-6\">ARIE OPEROWE, PIE\u015aNI I DUETY<\/td><td class=\"column-7\">Alicja W\u0119gorzewska , Andrzej Lampert, Letizia Munos Moreno, Orkiestra Symfoniczna Filharmonii Kaliskiej p\/d Adama Klocka<\/td>\n<\/tr>\n<tr class=\"row-288\">\n\t<td class=\"column-1\">287<\/td><td class=\"column-2\">20 June 2012<\/td><td class=\"column-3\">WARSZAWA, ARKADY KUBICKIEGO \u2013 ZCZYT POLSKO-AMERYKA\u0143SKI<\/td><td class=\"column-4\">MONODRAM<\/td><td class=\"column-5\">S W.A.MOZART. G.VERDI, G.BIZET, G.PUCCINI, C.SAINT-SAENS<\/td><td class=\"column-6\">\u201eDIVA FOR RENT\u201d<\/td><td class=\"column-7\">Alicja W\u0119gorzewska , Bogdan Kierejsza, Maciej Tomaszewski, Jaros\u0142aw Derybowski<\/td>\n<\/tr>\n<tr class=\"row-289\">\n\t<td class=\"column-1\">288<\/td><td class=\"column-2\">28 July 2012<\/td><td class=\"column-3\">SOPOT, OPERA LE\u015aNA<\/td><td class=\"column-4\">KONCERT, \u201eSOPOT ART. OPERA \u2013 ARTYSTYCZNE OTWARCIE OPERY LE\u015aNEJ\u201d<\/td><td class=\"column-5\">R\u00d3\u017bNI KOMPOZYTORZY<\/td><td class=\"column-6\"><\/td><td class=\"column-7\">Transgatunkowy Teatr Sfinks,\u00a0 Alicja W\u0119gorzewska , Gaba Kulka, Dominik Bukowski, Tomek Zi\u0119tek, Hubert Zemler, Olo Walicki, Irek Wojtczak, re\u017cyseria \u2013 Robert Florczak, Polska Filharmonia Kameralna Sopot p\/d Wojciecha Rajskiego<\/td>\n<\/tr>\n<tr class=\"row-290\">\n\t<td class=\"column-1\">289<\/td><td class=\"column-2\">29 July 2012<\/td><td class=\"column-3\">\u017bUKOWO, DZIEDZINIEC KO\u015aCIO\u0141A WNMP<\/td><td class=\"column-4\">KONCERT<\/td><td class=\"column-5\">R\u00d3\u017bNI KOMPOZYTORZY<\/td><td class=\"column-6\">KONCERT GWIAZD, \u201e\u017bUKOWSKIE LATO MUZYCZNE\u201d<\/td><td class=\"column-7\">Alicja W\u0119gorzewska , Magdalena Molendowska, Aleksander Zuchowicz, Kr\u00f3lewska Orkiestra Salonowa<\/td>\n<\/tr>\n<tr class=\"row-291\">\n\t<td class=\"column-1\">290<\/td><td class=\"column-2\">14 August 2012<\/td><td class=\"column-3\">KRYNICA ZDR\u00d3J, CENTRUM KULTURY, W RAMACH FESTIWALU KIEPURY<\/td><td class=\"column-4\">MONODRAM<\/td><td class=\"column-5\">S W.A.MOZART. G.VERDI, G.BIZET, G.PUCCINI, C.SAINT-SAENS<\/td><td class=\"column-6\">\u201eDIVA FOR RENT\u201d<\/td><td class=\"column-7\">Alicja W\u0119gorzewska , Bogdan Kierejsza, Maciej Tomaszewski, Jaros\u0142aw Derybowski<\/td>\n<\/tr>\n<tr class=\"row-292\">\n\t<td class=\"column-1\">291<\/td><td class=\"column-2\">26 August 2012<\/td><td class=\"column-3\">XVIII MI\u0118DZYNARODOWY FESTIWAL MUZYKI ORGANOWEJ I KAMERALNEJ, OPACTWO CYSTERSKI W J\u0118DRZEJOWIE<\/td><td class=\"column-4\">RECITAL<\/td><td class=\"column-5\">R\u00d3\u017bNI KOMPOZYTORZY<\/td><td class=\"column-6\">ARIE SAKRALNE<\/td><td class=\"column-7\">Alicja W\u0119gorzewska \u00a0\u2013\u00a0 Whiskerd \u00a0\u2013 mezzosopran, Robert Grudzie\u0144 \u2013 organy<\/td>\n<\/tr>\n<tr class=\"row-293\">\n\t<td class=\"column-1\">292<\/td><td class=\"column-2\">11 August 2012<\/td><td class=\"column-3\">FESTIWAL KIEPURY<\/td><td class=\"column-4\">KRYNICA-ZDR\u00d3J<\/td><td class=\"column-5\">AMBASADOR FESTIWALU<\/td><td class=\"column-6\"><\/td><td class=\"column-7\"><\/td>\n<\/tr>\n<tr class=\"row-294\">\n\t<td class=\"column-1\">293<\/td><td class=\"column-2\">4 September 2012<\/td><td class=\"column-3\">KRYNICA G\u00d3RSKA, 12 FORUM EKONOMICZNE<\/td><td class=\"column-4\">MONODRAM<\/td><td class=\"column-5\">S W.A.MOZART. G.VERDI, G.BIZET, G.PUCCINI, C.SAINT-SAENS<\/td><td class=\"column-6\">\u201eDIVA FOR RENT\u201d<\/td><td class=\"column-7\">Alicja W\u0119gorzewska , Bogdan Kierejsza, Maciej Tomaszewski, Jaros\u0142aw Derybowski<\/td>\n<\/tr>\n<tr class=\"row-295\">\n\t<td class=\"column-1\">294<\/td><td class=\"column-2\">28 September 2012<\/td><td class=\"column-3\">OPOLE, FILHARMONIA OPOLSKA<\/td><td class=\"column-4\">RECITAL<\/td><td class=\"column-5\">W.A.MOZART. G.VERDI, G.BIZET, G.PUCCINI, C.SAINT-SAENS<\/td><td class=\"column-6\">RECITAL Z ELEMENTAMI MONODRAMU \u201eDIVA FOR RENT\u201d<\/td><td class=\"column-7\">Alicja W\u0119gorzewska \u2013 Whiskerd<\/td>\n<\/tr>\n<tr class=\"row-296\">\n\t<td class=\"column-1\">295<\/td><td class=\"column-2\">3 December 2012<\/td><td class=\"column-3\">BYTOM<\/td><td class=\"column-4\">KONCERT<\/td><td class=\"column-5\">R\u00d3\u017bNI KOMPOZYTORZY<\/td><td class=\"column-6\">PIE\u015aNI OPEROWE I MUSICALOWE<\/td><td class=\"column-7\">Alicja W\u0119gorzewska \u2013 Whiskerd,\u00a0 Bogdan Kierejsza, Andrzej Lampert<\/td>\n<\/tr>\n<tr class=\"row-297\">\n\t<td class=\"column-1\">296<\/td><td class=\"column-2\">2 December 2012<\/td><td class=\"column-3\">V OG\u00d3LNOPOLSKI KONKURS WYKONAWSTWA MUZYKI OPERETKOWEJ I MUSICALOWEJ IM. IWONY BOROWICKIEJ<\/td><td class=\"column-4\">KRAK\u00d3W, FILHARMONIA KRAKOWSKA<\/td><td class=\"column-5\">JURY: Wies\u0142aw Ochman,\u00a0 Alicja W\u0119gorzewska \u2013 Whiskerd , Jadwiga Roma\u0144ska, Agata M\u0142ynarska-Klonowska, patronat medialny TVP<\/td><td class=\"column-6\"><\/td><td class=\"column-7\"><\/td>\n<\/tr>\n<tr class=\"row-298\">\n\t<td class=\"column-1\">297<\/td><td class=\"column-2\">5 December 2012<\/td><td class=\"column-3\">KONFERENCJA PRASOWA DOT. 47. FESTIWALU JANA KIEPURY<\/td><td class=\"column-4\">KRYNICA-ZDR\u00d3J<\/td><td class=\"column-5\"><\/td><td class=\"column-6\"><\/td><td class=\"column-7\"><\/td>\n<\/tr>\n<tr class=\"row-299\">\n\t<td class=\"column-1\">298<\/td><td class=\"column-2\">10 December 2012<\/td><td class=\"column-3\">WILAN\u00d3W, MUZEUM PA\u0141AC W WILANOWIE<\/td><td class=\"column-4\">MONODRAM<\/td><td class=\"column-5\">W.A.MOZART. G.VERDI, G.BIZET, G.PUCCINI, C.SAINT-SAENS<\/td><td class=\"column-6\">FRAGMENTY MONODRAMU \u201eDIVA FOR RENT\u201d<\/td><td class=\"column-7\">Alicja W\u0119gorzewska , Bogdan Kierejsza, Maciej Tomaszewski<\/td>\n<\/tr>\n<tr class=\"row-300\">\n\t<td class=\"column-1\">299<\/td><td class=\"column-2\">13 December 2012<\/td><td class=\"column-3\">KATAR, AMBASADA RP<\/td><td class=\"column-4\">RECITAL<\/td><td class=\"column-5\">R\u00d3\u017bNI KOMPOZYTORZY<\/td><td class=\"column-6\">RECITAL OPEROWO-KOL\u0118DOWY<\/td><td class=\"column-7\">Alicja W\u0119gorzewska \u2013 mezzosopran, Tomasz Staniszewski \u2013 akordeoan<\/td>\n<\/tr>\n<tr class=\"row-301\">\n\t<td class=\"column-1\">300<\/td><td class=\"column-2\">24 December 2012<\/td><td class=\"column-3\">BETLEJEM<\/td><td class=\"column-4\">OPEN AIR KONCERT<\/td><td class=\"column-5\">KOL\u0118DY<\/td><td class=\"column-6\">KONCERT KOL\u0118D<\/td><td class=\"column-7\">Alicja W\u0119gorzewska , Anna Sza\u0142apak<\/td>\n<\/tr>\n<tr class=\"row-302\">\n\t<td class=\"column-1\">301<\/td><td class=\"column-2\">30 December 2012<\/td><td class=\"column-3\">WARSZAWA, KO\u015aCI\u00d3\u0141 P\/W B\u0141. W\u0141ADYS\u0141AWA Z GNIELOWA<\/td><td class=\"column-4\">KONCERT KOL\u0118DOWY<\/td><td class=\"column-5\">KOL\u0118DY<\/td><td class=\"column-6\">KONCERT KOL\u0118DOWY<\/td><td class=\"column-7\">ALICJA W\u0118GORZEWSKA.\u00a0 Bogdan Kierejsza, Tomasz Staniszewski<\/td>\n<\/tr>\n<tr class=\"row-303\">\n\t<td class=\"column-1\">302<\/td><td class=\"column-2\">5 January 2013<\/td><td class=\"column-3\">WIELICZKA, KOPALNIA SOLI \u201eWIELICZKA\u201d, KOMORA \u201eWARSZAWA\u201d 125 M POD ZIEM\u0104<\/td><td class=\"column-4\">KONCERT<\/td><td class=\"column-5\">R\u00d3\u017bNI KOMPOZYTORZY<\/td><td class=\"column-6\">KONCERT NOWOROCZNY<\/td><td class=\"column-7\">Krakowska Opera Kameralna,\u00a0 Alicja W\u0119gorzewska \u2013 mezzosopran, Miko\u0142aj Zalasi\u0144ski \u2013 baryton, Jolanta Kowalska \u2013 sopran, Tomasz Kuk \u2013 tenor, Jacek Ozimkowski \u2013 bas, baryton, Aleksandra Kuls \u2013 skrzypce, Stanis\u0142aw Krawczy\u0144ski \u2013 dyrygent, Lidia Jazgar, Leszek Mikos \u2013 prowadzenie<\/td>\n<\/tr>\n<tr class=\"row-304\">\n\t<td class=\"column-1\">303<\/td><td class=\"column-2\">12 January 2013<\/td><td class=\"column-3\">GDA\u0143SK, FILHARMONIA BA\u0141TYCKA<\/td><td class=\"column-4\">KONCERT NOWOROCZNY<\/td><td class=\"column-5\">G.BIZET, J.OFFENBACH<\/td><td class=\"column-6\">II BAL GDA\u0143SKI \u2013 \u201eSZLAGIERY NIE TYLKO Z WIEDNIA\u201d<\/td><td class=\"column-7\">Kr\u00f3lewska Orkiestra Salonowa (Orchestra Reale de Sala), Natalia Walewska \u2013 prowadzenie orkiestry, skrzypce, Magdalena Molendowska \u2013 sopran,\u00a0 Alicja W\u0119gorzewska \u00a0\u2013 mezzosopran, Aleksander Zuchowicz \u2013 tenor, Gda\u0144ska Szko\u0142a Baletowa, Zesp\u00f3\u0142 Taneczny \u201eRapsodia\u201d<\/td>\n<\/tr>\n<tr class=\"row-305\">\n\t<td class=\"column-1\">304<\/td><td class=\"column-2\">12 April 2013<\/td><td class=\"column-3\">Ko\u015bcierzyna<\/td><td class=\"column-4\">Kolory MI\u0142o\u015bci<\/td><td class=\"column-5\">Berlincioni - Franco Fasano, Bacalov, Jennifer Rush, Mary Susan Applegate, Eduardo di Capua,  Sartori, G Bizet, Leonard Bernstein, Kalman, Lehar, Kempe, Fasano<\/td><td class=\"column-6\">Kolory Mi\u0142o\u015bci<\/td><td class=\"column-7\">Alicja W\u0119gorzewska, Bogdan Kierejsza<\/td>\n<\/tr>\n<tr class=\"row-306\">\n\t<td class=\"column-1\">305<\/td><td class=\"column-2\">6 March 2013<\/td><td class=\"column-3\">Kij\u00f3w<\/td><td class=\"column-4\">Kij\u00f3w, Koncert charytatywny na budow\u0119 szpitala<\/td><td class=\"column-5\">Bizet, Kalman, Bernstein, Offenbach<\/td><td class=\"column-6\">Kij\u00f3w, Koncert charytatywny na budow\u0119 szpitala<\/td><td class=\"column-7\">Alicja W\u0119gorzewska<\/td>\n<\/tr>\n<tr class=\"row-307\">\n\t<td class=\"column-1\">306<\/td><td class=\"column-2\">4 February 2013<\/td><td class=\"column-3\">Warszawa<\/td><td class=\"column-4\">15 lecie Fundacji Zd\u0105\u017cy\u0107 z Pomoc\u0105 Zamek Kr\u00f3lewski Warszawa<\/td><td class=\"column-5\">Bizet, Kalman, Bernstein, Offenbach<\/td><td class=\"column-6\">15 lecie Fundacji Zd\u0105\u017cy\u0107 z Pomoc\u0105 Zamek Kr\u00f3lewski Warszawa<\/td><td class=\"column-7\">Alicja W\u0119gorzewska, Andrzej Lampert<\/td>\n<\/tr>\n<tr class=\"row-308\">\n\t<td class=\"column-1\">307<\/td><td class=\"column-2\">10 February 2013<\/td><td class=\"column-3\">Warszawa<\/td><td class=\"column-4\">Czternasty Bal Charytatywny Fundacji SYNAPSIS<\/td><td class=\"column-5\">Bizet, Kalman, Bernstein, Offenbach<\/td><td class=\"column-6\">Czternasty Bal Charytatywny Fundacji SYNAPSIS<\/td><td class=\"column-7\">Alicja W\u0119gorzewska, Bogdan Kierejsza<\/td>\n<\/tr>\n<tr class=\"row-309\">\n\t<td class=\"column-1\">308<\/td><td class=\"column-2\">18 June 2013<\/td><td class=\"column-3\">Warszawa<\/td><td class=\"column-4\">w 90 lat dooko\u0142a Szymona <\/td><td class=\"column-5\">Bernstein<\/td><td class=\"column-6\">w 90 lat dooko\u0142a Szymona <\/td><td class=\"column-7\">Kayah, Irena Santor, Maryla Rodowicz, Alicja W\u0119gorzewska, Go\u0142da Tencer, Hanna \u015aleszy\u0144ska, Wojciech Pszoniak, Daniel Olbrychski, Marian Opania, Andrzej Grabowski,  Stan Borys, Jerzy Po\u0142omski, Jacek W\u00f3jcicki, Janusz Tylman, Janusz Sent, Marcin Wyrostek, Vadim Brodski, Don Wasyl i Cyga\u0144skie Gwiazdy oraz zesp\u00f3\u0142 Teatru \u017bydowskiego<\/td>\n<\/tr>\n<tr class=\"row-310\">\n\t<td class=\"column-1\">309<\/td><td class=\"column-2\">1 July 2013<\/td><td class=\"column-3\">Busko Zdr\u00f3j<\/td><td class=\"column-4\">Busko Zdr\u00f3j Festiwal im Krystyny Jamr\u00f3z <\/td><td class=\"column-5\">Monodram<\/td><td class=\"column-6\">Diva For Rent<\/td><td class=\"column-7\">Alicja W\u0119gorzewska<\/td>\n<\/tr>\n<tr class=\"row-311\">\n\t<td class=\"column-1\">310<\/td><td class=\"column-2\">6 August 2013<\/td><td class=\"column-3\">Krynica Zdr\u00f3j<\/td><td class=\"column-4\">Go\u015bcinny wyst\u0119p z zespo\u0142em Romanca \u2013 Kiepuriada<\/td><td class=\"column-5\">Bizet<\/td><td class=\"column-6\">Go\u015bcinny wyst\u0119p z zespo\u0142em Romanca \u2013 Kiepuriada<\/td><td class=\"column-7\">Alicja W\u0119gorzewska, Romanca<\/td>\n<\/tr>\n<tr class=\"row-312\">\n\t<td class=\"column-1\">311<\/td><td class=\"column-2\">10 August 2013<\/td><td class=\"column-3\">Krynica Zdr\u00f3j<\/td><td class=\"column-4\">Galowy Koncert 47 Festiwalu im Jana Kiepury w Krynicy Zdr\u00f3j<\/td><td class=\"column-5\">Verdi<\/td><td class=\"column-6\">Gala Verdiowska<\/td><td class=\"column-7\">W\u0119gorzeska, Moskowicz, Skrla, Laszczkowski<\/td>\n<\/tr>\n<tr class=\"row-313\">\n\t<td class=\"column-1\">312<\/td><td class=\"column-2\">11 March 2013<\/td><td class=\"column-3\">Powro\u017cnik<\/td><td class=\"column-4\">Muzyka zakl\u0119ta w drewnie <\/td><td class=\"column-5\"><\/td><td class=\"column-6\">Muzyka zakl\u0119ta w drewnie <\/td><td class=\"column-7\">Alicja W\u0119gorzewska Bogdan Kierejsza<\/td>\n<\/tr>\n<tr class=\"row-314\">\n\t<td class=\"column-1\">313<\/td><td class=\"column-2\">17 August 2013<\/td><td class=\"column-3\">Krynica Zdr\u00f3j<\/td><td class=\"column-4\">Galowy Koncert 47 Festiwalu im Jana Kiepury w Krynicy Zdr\u00f3j<\/td><td class=\"column-5\">Bizet, Mozart, Bernstien,Piazzola<\/td><td class=\"column-6\">Alicja&amp;Friends<\/td><td class=\"column-7\">Alicja W\u0119gorzewska, Maciej Miecznikowski, Adam Szersze\u0144 i Piotr P\u0142uska <\/td>\n<\/tr>\n<tr class=\"row-315\">\n\t<td class=\"column-1\">314<\/td><td class=\"column-2\">8 September 2013<\/td><td class=\"column-3\">Jedli\u0144sk<\/td><td class=\"column-4\">Ka\u017cdemu marzy si\u0119 wolno\u015b\u0107 <\/td><td class=\"column-5\">Schubert, Franck, Grudzie\u0144, Chopin, Caccini, Bach<\/td><td class=\"column-6\">Ka\u017cdemu marzy si\u0119 wolno\u015b\u0107 <\/td><td class=\"column-7\">Alicja W\u0119gorzewska, Robert Grudzie\u0144<\/td>\n<\/tr>\n<tr class=\"row-316\">\n\t<td class=\"column-1\">315<\/td><td class=\"column-2\">9 September 2013<\/td><td class=\"column-3\">Zel\u00f3w<\/td><td class=\"column-4\">Fina\u0142 Obchod\u00f3w 19 edycji letnich koncert\u00f3w Festiwalowych<\/td><td class=\"column-5\">Schubert, Franck, Grudzie\u0144, Chopin, Caccini, Bach<\/td><td class=\"column-6\">Koncert Galowy<\/td><td class=\"column-7\">Alicja W\u0119gorzewska, Robert Grudzie\u0144<\/td>\n<\/tr>\n<tr class=\"row-317\">\n\t<td class=\"column-1\">316<\/td><td class=\"column-2\">22 September 2013<\/td><td class=\"column-3\">Ole\u015bnica<\/td><td class=\"column-4\">26 dni Europy w Ole\u015bnicy<\/td><td class=\"column-5\">Schubert, Franck, Grudzie\u0144, Chopin, Caccini, Bach<\/td><td class=\"column-6\">26 dni Europy w Ole\u015bnicy<\/td><td class=\"column-7\">Alicja W\u0119gorzewska, Robert Grudzie\u0144<\/td>\n<\/tr>\n<tr class=\"row-318\">\n\t<td class=\"column-1\">317<\/td><td class=\"column-2\">25 October 2013<\/td><td class=\"column-3\">Lublin<\/td><td class=\"column-4\">Mi\u0119dzynarodowy Festiwal Organowy Lublin Czuby <\/td><td class=\"column-5\">Schubert, Franck, Grudzie\u0144, Chopin, Caccini, Bach<\/td><td class=\"column-6\">Rok Wiary Koncert Po\u015bwi\u0119cony 3 Papie\u017com<\/td><td class=\"column-7\">Alicja W\u0119gorzewska, Robert Grudzie\u0144<\/td>\n<\/tr>\n<tr class=\"row-319\">\n\t<td class=\"column-1\">318<\/td><td class=\"column-2\">17 October 2013<\/td><td class=\"column-3\">Bia\u0142obrzegi<\/td><td class=\"column-4\">Ka\u017cdemu  marzy si\u0119  wolno\u015b\u0107  <\/td><td class=\"column-5\">Schubert, Franck, Grudzie\u0144, Chopin, Caccini, Bach<\/td><td class=\"column-6\">Ka\u017cdemu  marzy si\u0119  wolno\u015b\u0107  <\/td><td class=\"column-7\">Alicja W\u0119gorzewska, Robert Grudzie\u0144<\/td>\n<\/tr>\n<tr class=\"row-320\">\n\t<td class=\"column-1\">319<\/td><td class=\"column-2\">30 October 2013<\/td><td class=\"column-3\">Bia\u0142ystok<\/td><td class=\"column-4\">Romanca Operowo<\/td><td class=\"column-5\"><\/td><td class=\"column-6\">Romanca Operowo<\/td><td class=\"column-7\">SYLWIA LORENS, LESZEK \u015aWIDZI\u0143SKI I ALICJA W\u0118GORZEWSKA.Romanca<\/td>\n<\/tr>\n<tr class=\"row-321\">\n\t<td class=\"column-1\">320<\/td><td class=\"column-2\">8 November 2013<\/td><td class=\"column-3\">Koszalin<\/td><td class=\"column-4\">Uroczyste otwarcie Filharmonii Koszali\u0144skiej <\/td><td class=\"column-5\">Moniszko, Bizet, Verdi, Puccini, Capua, Gershwin, Lehar<\/td><td class=\"column-6\">Koncert Inauguruj\u0105cyy<\/td><td class=\"column-7\">Alicja W\u0119gorzewska, Andrzej Lampert<\/td>\n<\/tr>\n<tr class=\"row-322\">\n\t<td class=\"column-1\">321<\/td><td class=\"column-2\">3 December 2013<\/td><td class=\"column-3\"><\/td><td class=\"column-4\">Barb\u00f3rka Holding W\u0119glowy<\/td><td class=\"column-5\">repertuarze arii koncert pie\u015bni operowych, pie\u015bni w\u0142oskich i przeboj\u00f3w z film\u00f3w i musicali<\/td><td class=\"column-6\">Barb\u00f3rka<\/td><td class=\"column-7\">Alicja W\u0119gorzewska, Rheinaldt Motseothat Moagi, Vincent Schirrmacher<\/td>\n<\/tr>\n<tr class=\"row-323\">\n\t<td class=\"column-1\">322<\/td><td class=\"column-2\">4 January 2014<\/td><td class=\"column-3\">Wieliczka<\/td><td class=\"column-4\">Koncert Noworoczny Kopalnia Soli W Wieliczce <\/td><td class=\"column-5\">Verdi, Moniuszko, Kar\u0142owicz,Przedwojenne szlagiery<\/td><td class=\"column-6\">Koncert Noworoczny<\/td><td class=\"column-7\">Alicja W\u0119gorzewska (mezzosopran), Jolanta Kowalska -Pawlikowska (sopran), Tadeusz Szlenkier (tenor), Jacek Ozimkowski (bas). Go\u015bciem specjalnym by\u0142 Andrzej Dobber (baryton)<\/td>\n<\/tr>\n<tr class=\"row-324\">\n\t<td class=\"column-1\">323<\/td><td class=\"column-2\">12 January 2014<\/td><td class=\"column-3\">Warszawa<\/td><td class=\"column-4\">Koncert \u015bwi\u0105teczny<\/td><td class=\"column-5\">Kol\u0119dy<\/td><td class=\"column-6\">Koncert \u015bwiateczny<\/td><td class=\"column-7\">Alicja W\u0119gorzewska, Bogdan Kierejsza, Tomasz Betka<\/td>\n<\/tr>\n<tr class=\"row-325\">\n\t<td class=\"column-1\">324<\/td><td class=\"column-2\">18 January 2014<\/td><td class=\"column-3\">Warszawa<\/td><td class=\"column-4\">Trzydziesty Jubileuszowy Charytatywny Bal Lekarzy<\/td><td class=\"column-5\">Bizet<\/td><td class=\"column-6\">Trzydziesty Jubileuszowy Charytatywny Bal Lekarzy<\/td><td class=\"column-7\">Alicja W\u0119gorzewska<\/td>\n<\/tr>\n<tr class=\"row-326\">\n\t<td class=\"column-1\">325<\/td><td class=\"column-2\">11 April 2014<\/td><td class=\"column-3\">Warszawa<\/td><td class=\"column-4\">Taniec z gwiazdami <\/td><td class=\"column-5\"><\/td><td class=\"column-6\">Gwiazda odcinka<\/td><td class=\"column-7\">Alicja W\u0119gorzewska<\/td>\n<\/tr>\n<tr class=\"row-327\">\n\t<td class=\"column-1\">326<\/td><td class=\"column-2\">22 June 2014<\/td><td class=\"column-3\">Warszawa<\/td><td class=\"column-4\">Viva Canaletto! <\/td><td class=\"column-5\">Moniszki, Verdi, Saens , Bizet, Rossini, Mozart<\/td><td class=\"column-6\">Gala<\/td><td class=\"column-7\">W\u0119gorzewska, Piasecka, Sak\u0142uba, Sung Taek, Tomasz Kuk<\/td>\n<\/tr>\n<tr class=\"row-328\">\n\t<td class=\"column-1\">327<\/td><td class=\"column-2\">26 June 2014<\/td><td class=\"column-3\">Wroc\u0142aw<\/td><td class=\"column-4\">Radio Wroc\u0142aw Koncert Kolory mi\u0142o\u015bci<\/td><td class=\"column-5\">Berlincioni - Franco Fasano, Bacalov, Jennifer Rush, Mary Susan Applegate, Eduardo di Capua,  Sartori, G Bizet, Leonard Bernstein, Kalman, Lehar, Kempe, Fasano<\/td><td class=\"column-6\">Recital Kolory mi\u0142o\u015bci<\/td><td class=\"column-7\">Alicja W\u0119gorzewska<\/td>\n<\/tr>\n<tr class=\"row-329\">\n\t<td class=\"column-1\">328<\/td><td class=\"column-2\">28 June 2014<\/td><td class=\"column-3\">Radziejowice<\/td><td class=\"column-4\">VI Letni festiwal im Jerzego Waldorffa<\/td><td class=\"column-5\">Moniszki, Verdi, Saens , Bizet, Rossini, Mozart<\/td><td class=\"column-6\">Gala<\/td><td class=\"column-7\">W\u0119gorzewska, Piasecka, Sak\u0142uba, Sung Taek<\/td>\n<\/tr>\n<tr class=\"row-330\">\n\t<td class=\"column-1\">329<\/td><td class=\"column-2\">1 July 2014<\/td><td class=\"column-3\">Gliniany<\/td><td class=\"column-4\">Ave Maria w Muzyce Gliniany \u2013 Festiwal Krystyny Jamr\u00f3z <\/td><td class=\"column-5\">Schubert, Franck, Grudzie\u0144, Chopin, Caccini, Bach<\/td><td class=\"column-6\">Ave Maria w Muzyce<\/td><td class=\"column-7\">Alicja W\u0119gorzewska, Robert Grudzie\u0144<\/td>\n<\/tr>\n<tr class=\"row-331\">\n\t<td class=\"column-1\">330<\/td><td class=\"column-2\">28 June 2014<\/td><td class=\"column-3\">Niemce<\/td><td class=\"column-4\">100 lecie parafii Niemce Co nam w duszy gra<\/td><td class=\"column-5\">Schubert, Franck, Grudzie\u0144, Chopin, Caccini, Bach<\/td><td class=\"column-6\">Co nam w duszy gra<\/td><td class=\"column-7\">Alicja W\u0119gorzewska, Robert Grudzie\u0144<\/td>\n<\/tr>\n<tr class=\"row-332\">\n\t<td class=\"column-1\">331<\/td><td class=\"column-2\">7 August 2014<\/td><td class=\"column-3\">Jurata<\/td><td class=\"column-4\">Kolory mi\u0142o\u015bci<\/td><td class=\"column-5\">Berlincioni - Franco Fasano, Bacalov, Jennifer Rush, Mary Susan Applegate, Eduardo di Capua,  Sartori, G Bizet, Leonard Bernstein, Kalman, Lehar, Kempe, Fasano<\/td><td class=\"column-6\">Recital<\/td><td class=\"column-7\">Alicja W\u0119gorzewska, Bogdan Kierejsza<\/td>\n<\/tr>\n<tr class=\"row-333\">\n\t<td class=\"column-1\">332<\/td><td class=\"column-2\">24 August 2014<\/td><td class=\"column-3\">Wolb\u00f3rz<\/td><td class=\"column-4\">Muzyczne Korzenie Wolborza<\/td><td class=\"column-5\">Schubert, Franck, Grudzie\u0144, Chopin, Caccini, Bach<\/td><td class=\"column-6\">Recital<\/td><td class=\"column-7\">Alicja W\u0119gorzewska, Robert Grudzie\u0144<\/td>\n<\/tr>\n<tr class=\"row-334\">\n\t<td class=\"column-1\">333<\/td><td class=\"column-2\">16 October 2014<\/td><td class=\"column-3\">Bia\u0142ogard<\/td><td class=\"column-4\">12. Dni Kultury Chrze\u015bcija\u0144skiej <\/td><td class=\"column-5\">Schubert, Franck, Grudzie\u0144, Chopin, Caccini, Bach<\/td><td class=\"column-6\">Recital<\/td><td class=\"column-7\">Alicja W\u0119gorzewska, Robert Grudzie\u0144<\/td>\n<\/tr>\n<tr class=\"row-335\">\n\t<td class=\"column-1\">334<\/td><td class=\"column-2\">23 September 2014<\/td><td class=\"column-3\">Stalowa Wola<\/td><td class=\"column-4\">24 Festiwal Muzyczny w klasztorze Braci Mniejszych Kapucyn\u00f3w <\/td><td class=\"column-5\">Schubert, Franck, Grudzie\u0144, Chopin, Caccini, Bach<\/td><td class=\"column-6\">Recital<\/td><td class=\"column-7\">Alicja W\u0119gorzewska, Robert Grudzie\u0144<\/td>\n<\/tr>\n<tr class=\"row-336\">\n\t<td class=\"column-1\">335<\/td><td class=\"column-2\">18 October 2014<\/td><td class=\"column-3\">Eindhoven<\/td><td class=\"column-4\">Polskie Forum Businessu High Tech Campus w Eindhoven<\/td><td class=\"column-5\">Berlincioni - Franco Fasano, Bacalov, Jennifer Rush, Mary Susan Applegate, Eduardo di Capua,  Sartori, G Bizet, Leonard Bernstein, Kalman, Lehar, Kempe, Fasano<\/td><td class=\"column-6\">Recital<\/td><td class=\"column-7\">Alicja W\u0119gorzewska, Bogdan Kierejsza<\/td>\n<\/tr>\n<tr class=\"row-337\">\n\t<td class=\"column-1\">336<\/td><td class=\"column-2\">19 October 2014<\/td><td class=\"column-3\">Lubart\u00f3w<\/td><td class=\"column-4\">Koncert hospicyjny Lubart\u00f3w<\/td><td class=\"column-5\">Schubert, Franck, Grudzie\u0144, Chopin, Caccini, Bach<\/td><td class=\"column-6\">\u015awi\u0119temu Janowi Paw\u0142owi II<\/td><td class=\"column-7\">Alicja W\u0119gorzewska, Robert Grudzie\u0144<\/td>\n<\/tr>\n<tr class=\"row-338\">\n\t<td class=\"column-1\">337<\/td><td class=\"column-2\">21 October 2014<\/td><td class=\"column-3\">Kargowa<\/td><td class=\"column-4\">Spotkania Kulturalne<\/td><td class=\"column-5\">Berlincioni - Franco Fasano, Bacalov, Jennifer Rush, Mary Susan Applegate, Eduardo di Capua,  Sartori, G Bizet, Leonard Bernstein, Kalman, Lehar, Kempe, Fasano<\/td><td class=\"column-6\">Recital<\/td><td class=\"column-7\">Alicja W\u0119gorzewska<\/td>\n<\/tr>\n<tr class=\"row-339\">\n\t<td class=\"column-1\">338<\/td><td class=\"column-2\">21 October 2014<\/td><td class=\"column-3\">Sulech\u00f3w<\/td><td class=\"column-4\">Spotkania Kulturalne<\/td><td class=\"column-5\">Berlincioni - Franco Fasano, Bacalov, Jennifer Rush, Mary Susan Applegate, Eduardo di Capua,  Sartori, G Bizet, Leonard Bernstein, Kalman, Lehar, Kempe, Fasano<\/td><td class=\"column-6\">Recital<\/td><td class=\"column-7\">Alicja W\u0119gorzewska<\/td>\n<\/tr>\n<tr class=\"row-340\">\n\t<td class=\"column-1\">339<\/td><td class=\"column-2\">22 October 2014<\/td><td class=\"column-3\">Bojad\u0142a<\/td><td class=\"column-4\">Spotkania Kulturalne<\/td><td class=\"column-5\">Berlincioni - Franco Fasano, Bacalov, Jennifer Rush, Mary Susan Applegate, Eduardo di Capua,  Sartori, G Bizet, Leonard Bernstein, Kalman, Lehar, Kempe, Fasano<\/td><td class=\"column-6\">Recital<\/td><td class=\"column-7\">Alicja W\u0119gorzewska<\/td>\n<\/tr>\n<tr class=\"row-341\">\n\t<td class=\"column-1\">340<\/td><td class=\"column-2\">24 October 2014<\/td><td class=\"column-3\">Trzebiech\u00f3w<\/td><td class=\"column-4\">Spotkania Kulturalne<\/td><td class=\"column-5\">Berlincioni - Franco Fasano, Bacalov, Jennifer Rush, Mary Susan Applegate, Eduardo di Capua,  Sartori, G Bizet, Leonard Bernstein, Kalman, Lehar, Kempe, Fasano<\/td><td class=\"column-6\">Recital<\/td><td class=\"column-7\">Alicja W\u0119gorzewska<\/td>\n<\/tr>\n<tr class=\"row-342\">\n\t<td class=\"column-1\">341<\/td><td class=\"column-2\">26 October 2014<\/td><td class=\"column-3\">Go\u0142\u0105b<\/td><td class=\"column-4\">Koncert Papieski<\/td><td class=\"column-5\"><\/td><td class=\"column-6\">Koncert Papieski<\/td><td class=\"column-7\">Alicja W\u0119gorzewska<\/td>\n<\/tr>\n<tr class=\"row-343\">\n\t<td class=\"column-1\">342<\/td><td class=\"column-2\">25 November 2014<\/td><td class=\"column-3\">Warszawa<\/td><td class=\"column-4\">Mi\u0142o\u015b\u0107 dobro pi\u0119kno zako\u0144czenie roku \u00a0B\u0142. Edmunda Bojanowskiego\u00a0<\/td><td class=\"column-5\"><\/td><td class=\"column-6\">Mi\u0142o\u015b\u0107 dobro pi\u0119kno zako\u0144czenie roku \u00a0B\u0142. Edmunda Bojanowskiego\u00a0<\/td><td class=\"column-7\">Alicja W\u0119gorzewska, Agnieszka Polak, Dariusz Kowalski, Bogdan Kierejsza<\/td>\n<\/tr>\n<tr class=\"row-344\">\n\t<td class=\"column-1\">343<\/td><td class=\"column-2\">28 November 2014<\/td><td class=\"column-3\">Wilno<\/td><td class=\"column-4\">Dni Kultury Polskiej w Wilnie <\/td><td class=\"column-5\"><\/td><td class=\"column-6\">Dni Kultury Polskiej w Wilnie <\/td><td class=\"column-7\">Alicja W\u0119gorzewska, Bogdan Kierejsza<\/td>\n<\/tr>\n<tr class=\"row-345\">\n\t<td class=\"column-1\">344<\/td><td class=\"column-2\">7 December 2014<\/td><td class=\"column-3\">Warszawa<\/td><td class=\"column-4\">XIX Gala Choinki Rotaria\u0144skiej <\/td><td class=\"column-5\">Kol\u0119dy<\/td><td class=\"column-6\">XIX Gala Choinki Rotaria\u0144skiej <\/td><td class=\"column-7\">Alicja W\u0119gorzewska<\/td>\n<\/tr>\n<tr class=\"row-346\">\n\t<td class=\"column-1\">345<\/td><td class=\"column-2\">4 January 2015<\/td><td class=\"column-3\">Krak\u00f3w<\/td><td class=\"column-4\">Uniwersytecki Koncert Noworoczny, \u201eZ szopk\u0105 krakowsk\u0105 w\u00a0tle\u201d<\/td><td class=\"column-5\">Kol\u0119dy<\/td><td class=\"column-6\">Uniwersytecki Koncert Noworoczny, \u201eZ szopk\u0105 krakowsk\u0105 w\u00a0tle\u201d<\/td><td class=\"column-7\">Anna Sza\u0142apak, Alicja W\u0119gorzewska, Jacek W\u00f3jcicki, Andrzej Sokorowski, Skaldowie<\/td>\n<\/tr>\n<tr class=\"row-347\">\n\t<td class=\"column-1\">346<\/td><td class=\"column-2\">11 January 2015<\/td><td class=\"column-3\">Aleksandr\u00f3w \u0141\u00f3dzki<\/td><td class=\"column-4\">Koncert charytatywny na rzecz Serc\u00f3wki<\/td><td class=\"column-5\">Kol\u0119dy Polskie<\/td><td class=\"column-6\">Koncert Kol\u0119d<\/td><td class=\"column-7\">W\u0119gorzewska<\/td>\n<\/tr>\n<tr class=\"row-348\">\n\t<td class=\"column-1\">347<\/td><td class=\"column-2\">4 April 1900<\/td><td class=\"column-3\">G\u0142og\u00f3w, Lubin<\/td><td class=\"column-4\">Koncert noworoczny KGHM G\u0142og\u00f3w Lubin<\/td><td class=\"column-5\">Bizet, Fasano, Dala<\/td><td class=\"column-6\">Koncert Noworoczny<\/td><td class=\"column-7\">Alicja W\u0119gorzewska, Katarzyna Skrzynecka, Artur Chamski, Pawe\u0142 Ska\u0142uba przy akompaniamencie Orkiestry Zygmunta Kukli<\/td>\n<\/tr>\n<tr class=\"row-349\">\n\t<td class=\"column-1\">348<\/td><td class=\"column-2\">31 January 2015<\/td><td class=\"column-3\">Kepno<\/td><td class=\"column-4\">Koncert Kolory Mi\u0142o\u015bci<\/td><td class=\"column-5\">Berlincioni - Franco Fasano, Bacalov, Jennifer Rush, Mary Susan Applegate, Eduardo di Capua,  Sartori, G Bizet, Leonard Bernstein, Kalman, Lehar, Kempe, Fasano<\/td><td class=\"column-6\">Kolory Mi\u0142o\u015bci<\/td><td class=\"column-7\">W\u0119gorzewska, Kierejsza<\/td>\n<\/tr>\n<tr class=\"row-350\">\n\t<td class=\"column-1\">349<\/td><td class=\"column-2\">6 February 2015<\/td><td class=\"column-3\">Warka<\/td><td class=\"column-4\">W krainie musicalu i operetki<\/td><td class=\"column-5\">Lehar, Strauss, Kalman, W\u0119gorzewska, Foster, Kempe, Leali, Fasano<\/td><td class=\"column-6\">Wiecz\u00f3r z\u00a0Kultur\u0105<\/td><td class=\"column-7\">Alicja Wegorzewska, Bogdan Kierejsza<\/td>\n<\/tr>\n<tr class=\"row-351\">\n\t<td class=\"column-1\">350<\/td><td class=\"column-2\">12 April 2015<\/td><td class=\"column-3\">K\u0119pno<\/td><td class=\"column-4\">Koncert Papieski <\/td><td class=\"column-5\">Piesni ko\u015bcielne<\/td><td class=\"column-6\">Koncert Papieski <\/td><td class=\"column-7\">Alicja Wegorzewska, Bogdan Kierejsza<\/td>\n<\/tr>\n<tr class=\"row-352\">\n\t<td class=\"column-1\">351<\/td><td class=\"column-2\">14 May 2015<\/td><td class=\"column-3\">Mediolan<\/td><td class=\"column-4\">Expo Mediolan 2015, Kolory mi\u0142o\u015bci koncert<\/td><td class=\"column-5\">Berlincioni - Franco Fasano, Bacalov, Jennifer Rush, Mary Susan Applegate, Eduardo di Capua,  Sartori, G Bizet, Leonard Bernstein, Kalman, Lehar, Kempe, Fasano<\/td><td class=\"column-6\">Kolory Mi\u0142o\u015bci<\/td><td class=\"column-7\">W\u0119gorzewska, Kierejsza<\/td>\n<\/tr>\n<tr class=\"row-353\">\n\t<td class=\"column-1\">352<\/td><td class=\"column-2\">13 May 2015<\/td><td class=\"column-3\">Mediolan<\/td><td class=\"column-4\">Expo Mediolan 2015, Tydzie\u0144 Polski Wschodniej <\/td><td class=\"column-5\">Monodram<\/td><td class=\"column-6\">Diva For Rent<\/td><td class=\"column-7\">W\u0119gorzewska, Kierejsza, Tomaszewski<\/td>\n<\/tr>\n<tr class=\"row-354\">\n\t<td class=\"column-1\">353<\/td><td class=\"column-2\">6 June 2015<\/td><td class=\"column-3\">Orzysz<\/td><td class=\"column-4\">Otwieramy drzwi do \u015bwiata muzyki \u2013 Muzyka \u0142\u0105czy pokolenia<\/td><td class=\"column-5\">Monodram<\/td><td class=\"column-6\">Diva For Rent<\/td><td class=\"column-7\">W\u0119gorzewska, Kierejsza, Tomaszewski<\/td>\n<\/tr>\n<tr class=\"row-355\">\n\t<td class=\"column-1\">354<\/td><td class=\"column-2\">4 June 2015<\/td><td class=\"column-3\">Orzysz<\/td><td class=\"column-4\">Otwieramy drzwi do \u015bwiata muzyki \u2013 Muzyka \u0142\u0105czy pokolenia<\/td><td class=\"column-5\">Lehar, Strauss, Kalman, W\u0119gorzewska, Foster, Kempe, Leali, Fasano<\/td><td class=\"column-6\">Kolory Mi\u0142o\u015bci<\/td><td class=\"column-7\">Alicja Wegorzewska, Bogdan Kierejsza<\/td>\n<\/tr>\n<tr class=\"row-356\">\n\t<td class=\"column-1\">355<\/td><td class=\"column-2\">1 August 2015<\/td><td class=\"column-3\">Ko\u0142obrzeg<\/td><td class=\"column-4\">63 dni sierpnia <\/td><td class=\"column-5\">Piesni wojenne<\/td><td class=\"column-6\">63 dni sierpnia <\/td><td class=\"column-7\">Prof. Ewa I\u017cykowska \u2013 sopran, Alicja W\u0119gorzewska \u2013 mezzosopran, Adam Zdunikowski \u2013 tenor, Aleksander \u0141adysz <\/td>\n<\/tr>\n<tr class=\"row-357\">\n\t<td class=\"column-1\">356<\/td><td class=\"column-2\">22 August 2015<\/td><td class=\"column-3\">Olsztyn<\/td><td class=\"column-4\">Od Opery do operetki<\/td><td class=\"column-5\">Lehar, Strauss, Kalman, Offenbach<\/td><td class=\"column-6\">Od Opery do operetki<\/td><td class=\"column-7\">Alicja W\u0119gorzewska<\/td>\n<\/tr>\n<tr class=\"row-358\">\n\t<td class=\"column-1\">357<\/td><td class=\"column-2\">29 September 2015<\/td><td class=\"column-3\">Warszawa<\/td><td class=\"column-4\">FINA\u0141OWA KONKURSU LODO\u0141AMACZE <\/td><td class=\"column-5\">Bizet, Fasano, Dala<\/td><td class=\"column-6\">FINA\u0141OWA KONKURSU LODO\u0141AMACZE <\/td><td class=\"column-7\">Alicja W\u0119gorzewska<\/td>\n<\/tr>\n<tr class=\"row-359\">\n\t<td class=\"column-1\">358<\/td><td class=\"column-2\">6 September 2016<\/td><td class=\"column-3\">Lw\u00f3w<\/td><td class=\"column-4\">IV Festiwal Partnerstwa. Kolory Mi\u0142o\u015bci<\/td><td class=\"column-5\">Berlincioni - Franco Fasano, Bacalov, Jennifer Rush, Mary Susan Applegate, Eduardo di Capua,  Sartori, G Bizet, Leonard Bernstein, Kalman, Lehar, Kempe, Fasano<\/td><td class=\"column-6\">IV Festiwal Partnerstwa. Kolory Mi\u0142o\u015bci<\/td><td class=\"column-7\">W\u0119gorzewska, Kierejsza<\/td>\n<\/tr>\n<tr class=\"row-360\">\n\t<td class=\"column-1\">359<\/td><td class=\"column-2\">3 October 2015<\/td><td class=\"column-3\">Warszawa<\/td><td class=\"column-4\">II BITWA TENOR\u00d3W NA R\u00d3\u017bE. KONCERT TELEWIZYJNY<\/td><td class=\"column-5\">Bizet, Lehar, Kalman, Dalla, Bernstein, Kalman, Stoltz,<\/td><td class=\"column-6\">II Bitwa Tenor\u00f3w na r\u00f3\u017ce<\/td><td class=\"column-7\">W\u0119gorzewska, Chaci\u0144ska, Moskowicz, Piass, Krzysica, \u0141awecki, G\u0105ska, Jin Tin Tsan<\/td>\n<\/tr>\n<tr class=\"row-361\">\n\t<td class=\"column-1\">360<\/td><td class=\"column-2\">14 November 2015<\/td><td class=\"column-3\">Warszawa<\/td><td class=\"column-4\">Diva for rent 14 listopada 2015 Warszawa<\/td><td class=\"column-5\">Monodram<\/td><td class=\"column-6\">Diva For Rent<\/td><td class=\"column-7\">W\u0119gorzewska, Kierejsza, Tomaszewski<\/td>\n<\/tr>\n<tr class=\"row-362\">\n\t<td class=\"column-1\">361<\/td><td class=\"column-2\">7 December 2015<\/td><td class=\"column-3\">Warszawa<\/td><td class=\"column-4\">7 grudnia 2015 GALOWY KONCERT \u015aWI\u0104TECZNY ZYGMUNT KUKLA I JEGO GO\u015aCIE: KATARZYNA CEREKWICKA, ALICJA W\u0118GORZEWSKA, PAWE\u0141 SKA\u0141UBA I RAFA\u0141 MAJEWSKI ORAZ KUKLA BAND<\/td><td class=\"column-5\">Kol\u0119dy Polskie, Bizet, Foster, Bernstein<\/td><td class=\"column-6\">GALOWY KONCERT \u015aWI\u0104TECZNY ZYGMUNT KUKLA I JEGO GO\u015aCIE: KATARZYNA CEREKWICKA, ALICJA W\u0118GORZEWSKA, PAWE\u0141 SKA\u0141UBA I RAFA\u0141 MAJEWSKI ORAZ KUKLA BAND<\/td><td class=\"column-7\">W\u0119gorzewska, Majewski, Cerekwicka, Ska\u0142uba, Kukla Band<\/td>\n<\/tr>\n<tr class=\"row-363\">\n\t<td class=\"column-1\">362<\/td><td class=\"column-2\">1 January 2016<\/td><td class=\"column-3\">Warszawa<\/td><td class=\"column-4\">1 stycznia 2016, XI Koncert Noworoczny Mazowieckiego Teatru Muzycznego, Warszawa<\/td><td class=\"column-5\">Strauss, Bizet, Brahms, Moniuszko, Mozart, Verdi, Webber, Bernstein, Foster<\/td><td class=\"column-6\">XI Koncert Noworoczny Mazowieckiego Teatru Muzycznego<\/td><td class=\"column-7\">Joanna Moskowicz, Anna Sroka, Alicja W\u0119gorzewska, Pawe\u0142 Ska\u0142uba, Leszek Skrla, Bogdan Kierejsza, Jekatarina i Stanis\u0142aw Drzewieccy<\/td>\n<\/tr>\n<tr class=\"row-364\">\n\t<td class=\"column-1\">363<\/td><td class=\"column-2\">10 January 2016<\/td><td class=\"column-3\">Warszawa<\/td><td class=\"column-4\">KONCERT KOL\u0118D. PARAFIA P.W. MI\u0141OSIERDZIA BO\u017bEGO I \u015aW. FAUSTYNY W WARSZAWIE<\/td><td class=\"column-5\">Polkie kol\u0119dy<\/td><td class=\"column-6\">Koncert Kol\u0119d<\/td><td class=\"column-7\">Alicja Wegorzewska, Bogdan Kierejsza<\/td>\n<\/tr>\n<tr class=\"row-365\">\n\t<td class=\"column-1\">364<\/td><td class=\"column-2\">17 January 2016<\/td><td class=\"column-3\">Konstancin<\/td><td class=\"column-4\">KONCERT NOWOROCZNY<\/td><td class=\"column-5\">Bizet,Webber, Bernstein, Foste, Monti<\/td><td class=\"column-6\">TRANSMISJA KONCERTU NOWOROCZNEGO Z WIEDNIA<\/td><td class=\"column-7\">W\u0119gorzewska, Kierejsza, \u015awinoga<\/td>\n<\/tr>\n<tr class=\"row-366\">\n\t<td class=\"column-1\">365<\/td><td class=\"column-2\">25 January 2016<\/td><td class=\"column-3\">Warszawa<\/td><td class=\"column-4\">Koncert Noworoczny dzielnicy Wola<\/td><td class=\"column-5\">Bizet,Webber, Bernstein, Foster <\/td><td class=\"column-6\">Koncert Noworoczny dzielnicy Wola<\/td><td class=\"column-7\">Alicja W\u0119gorzewska, Wandtke, Nbartmi\u0144ki, Baran<\/td>\n<\/tr>\n<tr class=\"row-367\">\n\t<td class=\"column-1\">366<\/td><td class=\"column-2\">14 February 2016<\/td><td class=\"column-3\">Warszawa<\/td><td class=\"column-4\">KONCERT WALENTYNKOWY. KOLORY MI\u0141O\u015aCI<\/td><td class=\"column-5\">Berlincioni - Franco Fasano, Bacalov, Jennifer Rush, Mary Susan Applegate, Eduardo di Capua,  Sartori, G Bizet, Leonard Bernstein, Kalman, Lehar, Kempe, Fasano<\/td><td class=\"column-6\">KONCERT WALENTYNKOWY<\/td><td class=\"column-7\">W\u0119gorzewska, Kierejsza, Wilk<\/td>\n<\/tr>\n<tr class=\"row-368\">\n\t<td class=\"column-1\">367<\/td><td class=\"column-2\">26 February 2016<\/td><td class=\"column-3\">Warszawa<\/td><td class=\"column-4\">OPERETKOWY ZAWR\u00d3T G\u0141OWY<\/td><td class=\"column-5\">Kalman, Lehar<\/td><td class=\"column-6\">Operetkowy Zawr\u00f3t G\u0142owy<\/td><td class=\"column-7\">W\u0119gorzewska, Sk\u0105\u0142uba<\/td>\n<\/tr>\n<tr class=\"row-369\">\n\t<td class=\"column-1\">368<\/td><td class=\"column-2\">27 February 2016<\/td><td class=\"column-3\">Malbork<\/td><td class=\"column-4\">Koncert Charytatywny<\/td><td class=\"column-5\">Bizet, Offenbach, Kalman<\/td><td class=\"column-6\">Koncert Charytatywny<\/td><td class=\"column-7\">W\u0119gorzewska, Kuszy\u0144ska, Rynkowski<\/td>\n<\/tr>\n<tr class=\"row-370\">\n\t<td class=\"column-1\">369<\/td><td class=\"column-2\">11 March 2016<\/td><td class=\"column-3\">Warszawa<\/td><td class=\"column-4\">W KRAINIE BARONA CYGA\u0143SKIEGO<\/td><td class=\"column-5\">Kalman, Lehar<\/td><td class=\"column-6\">W KRAINIE BARONA CYGA\u0143SKIEGO<\/td><td class=\"column-7\">W\u0119gorzewska, Lakatosz<\/td>\n<\/tr>\n<tr class=\"row-371\">\n\t<td class=\"column-1\">370<\/td><td class=\"column-2\">10 April 2016<\/td><td class=\"column-3\">Warszawa<\/td><td class=\"column-4\">KONCERT PAMI\u0118CI \u015aWI\u0118TEGO JANA PAW\u0141A II <\/td><td class=\"column-5\">Schubert, Franck, Grudzie\u0144, Chopin, Caccini, Bach<\/td><td class=\"column-6\">KONCERT PAMI\u0118CI \u015aWI\u0118TEGO JANA PAW\u0141A II <\/td><td class=\"column-7\">Alicja W\u0119gorzewska, Bogdan Kierejsza, Robert Grudzie\u0144<\/td>\n<\/tr>\n<tr class=\"row-372\">\n\t<td class=\"column-1\">371<\/td><td class=\"column-2\">4 June 2016<\/td><td class=\"column-3\">Warszawa<\/td><td class=\"column-4\">WIELKIE GWIAZDY OPERY I OPERETKI W KONCERCIE DLA JACKA JANISZEWSKIEGO<\/td><td class=\"column-5\">Bizet, Lehar, Kalman, Dalla, Bernstein, Kalman, Stoltz,<\/td><td class=\"column-6\">WIELKIE GWIAZDY OPERY I OPERETKI W KONCERCIE DLA JACKA JANISZEWSKIEGO<\/td><td class=\"column-7\">afa\u0142 Bartmi\u0144ski, Marcelina Beucher, Aleksandra Novina-Chaci\u0144ska, Robert Cie\u015bla, Joanna Cortes, Aleksander Czajkowski-\u0141adysz, Mariusz Dubrawski, Zbigniew Graca, Andrzej Knap, Grzegorz Piotr Ko\u0142odziej, Magdalena Krysztoforska, Andrzej Lampert, Jacek Laszczkowski, Dariusz Machej, Tadeusz Milewski, Bart\u0142omiej Misiuda, Joanna Petryka-Wawrowska, Magdalena Pilarz-Bobrowska, Dariusz Pietrzykowski, Agnieszka Rehlis, Mariusz Rutkowski, Marzanna Rudnicka, Pawe\u0142 Ska\u0142uba, Iwona Sobotka, Dariusz Stachura, Piotr Su\u0142kowski, Aleksander Teliga, Katarzyna Trylnik, Alicja W\u0119gorzewska, Ryszard Wr\u00f3blewski, Marta Wy\u0142oma\u0144ska  oraz muzycy Orkiestry Romantica z Dyrektor Ann\u0105 Bara\u0144sk\u0105-Wr\u00f3blewsk\u0105, pod batut\u0105 Zbigniewa Gracy, Andrzeja Knapa i Piotra Su\u0142kowskiego.<\/td>\n<\/tr>\n<tr class=\"row-373\">\n\t<td class=\"column-1\">372<\/td><td class=\"column-2\">26 May 2016<\/td><td class=\"column-3\">Warszawa<\/td><td class=\"column-4\">WIELKA GALA OPERETKOWA Z OKAZJI DNIA MATKI.<\/td><td class=\"column-5\">Bizet, Lehar, Kalman, Dalla, Bernstein, Kalman, Offenbach<\/td><td class=\"column-6\">WIELKA GALA OPERETKOWA Z OKAZJI DNIA MATKI.<\/td><td class=\"column-7\">W\u0119gorzewska, Lendzion, Rak, Ska\u0142uba, Brodzi\u0144ska<\/td>\n<\/tr>\n<tr class=\"row-374\">\n\t<td class=\"column-1\">373<\/td><td class=\"column-2\">24 June 2016<\/td><td class=\"column-3\">Gorz\u00f3w Wielkopolski<\/td><td class=\"column-4\">Alicja W\u0119gorzewska i Trzech Tenor\u00f3w. Zako\u0144czenie sezonu Artystycznego Filharmonii Gorzowskiej<\/td><td class=\"column-5\">Lehar, Monti, Kalma, Wi\u0105zanki pie\u015bni latunowameryka\u0144\u015bkich, Stoltz<\/td><td class=\"column-6\">Alicja W\u0119gorzewska i Trzech Tenor\u00f3w. Zako\u0144czenie sezonu Artystycznego Filharmonii Gorzowskiej<\/td><td class=\"column-7\">W\u0119gorzewska, Ska\u0142uba, Zdunikowski, Stachura, Kierejsza<\/td>\n<\/tr>\n<tr class=\"row-375\">\n\t<td class=\"column-1\">374<\/td><td class=\"column-2\">26 June 2016<\/td><td class=\"column-3\">Elbl\u0105g<\/td><td class=\"column-4\">Dni Elbl\u0105ga. W krainie Barona Cyga\u0144skiego<\/td><td class=\"column-5\"><\/td><td class=\"column-6\">Dni Elbl\u0105ga. W krainie Barona Cyga\u0144skiego<\/td><td class=\"column-7\">Alicja W\u0119gorzewska, Roby Lakatos<\/td>\n<\/tr>\n<tr class=\"row-376\">\n\t<td class=\"column-1\">375<\/td><td class=\"column-2\">11-14.07.2016<\/td><td class=\"column-3\">Warszawa<\/td><td class=\"column-4\">II MI\u0118DZYNARODOWY FESTIWAL MUZYCZNY DZIECI, M\u0141ODZIE\u017bY I DOROS\u0141YCH Z ZABURZENIAMI S\u0141UCHU \u201e\u015aLIMAKOWE RYTMY\u201d <\/td><td class=\"column-5\"><\/td><td class=\"column-6\">II MI\u0118DZYNARODOWY FESTIWAL MUZYCZNY DZIECI, M\u0141ODZIE\u017bY I DOROS\u0141YCH Z ZABURZENIAMI S\u0141UCHU \u201e\u015aLIMAKOWE RYTMY\u201d <\/td><td class=\"column-7\">Alicja W\u0119gorzewska, Krzesimir D\u0119bski, Maciej Miecznikowski<\/td>\n<\/tr>\n<tr class=\"row-377\">\n\t<td class=\"column-1\">376<\/td><td class=\"column-2\">27 August 2016<\/td><td class=\"column-3\">Ostro\u0142\u0119ka<\/td><td class=\"column-4\">I Operalia Ostro\u0142\u0119ckie. Festiwal Muzyczny<\/td><td class=\"column-5\">Pie\u015bni Niepodleg\u0142o\u015bciowe<\/td><td class=\"column-6\">I Operalia Ostro\u0142\u0119ckie. Festiwal Muzyczny<\/td><td class=\"column-7\">Alicja W\u0119gorzewska, Jakub Milewski<\/td>\n<\/tr>\n<tr class=\"row-378\">\n\t<td class=\"column-1\">377<\/td><td class=\"column-2\">28 August 2016<\/td><td class=\"column-3\">Gda\u0144sk<\/td><td class=\"column-4\">28 SIERPNIA 2016 R.  UROCZYSTY POCH\u00d3WEK SANITARIUSZKI AK INKI. TRANSMISJA TELEWIZYJNA.<\/td><td class=\"column-5\">Kierejsza, W\u0119gorzewska<\/td><td class=\"column-6\">Hymn Inki<\/td><td class=\"column-7\">Alicja W\u0119gorzewska<\/td>\n<\/tr>\n<tr class=\"row-379\">\n\t<td class=\"column-1\">378<\/td><td class=\"column-2\">23 August 2016<\/td><td class=\"column-3\">Warszawa<\/td><td class=\"column-4\">NAGRANIE HYMNU INKI. 23 SIERPNIA 2016. WARSZAWA<\/td><td class=\"column-5\">Kierejsza, W\u0119gorzewska<\/td><td class=\"column-6\">Hymn Inki<\/td><td class=\"column-7\">Alicja W\u0119gorzewska<\/td>\n<\/tr>\n<tr class=\"row-380\">\n\t<td class=\"column-1\">379<\/td><td class=\"column-2\">12 October 2016<\/td><td class=\"column-3\">Warszawa<\/td><td class=\"column-4\">III BITWA TENOR\u00d3W NA R\u00d3\u017bE. KONCERT TELEWIZYJNY<\/td><td class=\"column-5\">Bizet, Lehar, Kalman, Dalla, Bernstein, Kalman, Stoltz,<\/td><td class=\"column-6\">III BITWA TENOR\u00d3W NA R\u00d3\u017bE.<\/td><td class=\"column-7\">W\u0119gorzewska, Brodzi\u0144ska, Lendzion, Beucher, Sokolnicki, Zajdel, Ga\u0142aj, Stolarski<\/td>\n<\/tr>\n<tr class=\"row-381\">\n\t<td class=\"column-1\">380<\/td><td class=\"column-2\">30 October 2016<\/td><td class=\"column-3\">Olsztyn<\/td><td class=\"column-4\">I Malta\u0144ski Kocner Charytatywny<\/td><td class=\"column-5\">Bizet, Lehar, Kalman, Dalla, Bernstein, Kalman, Stoltz,<\/td><td class=\"column-6\">I Malta\u0144ski Kocner Charytatywny<\/td><td class=\"column-7\">W\u0119gorzewska, Brodzi\u0144ska, Lendzion, Beucher, Sokolnicki, Zajdel, Ga\u0142aj, Stolarski<\/td>\n<\/tr>\n<tr class=\"row-382\">\n\t<td class=\"column-1\">381<\/td><td class=\"column-2\">21 November 2016<\/td><td class=\"column-3\">P\u0142ock<\/td><td class=\"column-4\">SPEKTAKL EDUKACYJNY DLA M\u0141ODZIE\u017bY. 21 LISTOPADA 2016. P\u0141OCK - monodram<\/td><td class=\"column-5\">Monodram<\/td><td class=\"column-6\">Diva for rent<\/td><td class=\"column-7\">Alicja W\u0119gorzewska<\/td>\n<\/tr>\n<tr class=\"row-383\">\n\t<td class=\"column-1\">382<\/td><td class=\"column-2\">26 November 2016<\/td><td class=\"column-3\">\u0141och\u00f3w<\/td><td class=\"column-4\">SPEKTAKL EDUKACYJNY DLA M\u0141ODZIE\u017bY. 23 LISTOPADA 2016. \u0141OCH\u00d3W - monodram<\/td><td class=\"column-5\">Monodram<\/td><td class=\"column-6\">Diva for rent<\/td><td class=\"column-7\">Alicja W\u0119gorzewska<\/td>\n<\/tr>\n<tr class=\"row-384\">\n\t<td class=\"column-1\">383<\/td><td class=\"column-2\">6 November 2016<\/td><td class=\"column-3\">\u015awidnik<\/td><td class=\"column-4\">Zaduszki \u015awidnickie<\/td><td class=\"column-5\">Schubert, Franck, Grudzie\u0144, Chopin, Caccini, Bach<\/td><td class=\"column-6\">Zaduszki \u015awidnickie<\/td><td class=\"column-7\">Alicja W\u0119gorzewska, Robert Grudzie\u0144<\/td>\n<\/tr>\n<tr class=\"row-385\">\n\t<td class=\"column-1\">384<\/td><td class=\"column-2\">22 June 2016<\/td><td class=\"column-3\">Pozna\u0144<\/td><td class=\"column-4\">WIGILIJNA TYTKA. KONCERT TELEWIZYJNY<\/td><td class=\"column-5\">Kol\u0119dy<\/td><td class=\"column-6\">Wigilijna Tytka. Koncert Telewizyjny<\/td><td class=\"column-7\">Bracia Cugowscy, Audio Feels, Halina Fr\u0105ckowiak, Olga Szoma\u0144ska, Marek Piekarczyk, Pectus, Anna Lasota, Janusz Kruci\u0144ski, Alicja W\u0119gorzewska, Tomasz Steciuk oraz Arka Noego<\/td>\n<\/tr>\n<tr class=\"row-386\">\n\t<td class=\"column-1\">385<\/td><td class=\"column-2\">1 January 2017<\/td><td class=\"column-3\">Warszawa<\/td><td class=\"column-4\">1 STYCZNIA 2017. TRANSMISJA KONCERTU NOWOROCZNEGO Z WIEDNIA - komentator<\/td><td class=\"column-5\"><\/td><td class=\"column-6\">TRANSMISJA KONCERTU NOWOROCZNEGO Z WIEDNIA<\/td><td class=\"column-7\"><\/td>\n<\/tr>\n<tr class=\"row-387\">\n\t<td class=\"column-1\">386<\/td><td class=\"column-2\">6 January 2017<\/td><td class=\"column-3\">Walbrzych<\/td><td class=\"column-4\">KONCERT NOWOROCZNY, WA\u0141BRZYCH<\/td><td class=\"column-5\">Berlincioni - Franco Fasano, Bacalov, Jennifer Rush, Mary Susan Applegate, Eduardo di Capua,  Sartori, G Bizet, Leonard Bernstein, Kalman, Lehar, Kempe, Fasano<\/td><td class=\"column-6\">GALA NOWOROCZNA<\/td><td class=\"column-7\">Alicja W\u0119gorzewska<\/td>\n<\/tr>\n<tr class=\"row-388\">\n\t<td class=\"column-1\">387<\/td><td class=\"column-2\">15 January 2017<\/td><td class=\"column-3\">Suwa\u0142ki<\/td><td class=\"column-4\">GALA NOWOROCZNA, SUWA\u0141KI,<\/td><td class=\"column-5\">Berlincioni - Franco Fasano, Bacalov, Jennifer Rush, Mary Susan Applegate, Eduardo di Capua,  Sartori, G Bizet, Leonard Bernstein, Kalman, Lehar, Kempe, Fasano<\/td><td class=\"column-6\">GALA NOWOROCZNA<\/td><td class=\"column-7\">Alicja W\u0119gorzewska, Wojciech Sokolnicki<\/td>\n<\/tr>\n<tr class=\"row-389\">\n\t<td class=\"column-1\">388<\/td><td class=\"column-2\">21 January 2017<\/td><td class=\"column-3\">Brzeg Dolny<\/td><td class=\"column-4\">GALA NOWOROCZNA, BRZEG DOLNY<\/td><td class=\"column-5\">Berlincioni - Franco Fasano, Bacalov, Jennifer Rush, Mary Susan Applegate, Eduardo di Capua,  Sartori, G Bizet, Leonard Bernstein, Kalman, Lehar, Kempe, Fasano<\/td><td class=\"column-6\">GALA NOWOROCZNA<\/td><td class=\"column-7\">Alicja W\u0119gorzewska<\/td>\n<\/tr>\n<tr class=\"row-390\">\n\t<td class=\"column-1\">389<\/td><td class=\"column-2\">28 January 2017<\/td><td class=\"column-3\">Leszno<\/td><td class=\"column-4\">KONCERT. LESZNO<\/td><td class=\"column-5\">Berlincioni - Franco Fasano, Bacalov, Jennifer Rush, Mary Susan Applegate, Eduardo di Capua,  Sartori, G Bizet, Leonard Bernstein, Kalman, Lehar, Kempe, Fasano<\/td><td class=\"column-6\">Kolory Mi\u0142o\u015bci<\/td><td class=\"column-7\">Alicja W\u0119gorzewska<\/td>\n<\/tr>\n<tr class=\"row-391\">\n\t<td class=\"column-1\">390<\/td><td class=\"column-2\">18 February 2017<\/td><td class=\"column-3\">Warszawa<\/td><td class=\"column-4\">EUROWIZJA. ELIMINACJA KRAJOWE. JUROR.18 LUTY 2017.<\/td><td class=\"column-5\">Juror<\/td><td class=\"column-6\">EUROWIZJA<\/td><td class=\"column-7\"><\/td>\n<\/tr>\n<tr class=\"row-392\">\n\t<td class=\"column-1\">391<\/td><td class=\"column-2\">9 June 2017<\/td><td class=\"column-3\">Marki<\/td><td class=\"column-4\">KONCERT. 9 CZERWCA 2017. MARKI<\/td><td class=\"column-5\">Berlincioni - Franco Fasano, Bacalov, Jennifer Rush, Mary Susan Applegate, Eduardo di Capua,  Sartori, G Bizet, Leonard Bernstein, Kalman, Lehar, Kempe, Fasano<\/td><td class=\"column-6\">Kolory Mi\u0142o\u015bci<\/td><td class=\"column-7\">Alicja W\u0119gorzewska, Bogdan Kierejsza<\/td>\n<\/tr>\n<tr class=\"row-393\">\n\t<td class=\"column-1\">392<\/td><td class=\"column-2\">14 May 2017<\/td><td class=\"column-3\">Pu\u0142awy<\/td><td class=\"column-4\">OTWARCIE MUZEUM CZARTORYSKICH W PU\u0141AWACH.<\/td><td class=\"column-5\">Schubert, Franck, Grudzie\u0144, Chopin, Caccini, Bach<\/td><td class=\"column-6\">OTWARCIE MUZEUM CZARTORYSKICH W PU\u0141AWACH.<\/td><td class=\"column-7\">Alicja W\u0119gorzewska, Robert Grudzie\u0144<\/td>\n<\/tr>\n<tr class=\"row-394\">\n\t<td class=\"column-1\">393<\/td><td class=\"column-2\">7 July 2017<\/td><td class=\"column-3\">Warszawa<\/td><td class=\"column-4\">XIII FESTIWAL WIELKA GALA TENOR\u00d3W. 7 LIPCA 2017.<\/td><td class=\"column-5\"><\/td><td class=\"column-6\">XIII FESTIWAL WIELKA GALA TENOR\u00d3W<\/td><td class=\"column-7\">Alicja W\u0119gorzewsak, Iwona Socha, Tre Voci, Dariusz<\/td>\n<\/tr>\n<tr class=\"row-395\">\n\t<td class=\"column-1\">394<\/td><td class=\"column-2\">20 August 2017<\/td><td class=\"column-3\">Jurata<\/td><td class=\"column-4\">KONCERT. 20 SIERPNIA 2017.<\/td><td class=\"column-5\">Berlincioni - Franco Fasano, Bacalov, Jennifer Rush, Mary Susan Applegate, Eduardo di Capua,  Sartori, G Bizet, Leonard Bernstein, Kalman, Lehar, Kempe, Fasano<\/td><td class=\"column-6\">Kolory Mi\u0142o\u015bci<\/td><td class=\"column-7\">Alicja W\u0119gorzewska<\/td>\n<\/tr>\n<tr class=\"row-396\">\n\t<td class=\"column-1\">395<\/td><td class=\"column-2\">19 December 2017<\/td><td class=\"column-3\">Warszawa<\/td><td class=\"column-4\">2017:\u00a0Barwy szcz\u0119\u015bcia\u00a0\u2013 Hanna Waniewska, nauczycielka \u015bpiewu \u2013 rola aktorska<\/td><td class=\"column-5\">Rola Aktorska<\/td><td class=\"column-6\">Barwy szcz\u0119\u015bcia\u00a0<\/td><td class=\"column-7\"><\/td>\n<\/tr>\n<tr class=\"row-397\">\n\t<td class=\"column-1\">396<\/td><td class=\"column-2\">22 September 2017<\/td><td class=\"column-3\">Konin<\/td><td class=\"column-4\">INAUGURACJA ROKU KULTURALNEGO. KONIN.<\/td><td class=\"column-5\">Berlincioni - Franco Fasano, Bacalov, Jennifer Rush, Mary Susan Applegate, Eduardo di Capua,  Sartori, G Bizet, Leonard Bernstein, Kalman, Lehar, Kempe, Fasano<\/td><td class=\"column-6\">Kolory Mi\u0142o\u015bci<\/td><td class=\"column-7\">Alicja W\u0119gorzewska, Tre Voci<\/td>\n<\/tr>\n<tr class=\"row-398\">\n\t<td class=\"column-1\">397<\/td><td class=\"column-2\">21 November 2017<\/td><td class=\"column-3\">Warszawa<\/td><td class=\"column-4\">IV BITWA TENOR\u00d3W NA R\u00d3\u017bE. KONCERT TELEWIZYJNY<\/td><td class=\"column-5\">Bizet, Lehar, Kalman, Dalla, Bernstein, Kalman, Stoltz,<\/td><td class=\"column-6\">IV BITWA TENOR\u00d3W NA R\u00d3\u017bE<\/td><td class=\"column-7\">Alicja W\u0119gorzewska, Edyta Piasecka, Gra\u017cyna Brodzi\u015b\u0144ka, Mary Kasprow, Tomasz Tracz, Albert Memeti, Miros\u0142\u0105w Niewiadomski, Bogdan Kierejsza, \u015a\u0142awomir Naborczyk<\/td>\n<\/tr>\n<tr class=\"row-399\">\n\t<td class=\"column-1\">398<\/td><td class=\"column-2\">3 December 2017<\/td><td class=\"column-3\">Tbilisi<\/td><td class=\"column-4\">\u201ePOLSKIE DROGI\u201d, KONCERT POLSKIEJ MUZYKI FILMOWEJ. TBILISI<\/td><td class=\"column-5\">Syrewicz, Kazanecki, Killar, Kol\u0119dy Polskie, Matuszkiewicz<\/td><td class=\"column-6\">\u201ePOLSKIE DROGI\u201d, KONCERT POLSKIEJ MUZYKI FILMOWE<\/td><td class=\"column-7\">Alicja W\u0119gorzewska, Rafa\u0142 Majewski<\/td>\n<\/tr>\n<tr class=\"row-400\">\n\t<td class=\"column-1\">399<\/td><td class=\"column-2\">10 December 2017<\/td><td class=\"column-3\">Janowiec nad Wis\u0142\u0105<\/td><td class=\"column-4\">ARTYSTYCZNE PODSUMOWANIE ROK BRATA ALBERTA - OSTATNI AKCENT.<\/td><td class=\"column-5\">Schubert, Franck, Grudzie\u0144, Chopin, Caccini, Bach<\/td><td class=\"column-6\">ARTYSTYCZNE PODSUMOWANIE ROK BRATA ALBERTA - OSTATNI AKCENT<\/td><td class=\"column-7\">Alicja W\u0119gorzewsska, Robert Grudzie\u0144<\/td>\n<\/tr>\n<tr class=\"row-401\">\n\t<td class=\"column-1\">400<\/td><td class=\"column-2\">16 December 2017<\/td><td class=\"column-3\">Gda\u0144sk<\/td><td class=\"column-4\">PO\u015aWI\u0118CENIE BURSZTYNOWEGO O\u0141TARZA W BAZYLICE \u015aW. BRYGIDY W GDA\u0143SKU KONCERT TELEWIZYJNY<\/td><td class=\"column-5\">Schubert, Bach<\/td><td class=\"column-6\">PO\u015aWI\u0118CENIE BURSZTYNOWEGO O\u0141TARZA W BAZYLICE \u015aW. BRYGIDY W GDA\u0143SKU<\/td><td class=\"column-7\">Alicja W\u0119gorzewska, Capella Gedanensis<\/td>\n<\/tr>\n<tr class=\"row-402\">\n\t<td class=\"column-1\">401<\/td><td class=\"column-2\">24 December 2017<\/td><td class=\"column-3\">Warszawa<\/td><td class=\"column-4\">KOL\u0118DY W REPUBLICE. KONCERT TELEWIZYJNY<\/td><td class=\"column-5\">Kol\u0119dy<\/td><td class=\"column-6\">KOL\u0118DY W REPUBLICE.<\/td><td class=\"column-7\">Alicja W\u0119gorzewska, Julia Sawick, Tre Voci, Anna Lasota, Bogdan Kierejsza<\/td>\n<\/tr>\n<tr class=\"row-403\">\n\t<td class=\"column-1\">402<\/td><td class=\"column-2\">20 December 2017<\/td><td class=\"column-3\">Gda\u0144sk<\/td><td class=\"column-4\">\"P\u0141Y\u0143 KOL\u0118DO\" - GWIAZDORSKI KONCERT KOL\u0118D W TVP1. KONCERT TELEWIZYJNY<\/td><td class=\"column-5\">Kol\u0119dy<\/td><td class=\"column-6\">P\u0141Y\u0143 KOL\u0118DO - GWIAZDORSKI KONCERT KOL\u0118D W TVP1<\/td><td class=\"column-7\">Bracia, Kasia Cerekwicka, Krzysztof Cugowski, Piotr Cugowski, Wojciech Cugowski, Feel, Golec Golec uOrkiestra, Edyta G\u00f3rniak, Piotr Kupicha, Dorota Mi\u015bkiewicz, Halina M\u0142ynkowa, Alicja W\u0119gorzewska-Whiskerd, Zakopower, Mateusz Zi\u00f3\u0142ko.<\/td>\n<\/tr>\n<tr class=\"row-404\">\n\t<td class=\"column-1\">403<\/td><td class=\"column-2\">29 November 2017<\/td><td class=\"column-3\">Maria\u0144skie Porzecze<\/td><td class=\"column-4\">KONCERT KOL\u0118D TVP3. MARIA\u0143SKIE PORZECZE. KONCERT TELEWIZYJNY<\/td><td class=\"column-5\">Kol\u0119dy<\/td><td class=\"column-6\">KONCERT KOL\u0118D<\/td><td class=\"column-7\">Alicja W\u0119gorzewska, Julia Sawicka i Piotr Salata<\/td>\n<\/tr>\n<tr class=\"row-405\">\n\t<td class=\"column-1\">404<\/td><td class=\"column-2\">31 December 2017<\/td><td class=\"column-3\">Toru\u0144<\/td><td class=\"column-4\">X JUBILEUSZOWY OPERETKOWY KONCERT SYLWESTROWY \u2013 Z\u0141OTE PRZEBOJE<\/td><td class=\"column-5\">Wi\u0105zanki kiepurowskie,neapolita\u0144ski,Latynoameryka\u0144skie<\/td><td class=\"column-6\">X JUBILEUSZOWY OPERETKOWY KONCERT SYLWESTROWY \u2013 Z\u0141OTE PRZEBOJE<\/td><td class=\"column-7\">Alicja W\u0119gorzewska-mezzosopran,Iwona Socha-sopran ,Miros\u0142aw Niewiadomski -tenor,Adam szersze\u0144-baryton,Mateusz Stachura-baryton.<\/td>\n<\/tr>\n<tr class=\"row-406\">\n\t<td class=\"column-1\">405<\/td><td class=\"column-2\">1 January 2018<\/td><td class=\"column-3\">Warszawa<\/td><td class=\"column-4\">1 STYCZNIA 2018. TRANSMISJA KONCERTU NOWOROCZNEGO Z WIEDNIA - komentator<\/td><td class=\"column-5\"><\/td><td class=\"column-6\">TRANSMISJA KONCERTU NOWOROCZNEGO Z WIEDNIA<\/td><td class=\"column-7\"><\/td>\n<\/tr>\n<tr class=\"row-407\">\n\t<td class=\"column-1\">406<\/td><td class=\"column-2\">6 January 2018<\/td><td class=\"column-3\">Przesnysz<\/td><td class=\"column-4\">KONCERT  NOWOROCZNY 2018 PRZASNYSZ<\/td><td class=\"column-5\">Kol\u0119dy<\/td><td class=\"column-6\">Koncert Noworoczony<\/td><td class=\"column-7\">Alicja W\u0119gorzewska, Bogdan Kierejsza<\/td>\n<\/tr>\n<tr class=\"row-408\">\n\t<td class=\"column-1\">407<\/td><td class=\"column-2\">14 January 2018<\/td><td class=\"column-3\">Gda\u0144sk<\/td><td class=\"column-4\">KARNAWA\u0141 Z GWIAZD\u0104<\/td><td class=\"column-5\">Berlincioni - Franco Fasano, Bacalov, Jennifer Rush, Mary Susan Applegate, Eduardo di Capua,  Sartori, G Bizet, Leonard Bernstein, Kalman, Lehar, Kempe, Fasano<\/td><td class=\"column-6\">KARNAWA\u0141 Z GWIAZD\u0104<\/td><td class=\"column-7\">Alicja W\u0119gorzewska. Miko\u0142aj Adamczak, Bogdan Kierejsza<\/td>\n<\/tr>\n<tr class=\"row-409\">\n\t<td class=\"column-1\">408<\/td><td class=\"column-2\">29 January 2018<\/td><td class=\"column-3\">Warszawa<\/td><td class=\"column-4\">PI\u0104TY CHARYTATYWNY BAL OFICERSKI<\/td><td class=\"column-5\">Bizet, Berntein<\/td><td class=\"column-6\">PI\u0104TY CHARYTATYWNY BAL OFICERSKI<\/td><td class=\"column-7\">Alicja W\u0119gorzewska<\/td>\n<\/tr>\n<tr class=\"row-410\">\n\t<td class=\"column-1\">409<\/td><td class=\"column-2\">2 April 2018<\/td><td class=\"column-3\">Wadowice<\/td><td class=\"column-4\">PAMI\u0118TAMY OJCZE \u015aWI\u0118TY. KONCERT TELEWIZYJNY<\/td><td class=\"column-5\">Micha\u0142 Lorenc<\/td><td class=\"column-6\">PAMI\u0118TAMY OJCZE \u015aWI\u0118TY<\/td><td class=\"column-7\">Krzysztof Antkowiak, Arka Noego, Tomasz Budzy\u0144ski, Katarzyna Cerekwicka, \u0141ukasz i Pawe\u0142 Golec, Halina M\u0142ynkowa, Opole Gospel Choir, Barbara Kurdej-Szatan i Rafa\u0142 Szatan, Olga Szoma\u0144ska, Natalia Szroeder, G\u00f3ralski ch\u00f3r m\u0142odzie\u017cowo-dzieci\u0119cy Turliki, Alicja W\u0119gorzewska, Tomasz Zi\u00f3\u0142ko.<\/td>\n<\/tr>\n<tr class=\"row-411\">\n\t<td class=\"column-1\">410<\/td><td class=\"column-2\">26 June 2018<\/td><td class=\"column-3\">Toru\u0144<\/td><td class=\"column-4\">NIE MA JAK U MAMY. KONCERT TELEWIZYJNY<\/td><td class=\"column-5\">Szczepanik<\/td><td class=\"column-6\">NIE MA JAK U MAMY<\/td><td class=\"column-7\">El\u017cbieta Romanowska, Anna Jurksztowicz, Piotr Rubik, Jacek Kawalec, Kasia Popowska, Agnieszka Twardowska, Ewa Uryga, Alicja W\u0119gorzewska, Marek Kaliszuk<\/td>\n<\/tr>\n<tr class=\"row-412\">\n\t<td class=\"column-1\">411<\/td><td class=\"column-2\">26 August 2018<\/td><td class=\"column-3\">J\u0119drzej\u00f3w<\/td><td class=\"column-4\">XXIV MI\u0118DZYNARODOWY FESTIWAL MUZYKI KAMERALNEJ I ORGANOWEJ W J\u0118DRZEJOWIE<\/td><td class=\"column-5\">Schubert, Franck, Grudzie\u0144, Chopin, Caccini, Bach<\/td><td class=\"column-6\">XXIV MI\u0118DZYNARODOWY FESTIWAL MUZYKI KAMERALNEJ I ORGANOWEJ W J\u0118DRZEJOWIE<\/td><td class=\"column-7\">Alicja W\u0119gorzewska, Robert Grudzie\u0144<\/td>\n<\/tr>\n<tr class=\"row-413\">\n\t<td class=\"column-1\">412<\/td><td class=\"column-2\">28 August 2018<\/td><td class=\"column-3\">Lublin<\/td><td class=\"column-4\">XXII MI\u0118DZYNARODOWY FESTIWAL ORGANOWY LUBLIN-CZUBY <\/td><td class=\"column-5\">Schubert, Franck, Grudzie\u0144, Chopin, Caccini, Bach<\/td><td class=\"column-6\">XXII MI\u0118DZYNARODOWY FESTIWAL ORGANOWY LUBLIN-CZUBY <\/td><td class=\"column-7\">Alicja W\u0119gorzewska, Robert Grudzie\u0144<\/td>\n<\/tr>\n<tr class=\"row-414\">\n\t<td class=\"column-1\">413<\/td><td class=\"column-2\">4 September 2018<\/td><td class=\"column-3\">Kamienna G\u00f3ra<\/td><td class=\"column-4\">FESTIWAL MUSIQUE D`ELITA. KAMIENNA G\u00d3RA <\/td><td class=\"column-5\">FryderyK Chopin<\/td><td class=\"column-6\">Pie\u015bni Fryderyka Chopina<\/td><td class=\"column-7\">Alicja W\u0119gorzewska<\/td>\n<\/tr>\n<tr class=\"row-415\">\n\t<td class=\"column-1\">414<\/td><td class=\"column-2\">4 October 2018<\/td><td class=\"column-3\">Mi\u0144sk Mazowiecki<\/td><td class=\"column-4\">KONCERT KOLORY MI\u0141O\u015aCI<\/td><td class=\"column-5\">Berlincioni - Franco Fasano, Bacalov, Jennifer Rush, Mary Susan Applegate, Eduardo di Capua,  Sartori, G Bizet, Leonard Bernstein, Kalman, Lehar, Kempe, Fasano<\/td><td class=\"column-6\">KONCERT KOLORY MI\u0141O\u015aCI<\/td><td class=\"column-7\">Alicja W\u0119gorzewska, Natalia Walewska, Miros\u0142aw Niewiadomski<\/td>\n<\/tr>\n<tr class=\"row-416\">\n\t<td class=\"column-1\">415<\/td><td class=\"column-2\">6 October 2018<\/td><td class=\"column-3\">Opinog\u00f3ra<\/td><td class=\"column-4\">DZIEWI\u0118TNASTE SPOTKANIE W SALONIKU ELIZY. OPINOG\u00d3RA.<\/td><td class=\"column-5\"><\/td><td class=\"column-6\">SPOTKANIE W SALONIKU ELIZY<\/td><td class=\"column-7\">Alicja W\u0119gorzewska<\/td>\n<\/tr>\n<tr class=\"row-417\">\n\t<td class=\"column-1\">416<\/td><td class=\"column-2\">7 October 2018<\/td><td class=\"column-3\">Gda\u0144sk<\/td><td class=\"column-4\">KONCERT DLA OJCA \u015aWI\u0118TEGO W 40. ROCZNIC\u0118 POWO\u0141ANIA, BAZYLIKA \u015aW. BRYGIDY W GDA\u0143SKU  KONCERT TELEWIZYJNY<\/td><td class=\"column-5\"><\/td><td class=\"column-6\">KONCERT DLA OJCA \u015aWI\u0118TEGO W 40. ROCZNIC\u0118 POWO\u0141ANIA<\/td><td class=\"column-7\">W\u0119gorzewsak, Placido Domingo, Kierejsza, Miecznikowski, Buszman<\/td>\n<\/tr>\n<tr class=\"row-418\">\n\t<td class=\"column-1\">417<\/td><td class=\"column-2\">16 October 2018<\/td><td class=\"column-3\">Krak\u00f3w<\/td><td class=\"column-4\">\"OJCZE \u015aWI\u0118TY, DZI\u0118KUJEMY\" - KONCERT NA RYNKU G\u0141\u00d3WNYM W KRAKOWIE, KONCERT TELEWIZYJNY<\/td><td class=\"column-5\">Bogdan Kierejsza, Krzysztof C Buszman<\/td><td class=\"column-6\">OJCZE \u015aWI\u0118TY, DZI\u0118KUJEMY<\/td><td class=\"column-7\"><br \/>\nAlicja W\u0119gorzewska, Beata Bednarz, Halina Benedyk, Kasia Mo\u015b, Magda Steczkowska, Marco Antonelli, Marek Torzewski, Mateo, Mateusz Zi\u00f3\u0142ko, Natalia Niemen, niemaGOtu, Olga Szoma\u0144ska, S\u0142awek Uniatowski, TGD, Zakopower<br \/>\n<\/td>\n<\/tr>\n<tr class=\"row-419\">\n\t<td class=\"column-1\">418<\/td><td class=\"column-2\">28 October 2018<\/td><td class=\"column-3\">Starachowice<\/td><td class=\"column-4\">IX MI\u0118DZYNARODOWE DNI MUZYKI ORGANOWEJ I KAMERALNEJ IMIENIA STEFANA RATUSI\u0143SKIEGO<\/td><td class=\"column-5\">Schubert, Franck, Grudzie\u0144, Chopin, Caccini, Bach<\/td><td class=\"column-6\">DNI MUZYKI ORGANOWEJ I KAMERALNEJ IMIENIA STEFANA RATUSI\u0143SKIEGO<\/td><td class=\"column-7\">Alicja W\u0119gorzewska, Robert Grudzie\u0144<\/td>\n<\/tr>\n<tr class=\"row-420\">\n\t<td class=\"column-1\">419<\/td><td class=\"column-2\">11 November 2018<\/td><td class=\"column-3\">Kwidzyn<\/td><td class=\"column-4\">KONCERT NIEPODLEG\u0141A 2018. <\/td><td class=\"column-5\">Pie\u015bni Niepodleg\u0142o\u015bniowe<\/td><td class=\"column-6\">KONCERT NIEPODLEG\u0141A 2018. <\/td><td class=\"column-7\">Alicja W\u0119gorzewska, Natalia Walewska, Miko\u0142aj Adamczak, Rafa\u0142 Lewandowski<\/td>\n<\/tr>\n<tr class=\"row-421\">\n\t<td class=\"column-1\">420<\/td><td class=\"column-2\">30 November 2018<\/td><td class=\"column-3\">Warszawa<\/td><td class=\"column-4\">V BITWA TENOR\u00d3W NA R\u00d3\u017bE. GALA JUBILEUSZOWA.KONCERT TELEWIZYJNY<\/td><td class=\"column-5\">Bizet, Lehar, Kalman, Dalla, Bernstein, Kalman, Stoltz,<\/td><td class=\"column-6\">V BITWA TENOR\u00d3W NA R\u00d3\u017bE. GALA JUBILEUSZOWA.KONCERT TELEWIZYJNY<\/td><td class=\"column-7\">W\u0119gorzewsak, Lendzion, Moskowicz, Domza\u0142, Kierejsza, Kuk, Sokolnicki, Tracz, \u0141awecki<\/td>\n<\/tr>\n<tr class=\"row-422\">\n\t<td class=\"column-1\">421<\/td><td class=\"column-2\">8 December 2018<\/td><td class=\"column-3\">Sanniki<\/td><td class=\"column-4\">KONCERT \u015aWI\u0104TECZNY. ZNANE I MNIEJ ZNANE<\/td><td class=\"column-5\"><\/td><td class=\"column-6\">ZNANE I MNIEJ ZNANE<\/td><td class=\"column-7\">Alicja W\u0119gorzewska, Natalia Walewska<\/td>\n<\/tr>\n<tr class=\"row-423\">\n\t<td class=\"column-1\">422<\/td><td class=\"column-2\">24 December 2018<\/td><td class=\"column-3\">Gda\u0144sk Oliwa<\/td><td class=\"column-4\">W\u015aR\u00d3D NOCNEJ CISZY \u2013 KOL\u0118DY Z ARCHIKATEDRY OLIWSKIEJ. KONCERT TELEWIZYJNY<\/td><td class=\"column-5\">Kol\u0119dy<\/td><td class=\"column-6\">W\u015aR\u00d3D NOCNEJ CISZY \u2013 KOL\u0118DY Z ARCHIKATEDRY OLIWSKIEJ. KONCERT TELEWIZYJNY<\/td><td class=\"column-7\">aciej Miecznikowski, Alicja W\u0119gorzewska, Rafa\u0142 Brzozowski, Natalia Szroeder, Golec uOrkiestra, Pectus, Halina Mlynkova, Eleni, Margaret i S\u0142awomir Uniatowski<\/td>\n<\/tr>\n<tr class=\"row-424\">\n\t<td class=\"column-1\">423<\/td><td class=\"column-2\">29 December 2018<\/td><td class=\"column-3\">Damno<\/td><td class=\"column-4\">8 KONCERT \u015aWI\u0104TECZNO-NOWOROCZNY<\/td><td class=\"column-5\">Bizet, Lehar, Kalman, Dalla, Kol\u0119dy<\/td><td class=\"column-6\">8 KONCERT \u015aWI\u0104TECZNO-NOWOROCZNY<\/td><td class=\"column-7\">Alicja W\u0119gorzewska<\/td>\n<\/tr>\n<tr class=\"row-425\">\n\t<td class=\"column-1\">424<\/td><td class=\"column-2\">1 January 2019<\/td><td class=\"column-3\">Warszawa<\/td><td class=\"column-4\">TRANSMISJA KONCERTU NOWOROCZNEGO Z WIEDNIA - komentator<\/td><td class=\"column-5\"><\/td><td class=\"column-6\">TRANSMISJA KONCERTU NOWOROCZNEGO Z WIEDNIA<\/td><td class=\"column-7\"><\/td>\n<\/tr>\n<tr class=\"row-426\">\n\t<td class=\"column-1\">425<\/td><td class=\"column-2\">12 January 2019<\/td><td class=\"column-3\">Pozna\u0144<\/td><td class=\"column-4\">Pozna\u0144ski Koncert Noworoczny<\/td><td class=\"column-5\">Bizet, Lehar, Kalman, Dalla<\/td><td class=\"column-6\">Pozna\u0144ski Koncert Noworoczny<\/td><td class=\"column-7\">W\u0119gorzewska, Bo\u0144czyk, Adamczak<\/td>\n<\/tr>\n<tr class=\"row-427\">\n\t<td class=\"column-1\">426<\/td><td class=\"column-2\">27 January 2019<\/td><td class=\"column-3\">Krak\u00f3w<\/td><td class=\"column-4\">V Charytatywny Koncert na rzecz kliniki kardiochirurgii w Prokocimiu<\/td><td class=\"column-5\">Kol\u0119dy, Bernstein<\/td><td class=\"column-6\">V Charytatywny Koncert na rzecz kliniki kardiochirurgii w Prokocimiu<\/td><td class=\"column-7\">Alicja W\u0119gorzewska, Piwnica Pod Baranami, <\/td>\n<\/tr>\n<tr class=\"row-428\">\n\t<td class=\"column-1\">427<\/td><td class=\"column-2\">05-08.04.2019<\/td><td class=\"column-3\">Bytom<\/td><td class=\"column-4\">Konkurs im. Adama Didura \u2013 juror, komitet honorowy<\/td><td class=\"column-5\"><\/td><td class=\"column-6\">Konkurs im. Adama Didura \u2013 juror, komitet honorowy<\/td><td class=\"column-7\"><\/td>\n<\/tr>\n<\/tbody>\n<\/table>\n<!-- #tablepress-3 from cache -->\n","protected":false},"excerpt":{"rendered":"","protected":false},"author":2,"featured_media":0,"parent":0,"menu_order":0,"comment_status":"closed","ping_status":"closed","template":"page-templates\/gallery-template.php","meta":{"ngg_post_thumbnail":0,"footnotes":""},"class_list":["post-5341","page","type-page","status-publish","hentry"],"yoast_head":"<!-- This site is optimized with the Yoast SEO plugin v27.5 - https:\/\/yoast.com\/product\/yoast-seo-wordpress\/ -->\n<title>Kalendarium - Alicja W\u0119gorzewska<\/title>\n<meta name=\"robots\" content=\"index, follow, max-snippet:-1, max-image-preview:large, max-video-preview:-1\" \/>\n<link rel=\"canonical\" href=\"https:\/\/alicjawegorzewska.com\/index.php\/kalendarium\/\" \/>\n<meta property=\"og:locale\" content=\"pl_PL\" \/>\n<meta property=\"og:type\" content=\"article\" \/>\n<meta property=\"og:title\" content=\"Kalendarium - Alicja W\u0119gorzewska\" \/>\n<meta property=\"og:url\" content=\"https:\/\/alicjawegorzewska.com\/index.php\/kalendarium\/\" \/>\n<meta property=\"og:site_name\" content=\"Alicja W\u0119gorzewska\" \/>\n<meta property=\"article:modified_time\" content=\"2019-10-11T19:04:37+00:00\" \/>\n<meta name=\"twitter:card\" content=\"summary_large_image\" \/>\n<script type=\"application\/ld+json\" class=\"yoast-schema-graph\">{\"@context\":\"https:\\\/\\\/schema.org\",\"@graph\":[{\"@type\":\"WebPage\",\"@id\":\"https:\\\/\\\/alicjawegorzewska.com\\\/index.php\\\/kalendarium\\\/\",\"url\":\"https:\\\/\\\/alicjawegorzewska.com\\\/index.php\\\/kalendarium\\\/\",\"name\":\"Kalendarium - Alicja W\u0119gorzewska\",\"isPartOf\":{\"@id\":\"http:\\\/\\\/alicjawegorzewska.com\\\/#website\"},\"datePublished\":\"2019-10-11T18:41:41+00:00\",\"dateModified\":\"2019-10-11T19:04:37+00:00\",\"breadcrumb\":{\"@id\":\"https:\\\/\\\/alicjawegorzewska.com\\\/index.php\\\/kalendarium\\\/#breadcrumb\"},\"inLanguage\":\"pl-PL\",\"potentialAction\":[{\"@type\":\"ReadAction\",\"target\":[\"https:\\\/\\\/alicjawegorzewska.com\\\/index.php\\\/kalendarium\\\/\"]}]},{\"@type\":\"BreadcrumbList\",\"@id\":\"https:\\\/\\\/alicjawegorzewska.com\\\/index.php\\\/kalendarium\\\/#breadcrumb\",\"itemListElement\":[{\"@type\":\"ListItem\",\"position\":1,\"name\":\"Strona g\u0142\u00f3wna\",\"item\":\"http:\\\/\\\/alicjawegorzewska.com\\\/\"},{\"@type\":\"ListItem\",\"position\":2,\"name\":\"Kalendarium\"}]},{\"@type\":\"WebSite\",\"@id\":\"http:\\\/\\\/alicjawegorzewska.com\\\/#website\",\"url\":\"http:\\\/\\\/alicjawegorzewska.com\\\/\",\"name\":\"Alicja W\u0119gorzewska\",\"description\":\"Strona oficjalna\",\"publisher\":{\"@id\":\"http:\\\/\\\/alicjawegorzewska.com\\\/#\\\/schema\\\/person\\\/7468c1c1d69a9b6e8db3fe1964cd9dcb\"},\"potentialAction\":[{\"@type\":\"SearchAction\",\"target\":{\"@type\":\"EntryPoint\",\"urlTemplate\":\"http:\\\/\\\/alicjawegorzewska.com\\\/?s={search_term_string}\"},\"query-input\":{\"@type\":\"PropertyValueSpecification\",\"valueRequired\":true,\"valueName\":\"search_term_string\"}}],\"inLanguage\":\"pl-PL\"},{\"@type\":[\"Person\",\"Organization\"],\"@id\":\"http:\\\/\\\/alicjawegorzewska.com\\\/#\\\/schema\\\/person\\\/7468c1c1d69a9b6e8db3fe1964cd9dcb\",\"name\":\"Alicja W\u0119gorzewska-Whiskerd\",\"image\":{\"@type\":\"ImageObject\",\"inLanguage\":\"pl-PL\",\"@id\":\"https:\\\/\\\/alicjawegorzewska.com\\\/wp-content\\\/uploads\\\/2019\\\/10\\\/AW-2.png\",\"url\":\"https:\\\/\\\/alicjawegorzewska.com\\\/wp-content\\\/uploads\\\/2019\\\/10\\\/AW-2.png\",\"contentUrl\":\"https:\\\/\\\/alicjawegorzewska.com\\\/wp-content\\\/uploads\\\/2019\\\/10\\\/AW-2.png\",\"width\":500,\"height\":500,\"caption\":\"Alicja W\u0119gorzewska-Whiskerd\"},\"logo\":{\"@id\":\"https:\\\/\\\/alicjawegorzewska.com\\\/wp-content\\\/uploads\\\/2019\\\/10\\\/AW-2.png\"}}]}<\/script>\n<!-- \/ Yoast SEO plugin. -->","yoast_head_json":{"title":"Kalendarium - Alicja W\u0119gorzewska","robots":{"index":"index","follow":"follow","max-snippet":"max-snippet:-1","max-image-preview":"max-image-preview:large","max-video-preview":"max-video-preview:-1"},"canonical":"https:\/\/alicjawegorzewska.com\/index.php\/kalendarium\/","og_locale":"pl_PL","og_type":"article","og_title":"Kalendarium - Alicja W\u0119gorzewska","og_url":"https:\/\/alicjawegorzewska.com\/index.php\/kalendarium\/","og_site_name":"Alicja W\u0119gorzewska","article_modified_time":"2019-10-11T19:04:37+00:00","twitter_card":"summary_large_image","schema":{"@context":"https:\/\/schema.org","@graph":[{"@type":"WebPage","@id":"https:\/\/alicjawegorzewska.com\/index.php\/kalendarium\/","url":"https:\/\/alicjawegorzewska.com\/index.php\/kalendarium\/","name":"Kalendarium - Alicja W\u0119gorzewska","isPartOf":{"@id":"http:\/\/alicjawegorzewska.com\/#website"},"datePublished":"2019-10-11T18:41:41+00:00","dateModified":"2019-10-11T19:04:37+00:00","breadcrumb":{"@id":"https:\/\/alicjawegorzewska.com\/index.php\/kalendarium\/#breadcrumb"},"inLanguage":"pl-PL","potentialAction":[{"@type":"ReadAction","target":["https:\/\/alicjawegorzewska.com\/index.php\/kalendarium\/"]}]},{"@type":"BreadcrumbList","@id":"https:\/\/alicjawegorzewska.com\/index.php\/kalendarium\/#breadcrumb","itemListElement":[{"@type":"ListItem","position":1,"name":"Strona g\u0142\u00f3wna","item":"http:\/\/alicjawegorzewska.com\/"},{"@type":"ListItem","position":2,"name":"Kalendarium"}]},{"@type":"WebSite","@id":"http:\/\/alicjawegorzewska.com\/#website","url":"http:\/\/alicjawegorzewska.com\/","name":"Alicja W\u0119gorzewska","description":"Strona oficjalna","publisher":{"@id":"http:\/\/alicjawegorzewska.com\/#\/schema\/person\/7468c1c1d69a9b6e8db3fe1964cd9dcb"},"potentialAction":[{"@type":"SearchAction","target":{"@type":"EntryPoint","urlTemplate":"http:\/\/alicjawegorzewska.com\/?s={search_term_string}"},"query-input":{"@type":"PropertyValueSpecification","valueRequired":true,"valueName":"search_term_string"}}],"inLanguage":"pl-PL"},{"@type":["Person","Organization"],"@id":"http:\/\/alicjawegorzewska.com\/#\/schema\/person\/7468c1c1d69a9b6e8db3fe1964cd9dcb","name":"Alicja W\u0119gorzewska-Whiskerd","image":{"@type":"ImageObject","inLanguage":"pl-PL","@id":"https:\/\/alicjawegorzewska.com\/wp-content\/uploads\/2019\/10\/AW-2.png","url":"https:\/\/alicjawegorzewska.com\/wp-content\/uploads\/2019\/10\/AW-2.png","contentUrl":"https:\/\/alicjawegorzewska.com\/wp-content\/uploads\/2019\/10\/AW-2.png","width":500,"height":500,"caption":"Alicja W\u0119gorzewska-Whiskerd"},"logo":{"@id":"https:\/\/alicjawegorzewska.com\/wp-content\/uploads\/2019\/10\/AW-2.png"}}]}},"jetpack_sharing_enabled":true,"_links":{"self":[{"href":"http:\/\/alicjawegorzewska.com\/index.php\/wp-json\/wp\/v2\/pages\/5341","targetHints":{"allow":["GET"]}}],"collection":[{"href":"http:\/\/alicjawegorzewska.com\/index.php\/wp-json\/wp\/v2\/pages"}],"about":[{"href":"http:\/\/alicjawegorzewska.com\/index.php\/wp-json\/wp\/v2\/types\/page"}],"author":[{"embeddable":true,"href":"http:\/\/alicjawegorzewska.com\/index.php\/wp-json\/wp\/v2\/users\/2"}],"replies":[{"embeddable":true,"href":"http:\/\/alicjawegorzewska.com\/index.php\/wp-json\/wp\/v2\/comments?post=5341"}],"version-history":[{"count":3,"href":"http:\/\/alicjawegorzewska.com\/index.php\/wp-json\/wp\/v2\/pages\/5341\/revisions"}],"predecessor-version":[{"id":5345,"href":"http:\/\/alicjawegorzewska.com\/index.php\/wp-json\/wp\/v2\/pages\/5341\/revisions\/5345"}],"wp:attachment":[{"href":"http:\/\/alicjawegorzewska.com\/index.php\/wp-json\/wp\/v2\/media?parent=5341"}],"curies":[{"name":"wp","href":"https:\/\/api.w.org\/{rel}","templated":true}]}}