{"id":46,"date":"2019-10-09T15:41:39","date_gmt":"2019-10-09T13:41:39","guid":{"rendered":"http:\/\/wegorzewska.com\/?page_id=46"},"modified":"2019-10-14T21:16:32","modified_gmt":"2019-10-14T19:16:32","slug":"o-mnie","status":"publish","type":"page","link":"http:\/\/alicjawegorzewska.com\/index.php\/o-mnie\/","title":{"rendered":"O mnie"},"content":{"rendered":"<h1 style=\"text-align: justify;\">Ja, Alicja<\/h1>\n<p class=\"special-content\" style=\"text-align: justify;\">Na \u015bwiecie s\u0105 miliony \u015bpiewaczek operowych&#8230; Ka\u017cda pragnie, by ich strona internetowa by\u0142a oryginalna i niepowtarzalna.<br \/>\nA ja? Ja te\u017c!<br \/>\nPrzy czym moja strona jest nietuzinkow\u0105 si\u0142\u0105 rzeczy. Bo b\u0119dzie bardzo osobista. Znajdziecie na niej informacje o mnie, o tym co robi\u0119, kim jestem, o sztuce, \u017cyciu, dzieciach, edukacji artystycznej, o pomocy innym, przyjemno\u015bciach \u017cycia&#8230;<br \/>\n\u2013 czyli o tym, czym \u017cyj\u0119.<\/p>\n<p style=\"text-align: justify;\">Ju\u017c od dzieci\u0144stwa bardziej ni\u017c snu\u0107 marzenia wola\u0142am je realizowa\u0107. Gdy wi\u0119c zamarzy\u0142a mi si\u0119 kariera pianistki, posz\u0142am do Szko\u0142y Muzycznej i zacz\u0119\u0142am uczy\u0107 si\u0119 gry na fortepianie. Jednak, nie zdecydowa\u0142am si\u0119 na karier\u0119 wirtuoza. Oniegin w operze Czajkowskiego \u015bpiewa tak: \u201eM\u0142ode dziewczyny cz\u0119sto zmieniaj\u0105 obiekty marze\u0144\u201d. Potwierdzam. Tak by\u0142o ze mn\u0105. Gdy tylko zacz\u0119\u0142am \u015bpiewa\u0107 w szkolnym ch\u00f3rze, zrozumia\u0142em, \u017ce chc\u0119 si\u0119 wyra\u017ca\u0107 i realizowa\u0107 poprzez \u015bpiew. Rozpocz\u0119\u0142am wi\u0119c studia wokalne na gda\u0144skiej Akademii Muzycznej, a zako\u0144czy\u0142am je na uczelni warszawskiej.<\/p>\n<p style=\"text-align: justify;\"><strong>Pocz\u0105tek<\/strong><\/p>\n<p style=\"text-align: justify;\">Nale\u017c\u0119 do jednego z pierwszych pokole\u0144 artyst\u00f3w, kt\u00f3rzy mogli swobodnie wybiera\u0107, gdzie chc\u0105 rozwija\u0107 karier\u0119: w kraju czy za granic\u0105. Na pocz\u0105tku wybra\u0142am kraje niemieckoj\u0119zyczne. Debiutowa\u0142am w Wiedniu w Kammeroper w operze Glucka \u201ePielgrzym z Mekki\u201d. Pierwszy anga\u017c otrzyma\u0142am w Neue Oper Wien. W roku 1999 wygra\u0142am konkurs w Rheinsbergu. Nagrod\u0105 by\u0142 udzia\u0142 w prapremierze opery Siegfrieda Matthausa \u201eKronprintz Friedrich\u201d. Premiera transmitowana by\u0142a przez radio, a produkcj\u0119 pokazano jeszcze w Bayreuth i wielu innych niemieckich miastach, w tym w Hanowerze podczas wystawy \u015bwiatowej EXPO 2000. By\u0142am uczestniczk\u0105 presti\u017cowego festiwalu muzyki dawnej w Innsbrucku, Donaufestwochen w Wiedniu, a tak\u017ce gali z okazji 750-lecia miasta Bredy. Wyst\u0119powa\u0142am z frankfurckim Ensemble Modern, \u015bpiewaj\u0105c pod dyrekcj\u0105 Markusa Stenza i z Staatskapelle Berlin, kt\u00f3r\u0105 dyrygowa\u0142 Rolf Reuter. Wyst\u0119powa\u0142am w tak presti\u017cowych salach, jak Concertgebouw w Amsterdamie czy berli\u0144ski Konzerthaus. By\u0142 to dla mnie okres, gdy nadal wiele si\u0119 uczy\u0142am, i to od najlepszych, gdy zdobywa\u0142am do\u015bwiadczenie sceniczne i estradowe. Na szcz\u0119\u015bcie nie \u017cyjemy ju\u017c w czasach, gdy je\u015bli zdecydujemy si\u0119 na karier\u0119 na Zachodzie nie mamy powrotu do kraju. Moja kariera, podobnie jak wielu moich kole\u017canek i koleg\u00f3w, toczy si\u0119 r\u00f3wnolegle \u201etam i tu\u201d.<\/p>\n<p style=\"text-align: justify;\"><strong>Role<\/strong><\/p>\n<p style=\"text-align: justify;\">Moja ukochana rola? Carmen! Bez dw\u00f3ch zda\u0144! Kobieta wolna, kt\u00f3ra sama decyduje o sobie. I kt\u00f3ra, marzenia przekuwa na plany \u2013 jak pami\u0119tacie, dla mnie to bardzo wa\u017cne. \u015apiewa\u0142am w wielu inscenizacjach \u201eCarmen\u201d i za ka\u017cdym razem odkrywam w tej postaci nowe cechy. To pewnie kwestia coraz wi\u0119kszego do\u015bwiadczenia \u017cyciowego\u2026 Moja Carmen sprzed lat jest zupe\u0142nie inna osoba ni\u017c ta dzisiaj. W dziele Bizeta \u015bpiewa\u0142am w moim rodzinnym Szczecinie, w Operze \u015al\u0105skiej w Bytomiu, w Teatrze Wielkim w \u0141odzi (z tym zespo\u0142em odby\u0142am tourn\u00e9e po Holandii) oraz w naszym najwa\u017cniejszym teatrze &#8211; Operze Narodowej w Warszawie. Szczeg\u00f3lnie mi\u0142o wspominam moj\u0105 Carmen za\u015bpiewan\u0105 w stolicy Mo\u0142dawii, Kiszyniowie. Mia\u0142am w\u00f3wczas za partner\u00f3w m.in. solist\u00f3w wspania\u0142ego Teatru Maryjskiego w Petersburgu. Tacy partnerzy uskrzydlaj\u0105, dopinguj\u0105 i dzia\u0142aj\u0105 na moj\u0105 ambicj\u0119. To by\u0142a niezapomniana \u201eCarmen\u201d!<\/p>\n<p style=\"text-align: justify;\">\n<p style=\"text-align: justify;\">\u015apiewam g\u0142osem mezzosopranowym. A to oznacza, \u017ce dosy\u0107 wykonuj\u0119 role m\u0119\u017cczyzn (kompozytorzy w XVIII i XIX wieku cz\u0119sto tak pisali swoje opery; publiczno\u015b\u0107 to uwielbia\u0142a; by\u0142o co\u015b w tym z travesti show). By\u0142am wi\u0119c Orfeuszem w \u201eOrfeuszu i Eurydyce\u201d Glucka (Opera Krakowska), arystokratycznym nastolatkiem Oktawianem w \u201eKawalerze srebrnej r\u00f3\u017cy\u201d Straussa (Opera Ba\u0142tycka w Gda\u0144sku) czy nieszcz\u0119\u015bliwie zakochanym w Ma\u0142gorzacie Sieblem w \u201eFau\u015bcie\u201d Gounoda (spektakl Teatru Wielkiego w Warszawie w re\u017cyserii Roberta Wilsona).<\/p>\n<p style=\"text-align: justify;\">\n<p style=\"text-align: justify;\">Wielkim wyzwaniem by\u0142a dla mnie partia odra\u017caj\u0105cej staruchy \u2013 Hrabiny w \u201eDamie pikowej\u201d Czajkowskiego. Nad t\u0105 rol\u0105 pracowa\u0142a z wybitnymi re\u017cyserami \u2013 Mariuszem Treli\u0144skim w Teatrze Wielkim w Warszawie i z Krzysztofem Nazarem w Operze Krakowskiej. Wiele artystycznej satysfakcji da\u0142a mi te\u017c tragiczna Lukrecja w \u201eGwa\u0142cie na Lukrecji\u201d Brittena. Z t\u0105 parti\u0105 zmierzy\u0142am si\u0119 jak dot\u0105d dwukrotnie: w Operze Krakowskiej i Operze Ba\u0142tyckiej (Spektakl Roku 2008). \u017ba\u0142uj\u0119, \u017ce dot\u0105d tylko raz za\u015bpiewa\u0142am Santuzz\u0119 z \u201eRycersko\u015bci wie\u015bniaczej\u201d Mascagniego (w szczeci\u0144skiej Operze na Zamku). Ale jeszcze wszystko przede mn\u0105! \u015apiewa\u0142am tak\u017ce Olg\u0119 w \u201eEugeniuszu Onieginie\u201d (Gda\u0144sk), G\u0142os Matki w \u201eOpowie\u015bciach Hoffmanna\u201d Offenbacha (Warszawa) i wiele innych r\u00f3l.<\/p>\n<p style=\"text-align: justify;\"><strong>Wydarzenia specjalne<\/strong><\/p>\n<p style=\"text-align: justify;\">Tak si\u0119 z\u0142o\u017cy\u0142o, \u017ce bardzo cz\u0119sto bior\u0119 udzia\u0142 w wydarzeniach specjalnych, o szczeg\u00f3lnie uroczystym charakterze. Jest to okazja to zaprezentowania si\u0119 innej ni\u017c stricte operowej publiczno\u015bci i wyst\u0105pienia z wielkimi artystami. Tak by\u0142o na przyk\u0142ad w Wiedniu gdzie na zaproszenie sekretarza generalnego ONZ Kofi Annana wyst\u0105pi\u0142am w koncercie z okazji narodzi 6- miliardowego obywatela Ziemi. Mia\u0142am w\u00f3wczas zaszczyt \u015bpiewa\u0107 obok takich gigant\u00f3w operowego \u015bwiata jak Fiorenza Cossotto czy moja ukochana (nie tylko za \u015bpiew, ale i za to jakim jest cudownym cz\u0142owiekiem) Grace Bumbry. W 2010 do udzia\u0142u w koncercie z okazji 40-lecia pracy artystycznej zaprosi\u0142a mnie do W\u0142och jedna z najwi\u0119kszych (i najpi\u0119kniejszych!) sopranistek naszych czas\u00f3w \u2013 Katia Riccarelli. Za\u015bpiewa\u0142am w\u00f3wczas w cudownym teatrze, jakim jest wenecka La Fenice (je\u015bli b\u0119dziecie w Wenecji, zwied\u017acie ja koniecznie!). W 2009 roku to wzi\u0119\u0142am udzia\u0142 w produkcji \u201eZ\u0142oto Renu\u201d Wagnera pod dyrekcj\u0105 Jana Lathama Koeniga z okazji 100-lecia Opery Le\u015bnej i reaktywacji Festiwalu Wagnerowskiego (oby faktycznie od\u017cy\u0142!).<\/p>\n<p style=\"text-align: justify;\">\n<p style=\"text-align: justify;\"><a class=\"jackbox\" href=\"http:\/\/www.alicjawegorzewska.com\/wp-content\/uploads\/2013\/03\/Slider-Alicja-Wegorzewska.jpg\" data-jbgroup=\"News\"><img decoding=\"async\" class=\"alignnone size-full wp-image-1180\" src=\"http:\/\/www.alicjawegorzewska.com\/wp-content\/uploads\/2013\/03\/Slider-Alicja-Wegorzewska.jpg\" alt=\"Slider-Alicja-Wegorzewska\" \/><\/a><\/p>\n<p style=\"text-align: justify;\">\n<p style=\"text-align: justify;\">Wa\u017cny w moje karierze by\u0142 rok 2010 \u2013 Rok Chopinowski. Nagra\u0142am w\u00f3wczas dla Hungarotonu Classic i Fuzeau Classique wraz z wybitnym w\u0119gierskim wirtuozem Alexem Szilasi wszystkie pie\u015bni Chopina. W Budapeszcie Koncertem Galowym otwiera\u0142am obchody roku Chopinowskiego na W\u0119grzech. A zamyka\u0142am go koncertami w Nowym Jorku (w siedzibie ONZ i w Yamacha Hall), a tak\u017ce w Kuwejcie, Bahrajnie i Katarze. W ostatnich latach Kuwejt i Katar sta\u0142y si\u0119 cz\u0119stym celem moich artystycznych w\u0119dr\u00f3wek. Daj\u0119 tam recitale, a w 2010 sama zorganizowa\u0142am i wyre\u017cyserowa\u0142am spektakl \u201eCarmen\u201d z udzia\u0142em m.in. Tomka Kuka jako Don Jose i Adama Szerszenia jako Torreadora. Arabia to zupe\u0142nie inni \u015bwiat, do kt\u00f3rego ch\u0119tnie powracam, nie tylko ze wzgl\u0119d\u00f3w na prac\u0119.<\/p>\n<p style=\"text-align: justify;\"><strong>Poza oper\u0119<\/strong><\/p>\n<p style=\"text-align: justify;\">Nie chc\u0119 zamyka\u0107 sztuki operowej nawet w najpi\u0119kniejszych teatrach i salach. \u015awiat si\u0119 zmienia, opera w nim odnajduje si\u0119 z trudem. Dlatego z dum\u0105 reprezentuj\u0119 j\u0105 w popularnych mediach, przed szerok\u0105 publiczno\u015bci\u0105. St\u0105d m\u00f3j udzia\u0142 w takich programach telewizyjnych , jak \u201e\u015apiewaj\u0105ce fortepiany\u201d , \u201eJaka to melodia\u201d, \u201eKocham Ci\u0119 Polsko\u201d, \u201eOna i On\u201d , dwukrotnie w \u201eJak oni \u015bpiewaj\u0105\u201d-duety operowe. Wielokrotnie wraz z widzami Polsatu o p\u00f3\u0142nocy wita\u0142am Nowy Rok wyst\u0119pami na \u017cywo w Krakowie na Rynku Starego Miasta oraz na placu Konstytucji w Warszawie. W 2009 zagra\u0142am w serialu telewizyjnym \u201eDom nad rozlewiskiem\u201d . By\u0142am tam oczywi\u015bcie \u015bpiewaczk\u0119 operow\u0105, Joann\u0105. Mam nadziej\u0119, \u017ce osobom, kt\u00f3re unikaj\u0105 raczej opery, przybli\u017c\u0119 j\u0105 wyst\u0119puj\u0105c w napisanym specjalnie dla mnie przez Jerzego Snakowskiego monodramie \u201eDiva for Rent\u201d (prapremiera w Teatrze Polonia w Warszawie, w maju 2011).<\/p>\n<p style=\"text-align: justify;\">\n<p style=\"text-align: justify;\"><a class=\"jackbox\" href=\"http:\/\/www.alicjawegorzewska.com\/wp-content\/uploads\/2013\/03\/Slider-Alicja-Wegorzewska-Whiskerd-8.jpg\" data-jbgroup=\"News\"><img decoding=\"async\" src=\"http:\/\/www.alicjawegorzewska.com\/wp-content\/uploads\/2013\/03\/Slider-Alicja-Wegorzewska-Whiskerd-8.jpg\" alt=\"Slider - Alicja Wegorzewska-Whiskerd 8\" \/><\/a><\/p>\n<p style=\"text-align: justify;\">\n<p style=\"text-align: justify;\">Wspomnia\u0142em ju\u017c o tym, \u017ce posiadam w dorobku p\u0142yt\u0119 z pie\u015bniami Chopina. Jestem bardzo dumna tak\u017ce z innego nagrania \u2013 muzyki do filmu \u201eWied\u017amin\u201d. Zosta\u0142o ono uhonorowane Z\u0142ot\u0105 P\u0142yt\u0105. Ale dla mnie ten projekt wa\u017cny by\u0142 z innego powodu \u2013 dzi\u0119ki niemu mog\u0142am pozna\u0107 cudownego i nieod\u017ca\u0142owanego Grzegorza Ciechowskiego, autora \u015bcie\u017cki d\u017awi\u0119kowej.<\/p>\n<p style=\"text-align: justify;\"><strong>Diva na budowie<\/strong><\/p>\n<p style=\"text-align: justify;\">Zaw\u00f3d artysty, cho\u0107 polega na dzieleniu si\u0119 z innym, nie jest pozbawiony mocnego rysu egoizmu. Ju\u017c samo za\u0142o\u017cenie, \u017ce ja jedna przedstawiam, a tysi\u0105ce na mnie patrzy wystarczy, wystarczy by popa\u015b\u0107 w samouwielbienie. Gdy poczu\u0142am, \u017ce grozi mi taka postawa, postanowi\u0142am da\u0107 wi\u0119cej z siebie dla innych. Zamarzy\u0142o mi si\u0119, \u017ce naprawi\u0119 \u015bwiat dzi\u0119ki edukacji artystycznej, kt\u00f3ra w naszym kraju niemal nie istnieje. Jak zamarzy\u0142am, tak zrobi\u0142a. Za\u0142o\u017cy\u0142am Fundacj\u0119 StartSmart. Pod jej egid\u0105 dzia\u0142a ju\u017c przedszkole nastawione na edukacj\u0119 artystyczn\u0105. My\u015blicie, \u017ce przedszkole to wszystko na co mnie sta\u0107? Nie! Ot\u00f3\u017c obecnie jestem na etapie budowanie (w przeno\u015bni i dos\u0142ownie) szko\u0142y muzycznej w Miasteczku Wilan\u00f3w. Inspiracj\u0105 dla mnie jest los i wykszta\u0142cenie dzieci. Nie b\u0119d\u0119 ukrywa\u0107, \u017ce osob\u0105 kt\u00f3ra szczeg\u00f3lnie mnie dopinguje, to Amelia \u2013 moja c\u00f3rka.<\/p>\n<p style=\"text-align: justify;\">\n<p style=\"text-align: justify;\">Kim wi\u0119c jestem? To pytanie zadaj\u0119 sobie, gdy wysiaduje w kolejkach w urz\u0119dach, by zdoby\u0107 pozwolenie na budow\u0119, gdy rozmawiam z rodzicami dzieci z mojego przedszkola, gdy maluj\u0119 si\u0119 w samochodzie jad\u0105c do telewizji na nagranie, gdy z\u017cera mnie trema na pi\u0119\u0107 minut przed podniesieniem kurtyny w La Fenice, gdy \u0107wicz\u0119 nie tylko ari\u0119 operow\u0105 ale i \u015bpiewan\u0105 czasem w Radio ZET\u2026 prognoz\u0119 pogody, gdy odbieram dziecko ze szko\u0142y, gdy dla Arab\u00f3w i korpusu dyplomatycznego \u015bpiewam Chopina po polsku,<\/p>\n<h1 style=\"text-align: justify;\">Sama nie wiem, jak zdefiniowa\u0107 Alicj\u0119 W\u0119gorzewsk\u0105.<\/h1>\n","protected":false},"excerpt":{"rendered":"<p>Ja, Alicja Na \u015bwiecie s\u0105 miliony \u015bpiewaczek operowych&#8230; Ka\u017cda pragnie, by ich strona internetowa by\u0142a oryginalna i niepowtarzalna. A ja? Ja te\u017c! Przy czym moja&hellip; <\/p>\n","protected":false},"author":1,"featured_media":0,"parent":0,"menu_order":0,"comment_status":"closed","ping_status":"closed","template":"","meta":{"ngg_post_thumbnail":0,"footnotes":""},"class_list":["post-46","page","type-page","status-publish","hentry"],"yoast_head":"<!-- This site is optimized with the Yoast SEO plugin v27.5 - https:\/\/yoast.com\/product\/yoast-seo-wordpress\/ -->\n<title>O mnie - Alicja W\u0119gorzewska<\/title>\n<meta name=\"robots\" content=\"index, follow, max-snippet:-1, max-image-preview:large, max-video-preview:-1\" \/>\n<link rel=\"canonical\" href=\"https:\/\/alicjawegorzewska.com\/index.php\/o-mnie\/\" \/>\n<meta property=\"og:locale\" content=\"pl_PL\" \/>\n<meta property=\"og:type\" content=\"article\" \/>\n<meta property=\"og:title\" content=\"O mnie - Alicja W\u0119gorzewska\" \/>\n<meta property=\"og:description\" content=\"Ja, Alicja Na \u015bwiecie s\u0105 miliony \u015bpiewaczek operowych&#8230; Ka\u017cda pragnie, by ich strona internetowa by\u0142a oryginalna i niepowtarzalna. A ja? Ja te\u017c! Przy czym moja&hellip;\" \/>\n<meta property=\"og:url\" content=\"https:\/\/alicjawegorzewska.com\/index.php\/o-mnie\/\" \/>\n<meta property=\"og:site_name\" content=\"Alicja W\u0119gorzewska\" \/>\n<meta property=\"article:modified_time\" content=\"2019-10-14T19:16:32+00:00\" \/>\n<meta property=\"og:image\" content=\"http:\/\/www.alicjawegorzewska.com\/wp-content\/uploads\/2013\/03\/Slider-Alicja-Wegorzewska.jpg\" \/>\n<meta name=\"twitter:card\" content=\"summary_large_image\" \/>\n<meta name=\"twitter:label1\" content=\"Szacowany czas czytania\" \/>\n\t<meta name=\"twitter:data1\" content=\"8 minut\" \/>\n<script type=\"application\/ld+json\" class=\"yoast-schema-graph\">{\"@context\":\"https:\\\/\\\/schema.org\",\"@graph\":[{\"@type\":\"WebPage\",\"@id\":\"https:\\\/\\\/alicjawegorzewska.com\\\/index.php\\\/o-mnie\\\/\",\"url\":\"https:\\\/\\\/alicjawegorzewska.com\\\/index.php\\\/o-mnie\\\/\",\"name\":\"O mnie - Alicja W\u0119gorzewska\",\"isPartOf\":{\"@id\":\"http:\\\/\\\/alicjawegorzewska.com\\\/#website\"},\"primaryImageOfPage\":{\"@id\":\"https:\\\/\\\/alicjawegorzewska.com\\\/index.php\\\/o-mnie\\\/#primaryimage\"},\"image\":{\"@id\":\"https:\\\/\\\/alicjawegorzewska.com\\\/index.php\\\/o-mnie\\\/#primaryimage\"},\"thumbnailUrl\":\"http:\\\/\\\/www.alicjawegorzewska.com\\\/wp-content\\\/uploads\\\/2013\\\/03\\\/Slider-Alicja-Wegorzewska.jpg\",\"datePublished\":\"2019-10-09T13:41:39+00:00\",\"dateModified\":\"2019-10-14T19:16:32+00:00\",\"breadcrumb\":{\"@id\":\"https:\\\/\\\/alicjawegorzewska.com\\\/index.php\\\/o-mnie\\\/#breadcrumb\"},\"inLanguage\":\"pl-PL\",\"potentialAction\":[{\"@type\":\"ReadAction\",\"target\":[\"https:\\\/\\\/alicjawegorzewska.com\\\/index.php\\\/o-mnie\\\/\"]}]},{\"@type\":\"ImageObject\",\"inLanguage\":\"pl-PL\",\"@id\":\"https:\\\/\\\/alicjawegorzewska.com\\\/index.php\\\/o-mnie\\\/#primaryimage\",\"url\":\"http:\\\/\\\/www.alicjawegorzewska.com\\\/wp-content\\\/uploads\\\/2013\\\/03\\\/Slider-Alicja-Wegorzewska.jpg\",\"contentUrl\":\"http:\\\/\\\/www.alicjawegorzewska.com\\\/wp-content\\\/uploads\\\/2013\\\/03\\\/Slider-Alicja-Wegorzewska.jpg\"},{\"@type\":\"BreadcrumbList\",\"@id\":\"https:\\\/\\\/alicjawegorzewska.com\\\/index.php\\\/o-mnie\\\/#breadcrumb\",\"itemListElement\":[{\"@type\":\"ListItem\",\"position\":1,\"name\":\"Strona g\u0142\u00f3wna\",\"item\":\"http:\\\/\\\/alicjawegorzewska.com\\\/\"},{\"@type\":\"ListItem\",\"position\":2,\"name\":\"O mnie\"}]},{\"@type\":\"WebSite\",\"@id\":\"http:\\\/\\\/alicjawegorzewska.com\\\/#website\",\"url\":\"http:\\\/\\\/alicjawegorzewska.com\\\/\",\"name\":\"Alicja W\u0119gorzewska\",\"description\":\"Strona oficjalna\",\"publisher\":{\"@id\":\"http:\\\/\\\/alicjawegorzewska.com\\\/#\\\/schema\\\/person\\\/7468c1c1d69a9b6e8db3fe1964cd9dcb\"},\"potentialAction\":[{\"@type\":\"SearchAction\",\"target\":{\"@type\":\"EntryPoint\",\"urlTemplate\":\"http:\\\/\\\/alicjawegorzewska.com\\\/?s={search_term_string}\"},\"query-input\":{\"@type\":\"PropertyValueSpecification\",\"valueRequired\":true,\"valueName\":\"search_term_string\"}}],\"inLanguage\":\"pl-PL\"},{\"@type\":[\"Person\",\"Organization\"],\"@id\":\"http:\\\/\\\/alicjawegorzewska.com\\\/#\\\/schema\\\/person\\\/7468c1c1d69a9b6e8db3fe1964cd9dcb\",\"name\":\"Alicja W\u0119gorzewska-Whiskerd\",\"image\":{\"@type\":\"ImageObject\",\"inLanguage\":\"pl-PL\",\"@id\":\"https:\\\/\\\/alicjawegorzewska.com\\\/wp-content\\\/uploads\\\/2019\\\/10\\\/AW-2.png\",\"url\":\"https:\\\/\\\/alicjawegorzewska.com\\\/wp-content\\\/uploads\\\/2019\\\/10\\\/AW-2.png\",\"contentUrl\":\"https:\\\/\\\/alicjawegorzewska.com\\\/wp-content\\\/uploads\\\/2019\\\/10\\\/AW-2.png\",\"width\":500,\"height\":500,\"caption\":\"Alicja W\u0119gorzewska-Whiskerd\"},\"logo\":{\"@id\":\"https:\\\/\\\/alicjawegorzewska.com\\\/wp-content\\\/uploads\\\/2019\\\/10\\\/AW-2.png\"}}]}<\/script>\n<!-- \/ Yoast SEO plugin. -->","yoast_head_json":{"title":"O mnie - Alicja W\u0119gorzewska","robots":{"index":"index","follow":"follow","max-snippet":"max-snippet:-1","max-image-preview":"max-image-preview:large","max-video-preview":"max-video-preview:-1"},"canonical":"https:\/\/alicjawegorzewska.com\/index.php\/o-mnie\/","og_locale":"pl_PL","og_type":"article","og_title":"O mnie - Alicja W\u0119gorzewska","og_description":"Ja, Alicja Na \u015bwiecie s\u0105 miliony \u015bpiewaczek operowych&#8230; Ka\u017cda pragnie, by ich strona internetowa by\u0142a oryginalna i niepowtarzalna. A ja? Ja te\u017c! Przy czym moja&hellip;","og_url":"https:\/\/alicjawegorzewska.com\/index.php\/o-mnie\/","og_site_name":"Alicja W\u0119gorzewska","article_modified_time":"2019-10-14T19:16:32+00:00","og_image":[{"url":"http:\/\/www.alicjawegorzewska.com\/wp-content\/uploads\/2013\/03\/Slider-Alicja-Wegorzewska.jpg","type":"","width":"","height":""}],"twitter_card":"summary_large_image","twitter_misc":{"Szacowany czas czytania":"8 minut"},"schema":{"@context":"https:\/\/schema.org","@graph":[{"@type":"WebPage","@id":"https:\/\/alicjawegorzewska.com\/index.php\/o-mnie\/","url":"https:\/\/alicjawegorzewska.com\/index.php\/o-mnie\/","name":"O mnie - Alicja W\u0119gorzewska","isPartOf":{"@id":"http:\/\/alicjawegorzewska.com\/#website"},"primaryImageOfPage":{"@id":"https:\/\/alicjawegorzewska.com\/index.php\/o-mnie\/#primaryimage"},"image":{"@id":"https:\/\/alicjawegorzewska.com\/index.php\/o-mnie\/#primaryimage"},"thumbnailUrl":"http:\/\/www.alicjawegorzewska.com\/wp-content\/uploads\/2013\/03\/Slider-Alicja-Wegorzewska.jpg","datePublished":"2019-10-09T13:41:39+00:00","dateModified":"2019-10-14T19:16:32+00:00","breadcrumb":{"@id":"https:\/\/alicjawegorzewska.com\/index.php\/o-mnie\/#breadcrumb"},"inLanguage":"pl-PL","potentialAction":[{"@type":"ReadAction","target":["https:\/\/alicjawegorzewska.com\/index.php\/o-mnie\/"]}]},{"@type":"ImageObject","inLanguage":"pl-PL","@id":"https:\/\/alicjawegorzewska.com\/index.php\/o-mnie\/#primaryimage","url":"http:\/\/www.alicjawegorzewska.com\/wp-content\/uploads\/2013\/03\/Slider-Alicja-Wegorzewska.jpg","contentUrl":"http:\/\/www.alicjawegorzewska.com\/wp-content\/uploads\/2013\/03\/Slider-Alicja-Wegorzewska.jpg"},{"@type":"BreadcrumbList","@id":"https:\/\/alicjawegorzewska.com\/index.php\/o-mnie\/#breadcrumb","itemListElement":[{"@type":"ListItem","position":1,"name":"Strona g\u0142\u00f3wna","item":"http:\/\/alicjawegorzewska.com\/"},{"@type":"ListItem","position":2,"name":"O mnie"}]},{"@type":"WebSite","@id":"http:\/\/alicjawegorzewska.com\/#website","url":"http:\/\/alicjawegorzewska.com\/","name":"Alicja W\u0119gorzewska","description":"Strona oficjalna","publisher":{"@id":"http:\/\/alicjawegorzewska.com\/#\/schema\/person\/7468c1c1d69a9b6e8db3fe1964cd9dcb"},"potentialAction":[{"@type":"SearchAction","target":{"@type":"EntryPoint","urlTemplate":"http:\/\/alicjawegorzewska.com\/?s={search_term_string}"},"query-input":{"@type":"PropertyValueSpecification","valueRequired":true,"valueName":"search_term_string"}}],"inLanguage":"pl-PL"},{"@type":["Person","Organization"],"@id":"http:\/\/alicjawegorzewska.com\/#\/schema\/person\/7468c1c1d69a9b6e8db3fe1964cd9dcb","name":"Alicja W\u0119gorzewska-Whiskerd","image":{"@type":"ImageObject","inLanguage":"pl-PL","@id":"https:\/\/alicjawegorzewska.com\/wp-content\/uploads\/2019\/10\/AW-2.png","url":"https:\/\/alicjawegorzewska.com\/wp-content\/uploads\/2019\/10\/AW-2.png","contentUrl":"https:\/\/alicjawegorzewska.com\/wp-content\/uploads\/2019\/10\/AW-2.png","width":500,"height":500,"caption":"Alicja W\u0119gorzewska-Whiskerd"},"logo":{"@id":"https:\/\/alicjawegorzewska.com\/wp-content\/uploads\/2019\/10\/AW-2.png"}}]}},"jetpack_sharing_enabled":true,"_links":{"self":[{"href":"http:\/\/alicjawegorzewska.com\/index.php\/wp-json\/wp\/v2\/pages\/46","targetHints":{"allow":["GET"]}}],"collection":[{"href":"http:\/\/alicjawegorzewska.com\/index.php\/wp-json\/wp\/v2\/pages"}],"about":[{"href":"http:\/\/alicjawegorzewska.com\/index.php\/wp-json\/wp\/v2\/types\/page"}],"author":[{"embeddable":true,"href":"http:\/\/alicjawegorzewska.com\/index.php\/wp-json\/wp\/v2\/users\/1"}],"replies":[{"embeddable":true,"href":"http:\/\/alicjawegorzewska.com\/index.php\/wp-json\/wp\/v2\/comments?post=46"}],"version-history":[{"count":5,"href":"http:\/\/alicjawegorzewska.com\/index.php\/wp-json\/wp\/v2\/pages\/46\/revisions"}],"predecessor-version":[{"id":5354,"href":"http:\/\/alicjawegorzewska.com\/index.php\/wp-json\/wp\/v2\/pages\/46\/revisions\/5354"}],"wp:attachment":[{"href":"http:\/\/alicjawegorzewska.com\/index.php\/wp-json\/wp\/v2\/media?parent=46"}],"curies":[{"name":"wp","href":"https:\/\/api.w.org\/{rel}","templated":true}]}}